{"id":3663,"date":"2023-01-24T00:13:00","date_gmt":"2023-01-23T23:13:00","guid":{"rendered":"https:\/\/noclegioswiecim.eu\/chi-siamo\/"},"modified":"2025-04-16T11:25:55","modified_gmt":"2025-04-16T09:25:55","slug":"chi-siamo","status":"publish","type":"page","link":"https:\/\/noclegioswiecim.eu\/it\/chi-siamo\/","title":{"rendered":"Chi siamo"},"content":{"rendered":"<p><div class=\"fusion-fullwidth fullwidth-box fusion-builder-row-1 fusion-flex-container has-pattern-background has-mask-background nonhundred-percent-fullwidth non-hundred-percent-height-scrolling\" style=\"--awb-border-radius-top-left:0px;--awb-border-radius-top-right:0px;--awb-border-radius-bottom-right:0px;--awb-border-radius-bottom-left:0px;--awb-flex-wrap:wrap;\" ><div class=\"fusion-builder-row fusion-row fusion-flex-align-items-flex-start fusion-flex-content-wrap\" style=\"max-width:1352px;margin-left: calc(-4% \/ 2 );margin-right: calc(-4% \/ 2 );\"><div class=\"fusion-layout-column fusion_builder_column fusion-builder-column-0 fusion_builder_column_1_2 1_2 fusion-flex-column fusion-flex-align-self-center\" style=\"--awb-bg-size:cover;--awb-width-large:50%;--awb-margin-top-large:0px;--awb-spacing-right-large:3.84%;--awb-margin-bottom-large:20px;--awb-spacing-left-large:3.84%;--awb-width-medium:50%;--awb-order-medium:0;--awb-spacing-right-medium:3.84%;--awb-spacing-left-medium:3.84%;--awb-width-small:100%;--awb-order-small:0;--awb-spacing-right-small:1.92%;--awb-spacing-left-small:1.92%;\"><div class=\"fusion-column-wrapper fusion-column-has-shadow fusion-flex-justify-content-center fusion-content-layout-column\"><div class=\"fusion-text fusion-text-1\"><p>Offriamo <strong>appartamenti<\/strong> unici e <strong>moderni<\/strong>, che garantiscono ai nostri ospiti un <strong>soggiorno confortevole e tranquillo<\/strong>. La nostra posizione \u00e8 <strong>un punto di partenza ideale per<\/strong> esplorare O\u015bwi\u0119cim e la regione di Ma\u0142opolska, grazie al comodo accesso alle <strong>principali attrazioni turistiche<\/strong>, al centro storico, al fiume So\u0142a e alle strade principali.<\/p>\n<p>I nostri appartamenti sono dotati di servizi di alta qualit\u00e0. Offriamo ai nostri ospiti l&#8217;accesso al WiFi gratuito e al parcheggio privato (senza prenotazione).<\/p>\n<\/div><\/div><\/div><div class=\"fusion-layout-column fusion_builder_column fusion-builder-column-1 fusion_builder_column_1_2 1_2 fusion-flex-column fusion-flex-align-self-center\" style=\"--awb-bg-size:cover;--awb-width-large:50%;--awb-margin-top-large:0px;--awb-spacing-right-large:3.84%;--awb-margin-bottom-large:20px;--awb-spacing-left-large:3.84%;--awb-width-medium:50%;--awb-order-medium:0;--awb-spacing-right-medium:3.84%;--awb-spacing-left-medium:3.84%;--awb-width-small:100%;--awb-order-small:0;--awb-spacing-right-small:1.92%;--awb-spacing-left-small:1.92%;\"><div class=\"fusion-column-wrapper fusion-column-has-shadow fusion-flex-justify-content-center fusion-content-layout-column\"><div class=\"fusion-image-element \" style=\"text-align:center;--awb-margin-top:20px;--awb-margin-bottom:40px;--awb-caption-title-font-family:var(--h2_typography-font-family);--awb-caption-title-font-weight:var(--h2_typography-font-weight);--awb-caption-title-font-style:var(--h2_typography-font-style);--awb-caption-title-size:var(--h2_typography-font-size);--awb-caption-title-transform:var(--h2_typography-text-transform);--awb-caption-title-line-height:var(--h2_typography-line-height);--awb-caption-title-letter-spacing:var(--h2_typography-letter-spacing);\"><span class=\" fusion-imageframe imageframe-none imageframe-1 hover-type-none c-img-accent-1\"><img decoding=\"async\" width=\"2560\" height=\"1707\" alt=\"Comfort-Apartments-Oswiecim\" title=\"Comfort-Apartments-Oswiecim\" src=\"https:\/\/noclegioswiecim.eu\/wp-content\/uploads\/2023\/07\/CA-2-15-scaled.jpg\" data-orig-src=\"https:\/\/noclegioswiecim.eu\/wp-content\/uploads\/2023\/07\/CA-2-15-scaled.jpg\" class=\"lazyload img-responsive wp-image-922\" srcset=\"data:image\/svg+xml,%3Csvg%20xmlns%3D%27http%3A%2F%2Fwww.w3.org%2F2000%2Fsvg%27%20width%3D%272560%27%20height%3D%271707%27%20viewBox%3D%270%200%202560%201707%27%3E%3Crect%20width%3D%272560%27%20height%3D%271707%27%20fill-opacity%3D%220%22%2F%3E%3C%2Fsvg%3E\" data-srcset=\"https:\/\/noclegioswiecim.eu\/wp-content\/uploads\/2023\/07\/CA-2-15-200x133.jpg 200w, https:\/\/noclegioswiecim.eu\/wp-content\/uploads\/2023\/07\/CA-2-15-400x267.jpg 400w, https:\/\/noclegioswiecim.eu\/wp-content\/uploads\/2023\/07\/CA-2-15-600x400.jpg 600w, https:\/\/noclegioswiecim.eu\/wp-content\/uploads\/2023\/07\/CA-2-15-800x533.jpg 800w, https:\/\/noclegioswiecim.eu\/wp-content\/uploads\/2023\/07\/CA-2-15-1200x800.jpg 1200w, https:\/\/noclegioswiecim.eu\/wp-content\/uploads\/2023\/07\/CA-2-15-scaled.jpg 2560w\" data-sizes=\"auto\" data-orig-sizes=\"(max-width: 640px) 100vw, 800px\" \/><\/span><\/div><\/div><\/div><div class=\"fusion-layout-column fusion_builder_column fusion-builder-column-2 fusion_builder_column_1_1 1_1 fusion-flex-column\" style=\"--awb-bg-size:cover;--awb-width-large:100%;--awb-margin-top-large:0px;--awb-spacing-right-large:1.92%;--awb-margin-bottom-large:20px;--awb-spacing-left-large:1.92%;--awb-width-medium:100%;--awb-order-medium:0;--awb-spacing-right-medium:1.92%;--awb-spacing-left-medium:1.92%;--awb-width-small:100%;--awb-order-small:0;--awb-spacing-right-small:1.92%;--awb-spacing-left-small:1.92%;\"><div class=\"fusion-column-wrapper fusion-column-has-shadow fusion-flex-justify-content-flex-start fusion-content-layout-column\"><div class=\"fusion-text fusion-text-2\"><p>Inoltre, attribuiamo grande importanza alla comodit\u00e0 <strong>per le persone con disabilit\u00e0<\/strong>. Offriamo check-in\/check-out express e una variet\u00e0 di opzioni di intrattenimento, tra cui una grande <strong>TV con accesso alle piattaforme di streaming e ai servizi video pi\u00f9 diffusi<\/strong>.<\/p>\n<\/div><\/div><\/div><div class=\"fusion-layout-column fusion_builder_column fusion-builder-column-3 fusion_builder_column_1_2 1_2 fusion-flex-column fusion-flex-align-self-center\" style=\"--awb-bg-size:cover;--awb-width-large:50%;--awb-margin-top-large:0px;--awb-spacing-right-large:3.84%;--awb-margin-bottom-large:20px;--awb-spacing-left-large:3.84%;--awb-width-medium:50%;--awb-order-medium:0;--awb-spacing-right-medium:3.84%;--awb-spacing-left-medium:3.84%;--awb-width-small:100%;--awb-order-small:0;--awb-spacing-right-small:1.92%;--awb-spacing-left-small:1.92%;\"><div class=\"fusion-column-wrapper fusion-column-has-shadow fusion-flex-justify-content-center fusion-content-layout-column\"><div class=\"fusion-image-element \" style=\"text-align:center;--awb-margin-top:20px;--awb-margin-bottom:40px;--awb-caption-title-font-family:var(--h2_typography-font-family);--awb-caption-title-font-weight:var(--h2_typography-font-weight);--awb-caption-title-font-style:var(--h2_typography-font-style);--awb-caption-title-size:var(--h2_typography-font-size);--awb-caption-title-transform:var(--h2_typography-text-transform);--awb-caption-title-line-height:var(--h2_typography-line-height);--awb-caption-title-letter-spacing:var(--h2_typography-letter-spacing);\"><span class=\" fusion-imageframe imageframe-none imageframe-2 hover-type-none c-img-accent-1\"><img decoding=\"async\" width=\"2560\" height=\"1707\" title=\"Comfort-Apartments-Oswiecim\" src=\"https:\/\/noclegioswiecim.eu\/wp-content\/uploads\/2023\/04\/CA-2-34-scaled.jpg\" data-orig-src=\"https:\/\/noclegioswiecim.eu\/wp-content\/uploads\/2023\/04\/CA-2-34-scaled.jpg\" alt class=\"lazyload img-responsive wp-image-3860\" srcset=\"data:image\/svg+xml,%3Csvg%20xmlns%3D%27http%3A%2F%2Fwww.w3.org%2F2000%2Fsvg%27%20width%3D%272560%27%20height%3D%271707%27%20viewBox%3D%270%200%202560%201707%27%3E%3Crect%20width%3D%272560%27%20height%3D%271707%27%20fill-opacity%3D%220%22%2F%3E%3C%2Fsvg%3E\" data-srcset=\"https:\/\/noclegioswiecim.eu\/wp-content\/uploads\/2023\/04\/CA-2-34-200x133.jpg 200w, https:\/\/noclegioswiecim.eu\/wp-content\/uploads\/2023\/04\/CA-2-34-400x267.jpg 400w, https:\/\/noclegioswiecim.eu\/wp-content\/uploads\/2023\/04\/CA-2-34-600x400.jpg 600w, https:\/\/noclegioswiecim.eu\/wp-content\/uploads\/2023\/04\/CA-2-34-800x533.jpg 800w, https:\/\/noclegioswiecim.eu\/wp-content\/uploads\/2023\/04\/CA-2-34-1200x800.jpg 1200w, https:\/\/noclegioswiecim.eu\/wp-content\/uploads\/2023\/04\/CA-2-34-scaled.jpg 2560w\" data-sizes=\"auto\" data-orig-sizes=\"(max-width: 640px) 100vw, 800px\" \/><\/span><\/div><\/div><\/div><div class=\"fusion-layout-column fusion_builder_column fusion-builder-column-4 fusion_builder_column_1_2 1_2 fusion-flex-column fusion-flex-align-self-center\" style=\"--awb-bg-size:cover;--awb-width-large:50%;--awb-margin-top-large:0px;--awb-spacing-right-large:3.84%;--awb-margin-bottom-large:20px;--awb-spacing-left-large:3.84%;--awb-width-medium:50%;--awb-order-medium:0;--awb-spacing-right-medium:3.84%;--awb-spacing-left-medium:3.84%;--awb-width-small:100%;--awb-order-small:0;--awb-spacing-right-small:1.92%;--awb-spacing-left-small:1.92%;\"><div class=\"fusion-column-wrapper fusion-column-has-shadow fusion-flex-justify-content-center fusion-content-layout-column\"><div class=\"fusion-text fusion-text-3\"><p>Il comfort e la soddisfazione dei nostri ospiti sono la nostra priorit\u00e0. Il nostro staff si prende cura dei dettagli per garantire un soggiorno indimenticabile al <strong>Comfort Apartments Oswiecim<\/strong>. Siamo orgogliosi del feedback positivo che riceviamo e lavoriamo per offrire un&#8217;esperienza ancora migliore durante il vostro soggiorno con noi!<\/p>\n<\/div><\/div><\/div><div class=\"fusion-layout-column fusion_builder_column fusion-builder-column-5 fusion_builder_column_1_1 1_1 fusion-flex-column fusion-flex-align-self-center\" style=\"--awb-bg-size:cover;--awb-width-large:100%;--awb-margin-top-large:0px;--awb-spacing-right-large:1.92%;--awb-margin-bottom-large:20px;--awb-spacing-left-large:1.92%;--awb-width-medium:100%;--awb-order-medium:0;--awb-spacing-right-medium:1.92%;--awb-spacing-left-medium:1.92%;--awb-width-small:100%;--awb-order-small:0;--awb-spacing-right-small:1.92%;--awb-spacing-left-small:1.92%;\"><div class=\"fusion-column-wrapper fusion-column-has-shadow fusion-flex-justify-content-center fusion-content-layout-column\"><div class=\"fusion-text fusion-text-4\"><p>Vi ringraziamo per la fiducia accordataci e vi invitiamo a visitare i nostri confortevoli <strong>appartamenti a O\u015bwi\u0119cim<\/strong>!<\/p>\n<p>Taggateci sui social media utilizzando:<\/p>\n<p><span style=\"font-size: 1.2em; font-weight: light;\"><span style=\"color: #aa8453;\">#StayAtComfort<\/span><\/span><\/p>\n<p><a href=\"https:\/\/www.facebook.com\/oswiecimapartments\/\" target=\"_blank\" rel=\"noopener\"><img decoding=\"async\" class=\"lazyload  wp-image-229 alignnone\" src=\"data:image\/svg+xml,%3Csvg%20xmlns%3D%27http%3A%2F%2Fwww.w3.org%2F2000%2Fsvg%27%20width%3D%2722%27%20height%3D%2722%27%20viewBox%3D%270%200%2022%2022%27%3E%3Crect%20width%3D%2722%27%20height%3D%2722%27%20fill-opacity%3D%220%22%2F%3E%3C%2Fsvg%3E\" data-orig-src=\"https:\/\/noclegioswiecim.eu\/wp-content\/uploads\/2023\/01\/footer_16.png\" alt=\"\" width=\"22\" height=\"22\" \/><\/a> <a href=\"https:\/\/www.instagram.com\/oswiecimapartments\/\" target=\"_blank\" rel=\"noopener\"><img decoding=\"async\" class=\"lazyload alignnone size-full wp-image-230\" src=\"data:image\/svg+xml,%3Csvg%20xmlns%3D%27http%3A%2F%2Fwww.w3.org%2F2000%2Fsvg%27%20width%3D%2722%27%20height%3D%2722%27%20viewBox%3D%270%200%2022%2022%27%3E%3Crect%20width%3D%2722%27%20height%3D%2722%27%20fill-opacity%3D%220%22%2F%3E%3C%2Fsvg%3E\" data-orig-src=\"https:\/\/noclegioswiecim.eu\/wp-content\/uploads\/2023\/01\/footer_18.png\" alt=\"\" width=\"22\" height=\"22\" \/><\/a><\/p>\n<\/div><\/div><\/div><\/div><\/div><div class=\"fusion-fullwidth fullwidth-box fusion-builder-row-2 fusion-flex-container has-pattern-background has-mask-background nonhundred-percent-fullwidth non-hundred-percent-height-scrolling\" style=\"--awb-border-radius-top-left:0px;--awb-border-radius-top-right:0px;--awb-border-radius-bottom-right:0px;--awb-border-radius-bottom-left:0px;--awb-flex-wrap:wrap;\" ><div class=\"fusion-builder-row fusion-row fusion-flex-align-items-flex-start fusion-flex-content-wrap\" style=\"max-width:1352px;margin-left: calc(-4% \/ 2 );margin-right: calc(-4% \/ 2 );\"><div class=\"fusion-layout-column fusion_builder_column fusion-builder-column-6 fusion_builder_column_1_1 1_1 fusion-flex-column\" style=\"--awb-bg-size:cover;--awb-width-large:100%;--awb-margin-top-large:0px;--awb-spacing-right-large:1.92%;--awb-margin-bottom-large:20px;--awb-spacing-left-large:1.92%;--awb-width-medium:100%;--awb-order-medium:0;--awb-spacing-right-medium:1.92%;--awb-spacing-left-medium:1.92%;--awb-width-small:100%;--awb-order-small:0;--awb-spacing-right-small:1.92%;--awb-spacing-left-small:1.92%;\"><div class=\"fusion-column-wrapper fusion-column-has-shadow fusion-flex-justify-content-flex-start fusion-content-layout-column\"><div class=\"fusion-video fusion-selfhosted-video c-img-accent-1\" style=\"max-width:100%;\"><div class=\"video-wrapper\"><video playsinline=\"true\" width=\"100%\" style=\"object-fit: cover;\" autoplay=\"true\" muted=\"true\" loop=\"true\" preload=\"auto\" controls=\"1\"><source src=\"https:\/\/noclegioswiecim.eu\/wp-content\/uploads\/2023\/07\/Comfort-Apartments-compress.mp4\" type=\"video\/mp4\">Sorry, your browser doesn&#039;t support embedded videos.<\/video><\/div><\/div><\/div><\/div><\/div><\/div><div id=\"terrazza\" class=\"fusion-container-anchor\"><div class=\"fusion-fullwidth fullwidth-box fusion-builder-row-3 fusion-flex-container has-pattern-background has-mask-background r-apartaments p-apartaments nonhundred-percent-fullwidth non-hundred-percent-height-scrolling\" style=\"--awb-border-radius-top-left:0px;--awb-border-radius-top-right:0px;--awb-border-radius-bottom-right:0px;--awb-border-radius-bottom-left:0px;--awb-flex-wrap:wrap;\" ><div class=\"fusion-builder-row fusion-row fusion-flex-align-items-flex-start fusion-flex-content-wrap\" style=\"max-width:1352px;margin-left: calc(-4% \/ 2 );margin-right: calc(-4% \/ 2 );\"><div class=\"fusion-layout-column fusion_builder_column fusion-builder-column-7 fusion_builder_column_1_1 1_1 fusion-flex-column\" style=\"--awb-bg-size:cover;--awb-width-large:100%;--awb-margin-top-large:0px;--awb-spacing-right-large:1.92%;--awb-margin-bottom-large:20px;--awb-spacing-left-large:1.92%;--awb-width-medium:100%;--awb-order-medium:0;--awb-spacing-right-medium:1.92%;--awb-spacing-left-medium:1.92%;--awb-width-small:100%;--awb-order-small:0;--awb-spacing-right-small:1.92%;--awb-spacing-left-small:1.92%;\"><div class=\"fusion-column-wrapper fusion-column-has-shadow fusion-flex-justify-content-flex-start fusion-content-layout-column\"><div class=\"fusion-text fusion-text-5\"><h2 style=\"text-align: center; font-size: 48px; font-weight: 400;\">Visualizza i nostri appartamenti<\/h2>\n<\/div><\/div><\/div><div class=\"fusion-layout-column fusion_builder_column fusion-builder-column-8 fusion_builder_column_1_2 1_2 fusion-flex-column col-room col-room1\" style=\"--awb-bg-size:cover;--awb-width-large:50%;--awb-margin-top-large:0px;--awb-spacing-right-large:3.84%;--awb-margin-bottom-large:20px;--awb-spacing-left-large:3.84%;--awb-width-medium:50%;--awb-order-medium:0;--awb-spacing-right-medium:3.84%;--awb-spacing-left-medium:3.84%;--awb-width-small:100%;--awb-order-small:0;--awb-spacing-right-small:1.92%;--awb-spacing-left-small:1.92%;\" data-motion-effects=\"[{&quot;type&quot;:&quot;&quot;,&quot;scroll_type&quot;:&quot;transition&quot;,&quot;scroll_direction&quot;:&quot;up&quot;,&quot;transition_speed&quot;:&quot;1&quot;,&quot;fade_type&quot;:&quot;in&quot;,&quot;scale_type&quot;:&quot;up&quot;,&quot;initial_scale&quot;:&quot;1&quot;,&quot;max_scale&quot;:&quot;1.5&quot;,&quot;min_scale&quot;:&quot;0.5&quot;,&quot;initial_rotate&quot;:&quot;0&quot;,&quot;end_rotate&quot;:&quot;30&quot;,&quot;initial_blur&quot;:&quot;0&quot;,&quot;end_blur&quot;:&quot;3&quot;,&quot;start_element&quot;:&quot;top&quot;,&quot;start_viewport&quot;:&quot;bottom&quot;,&quot;end_element&quot;:&quot;bottom&quot;,&quot;end_viewport&quot;:&quot;top&quot;,&quot;mouse_effect&quot;:&quot;track&quot;,&quot;mouse_effect_direction&quot;:&quot;opposite&quot;,&quot;mouse_effect_speed&quot;:&quot;2&quot;,&quot;infinite_animation&quot;:&quot;float&quot;,&quot;infinite_animation_speed&quot;:&quot;2&quot;}]\" data-scroll-devices=\"small-visibility,medium-visibility,large-visibility\"><div class=\"fusion-column-wrapper fusion-column-has-shadow fusion-flex-justify-content-flex-start fusion-content-layout-column\"><div class=\"fusion-image-element \" style=\"--awb-caption-title-font-family:var(--h2_typography-font-family);--awb-caption-title-font-weight:var(--h2_typography-font-weight);--awb-caption-title-font-style:var(--h2_typography-font-style);--awb-caption-title-size:var(--h2_typography-font-size);--awb-caption-title-transform:var(--h2_typography-text-transform);--awb-caption-title-line-height:var(--h2_typography-line-height);--awb-caption-title-letter-spacing:var(--h2_typography-letter-spacing);\"><span class=\" fusion-imageframe imageframe-none imageframe-3 hover-type-none c-image\"><a class=\"fusion-no-lightbox\" href=\"https:\/\/noclegioswiecim.eu\/it\/appartamenti\/appartamento-10f\/\" target=\"_self\" aria-label=\"10F_25\"><img decoding=\"async\" width=\"2048\" height=\"1365\" src=\"https:\/\/noclegioswiecim.eu\/wp-content\/uploads\/2024\/07\/10F_25.jpg\" data-orig-src=\"https:\/\/noclegioswiecim.eu\/wp-content\/uploads\/2024\/07\/10F_25.jpg\" alt class=\"lazyload img-responsive wp-image-6534\" srcset=\"data:image\/svg+xml,%3Csvg%20xmlns%3D%27http%3A%2F%2Fwww.w3.org%2F2000%2Fsvg%27%20width%3D%272048%27%20height%3D%271365%27%20viewBox%3D%270%200%202048%201365%27%3E%3Crect%20width%3D%272048%27%20height%3D%271365%27%20fill-opacity%3D%220%22%2F%3E%3C%2Fsvg%3E\" data-srcset=\"https:\/\/noclegioswiecim.eu\/wp-content\/uploads\/2024\/07\/10F_25-200x133.jpg 200w, https:\/\/noclegioswiecim.eu\/wp-content\/uploads\/2024\/07\/10F_25-400x267.jpg 400w, https:\/\/noclegioswiecim.eu\/wp-content\/uploads\/2024\/07\/10F_25-600x400.jpg 600w, https:\/\/noclegioswiecim.eu\/wp-content\/uploads\/2024\/07\/10F_25-800x533.jpg 800w, https:\/\/noclegioswiecim.eu\/wp-content\/uploads\/2024\/07\/10F_25-1200x800.jpg 1200w, https:\/\/noclegioswiecim.eu\/wp-content\/uploads\/2024\/07\/10F_25.jpg 2048w\" data-sizes=\"auto\" data-orig-sizes=\"(max-width: 640px) 100vw, 800px\" \/><\/a><\/span><\/div><div class=\"fusion-text fusion-text-6 c-room-name\"><h3>10 F<\/h3>\n<p>7 letti \/ 61,5 m<sup>2<\/sup><\/p>\n<\/div><div class=\"fusion-text fusion-text-7 c-room-desc\"><p>Dimenticate le preoccupazioni quotidiane e concedetevi un momento di<br \/>\nrelax. Rilassatevi esattamente come volete e godetevi ogni momento in un ambiente accogliente.<\/p>\n<\/div><div class=\"fusion-text fusion-text-8 c-room-price\"><p>prezzo da <strong>550 PLN<\/strong><\/p>\n<\/div><div ><a class=\"fusion-button button-flat button-small button-custom fusion-button-default button-1 fusion-button-default-span fusion-button-default-type c-button\" style=\"--button_accent_color:var(--awb-color8);--button_border_color:rgba(255,255,255,0);--button_accent_hover_color:var(--awb-color8);--button_border_hover_color:var(--awb-color8);--button_border_width-top:1px;--button_border_width-right:1px;--button_border_width-bottom:1px;--button_border_width-left:1px;--button_gradient_top_color:rgba(255,255,255,0);--button_gradient_bottom_color:rgba(255,255,255,0);--button_gradient_top_color_hover:rgba(255,255,255,0);--button_gradient_bottom_color_hover:rgba(255,255,255,0);--button_text_transform:uppercase;\" target=\"_self\" data-hover=\"icon_rotate\" title=\"Libro\" aria-label=\"Libro\" href=\"https:\/\/noclegioswiecim.eu\/it\/appartamenti\/appartamento-10f\/\"><span class=\"fusion-button-text\">Libro<\/span><i class=\"fa-plus fas button-icon-right\" aria-hidden=\"true\"><\/i><\/a><\/div><\/div><\/div>\n<div class=\"fusion-layout-column fusion_builder_column fusion-builder-column-9 fusion_builder_column_1_2 1_2 fusion-flex-column col-room col-room1\" style=\"--awb-bg-size:cover;--awb-width-large:50%;--awb-margin-top-large:0px;--awb-spacing-right-large:3.84%;--awb-margin-bottom-large:20px;--awb-spacing-left-large:3.84%;--awb-width-medium:50%;--awb-order-medium:0;--awb-spacing-right-medium:3.84%;--awb-spacing-left-medium:3.84%;--awb-width-small:100%;--awb-order-small:0;--awb-spacing-right-small:1.92%;--awb-spacing-left-small:1.92%;\"><div class=\"fusion-column-wrapper fusion-column-has-shadow fusion-flex-justify-content-flex-start fusion-content-layout-column\"><div class=\"fusion-image-element \" style=\"--awb-caption-title-font-family:var(--h2_typography-font-family);--awb-caption-title-font-weight:var(--h2_typography-font-weight);--awb-caption-title-font-style:var(--h2_typography-font-style);--awb-caption-title-size:var(--h2_typography-font-size);--awb-caption-title-transform:var(--h2_typography-text-transform);--awb-caption-title-line-height:var(--h2_typography-line-height);--awb-caption-title-letter-spacing:var(--h2_typography-letter-spacing);\"><span class=\" fusion-imageframe imageframe-none imageframe-4 hover-type-none c-image\"><a class=\"fusion-no-lightbox\" href=\"\/it\/appartamenti\/appartamento-10g\/\" target=\"_self\" aria-label=\"Comfort-Apartments-Oswiecim\"><img decoding=\"async\" width=\"2560\" height=\"1707\" alt=\"Comfort-Apartments-Oswiecim\" src=\"https:\/\/noclegioswiecim.eu\/wp-content\/uploads\/2023\/07\/CA-2-15-scaled.jpg\" data-orig-src=\"https:\/\/noclegioswiecim.eu\/wp-content\/uploads\/2023\/07\/CA-2-15-scaled.jpg\" class=\"lazyload img-responsive wp-image-922\" srcset=\"data:image\/svg+xml,%3Csvg%20xmlns%3D%27http%3A%2F%2Fwww.w3.org%2F2000%2Fsvg%27%20width%3D%272560%27%20height%3D%271707%27%20viewBox%3D%270%200%202560%201707%27%3E%3Crect%20width%3D%272560%27%20height%3D%271707%27%20fill-opacity%3D%220%22%2F%3E%3C%2Fsvg%3E\" data-srcset=\"https:\/\/noclegioswiecim.eu\/wp-content\/uploads\/2023\/07\/CA-2-15-200x133.jpg 200w, https:\/\/noclegioswiecim.eu\/wp-content\/uploads\/2023\/07\/CA-2-15-400x267.jpg 400w, https:\/\/noclegioswiecim.eu\/wp-content\/uploads\/2023\/07\/CA-2-15-600x400.jpg 600w, https:\/\/noclegioswiecim.eu\/wp-content\/uploads\/2023\/07\/CA-2-15-800x533.jpg 800w, https:\/\/noclegioswiecim.eu\/wp-content\/uploads\/2023\/07\/CA-2-15-1200x800.jpg 1200w, https:\/\/noclegioswiecim.eu\/wp-content\/uploads\/2023\/07\/CA-2-15-scaled.jpg 2560w\" data-sizes=\"auto\" data-orig-sizes=\"(max-width: 640px) 100vw, 800px\" \/><\/a><\/span><\/div><div class=\"fusion-text fusion-text-9 c-room-name\"><h3>10 G<\/h3>\n<p>7 letti \/ 58,5<sup>m2<\/sup><\/p>\n<\/div><div class=\"fusion-text fusion-text-10 c-room-desc\"><div class=\"w-full text-token-text-primary\" data-testid=\"conversation-turn-4\">\n<div class=\"px-4 py-2 justify-center text-base md:gap-6 m-auto\">\n<div class=\"flex flex-1 text-base mx-auto gap-3 md:px-5 lg:px-1 xl:px-5 md:max-w-3xl lg:max-w-&#091;40rem&#093; xl:max-w-&#091;48rem&#093; group\">\n<div class=\"flex-shrink-0 flex flex-col relative items-end\">\n<div class=\"pt-0.5\">\n<div><\/div>\n<div class=\"gizmo-shadow-stroke flex h-6 w-6 items-center justify-center overflow-hidden rounded-full\">Rilassatevi e riposatevi in \u200b\u200bun\u2019atmosfera accogliente con una vista unica. Rilassati come preferisci e goditi ci\u00f2 che \u00e8 fugace.<\/div>\n<\/div>\n<\/div>\n<\/div>\n<\/div>\n<\/div>\n<\/div><div class=\"fusion-text fusion-text-11 fusion-text-no-margin c-room-price\" style=\"--awb-margin-bottom:-3%;\"><p>prezzo da <strong>550 PLN<\/strong><\/p>\n<\/div><div ><a class=\"fusion-button button-flat button-small button-custom fusion-button-default button-2 fusion-button-default-span fusion-button-default-type c-button\" style=\"--button_accent_color:var(--awb-color8);--button_border_color:rgba(255,255,255,0);--button_accent_hover_color:var(--awb-color8);--button_border_hover_color:var(--awb-color8);--button_border_width-top:1px;--button_border_width-right:1px;--button_border_width-bottom:1px;--button_border_width-left:1px;--button_gradient_top_color:rgba(255,255,255,0);--button_gradient_bottom_color:rgba(255,255,255,0);--button_gradient_top_color_hover:rgba(255,255,255,0);--button_gradient_bottom_color_hover:rgba(255,255,255,0);--button_text_transform:uppercase;\" target=\"_self\" data-hover=\"icon_rotate\" title=\"Libro\" aria-label=\"Libro\" href=\"\/it\/appartamenti\/appartamento-10g\/\"><span class=\"fusion-button-text\">Libro<\/span><i class=\"fa-plus fas button-icon-right\" aria-hidden=\"true\"><\/i><\/a><\/div><\/div><\/div>\n<\/div><\/div><\/div><\/p>\n","protected":false},"excerpt":{"rendered":"","protected":false},"author":1,"featured_media":0,"parent":0,"menu_order":0,"comment_status":"closed","ping_status":"closed","template":"","meta":{"footnotes":""},"class_list":["post-3663","page","type-page","status-publish","hentry"],"yoast_head":"<!-- This site is optimized with the Yoast SEO plugin v27.5 - https:\/\/yoast.com\/product\/yoast-seo-wordpress\/ -->\n<title>Chi siamo - Comfort Apartments<\/title>\n<meta name=\"robots\" content=\"index, follow, max-snippet:-1, max-image-preview:large, max-video-preview:-1\" \/>\n<link rel=\"canonical\" href=\"https:\/\/noclegioswiecim.eu\/it\/chi-siamo\/\" \/>\n<meta property=\"og:locale\" content=\"it_IT\" \/>\n<meta property=\"og:type\" content=\"article\" \/>\n<meta property=\"og:title\" content=\"Chi siamo - Comfort Apartments\" \/>\n<meta property=\"og:url\" content=\"https:\/\/noclegioswiecim.eu\/it\/chi-siamo\/\" \/>\n<meta property=\"og:site_name\" content=\"Comfort Apartments\" \/>\n<meta property=\"article:publisher\" content=\"https:\/\/www.facebook.com\/oswiecimapartments\/\" \/>\n<meta property=\"article:modified_time\" content=\"2025-04-16T09:25:55+00:00\" \/>\n<meta property=\"og:image\" content=\"https:\/\/noclegioswiecim.eu\/wp-content\/uploads\/2023\/01\/footer_16.png\" \/>\n<meta name=\"twitter:card\" content=\"summary_large_image\" \/>\n<meta name=\"twitter:label1\" content=\"Tempo di lettura stimato\" \/>\n\t<meta name=\"twitter:data1\" content=\"3 minuti\" \/>\n<script type=\"application\/ld+json\" class=\"yoast-schema-graph\">{\"@context\":\"https:\\\/\\\/schema.org\",\"@graph\":[{\"@type\":\"WebPage\",\"@id\":\"https:\\\/\\\/noclegioswiecim.eu\\\/it\\\/chi-siamo\\\/\",\"url\":\"https:\\\/\\\/noclegioswiecim.eu\\\/it\\\/chi-siamo\\\/\",\"name\":\"Chi siamo - Comfort Apartments\",\"isPartOf\":{\"@id\":\"https:\\\/\\\/noclegioswiecim.eu\\\/#website\"},\"primaryImageOfPage\":{\"@id\":\"https:\\\/\\\/noclegioswiecim.eu\\\/it\\\/chi-siamo\\\/#primaryimage\"},\"image\":{\"@id\":\"https:\\\/\\\/noclegioswiecim.eu\\\/it\\\/chi-siamo\\\/#primaryimage\"},\"thumbnailUrl\":\"https:\\\/\\\/noclegioswiecim.eu\\\/wp-content\\\/uploads\\\/2023\\\/01\\\/footer_16.png\",\"datePublished\":\"2023-01-23T23:13:00+00:00\",\"dateModified\":\"2025-04-16T09:25:55+00:00\",\"breadcrumb\":{\"@id\":\"https:\\\/\\\/noclegioswiecim.eu\\\/it\\\/chi-siamo\\\/#breadcrumb\"},\"inLanguage\":\"it-IT\",\"potentialAction\":[{\"@type\":\"ReadAction\",\"target\":[\"https:\\\/\\\/noclegioswiecim.eu\\\/it\\\/chi-siamo\\\/\"]}]},{\"@type\":\"ImageObject\",\"inLanguage\":\"it-IT\",\"@id\":\"https:\\\/\\\/noclegioswiecim.eu\\\/it\\\/chi-siamo\\\/#primaryimage\",\"url\":\"https:\\\/\\\/noclegioswiecim.eu\\\/wp-content\\\/uploads\\\/2023\\\/01\\\/footer_16.png\",\"contentUrl\":\"https:\\\/\\\/noclegioswiecim.eu\\\/wp-content\\\/uploads\\\/2023\\\/01\\\/footer_16.png\"},{\"@type\":\"BreadcrumbList\",\"@id\":\"https:\\\/\\\/noclegioswiecim.eu\\\/it\\\/chi-siamo\\\/#breadcrumb\",\"itemListElement\":[{\"@type\":\"ListItem\",\"position\":1,\"name\":\"Strona g\u0142\u00f3wna\",\"item\":\"https:\\\/\\\/noclegioswiecim.eu\\\/it\\\/\"},{\"@type\":\"ListItem\",\"position\":2,\"name\":\"Chi siamo\"}]},{\"@type\":\"WebSite\",\"@id\":\"https:\\\/\\\/noclegioswiecim.eu\\\/#website\",\"url\":\"https:\\\/\\\/noclegioswiecim.eu\\\/\",\"name\":\"Comfort Apartments\",\"description\":\"Noclegi O\u015bwi\u0119cim \\\/ Booking O\u015bwi\u0119cim\",\"publisher\":{\"@id\":\"https:\\\/\\\/noclegioswiecim.eu\\\/#organization\"},\"potentialAction\":[{\"@type\":\"SearchAction\",\"target\":{\"@type\":\"EntryPoint\",\"urlTemplate\":\"https:\\\/\\\/noclegioswiecim.eu\\\/?s={search_term_string}\"},\"query-input\":{\"@type\":\"PropertyValueSpecification\",\"valueRequired\":true,\"valueName\":\"search_term_string\"}}],\"inLanguage\":\"it-IT\"},{\"@type\":\"Organization\",\"@id\":\"https:\\\/\\\/noclegioswiecim.eu\\\/#organization\",\"name\":\"Comfort Apartments\",\"url\":\"https:\\\/\\\/noclegioswiecim.eu\\\/\",\"logo\":{\"@type\":\"ImageObject\",\"inLanguage\":\"it-IT\",\"@id\":\"https:\\\/\\\/noclegioswiecim.eu\\\/#\\\/schema\\\/logo\\\/image\\\/\",\"url\":\"https:\\\/\\\/noclegioswiecim.eu\\\/wp-content\\\/uploads\\\/2023\\\/02\\\/favicona.png\",\"contentUrl\":\"https:\\\/\\\/noclegioswiecim.eu\\\/wp-content\\\/uploads\\\/2023\\\/02\\\/favicona.png\",\"width\":200,\"height\":200,\"caption\":\"Comfort Apartments\"},\"image\":{\"@id\":\"https:\\\/\\\/noclegioswiecim.eu\\\/#\\\/schema\\\/logo\\\/image\\\/\"},\"sameAs\":[\"https:\\\/\\\/www.facebook.com\\\/oswiecimapartments\\\/\",\"https:\\\/\\\/goo.gl\\\/maps\\\/H9x6rxoZWfK3ad1j6\",\"https:\\\/\\\/www.instagram.com\\\/oswiecimapartments\\\/\"]}]}<\/script>\n<!-- \/ Yoast SEO plugin. -->","yoast_head_json":{"title":"Chi siamo - Comfort Apartments","robots":{"index":"index","follow":"follow","max-snippet":"max-snippet:-1","max-image-preview":"max-image-preview:large","max-video-preview":"max-video-preview:-1"},"canonical":"https:\/\/noclegioswiecim.eu\/it\/chi-siamo\/","og_locale":"it_IT","og_type":"article","og_title":"Chi siamo - Comfort Apartments","og_url":"https:\/\/noclegioswiecim.eu\/it\/chi-siamo\/","og_site_name":"Comfort Apartments","article_publisher":"https:\/\/www.facebook.com\/oswiecimapartments\/","article_modified_time":"2025-04-16T09:25:55+00:00","og_image":[{"url":"https:\/\/noclegioswiecim.eu\/wp-content\/uploads\/2023\/01\/footer_16.png","type":"","width":"","height":""}],"twitter_card":"summary_large_image","twitter_misc":{"Tempo di lettura stimato":"3 minuti"},"schema":{"@context":"https:\/\/schema.org","@graph":[{"@type":"WebPage","@id":"https:\/\/noclegioswiecim.eu\/it\/chi-siamo\/","url":"https:\/\/noclegioswiecim.eu\/it\/chi-siamo\/","name":"Chi siamo - Comfort Apartments","isPartOf":{"@id":"https:\/\/noclegioswiecim.eu\/#website"},"primaryImageOfPage":{"@id":"https:\/\/noclegioswiecim.eu\/it\/chi-siamo\/#primaryimage"},"image":{"@id":"https:\/\/noclegioswiecim.eu\/it\/chi-siamo\/#primaryimage"},"thumbnailUrl":"https:\/\/noclegioswiecim.eu\/wp-content\/uploads\/2023\/01\/footer_16.png","datePublished":"2023-01-23T23:13:00+00:00","dateModified":"2025-04-16T09:25:55+00:00","breadcrumb":{"@id":"https:\/\/noclegioswiecim.eu\/it\/chi-siamo\/#breadcrumb"},"inLanguage":"it-IT","potentialAction":[{"@type":"ReadAction","target":["https:\/\/noclegioswiecim.eu\/it\/chi-siamo\/"]}]},{"@type":"ImageObject","inLanguage":"it-IT","@id":"https:\/\/noclegioswiecim.eu\/it\/chi-siamo\/#primaryimage","url":"https:\/\/noclegioswiecim.eu\/wp-content\/uploads\/2023\/01\/footer_16.png","contentUrl":"https:\/\/noclegioswiecim.eu\/wp-content\/uploads\/2023\/01\/footer_16.png"},{"@type":"BreadcrumbList","@id":"https:\/\/noclegioswiecim.eu\/it\/chi-siamo\/#breadcrumb","itemListElement":[{"@type":"ListItem","position":1,"name":"Strona g\u0142\u00f3wna","item":"https:\/\/noclegioswiecim.eu\/it\/"},{"@type":"ListItem","position":2,"name":"Chi siamo"}]},{"@type":"WebSite","@id":"https:\/\/noclegioswiecim.eu\/#website","url":"https:\/\/noclegioswiecim.eu\/","name":"Comfort Apartments","description":"Noclegi O\u015bwi\u0119cim \/ Booking O\u015bwi\u0119cim","publisher":{"@id":"https:\/\/noclegioswiecim.eu\/#organization"},"potentialAction":[{"@type":"SearchAction","target":{"@type":"EntryPoint","urlTemplate":"https:\/\/noclegioswiecim.eu\/?s={search_term_string}"},"query-input":{"@type":"PropertyValueSpecification","valueRequired":true,"valueName":"search_term_string"}}],"inLanguage":"it-IT"},{"@type":"Organization","@id":"https:\/\/noclegioswiecim.eu\/#organization","name":"Comfort Apartments","url":"https:\/\/noclegioswiecim.eu\/","logo":{"@type":"ImageObject","inLanguage":"it-IT","@id":"https:\/\/noclegioswiecim.eu\/#\/schema\/logo\/image\/","url":"https:\/\/noclegioswiecim.eu\/wp-content\/uploads\/2023\/02\/favicona.png","contentUrl":"https:\/\/noclegioswiecim.eu\/wp-content\/uploads\/2023\/02\/favicona.png","width":200,"height":200,"caption":"Comfort Apartments"},"image":{"@id":"https:\/\/noclegioswiecim.eu\/#\/schema\/logo\/image\/"},"sameAs":["https:\/\/www.facebook.com\/oswiecimapartments\/","https:\/\/goo.gl\/maps\/H9x6rxoZWfK3ad1j6","https:\/\/www.instagram.com\/oswiecimapartments\/"]}]}},"_links":{"self":[{"href":"https:\/\/noclegioswiecim.eu\/it\/wp-json\/wp\/v2\/pages\/3663","targetHints":{"allow":["GET"]}}],"collection":[{"href":"https:\/\/noclegioswiecim.eu\/it\/wp-json\/wp\/v2\/pages"}],"about":[{"href":"https:\/\/noclegioswiecim.eu\/it\/wp-json\/wp\/v2\/types\/page"}],"author":[{"embeddable":true,"href":"https:\/\/noclegioswiecim.eu\/it\/wp-json\/wp\/v2\/users\/1"}],"replies":[{"embeddable":true,"href":"https:\/\/noclegioswiecim.eu\/it\/wp-json\/wp\/v2\/comments?post=3663"}],"version-history":[{"count":7,"href":"https:\/\/noclegioswiecim.eu\/it\/wp-json\/wp\/v2\/pages\/3663\/revisions"}],"predecessor-version":[{"id":9228,"href":"https:\/\/noclegioswiecim.eu\/it\/wp-json\/wp\/v2\/pages\/3663\/revisions\/9228"}],"wp:attachment":[{"href":"https:\/\/noclegioswiecim.eu\/it\/wp-json\/wp\/v2\/media?parent=3663"}],"curies":[{"name":"wp","href":"https:\/\/api.w.org\/{rel}","templated":true}]}}