{"id":3662,"date":"2023-01-23T23:45:43","date_gmt":"2023-01-23T22:45:43","guid":{"rendered":"https:\/\/noclegioswiecim.eu\/appartamenti-comfort\/"},"modified":"2026-04-14T09:36:25","modified_gmt":"2026-04-14T07:36:25","slug":"appartamenti-comfort","status":"publish","type":"page","link":"https:\/\/noclegioswiecim.eu\/it\/","title":{"rendered":"Appartamenti Comfort"},"content":{"rendered":"<p><div class=\"fusion-fullwidth fullwidth-box fusion-builder-row-1 fusion-flex-container has-pattern-background has-mask-background r-start hundred-percent-fullwidth non-hundred-percent-height-scrolling\" style=\"--awb-border-radius-top-left:0px;--awb-border-radius-top-right:0px;--awb-border-radius-bottom-right:0px;--awb-border-radius-bottom-left:0px;--awb-flex-wrap:wrap;\" ><div class=\"fusion-builder-row fusion-row fusion-flex-align-items-flex-start fusion-flex-content-wrap\" style=\"width:104% !important;max-width:104% !important;margin-left: calc(-4% \/ 2 );margin-right: calc(-4% \/ 2 );\"><div class=\"fusion-layout-column fusion_builder_column fusion-builder-column-0 fusion_builder_column_1_1 1_1 fusion-flex-column\" style=\"--awb-bg-size:cover;--awb-width-large:100%;--awb-margin-top-large:0px;--awb-spacing-right-large:1.92%;--awb-margin-bottom-large:20px;--awb-spacing-left-large:1.92%;--awb-width-medium:100%;--awb-order-medium:0;--awb-spacing-right-medium:1.92%;--awb-spacing-left-medium:1.92%;--awb-width-small:100%;--awb-order-small:0;--awb-spacing-right-small:1.92%;--awb-spacing-left-small:1.92%;\"><div class=\"fusion-column-wrapper fusion-column-has-shadow fusion-flex-justify-content-flex-start fusion-content-layout-column\">\t\t\t\t\t<div class=\"fusion-slider-container fusion-slider-sc-home-it fusion-slider-159 full-width-slider c-slider\" style=\"height:695px; max-width:100%;\" data-id=\"159\" data-full_height=\"\">\n\t\t\t\t\t\t<style type=\"text\/css\">.fusion-slider-159 .flex-direction-nav a {width:63px;height:63px;line-height:63px;font-size:25px;}<\/style>\t\t\t\t\t\t<div class=\"fusion-slider-loading\">Loading...<\/div>\n\t\t\t\t\t\t<div class=\"tfs-slider flexslider main-flex full-width-slider\" data-slider_width=\"100%\" data-slider_height=\"695px\" data-full_screen=\"0\" data-parallax=\"0\" data-nav_arrows=\"1\" data-nav_arrow_size=\"25px\" data-nav_box_width=\"63px\" data-nav_box_height=\"63px\" data-slideshow_speed=\"7000\" data-loop=\"1\" data-autoplay=\"1\" data-orderby=\"date\" data-order=\"DESC\" data-animation=\"fade\" data-animation_speed=\"600\" data-typo_sensitivity=\"0.1\" data-typo_factor=\"1.5\" style=\"max-width:100%;\">\n\t\t\t\t\t\t\t<ul class=\"slides\">\n\t\t\t\t\t\t\t\t\t\t\t\t\t\t\t\t\t<li data-mute=\"yes\" data-loop=\"yes\" data-autoplay=\"yes\">\n\t\t\t\t\t\t\t\t\t\t<div class=\"slide-content-container slide-content-center\" style=\"display: none;\">\n\t\t\t\t\t\t\t\t\t\t\t<div class=\"slide-content\" style=\"\">\n\t\t\t\t\t\t\t\t\t\t\t\t\t\t\t\t\t\t\t\t\t\t\t\t\t<div class=\"heading \">\n\t\t\t\t\t\t\t\t\t\t\t\t\t\t<div class=\"fusion-title-sc-wrapper\" style=\"\">\n\t\t\t\t\t\t\t\t\t\t\t\t\t\t\t<div class=\"fusion-title title fusion-title-1 fusion-sep-none fusion-title-center fusion-title-text fusion-title-size-one\" style=\"--awb-margin-top:0px;--awb-margin-bottom:0px;--awb-font-size:60px;\"><h1 class=\"fusion-title-heading title-heading-center fusion-responsive-typography-calculated\" style=\"margin:0;font-size:1em;--fontSize:60;line-height:1.33;\"><strong>Alloggio O\u015bwi\u0119cim<\/strong><\/h1><\/div>\t\t\t\t\t\t\t\t\t\t\t\t\t\t<\/div>\n\t\t\t\t\t\t\t\t\t\t\t\t\t<\/div>\n\t\t\t\t\t\t\t\t\t\t\t\t\t\t\t\t\t\t\t\t\t\t\t\t\t\t\t\t\t\t\t\t\t\t\t\t\t<div class=\"caption \">\n\t\t\t\t\t\t\t\t\t\t\t\t\t\t<div class=\"fusion-title-sc-wrapper\" style=\"\">\n\t\t\t\t\t\t\t\t\t\t\t\t\t\t\t<div class=\"fusion-title title fusion-title-2 fusion-sep-none fusion-title-center fusion-title-text fusion-title-size-two\" style=\"--awb-margin-top:0px;--awb-margin-bottom:0px;--awb-font-size:24px;\"><h2 class=\"fusion-title-heading title-heading-center fusion-responsive-typography-calculated\" style=\"margin:0;font-size:1em;--fontSize:24;--minFontSize:24;line-height:1.58;\">appartamenti adattati per persone con disabilit\u00e0<\/h2><\/div>\t\t\t\t\t\t\t\t\t\t\t\t\t\t<\/div>\n\t\t\t\t\t\t\t\t\t\t\t\t\t<\/div>\n\t\t\t\t\t\t\t\t\t\t\t\t\t\t\t\t\t\t\t\t\t\t\t\t\t\t\t\t\t\t\t\t\t\t\t\t\t<div class=\"buttons\" >\n\t\t\t\t\t\t\t\t\t\t\t\t\t\t\t\t\t\t\t\t\t\t\t\t\t\t\t\t\t\t\t\t\t\t\t\t\t\t\t\t\t<\/div>\n\t\t\t\t\t\t\t\t\t\t\t\t\t\t\t\t\t\t\t\t\t\t\t<\/div>\n\t\t\t\t\t\t\t\t\t\t<\/div>\n\t\t\t\t\t\t\t\t\t\t\t\t\t\t\t\t\t\t\t\t\t\t\t\t\t\t\t\t\t\t\t\t\t\t\t\t\t\t\t\t<div class=\"background background-image\" style=\"background-image: url(https:\/\/noclegioswiecim.eu\/wp-content\/uploads\/2023\/02\/slide-3.jpg);max-width:100%;height:695px;filter: progid:DXImageTransform.Microsoft.AlphaImageLoader(src='https:\/\/noclegioswiecim.eu\/wp-content\/uploads\/2023\/02\/slide-3.jpg', sizingMethod='scale');\" data-imgwidth=\"1713\">\n\t\t\t\t\t\t\t\t\t\t\t\t\t\t\t\t\t\t\t\t\t\t\t\t\t\t\t\t\t\t\t\t\t\t\t\t\t\t\t\t\t\t\t\t\t\t\t\t\t\t\t\t\t\t\t\t\t\t\t\t\t\t\t\t\t\t<\/div>\n\t\t\t\t\t\t\t\t\t<\/li>\n\t\t\t\t\t\t\t\t\t\t\t\t\t\t\t\t\t<li data-mute=\"yes\" data-loop=\"yes\" data-autoplay=\"yes\">\n\t\t\t\t\t\t\t\t\t\t<div class=\"slide-content-container slide-content-center\" style=\"display: none;\">\n\t\t\t\t\t\t\t\t\t\t\t<div class=\"slide-content\" style=\"\">\n\t\t\t\t\t\t\t\t\t\t\t\t\t\t\t\t\t\t\t\t\t\t\t\t\t<div class=\"heading \">\n\t\t\t\t\t\t\t\t\t\t\t\t\t\t<div class=\"fusion-title-sc-wrapper\" style=\"\">\n\t\t\t\t\t\t\t\t\t\t\t\t\t\t\t<div class=\"fusion-title title fusion-title-3 fusion-sep-none fusion-title-center fusion-title-text fusion-title-size-one\" style=\"--awb-margin-top:0px;--awb-margin-bottom:0px;--awb-font-size:60px;\"><h1 class=\"fusion-title-heading title-heading-center fusion-responsive-typography-calculated\" style=\"margin:0;font-size:1em;--fontSize:60;line-height:1.33;\"><strong>Appartamenti completamente attrezzati<\/strong><\/h1><\/div>\t\t\t\t\t\t\t\t\t\t\t\t\t\t<\/div>\n\t\t\t\t\t\t\t\t\t\t\t\t\t<\/div>\n\t\t\t\t\t\t\t\t\t\t\t\t\t\t\t\t\t\t\t\t\t\t\t\t\t\t\t\t\t\t\t\t\t\t\t\t\t<div class=\"caption \">\n\t\t\t\t\t\t\t\t\t\t\t\t\t\t<div class=\"fusion-title-sc-wrapper\" style=\"\">\n\t\t\t\t\t\t\t\t\t\t\t\t\t\t\t<div class=\"fusion-title title fusion-title-4 fusion-sep-none fusion-title-center fusion-title-text fusion-title-size-two\" style=\"--awb-margin-top:0px;--awb-margin-bottom:0px;--awb-font-size:24px;\"><h2 class=\"fusion-title-heading title-heading-center fusion-responsive-typography-calculated\" style=\"margin:0;font-size:1em;--fontSize:24;--minFontSize:24;line-height:1.58;\">ti sentirai a casa qui<\/h2><\/div>\t\t\t\t\t\t\t\t\t\t\t\t\t\t<\/div>\n\t\t\t\t\t\t\t\t\t\t\t\t\t<\/div>\n\t\t\t\t\t\t\t\t\t\t\t\t\t\t\t\t\t\t\t\t\t\t\t\t\t\t\t\t\t\t\t\t\t\t\t\t\t<div class=\"buttons\" >\n\t\t\t\t\t\t\t\t\t\t\t\t\t\t\t\t\t\t\t\t\t\t\t\t\t\t\t\t\t\t\t\t\t\t\t\t\t\t\t\t\t<\/div>\n\t\t\t\t\t\t\t\t\t\t\t\t\t\t\t\t\t\t\t\t\t\t\t<\/div>\n\t\t\t\t\t\t\t\t\t\t<\/div>\n\t\t\t\t\t\t\t\t\t\t\t\t\t\t\t\t\t\t\t\t\t\t\t\t\t\t\t\t\t\t\t\t\t\t\t\t\t\t\t\t<div class=\"background background-image\" style=\"background-image: url(https:\/\/noclegioswiecim.eu\/wp-content\/uploads\/2023\/02\/slide-4.jpg);max-width:100%;height:695px;filter: progid:DXImageTransform.Microsoft.AlphaImageLoader(src='https:\/\/noclegioswiecim.eu\/wp-content\/uploads\/2023\/02\/slide-4.jpg', sizingMethod='scale');\" data-imgwidth=\"1713\">\n\t\t\t\t\t\t\t\t\t\t\t\t\t\t\t\t\t\t\t\t\t\t\t\t\t\t\t\t\t\t\t\t\t\t\t\t\t\t\t\t\t\t\t\t\t\t\t\t\t\t\t\t\t\t\t\t\t\t\t\t\t\t\t\t\t\t<\/div>\n\t\t\t\t\t\t\t\t\t<\/li>\n\t\t\t\t\t\t\t\t\t\t\t\t\t\t\t\t\t<li data-mute=\"yes\" data-loop=\"yes\" data-autoplay=\"yes\">\n\t\t\t\t\t\t\t\t\t\t<div class=\"slide-content-container slide-content-center\" style=\"display: none;\">\n\t\t\t\t\t\t\t\t\t\t\t<div class=\"slide-content\" style=\"\">\n\t\t\t\t\t\t\t\t\t\t\t\t\t\t\t\t\t\t\t\t\t\t\t\t\t<div class=\"heading \">\n\t\t\t\t\t\t\t\t\t\t\t\t\t\t<div class=\"fusion-title-sc-wrapper\" style=\"\">\n\t\t\t\t\t\t\t\t\t\t\t\t\t\t\t<div class=\"fusion-title title fusion-title-5 fusion-sep-none fusion-title-center fusion-title-text fusion-title-size-one\" style=\"--awb-margin-top:0px;--awb-margin-bottom:0px;--awb-font-size:60px;\"><h1 class=\"fusion-title-heading title-heading-center fusion-responsive-typography-calculated\" style=\"margin:0;font-size:1em;--fontSize:60;line-height:1.33;\"><strong>Alloggio a 2 km da O\u015bwi\u0119cim<\/strong><\/h1><\/div>\t\t\t\t\t\t\t\t\t\t\t\t\t\t<\/div>\n\t\t\t\t\t\t\t\t\t\t\t\t\t<\/div>\n\t\t\t\t\t\t\t\t\t\t\t\t\t\t\t\t\t\t\t\t\t\t\t\t\t\t\t\t\t\t\t\t\t\t\t\t\t<div class=\"caption \">\n\t\t\t\t\t\t\t\t\t\t\t\t\t\t<div class=\"fusion-title-sc-wrapper\" style=\"\">\n\t\t\t\t\t\t\t\t\t\t\t\t\t\t\t<div class=\"fusion-title title fusion-title-6 fusion-sep-none fusion-title-center fusion-title-text fusion-title-size-two\" style=\"--awb-margin-top:0px;--awb-margin-bottom:0px;--awb-font-size:24px;\"><h2 class=\"fusion-title-heading title-heading-center fusion-responsive-typography-calculated\" style=\"margin:0;font-size:1em;--fontSize:24;--minFontSize:24;line-height:1.58;\">le attrazioni pi\u00f9 importanti a portata di mano<\/h2><\/div>\t\t\t\t\t\t\t\t\t\t\t\t\t\t<\/div>\n\t\t\t\t\t\t\t\t\t\t\t\t\t<\/div>\n\t\t\t\t\t\t\t\t\t\t\t\t\t\t\t\t\t\t\t\t\t\t\t\t\t\t\t\t\t\t\t\t\t\t\t\t\t<div class=\"buttons\" >\n\t\t\t\t\t\t\t\t\t\t\t\t\t\t\t\t\t\t\t\t\t\t\t\t\t\t\t\t\t\t\t\t\t\t\t\t\t\t\t\t\t<\/div>\n\t\t\t\t\t\t\t\t\t\t\t\t\t\t\t\t\t\t\t\t\t\t\t<\/div>\n\t\t\t\t\t\t\t\t\t\t<\/div>\n\t\t\t\t\t\t\t\t\t\t\t\t\t\t\t\t\t\t\t\t\t\t\t\t\t\t\t\t\t\t\t\t\t\t\t\t\t\t\t\t<div class=\"background background-image\" style=\"background-image: url(https:\/\/noclegioswiecim.eu\/wp-content\/uploads\/2023\/06\/combort_apartaments_slajd3.jpg);max-width:100%;height:695px;filter: progid:DXImageTransform.Microsoft.AlphaImageLoader(src='https:\/\/noclegioswiecim.eu\/wp-content\/uploads\/2023\/06\/combort_apartaments_slajd3.jpg', sizingMethod='scale');\" data-imgwidth=\"1713\">\n\t\t\t\t\t\t\t\t\t\t\t\t\t\t\t\t\t\t\t\t\t\t\t\t\t\t\t\t\t\t\t\t\t\t\t\t\t\t\t\t\t\t\t\t\t\t\t\t\t\t\t\t\t\t\t\t\t\t\t\t\t\t\t\t\t\t<\/div>\n\t\t\t\t\t\t\t\t\t<\/li>\n\t\t\t\t\t\t\t\t\t\t\t\t\t\t\t\t\t\t\t\t\t\t\t<\/ul>\n\t\t\t\t\t\t<\/div>\n\t\t\t\t\t<\/div>\n\t\t\t\t\t\t\t\t<\/div><\/div><\/div><\/div><div class=\"fusion-fullwidth fullwidth-box fusion-builder-row-2 fusion-flex-container has-pattern-background has-mask-background r-booking nonhundred-percent-fullwidth non-hundred-percent-height-scrolling\" style=\"--awb-border-radius-top-left:0px;--awb-border-radius-top-right:0px;--awb-border-radius-bottom-right:0px;--awb-border-radius-bottom-left:0px;--awb-flex-wrap:wrap;\" ><div class=\"fusion-builder-row fusion-row fusion-flex-align-items-flex-start fusion-flex-content-wrap\" style=\"max-width:1313px;margin-left: calc(-1% \/ 2 );margin-right: calc(-1% \/ 2 );\"><div class=\"fusion-layout-column fusion_builder_column fusion-builder-column-1 fusion_builder_column_1_5 1_5 fusion-flex-column home__slider-contact fusion-no-small-visibility fusion-no-medium-visibility\" style=\"--awb-bg-size:cover;--awb-width-large:20%;--awb-margin-top-large:0px;--awb-spacing-right-large:2.475%;--awb-margin-bottom-large:20px;--awb-spacing-left-large:2.475%;--awb-width-medium:20%;--awb-order-medium:2;--awb-spacing-right-medium:2.475%;--awb-spacing-left-medium:2.475%;--awb-width-small:100%;--awb-order-small:2;--awb-spacing-right-small:0.495%;--awb-spacing-left-small:0.495%;\"><div class=\"fusion-column-wrapper fusion-column-has-shadow fusion-flex-justify-content-flex-start fusion-content-layout-column\"><div class=\"fusion-text fusion-text-1 c-text c-phone\"><p><a href=\"tel:+48692362855\">+48 692 362 855 <img decoding=\"async\" class=\"lazyload alignnone size-full wp-image-102\" src=\"data:image\/svg+xml,%3Csvg%20xmlns%3D%27http%3A%2F%2Fwww.w3.org%2F2000%2Fsvg%27%20width%3D%2737%27%20height%3D%2738%27%20viewBox%3D%270%200%2037%2038%27%3E%3Crect%20width%3D%2737%27%20height%3D%2738%27%20fill-opacity%3D%220%22%2F%3E%3C%2Fsvg%3E\" data-orig-src=\"https:\/\/noclegioswiecim.eu\/wp-content\/uploads\/2023\/02\/icon_03.png\" alt=\"Zadzwo\u0144 do nas\" width=\"37\" height=\"38\" \/><\/a><\/p>\n<\/div><\/div><\/div><div class=\"fusion-layout-column fusion_builder_column fusion-builder-column-2 fusion_builder_column_3_5 3_5 fusion-flex-column\" style=\"--awb-bg-size:cover;--awb-width-large:60%;--awb-margin-top-large:0px;--awb-spacing-right-large:0.825%;--awb-margin-bottom-large:20px;--awb-spacing-left-large:0.825%;--awb-width-medium:100%;--awb-order-medium:1;--awb-spacing-right-medium:0.495%;--awb-spacing-left-medium:0.495%;--awb-width-small:100%;--awb-order-small:1;--awb-margin-top-small:-45px;--awb-spacing-right-small:0.495%;--awb-spacing-left-small:0.495%;\"><div class=\"fusion-column-wrapper fusion-column-has-shadow fusion-flex-justify-content-flex-start fusion-content-layout-column\"><div id=\"widgetHolder_vjgdttdus\"><\/div>\n  <script>\n    (function (w, d, s, o, f, js, fjs) {\n      if (w[o]) return;\n      w['BB-Widget'] = o; w[o] = w[o] || function () { (w[o].q = w[o].q || []).push(arguments) };\n      js = d.createElement(s), fjs = d.getElementsByTagName(s)[0];\n      js.id = o; js.src = f; js.async = 1; fjs.parentNode.insertBefore(js, fjs);\n    }(window, document, 'script', 'w1', 'https:\/\/bed-booking.com\/widget\/widget.js'));\n    w1('init', {targetElementId: 'widgetHolder_vjgdttdus',widgetId: 'b07bf5852286a99b64d8ad5bafee15c8d3fcdd49', type:'simple', staticWidget: 1})\n  <\/script><\/div><\/div><div class=\"fusion-layout-column fusion_builder_column fusion-builder-column-3 fusion_builder_column_1_5 1_5 fusion-flex-column home__slider-contact fusion-no-small-visibility fusion-no-medium-visibility\" style=\"--awb-bg-size:cover;--awb-width-large:20%;--awb-margin-top-large:0px;--awb-spacing-right-large:2.475%;--awb-margin-bottom-large:20px;--awb-spacing-left-large:2.475%;--awb-width-medium:20%;--awb-order-medium:3;--awb-spacing-right-medium:2.475%;--awb-spacing-left-medium:2.475%;--awb-width-small:100%;--awb-order-small:3;--awb-spacing-right-small:0.495%;--awb-spacing-left-small:0.495%;\"><div class=\"fusion-column-wrapper fusion-column-has-shadow fusion-flex-justify-content-flex-start fusion-content-layout-column\"><div class=\"fusion-text fusion-text-2 c-text c-mail\"><p><a href=\"mailto:info@noclegioswiecim.eu\"><img decoding=\"async\" class=\"lazyload alignnone size-full wp-image-103\" src=\"data:image\/svg+xml,%3Csvg%20xmlns%3D%27http%3A%2F%2Fwww.w3.org%2F2000%2Fsvg%27%20width%3D%2737%27%20height%3D%2738%27%20viewBox%3D%270%200%2037%2038%27%3E%3Crect%20width%3D%2737%27%20height%3D%2738%27%20fill-opacity%3D%220%22%2F%3E%3C%2Fsvg%3E\" data-orig-src=\"https:\/\/noclegioswiecim.eu\/wp-content\/uploads\/2023\/02\/icon.png\" alt=\"Scrivici\" width=\"37\" height=\"38\" \/> info@noclegioswiecim.eu<\/a><\/p>\n<\/div><\/div><\/div><\/div><\/div><div class=\"fusion-fullwidth fullwidth-box fusion-builder-row-3 fusion-flex-container has-pattern-background has-mask-background r-apartaments nonhundred-percent-fullwidth non-hundred-percent-height-scrolling\" style=\"--awb-border-radius-top-left:0px;--awb-border-radius-top-right:0px;--awb-border-radius-bottom-right:0px;--awb-border-radius-bottom-left:0px;--awb-flex-wrap:wrap;\" ><div class=\"fusion-builder-row fusion-row fusion-flex-align-items-flex-start fusion-flex-content-wrap\" style=\"max-width:1352px;margin-left: calc(-4% \/ 2 );margin-right: calc(-4% \/ 2 );\"><div class=\"fusion-layout-column fusion_builder_column fusion-builder-column-4 fusion_builder_column_1_1 1_1 fusion-flex-column\" style=\"--awb-bg-size:cover;--awb-width-large:100%;--awb-margin-top-large:0px;--awb-spacing-right-large:1.92%;--awb-margin-bottom-large:20px;--awb-spacing-left-large:1.92%;--awb-width-medium:100%;--awb-order-medium:0;--awb-spacing-right-medium:1.92%;--awb-spacing-left-medium:1.92%;--awb-width-small:100%;--awb-order-small:0;--awb-spacing-right-small:1.92%;--awb-spacing-left-small:1.92%;\"><div class=\"fusion-column-wrapper fusion-column-has-shadow fusion-flex-justify-content-flex-start fusion-content-layout-column\"><div class=\"fusion-image-element \" style=\"text-align:center;--awb-max-width:500px;--awb-caption-title-font-family:var(--h2_typography-font-family);--awb-caption-title-font-weight:var(--h2_typography-font-weight);--awb-caption-title-font-style:var(--h2_typography-font-style);--awb-caption-title-size:var(--h2_typography-font-size);--awb-caption-title-transform:var(--h2_typography-text-transform);--awb-caption-title-line-height:var(--h2_typography-line-height);--awb-caption-title-letter-spacing:var(--h2_typography-letter-spacing);\"><span class=\" fusion-imageframe imageframe-none imageframe-1 hover-type-none\"><img decoding=\"async\" width=\"1761\" height=\"549\" title=\"Instagram-Stickers-White_RA-2026\" src=\"https:\/\/noclegioswiecim.eu\/wp-content\/uploads\/2026\/02\/Instagram-Stickers-White_RA-2026.png\" data-orig-src=\"https:\/\/noclegioswiecim.eu\/wp-content\/uploads\/2026\/02\/Instagram-Stickers-White_RA-2026.png\" alt class=\"lazyload img-responsive wp-image-9946\" srcset=\"data:image\/svg+xml,%3Csvg%20xmlns%3D%27http%3A%2F%2Fwww.w3.org%2F2000%2Fsvg%27%20width%3D%271761%27%20height%3D%27549%27%20viewBox%3D%270%200%201761%20549%27%3E%3Crect%20width%3D%271761%27%20height%3D%27549%27%20fill-opacity%3D%220%22%2F%3E%3C%2Fsvg%3E\" data-srcset=\"https:\/\/noclegioswiecim.eu\/wp-content\/uploads\/2026\/02\/Instagram-Stickers-White_RA-2026-200x62.png 200w, https:\/\/noclegioswiecim.eu\/wp-content\/uploads\/2026\/02\/Instagram-Stickers-White_RA-2026-400x125.png 400w, https:\/\/noclegioswiecim.eu\/wp-content\/uploads\/2026\/02\/Instagram-Stickers-White_RA-2026-600x187.png 600w, https:\/\/noclegioswiecim.eu\/wp-content\/uploads\/2026\/02\/Instagram-Stickers-White_RA-2026-800x249.png 800w, https:\/\/noclegioswiecim.eu\/wp-content\/uploads\/2026\/02\/Instagram-Stickers-White_RA-2026-1200x374.png 1200w, https:\/\/noclegioswiecim.eu\/wp-content\/uploads\/2026\/02\/Instagram-Stickers-White_RA-2026.png 1761w\" data-sizes=\"auto\" data-orig-sizes=\"(max-width: 640px) 100vw, 1761px\" \/><\/span><\/div><div class=\"fusion-text fusion-text-3 c-text\"><h2>Appartamenti Oswiecim<\/h2>\n<p>Situato a soli 2 km dalla piazza principale, \u00e8 il luogo ideale per il vostro pernottamento. Scoprite i confortevoli appartamenti con balcone e splendida vista sui dintorni e gli accoglienti appartamenti con terrazza, che vi invitano a rilassarvi immersi nella natura.<\/p>\n<\/div><\/div><\/div><div class=\"fusion-layout-column fusion_builder_column fusion-builder-column-5 fusion_builder_column_1_2 1_2 fusion-flex-column col-room col-room1\" style=\"--awb-bg-size:cover;--awb-width-large:50%;--awb-margin-top-large:0px;--awb-spacing-right-large:3.84%;--awb-margin-bottom-large:20px;--awb-spacing-left-large:3.84%;--awb-width-medium:50%;--awb-order-medium:0;--awb-spacing-right-medium:3.84%;--awb-spacing-left-medium:3.84%;--awb-width-small:100%;--awb-order-small:0;--awb-spacing-right-small:1.92%;--awb-spacing-left-small:1.92%;\"><div class=\"fusion-column-wrapper fusion-column-has-shadow fusion-flex-justify-content-flex-start fusion-content-layout-column\"><div class=\"fusion-image-element \" style=\"--awb-caption-title-font-family:var(--h2_typography-font-family);--awb-caption-title-font-weight:var(--h2_typography-font-weight);--awb-caption-title-font-style:var(--h2_typography-font-style);--awb-caption-title-size:var(--h2_typography-font-size);--awb-caption-title-transform:var(--h2_typography-text-transform);--awb-caption-title-line-height:var(--h2_typography-line-height);--awb-caption-title-letter-spacing:var(--h2_typography-letter-spacing);\"><span class=\" fusion-imageframe imageframe-none imageframe-2 hover-type-none c-image\"><a class=\"fusion-no-lightbox\" href=\"https:\/\/noclegioswiecim.eu\/it\/appartamenti\/appartamento-10g\/\" target=\"_self\" aria-label=\"Comfort-Apartments-Oswiecim\"><img decoding=\"async\" width=\"1024\" height=\"683\" alt=\"Comfort-Apartments-Oswiecim\" src=\"https:\/\/noclegioswiecim.eu\/wp-content\/uploads\/2023\/07\/CA-2-51-scaled.jpg\" data-orig-src=\"https:\/\/noclegioswiecim.eu\/wp-content\/uploads\/2023\/07\/CA-2-51-1024x683.jpg\" class=\"lazyload img-responsive wp-image-918\" srcset=\"data:image\/svg+xml,%3Csvg%20xmlns%3D%27http%3A%2F%2Fwww.w3.org%2F2000%2Fsvg%27%20width%3D%272560%27%20height%3D%271707%27%20viewBox%3D%270%200%202560%201707%27%3E%3Crect%20width%3D%272560%27%20height%3D%271707%27%20fill-opacity%3D%220%22%2F%3E%3C%2Fsvg%3E\" data-srcset=\"https:\/\/noclegioswiecim.eu\/wp-content\/uploads\/2023\/07\/CA-2-51-200x133.jpg 200w, https:\/\/noclegioswiecim.eu\/wp-content\/uploads\/2023\/07\/CA-2-51-400x267.jpg 400w, https:\/\/noclegioswiecim.eu\/wp-content\/uploads\/2023\/07\/CA-2-51-600x400.jpg 600w, https:\/\/noclegioswiecim.eu\/wp-content\/uploads\/2023\/07\/CA-2-51-800x533.jpg 800w, https:\/\/noclegioswiecim.eu\/wp-content\/uploads\/2023\/07\/CA-2-51-1200x800.jpg 1200w\" data-sizes=\"auto\" data-orig-sizes=\"(max-width: 640px) 100vw, 800px\" \/><\/a><\/span><\/div><div class=\"fusion-text fusion-text-4 c-room-name\"><h3>Appartamento con terrazza<\/h3>\n<p>7 persone \/ 58,5m<sup>2<\/sup><\/p>\n<\/div><div class=\"fusion-text fusion-text-5 c-room-desc\"><p>Scoprite uno spazio unico che soddisfi le vostre esigenze di relax. L&#8217;ampio appartamento con terrazza \u00e8 un&#8217;oasi di tranquillit\u00e0.<\/p>\n<\/div><div class=\"fusion-text fusion-text-6 c-room-price\"><p><sup>prezzo a partire da<\/sup> <strong>550 z\u0142<\/strong><\/p>\n<\/div><div ><a class=\"fusion-button button-flat button-small button-custom fusion-button-default button-1 fusion-button-default-span fusion-button-default-type c-button\" style=\"--button_accent_color:var(--awb-color8);--button_border_color:rgba(255,255,255,0);--button_accent_hover_color:var(--awb-color8);--button_border_hover_color:var(--awb-color8);--button_border_width-top:1px;--button_border_width-right:1px;--button_border_width-bottom:1px;--button_border_width-left:1px;--button_gradient_top_color:rgba(255,255,255,0);--button_gradient_bottom_color:rgba(255,255,255,0);--button_gradient_top_color_hover:rgba(255,255,255,0);--button_gradient_bottom_color_hover:rgba(255,255,255,0);--button_text_transform:uppercase;\" target=\"_self\" data-hover=\"icon_rotate\" title=\"RISERVA\" aria-label=\"RISERVA\" href=\"https:\/\/noclegioswiecim.eu\/it\/appartamenti\/appartamento-10g\/\"><span class=\"fusion-button-text\">RISERVA<\/span><i class=\"fa-plus fas button-icon-right\" aria-hidden=\"true\"><\/i><\/a><\/div><\/div><\/div><div class=\"fusion-layout-column fusion_builder_column fusion-builder-column-6 fusion_builder_column_1_2 1_2 fusion-flex-column col-room col-room1\" style=\"--awb-bg-size:cover;--awb-width-large:50%;--awb-margin-top-large:0px;--awb-spacing-right-large:3.84%;--awb-margin-bottom-large:20px;--awb-spacing-left-large:3.84%;--awb-width-medium:50%;--awb-order-medium:0;--awb-spacing-right-medium:3.84%;--awb-spacing-left-medium:3.84%;--awb-width-small:100%;--awb-order-small:0;--awb-spacing-right-small:1.92%;--awb-spacing-left-small:1.92%;\" data-motion-effects=\"[{&quot;type&quot;:&quot;&quot;,&quot;scroll_type&quot;:&quot;transition&quot;,&quot;scroll_direction&quot;:&quot;up&quot;,&quot;transition_speed&quot;:&quot;1&quot;,&quot;fade_type&quot;:&quot;in&quot;,&quot;scale_type&quot;:&quot;up&quot;,&quot;initial_scale&quot;:&quot;1&quot;,&quot;max_scale&quot;:&quot;1.5&quot;,&quot;min_scale&quot;:&quot;0.5&quot;,&quot;initial_rotate&quot;:&quot;0&quot;,&quot;end_rotate&quot;:&quot;30&quot;,&quot;initial_blur&quot;:&quot;0&quot;,&quot;end_blur&quot;:&quot;3&quot;,&quot;start_element&quot;:&quot;top&quot;,&quot;start_viewport&quot;:&quot;bottom&quot;,&quot;end_element&quot;:&quot;bottom&quot;,&quot;end_viewport&quot;:&quot;top&quot;,&quot;mouse_effect&quot;:&quot;track&quot;,&quot;mouse_effect_direction&quot;:&quot;opposite&quot;,&quot;mouse_effect_speed&quot;:&quot;2&quot;,&quot;infinite_animation&quot;:&quot;float&quot;,&quot;infinite_animation_speed&quot;:&quot;2&quot;}]\" data-scroll-devices=\"small-visibility,medium-visibility,large-visibility\"><div class=\"fusion-column-wrapper fusion-column-has-shadow fusion-flex-justify-content-flex-start fusion-content-layout-column\"><div class=\"fusion-image-element \" style=\"--awb-caption-title-font-family:var(--h2_typography-font-family);--awb-caption-title-font-weight:var(--h2_typography-font-weight);--awb-caption-title-font-style:var(--h2_typography-font-style);--awb-caption-title-size:var(--h2_typography-font-size);--awb-caption-title-transform:var(--h2_typography-text-transform);--awb-caption-title-line-height:var(--h2_typography-line-height);--awb-caption-title-letter-spacing:var(--h2_typography-letter-spacing);\"><span class=\" fusion-imageframe imageframe-none imageframe-3 hover-type-none c-image\"><a class=\"fusion-no-lightbox\" href=\"https:\/\/noclegioswiecim.eu\/it\/appartamenti\/appartamento-10f\/\" target=\"_self\" aria-label=\"RH_FOTO ROMAN_HOLOWKO\"><img decoding=\"async\" width=\"2048\" height=\"1365\" src=\"https:\/\/noclegioswiecim.eu\/wp-content\/uploads\/2024\/12\/RHZ_7525.jpg\" data-orig-src=\"https:\/\/noclegioswiecim.eu\/wp-content\/uploads\/2024\/12\/RHZ_7525.jpg\" alt class=\"lazyload img-responsive wp-image-8203\" srcset=\"data:image\/svg+xml,%3Csvg%20xmlns%3D%27http%3A%2F%2Fwww.w3.org%2F2000%2Fsvg%27%20width%3D%272048%27%20height%3D%271365%27%20viewBox%3D%270%200%202048%201365%27%3E%3Crect%20width%3D%272048%27%20height%3D%271365%27%20fill-opacity%3D%220%22%2F%3E%3C%2Fsvg%3E\" data-srcset=\"https:\/\/noclegioswiecim.eu\/wp-content\/uploads\/2024\/12\/RHZ_7525-200x133.jpg 200w, https:\/\/noclegioswiecim.eu\/wp-content\/uploads\/2024\/12\/RHZ_7525-400x267.jpg 400w, https:\/\/noclegioswiecim.eu\/wp-content\/uploads\/2024\/12\/RHZ_7525-600x400.jpg 600w, https:\/\/noclegioswiecim.eu\/wp-content\/uploads\/2024\/12\/RHZ_7525-800x533.jpg 800w, https:\/\/noclegioswiecim.eu\/wp-content\/uploads\/2024\/12\/RHZ_7525-1200x800.jpg 1200w, https:\/\/noclegioswiecim.eu\/wp-content\/uploads\/2024\/12\/RHZ_7525.jpg 2048w\" data-sizes=\"auto\" data-orig-sizes=\"(max-width: 640px) 100vw, 800px\" \/><\/a><\/span><\/div><div class=\"fusion-text fusion-text-7 c-room-name\"><h3>Appartamento con balcone<\/h3>\n<p>7 persone \/ 61,5m<sup>2<\/sup><\/p>\n<\/div><div class=\"fusion-text fusion-text-8 c-room-desc\"><p>Raggiungete il relax e la distensione in un ambiente intimo con una vista unica. Riposate come volete e assaporate l&#8217;attimo fuggente.<\/p>\n<\/div><div class=\"fusion-text fusion-text-9 c-room-price\"><p><sup>prezzo a partire da<\/sup> <strong>550 z\u0142<\/strong><\/p>\n<\/div><div ><a class=\"fusion-button button-flat button-small button-custom fusion-button-default button-2 fusion-button-default-span fusion-button-default-type c-button\" style=\"--button_accent_color:var(--awb-color8);--button_border_color:rgba(255,255,255,0);--button_accent_hover_color:var(--awb-color8);--button_border_hover_color:var(--awb-color8);--button_border_width-top:1px;--button_border_width-right:1px;--button_border_width-bottom:1px;--button_border_width-left:1px;--button_gradient_top_color:rgba(255,255,255,0);--button_gradient_bottom_color:rgba(255,255,255,0);--button_gradient_top_color_hover:rgba(255,255,255,0);--button_gradient_bottom_color_hover:rgba(255,255,255,0);--button_text_transform:uppercase;\" target=\"_self\" data-hover=\"icon_rotate\" title=\"RISERVA\" aria-label=\"RISERVA\" href=\"https:\/\/noclegioswiecim.eu\/it\/appartamenti\/appartamento-10f\/\"><span class=\"fusion-button-text\">RISERVA<\/span><i class=\"fa-plus fas button-icon-right\" aria-hidden=\"true\"><\/i><\/a><\/div><\/div><\/div><\/div><\/div><div class=\"fusion-fullwidth fullwidth-box fusion-builder-row-4 fusion-flex-container has-pattern-background has-mask-background nonhundred-percent-fullwidth non-hundred-percent-height-scrolling\" style=\"--awb-border-radius-top-left:0px;--awb-border-radius-top-right:0px;--awb-border-radius-bottom-right:0px;--awb-border-radius-bottom-left:0px;--awb-flex-wrap:wrap;\" ><div class=\"fusion-builder-row fusion-row fusion-flex-align-items-flex-start fusion-flex-content-wrap\" style=\"max-width:1352px;margin-left: calc(-4% \/ 2 );margin-right: calc(-4% \/ 2 );\"><div class=\"fusion-layout-column fusion_builder_column fusion-builder-column-7 fusion_builder_column_1_1 1_1 fusion-flex-column c-raypath-div fusion-column-inner-bg-wrapper\" style=\"--awb-inner-bg-size:cover;--awb-width-large:100%;--awb-margin-top-large:20px;--awb-spacing-right-large:1.92%;--awb-margin-bottom-large:20px;--awb-spacing-left-large:1.92%;--awb-width-medium:100%;--awb-order-medium:0;--awb-spacing-right-medium:1.92%;--awb-spacing-left-medium:1.92%;--awb-width-small:100%;--awb-order-small:0;--awb-spacing-right-small:1.92%;--awb-spacing-left-small:1.92%;\" data-motion-effects=\"[{&quot;type&quot;:&quot;&quot;,&quot;scroll_type&quot;:&quot;transition&quot;,&quot;scroll_direction&quot;:&quot;up&quot;,&quot;transition_speed&quot;:&quot;1&quot;,&quot;fade_type&quot;:&quot;in&quot;,&quot;scale_type&quot;:&quot;up&quot;,&quot;initial_scale&quot;:&quot;1&quot;,&quot;max_scale&quot;:&quot;1.5&quot;,&quot;min_scale&quot;:&quot;0.5&quot;,&quot;initial_rotate&quot;:&quot;0&quot;,&quot;end_rotate&quot;:&quot;30&quot;,&quot;initial_blur&quot;:&quot;0&quot;,&quot;end_blur&quot;:&quot;3&quot;,&quot;start_element&quot;:&quot;top&quot;,&quot;start_viewport&quot;:&quot;bottom&quot;,&quot;end_element&quot;:&quot;bottom&quot;,&quot;end_viewport&quot;:&quot;top&quot;,&quot;mouse_effect&quot;:&quot;track&quot;,&quot;mouse_effect_direction&quot;:&quot;opposite&quot;,&quot;mouse_effect_speed&quot;:&quot;2&quot;,&quot;infinite_animation&quot;:&quot;float&quot;,&quot;infinite_animation_speed&quot;:&quot;2&quot;}]\" data-scroll-devices=\"small-visibility,medium-visibility,large-visibility\"><span class=\"fusion-column-inner-bg hover-type-none\"><a class=\"fusion-column-anchor\" href=\"https:\/\/jolantamlodzik.raypath.info\/Account\/Welcome\" rel=\"noopener noreferrer\" target=\"_blank\"><span class=\"fusion-column-inner-bg-image\"><\/span><\/a><\/span><div class=\"fusion-column-wrapper fusion-column-has-shadow fusion-flex-justify-content-flex-start fusion-content-layout-column\"><div class=\"fusion-image-element \" style=\"text-align:center;--awb-max-width:100px;--awb-caption-title-font-family:var(--h2_typography-font-family);--awb-caption-title-font-weight:var(--h2_typography-font-weight);--awb-caption-title-font-style:var(--h2_typography-font-style);--awb-caption-title-size:var(--h2_typography-font-size);--awb-caption-title-transform:var(--h2_typography-text-transform);--awb-caption-title-line-height:var(--h2_typography-line-height);--awb-caption-title-letter-spacing:var(--h2_typography-letter-spacing);\"><span class=\" fusion-imageframe imageframe-none imageframe-4 hover-type-none\"><img decoding=\"async\" width=\"225\" height=\"225\" title=\"raypath\" src=\"https:\/\/noclegioswiecim.eu\/wp-content\/uploads\/2025\/11\/raypath.png\" data-orig-src=\"https:\/\/noclegioswiecim.eu\/wp-content\/uploads\/2025\/11\/raypath.png\" alt class=\"lazyload img-responsive wp-image-9771\" srcset=\"data:image\/svg+xml,%3Csvg%20xmlns%3D%27http%3A%2F%2Fwww.w3.org%2F2000%2Fsvg%27%20width%3D%27225%27%20height%3D%27225%27%20viewBox%3D%270%200%20225%20225%27%3E%3Crect%20width%3D%27225%27%20height%3D%27225%27%20fill-opacity%3D%220%22%2F%3E%3C%2Fsvg%3E\" data-srcset=\"https:\/\/noclegioswiecim.eu\/wp-content\/uploads\/2025\/11\/raypath-200x200.png 200w, https:\/\/noclegioswiecim.eu\/wp-content\/uploads\/2025\/11\/raypath.png 225w\" data-sizes=\"auto\" data-orig-sizes=\"(max-width: 640px) 100vw, 225px\" \/><\/span><\/div><div class=\"fusion-text fusion-text-10\" style=\"--awb-content-alignment:center;\"><p>PULITO SENZA PRODOTTI CHIMICI &#8211; gli appartamenti vengono puliti senza l&#8217;uso di prodotti chimici, ma con prodotti Raypath.<\/p>\n<\/div><\/div><\/div><\/div><\/div><div class=\"fusion-fullwidth fullwidth-box fusion-builder-row-5 fusion-flex-container has-pattern-background has-mask-background r-benef p-benef nonhundred-percent-fullwidth non-hundred-percent-height-scrolling\" style=\"--awb-border-radius-top-left:0px;--awb-border-radius-top-right:0px;--awb-border-radius-bottom-right:0px;--awb-border-radius-bottom-left:0px;--awb-flex-wrap:wrap;\" ><div class=\"fusion-builder-row fusion-row fusion-flex-align-items-flex-start fusion-flex-content-wrap\" style=\"max-width:1352px;margin-left: calc(-4% \/ 2 );margin-right: calc(-4% \/ 2 );\"><div class=\"fusion-layout-column fusion_builder_column fusion-builder-column-8 fusion_builder_column_1_1 1_1 fusion-flex-column\" style=\"--awb-bg-size:cover;--awb-width-large:100%;--awb-margin-top-large:0px;--awb-spacing-right-large:1.92%;--awb-margin-bottom-large:20px;--awb-spacing-left-large:1.92%;--awb-width-medium:100%;--awb-order-medium:0;--awb-spacing-right-medium:1.92%;--awb-spacing-left-medium:1.92%;--awb-width-small:100%;--awb-order-small:0;--awb-spacing-right-small:1.92%;--awb-spacing-left-small:1.92%;\"><div class=\"fusion-column-wrapper fusion-column-has-shadow fusion-flex-justify-content-flex-start fusion-content-layout-column\"><div class=\"fusion-text fusion-text-11 c-text\"><h3>Ti sentirai come a casa qui<\/h3>\n<p>Gli appartamenti confortevoli a O\u015bwi\u0119cim sono spazi eleganti con attrezzature moderne di altissima qualit\u00e0, che ti offriranno tutto ci\u00f2 di cui hai bisogno. Il tuo soggiorno sar\u00e0 senza preoccupazioni e pieno di emozioni positive.<\/p>\n<\/div><div class=\"fusion-content-boxes content-boxes columns row fusion-columns-6 fusion-columns-total-5 fusion-content-boxes-1 content-boxes-icon-on-top content-left c-box lang-sk\" style=\"--awb-hover-accent-color:var(--awb-color4);--awb-circle-hover-accent-color:var(--awb-color4);\" data-animationOffset=\"top-into-view\"><div style=\"--awb-backgroundcolor:rgba(255,255,255,0);\" class=\"fusion-column content-box-column content-box-column content-box-column-1 col-lg-2 col-md-2 col-sm-2 fusion-content-box-hover content-box-column-first-in-row\"><div class=\"col content-box-wrapper content-wrapper link-area-box content-icon-wrapper-yes icon-hover-animation-fade\" data-animationOffset=\"top-into-view\"><div class=\"heading heading-with-icon icon-left\"><div aria-hidden=\"true\" class=\"image\"><img decoding=\"async\" class=\"lazyload\" src=\"data:image\/svg+xml,%3Csvg%20xmlns%3D%27http%3A%2F%2Fwww.w3.org%2F2000%2Fsvg%27%20width%3D%2777%27%20height%3D%2747%27%20viewBox%3D%270%200%2077%2047%27%3E%3Crect%20width%3D%2777%27%20height%3D%2747%27%20fill-opacity%3D%220%22%2F%3E%3C%2Fsvg%3E\" data-orig-src=\"https:\/\/noclegioswiecim.eu\/wp-content\/uploads\/2023\/02\/klimatyzacja.png\" width=\"77\" height=\"47\" alt=\"Klimatyzacja\" \/><\/div><h4 class=\"content-box-heading fusion-responsive-typography-calculated\" style=\"--h4_typography-font-size:24px;--fontSize:24;line-height:var(--awb-typography1-line-height);\">Aria condizionata<\/h4><\/div><\/div><\/div><div style=\"--awb-backgroundcolor:rgba(255,255,255,0);\" class=\"fusion-column content-box-column content-box-column content-box-column-2 col-lg-2 col-md-2 col-sm-2 fusion-content-box-hover \"><div class=\"col content-box-wrapper content-wrapper link-area-box content-icon-wrapper-yes icon-hover-animation-fade\" data-animationOffset=\"top-into-view\"><div class=\"heading heading-with-icon icon-left\"><div aria-hidden=\"true\" class=\"image\"><img decoding=\"async\" class=\"lazyload\" src=\"data:image\/svg+xml,%3Csvg%20xmlns%3D%27http%3A%2F%2Fwww.w3.org%2F2000%2Fsvg%27%20width%3D%2768%27%20height%3D%2768%27%20viewBox%3D%270%200%2068%2068%27%3E%3Crect%20width%3D%2768%27%20height%3D%2768%27%20fill-opacity%3D%220%22%2F%3E%3C%2Fsvg%3E\" data-orig-src=\"https:\/\/noclegioswiecim.eu\/wp-content\/uploads\/2023\/02\/szybkie-wifi.png\" width=\"68\" height=\"68\" alt=\"Szybkie WIFI\" \/><\/div><h4 class=\"content-box-heading fusion-responsive-typography-calculated\" style=\"--h4_typography-font-size:24px;--fontSize:24;line-height:var(--awb-typography1-line-height);\">Wi-Fi veloce<\/h4><\/div><\/div><\/div><div style=\"--awb-backgroundcolor:rgba(255,255,255,0);\" class=\"fusion-column content-box-column content-box-column content-box-column-3 col-lg-2 col-md-2 col-sm-2 fusion-content-box-hover \"><div class=\"col content-box-wrapper content-wrapper link-area-box content-icon-wrapper-yes icon-hover-animation-fade\" data-animationOffset=\"top-into-view\"><div class=\"heading heading-with-icon icon-left\"><div aria-hidden=\"true\" class=\"image\"><img decoding=\"async\" class=\"lazyload\" src=\"data:image\/svg+xml,%3Csvg%20xmlns%3D%27http%3A%2F%2Fwww.w3.org%2F2000%2Fsvg%27%20width%3D%2768%27%20height%3D%2768%27%20viewBox%3D%270%200%2068%2068%27%3E%3Crect%20width%3D%2768%27%20height%3D%2768%27%20fill-opacity%3D%220%22%2F%3E%3C%2Fsvg%3E\" data-orig-src=\"https:\/\/noclegioswiecim.eu\/wp-content\/uploads\/2023\/02\/ekspres-do-kawy.png\" width=\"68\" height=\"68\" alt=\"Ekspres do kawy\" \/><\/div><h4 class=\"content-box-heading fusion-responsive-typography-calculated\" style=\"--h4_typography-font-size:24px;--fontSize:24;line-height:var(--awb-typography1-line-height);\">Macchina per il caff\u00e8<\/h4><\/div><\/div><\/div><div style=\"--awb-backgroundcolor:rgba(255,255,255,0);\" class=\"fusion-column content-box-column content-box-column content-box-column-4 col-lg-2 col-md-2 col-sm-2 fusion-content-box-hover \"><div class=\"col content-box-wrapper content-wrapper link-area-box content-icon-wrapper-yes icon-hover-animation-fade\" data-animationOffset=\"top-into-view\"><div class=\"heading heading-with-icon icon-left\"><div aria-hidden=\"true\" class=\"image\"><img decoding=\"async\" class=\"lazyload\" src=\"data:image\/svg+xml,%3Csvg%20xmlns%3D%27http%3A%2F%2Fwww.w3.org%2F2000%2Fsvg%27%20width%3D%2772%27%20height%3D%2772%27%20viewBox%3D%270%200%2072%2072%27%3E%3Crect%20width%3D%2772%27%20height%3D%2772%27%20fill-opacity%3D%220%22%2F%3E%3C%2Fsvg%3E\" data-orig-src=\"https:\/\/noclegioswiecim.eu\/wp-content\/uploads\/2023\/02\/ogrod-z-atrakcjami-dla-dzieci.png\" width=\"72\" height=\"72\" alt=\"Ogr\u00f3d z atrakcjami dla dzieci\" \/><\/div><h4 class=\"content-box-heading fusion-responsive-typography-calculated\" style=\"--h4_typography-font-size:24px;--fontSize:24;line-height:var(--awb-typography1-line-height);\">Giardino con attrazioni per bambini<\/h4><\/div><\/div><\/div><div style=\"--awb-backgroundcolor:rgba(255,255,255,0);\" class=\"fusion-column content-box-column content-box-column content-box-column-5 col-lg-2 col-md-2 col-sm-2 fusion-content-box-hover content-box-column-last\"><div class=\"col content-box-wrapper content-wrapper link-area-box content-icon-wrapper-yes icon-hover-animation-fade\" data-animationOffset=\"top-into-view\"><div class=\"heading heading-with-icon icon-left\"><div aria-hidden=\"true\" class=\"image\"><img decoding=\"async\" class=\"lazyload\" src=\"data:image\/svg+xml,%3Csvg%20xmlns%3D%27http%3A%2F%2Fwww.w3.org%2F2000%2Fsvg%27%20width%3D%2780%27%20height%3D%2751%27%20viewBox%3D%270%200%2080%2051%27%3E%3Crect%20width%3D%2780%27%20height%3D%2751%27%20fill-opacity%3D%220%22%2F%3E%3C%2Fsvg%3E\" data-orig-src=\"https:\/\/noclegioswiecim.eu\/wp-content\/uploads\/2023\/02\/stacja-ladowania-samochodow-elektrycznych.png\" width=\"80\" height=\"51\" alt=\"Stacja \u0142adowania samochod\u00f3w elektrycznych\" \/><\/div><h4 class=\"content-box-heading fusion-responsive-typography-calculated\" style=\"--h4_typography-font-size:24px;--fontSize:24;line-height:var(--awb-typography1-line-height);\">Stazione di ricarica per auto elettriche<\/h4><\/div><\/div><\/div><div class=\"fusion-clearfix\"><\/div><\/div><div class=\"fusion-post-slider fusion-flexslider fusion-flexslider-loading flexslider-posts-with-excerpt c-post\"><ul class=\"slides\"><li><a href=\"https:\/\/noclegioswiecim.eu\/it\/punti-di-forza\/intrattenimento-tv-da-55-pollici-con-netflix-e-youtube\/\" aria-label=\"Intrattenimento &#8211; TV da 55 pollici con Netflix e YouTube\"><img decoding=\"async\" width=\"2560\" height=\"1707\" class=\"lazyload wp-image-3818\" src=\"https:\/\/noclegioswiecim.eu\/wp-content\/uploads\/2023\/04\/CA-2-21-scaled.jpg\" data-orig-src=\"https:\/\/noclegioswiecim.eu\/wp-content\/uploads\/2023\/04\/CA-2-21-scaled.jpg\" alt=\"\" srcset=\"data:image\/svg+xml,%3Csvg%20xmlns%3D%27http%3A%2F%2Fwww.w3.org%2F2000%2Fsvg%27%20width%3D%272560%27%20height%3D%271707%27%20viewBox%3D%270%200%202560%201707%27%3E%3Crect%20width%3D%272560%27%20height%3D%271707%27%20fill-opacity%3D%220%22%2F%3E%3C%2Fsvg%3E\" data-srcset=\"https:\/\/noclegioswiecim.eu\/wp-content\/uploads\/2023\/04\/CA-2-21-200x133.jpg 200w, https:\/\/noclegioswiecim.eu\/wp-content\/uploads\/2023\/04\/CA-2-21-400x267.jpg 400w, https:\/\/noclegioswiecim.eu\/wp-content\/uploads\/2023\/04\/CA-2-21-600x400.jpg 600w, https:\/\/noclegioswiecim.eu\/wp-content\/uploads\/2023\/04\/CA-2-21-800x533.jpg 800w, https:\/\/noclegioswiecim.eu\/wp-content\/uploads\/2023\/04\/CA-2-21-1200x800.jpg 1200w, https:\/\/noclegioswiecim.eu\/wp-content\/uploads\/2023\/04\/CA-2-21-scaled.jpg 2560w\" data-sizes=\"auto\" data-orig-sizes=\"(max-width: 640px) 100vw, 2560px\" \/><\/a><div class=\"slide-excerpt\"><div class=\"excerpt-container\"><h2><a href=\"https:\/\/noclegioswiecim.eu\/it\/punti-di-forza\/intrattenimento-tv-da-55-pollici-con-netflix-e-youtube\/\">Intrattenimento &#8211; TV da 55 pollici con Netflix e YouTube<\/a><\/h2><p>Non volete perdere un episodio della vostra serie preferita? O state sognando una serata di cinema? Niente \u00e8 perduto. Presso gli Apartments Auschwitz vi attende una grande TV con accesso alle piattaforme di streaming e ai servizi video pi\u00f9 diffusi.<\/p><\/div><\/div><\/li><li><a href=\"https:\/\/noclegioswiecim.eu\/it\/punti-di-forza\/terrazza-con-caffe-al-mattino\/\" aria-label=\"Terrazza &#8211; con caff\u00e8 al mattino\"><img decoding=\"async\" width=\"1500\" height=\"1000\" class=\"lazyload wp-image-9409\" src=\"https:\/\/noclegioswiecim.eu\/wp-content\/uploads\/2023\/04\/RH6_3416.jpg\" data-orig-src=\"https:\/\/noclegioswiecim.eu\/wp-content\/uploads\/2023\/04\/RH6_3416.jpg\" alt=\"\" srcset=\"data:image\/svg+xml,%3Csvg%20xmlns%3D%27http%3A%2F%2Fwww.w3.org%2F2000%2Fsvg%27%20width%3D%271500%27%20height%3D%271000%27%20viewBox%3D%270%200%201500%201000%27%3E%3Crect%20width%3D%271500%27%20height%3D%271000%27%20fill-opacity%3D%220%22%2F%3E%3C%2Fsvg%3E\" data-srcset=\"https:\/\/noclegioswiecim.eu\/wp-content\/uploads\/2023\/04\/RH6_3416-200x133.jpg 200w, https:\/\/noclegioswiecim.eu\/wp-content\/uploads\/2023\/04\/RH6_3416-400x267.jpg 400w, https:\/\/noclegioswiecim.eu\/wp-content\/uploads\/2023\/04\/RH6_3416-600x400.jpg 600w, https:\/\/noclegioswiecim.eu\/wp-content\/uploads\/2023\/04\/RH6_3416-800x533.jpg 800w, https:\/\/noclegioswiecim.eu\/wp-content\/uploads\/2023\/04\/RH6_3416-1200x800.jpg 1200w, https:\/\/noclegioswiecim.eu\/wp-content\/uploads\/2023\/04\/RH6_3416.jpg 1500w\" data-sizes=\"auto\" data-orig-sizes=\"(max-width: 640px) 100vw, 1500px\" \/><\/a><div class=\"slide-excerpt\"><div class=\"excerpt-container\"><h2><a href=\"https:\/\/noclegioswiecim.eu\/it\/punti-di-forza\/terrazza-con-caffe-al-mattino\/\">Terrazza &#8211; con caff\u00e8 al mattino<\/a><\/h2><p>Gli appartamenti con terrazza di Oswiecim sono un asilo e uno spazio unico dove vivere momenti indimenticabili. Un caff\u00e8 mattutino o un pasto all'aperto circondati dalla natura sono un sogno che diventa realt\u00e0 quando soggiornate da noi. Lontano dal trambusto della citt\u00e0.<\/p><\/div><\/div><\/li><li><a href=\"https:\/\/noclegioswiecim.eu\/it\/punti-di-forza\/posizione-2-km-da-auschwitz\/\" aria-label=\"Posizione &#8211; 2 km da Auschwitz\"><img decoding=\"async\" width=\"800\" height=\"468\" class=\"lazyload wp-image-3841\" src=\"https:\/\/noclegioswiecim.eu\/wp-content\/uploads\/2023\/04\/Miejsce-Pamieci-i-Muzeum-Auschwitz-Birkenau-rampa-glowna-i-Brama-Smierci-Oswiecim.jpg\" data-orig-src=\"https:\/\/noclegioswiecim.eu\/wp-content\/uploads\/2023\/04\/Miejsce-Pamieci-i-Muzeum-Auschwitz-Birkenau-rampa-glowna-i-Brama-Smierci-Oswiecim.jpg\" alt=\"\" srcset=\"data:image\/svg+xml,%3Csvg%20xmlns%3D%27http%3A%2F%2Fwww.w3.org%2F2000%2Fsvg%27%20width%3D%27800%27%20height%3D%27468%27%20viewBox%3D%270%200%20800%20468%27%3E%3Crect%20width%3D%27800%27%20height%3D%27468%27%20fill-opacity%3D%220%22%2F%3E%3C%2Fsvg%3E\" data-srcset=\"https:\/\/noclegioswiecim.eu\/wp-content\/uploads\/2023\/04\/Miejsce-Pamieci-i-Muzeum-Auschwitz-Birkenau-rampa-glowna-i-Brama-Smierci-Oswiecim-200x117.jpg 200w, https:\/\/noclegioswiecim.eu\/wp-content\/uploads\/2023\/04\/Miejsce-Pamieci-i-Muzeum-Auschwitz-Birkenau-rampa-glowna-i-Brama-Smierci-Oswiecim-400x234.jpg 400w, https:\/\/noclegioswiecim.eu\/wp-content\/uploads\/2023\/04\/Miejsce-Pamieci-i-Muzeum-Auschwitz-Birkenau-rampa-glowna-i-Brama-Smierci-Oswiecim-600x351.jpg 600w, https:\/\/noclegioswiecim.eu\/wp-content\/uploads\/2023\/04\/Miejsce-Pamieci-i-Muzeum-Auschwitz-Birkenau-rampa-glowna-i-Brama-Smierci-Oswiecim.jpg 800w\" data-sizes=\"auto\" data-orig-sizes=\"(max-width: 640px) 100vw, 800px\" \/><\/a><div class=\"slide-excerpt\"><div class=\"excerpt-container\"><h2><a href=\"https:\/\/noclegioswiecim.eu\/it\/punti-di-forza\/posizione-2-km-da-auschwitz\/\">Posizione &#8211; 2 km da Auschwitz<\/a><\/h2><p>La comoda posizione degli appartamenti offre la possibilit\u00e0 di esplorare i siti storici della Seconda Guerra Mondiale e non solo, secondo i propri ritmi. La vicinanza all'ex complesso del campo di Auschwitz-Birkenau consente di visitare i siti commemorativi pi\u00f9 importanti in un solo giorno.<\/p><\/div><\/div><\/li><li><a href=\"https:\/\/noclegioswiecim.eu\/it\/punti-di-forza\/cucina-completamente-attrezzata\/\" aria-label=\"Cucina &#8211; completamente attrezzata\"><img decoding=\"async\" width=\"2560\" height=\"1707\" class=\"lazyload wp-image-3772\" src=\"https:\/\/noclegioswiecim.eu\/wp-content\/uploads\/2023\/02\/CA-2-18-scaled.jpg\" data-orig-src=\"https:\/\/noclegioswiecim.eu\/wp-content\/uploads\/2023\/02\/CA-2-18-scaled.jpg\" alt=\"\" srcset=\"data:image\/svg+xml,%3Csvg%20xmlns%3D%27http%3A%2F%2Fwww.w3.org%2F2000%2Fsvg%27%20width%3D%272560%27%20height%3D%271707%27%20viewBox%3D%270%200%202560%201707%27%3E%3Crect%20width%3D%272560%27%20height%3D%271707%27%20fill-opacity%3D%220%22%2F%3E%3C%2Fsvg%3E\" data-srcset=\"https:\/\/noclegioswiecim.eu\/wp-content\/uploads\/2023\/02\/CA-2-18-200x133.jpg 200w, https:\/\/noclegioswiecim.eu\/wp-content\/uploads\/2023\/02\/CA-2-18-400x267.jpg 400w, https:\/\/noclegioswiecim.eu\/wp-content\/uploads\/2023\/02\/CA-2-18-600x400.jpg 600w, https:\/\/noclegioswiecim.eu\/wp-content\/uploads\/2023\/02\/CA-2-18-800x533.jpg 800w, https:\/\/noclegioswiecim.eu\/wp-content\/uploads\/2023\/02\/CA-2-18-1200x800.jpg 1200w, https:\/\/noclegioswiecim.eu\/wp-content\/uploads\/2023\/02\/CA-2-18-scaled.jpg 2560w\" data-sizes=\"auto\" data-orig-sizes=\"(max-width: 640px) 100vw, 2560px\" \/><\/a><div class=\"slide-excerpt\"><div class=\"excerpt-container\"><h2><a href=\"https:\/\/noclegioswiecim.eu\/it\/punti-di-forza\/cucina-completamente-attrezzata\/\">Cucina &#8211; completamente attrezzata<\/a><\/h2><p>Cucinare da soli in viaggio \u00e8 un'occasione ideale per divertirsi in modo creativo. All'Apartments Auschwitz vi attende una cucina completamente attrezzata, dove potrete creare i pasti pi\u00f9 deliziosi. Gli elettrodomestici della cucina attendono le vostre idee culinarie.<\/p><\/div><\/div><\/li><li><a href=\"https:\/\/noclegioswiecim.eu\/it\/punti-di-forza\/struttura-recintata\/\" aria-label=\"Struttura recintata\"><img decoding=\"async\" width=\"1500\" height=\"1000\" class=\"lazyload wp-image-9422\" src=\"https:\/\/noclegioswiecim.eu\/wp-content\/uploads\/2023\/04\/RH6_3403.jpg\" data-orig-src=\"https:\/\/noclegioswiecim.eu\/wp-content\/uploads\/2023\/04\/RH6_3403.jpg\" alt=\"\" srcset=\"data:image\/svg+xml,%3Csvg%20xmlns%3D%27http%3A%2F%2Fwww.w3.org%2F2000%2Fsvg%27%20width%3D%271500%27%20height%3D%271000%27%20viewBox%3D%270%200%201500%201000%27%3E%3Crect%20width%3D%271500%27%20height%3D%271000%27%20fill-opacity%3D%220%22%2F%3E%3C%2Fsvg%3E\" data-srcset=\"https:\/\/noclegioswiecim.eu\/wp-content\/uploads\/2023\/04\/RH6_3403-200x133.jpg 200w, https:\/\/noclegioswiecim.eu\/wp-content\/uploads\/2023\/04\/RH6_3403-400x267.jpg 400w, https:\/\/noclegioswiecim.eu\/wp-content\/uploads\/2023\/04\/RH6_3403-600x400.jpg 600w, https:\/\/noclegioswiecim.eu\/wp-content\/uploads\/2023\/04\/RH6_3403-800x533.jpg 800w, https:\/\/noclegioswiecim.eu\/wp-content\/uploads\/2023\/04\/RH6_3403-1200x800.jpg 1200w, https:\/\/noclegioswiecim.eu\/wp-content\/uploads\/2023\/04\/RH6_3403.jpg 1500w\" data-sizes=\"auto\" data-orig-sizes=\"(max-width: 640px) 100vw, 1500px\" \/><\/a><div class=\"slide-excerpt\"><div class=\"excerpt-container\"><h2><a href=\"https:\/\/noclegioswiecim.eu\/it\/punti-di-forza\/struttura-recintata\/\">Struttura recintata<\/a><\/h2><p>\u00c8 un modo per garantirvi il massimo livello di sicurezza e privacy. Nessuno e niente disturber\u00e0 il vostro relax, e ogni momento negli Appartamenti Auschwitz sar\u00e0 un'occasione per vivere la pace. Niente occhi indiscreti o ospiti non invitati.<\/p><\/div><\/div><\/li><li><a href=\"https:\/\/noclegioswiecim.eu\/it\/punti-di-forza\/letti-con-materassi-confortevoli\/\" aria-label=\"Letti &#8211; con materassi confortevoli\"><img decoding=\"async\" width=\"2560\" height=\"1707\" class=\"lazyload wp-image-3819\" src=\"https:\/\/noclegioswiecim.eu\/wp-content\/uploads\/2023\/02\/CA-2-5-scaled.jpg\" data-orig-src=\"https:\/\/noclegioswiecim.eu\/wp-content\/uploads\/2023\/02\/CA-2-5-scaled.jpg\" alt=\"\" srcset=\"data:image\/svg+xml,%3Csvg%20xmlns%3D%27http%3A%2F%2Fwww.w3.org%2F2000%2Fsvg%27%20width%3D%272560%27%20height%3D%271707%27%20viewBox%3D%270%200%202560%201707%27%3E%3Crect%20width%3D%272560%27%20height%3D%271707%27%20fill-opacity%3D%220%22%2F%3E%3C%2Fsvg%3E\" data-srcset=\"https:\/\/noclegioswiecim.eu\/wp-content\/uploads\/2023\/02\/CA-2-5-200x133.jpg 200w, https:\/\/noclegioswiecim.eu\/wp-content\/uploads\/2023\/02\/CA-2-5-400x267.jpg 400w, https:\/\/noclegioswiecim.eu\/wp-content\/uploads\/2023\/02\/CA-2-5-600x400.jpg 600w, https:\/\/noclegioswiecim.eu\/wp-content\/uploads\/2023\/02\/CA-2-5-800x533.jpg 800w, https:\/\/noclegioswiecim.eu\/wp-content\/uploads\/2023\/02\/CA-2-5-1200x800.jpg 1200w, https:\/\/noclegioswiecim.eu\/wp-content\/uploads\/2023\/02\/CA-2-5-scaled.jpg 2560w\" data-sizes=\"auto\" data-orig-sizes=\"(max-width: 640px) 100vw, 2560px\" \/><\/a><div class=\"slide-excerpt\"><div class=\"excerpt-container\"><h2><a href=\"https:\/\/noclegioswiecim.eu\/it\/punti-di-forza\/letti-con-materassi-confortevoli\/\">Letti &#8211; con materassi confortevoli<\/a><\/h2><p>Il sonno beato non \u00e8 solo un privilegio della casa. La zona notte degli appartamenti di Oswiecim dispone di letti eleganti dotati di materassi di alta qualit\u00e0 che vi garantiranno un comfort eccezionale durante il sonno. Al contrario, la mattina sar\u00e0 piena di energia positiva.<\/p><\/div><\/div><\/li><li><a href=\"https:\/\/noclegioswiecim.eu\/it\/punti-di-forza\/accessibile-alle-persone-disabili\/\" aria-label=\"Accessibile alle persone disabili\"><img decoding=\"async\" width=\"2560\" height=\"1707\" class=\"lazyload wp-image-3871\" src=\"https:\/\/noclegioswiecim.eu\/wp-content\/uploads\/2023\/01\/CA-2-37-scaled.jpg\" data-orig-src=\"https:\/\/noclegioswiecim.eu\/wp-content\/uploads\/2023\/01\/CA-2-37-scaled.jpg\" alt=\"\" srcset=\"data:image\/svg+xml,%3Csvg%20xmlns%3D%27http%3A%2F%2Fwww.w3.org%2F2000%2Fsvg%27%20width%3D%272560%27%20height%3D%271707%27%20viewBox%3D%270%200%202560%201707%27%3E%3Crect%20width%3D%272560%27%20height%3D%271707%27%20fill-opacity%3D%220%22%2F%3E%3C%2Fsvg%3E\" data-srcset=\"https:\/\/noclegioswiecim.eu\/wp-content\/uploads\/2023\/01\/CA-2-37-200x133.jpg 200w, https:\/\/noclegioswiecim.eu\/wp-content\/uploads\/2023\/01\/CA-2-37-400x267.jpg 400w, https:\/\/noclegioswiecim.eu\/wp-content\/uploads\/2023\/01\/CA-2-37-600x400.jpg 600w, https:\/\/noclegioswiecim.eu\/wp-content\/uploads\/2023\/01\/CA-2-37-800x533.jpg 800w, https:\/\/noclegioswiecim.eu\/wp-content\/uploads\/2023\/01\/CA-2-37-1200x800.jpg 1200w, https:\/\/noclegioswiecim.eu\/wp-content\/uploads\/2023\/01\/CA-2-37-scaled.jpg 2560w\" data-sizes=\"auto\" data-orig-sizes=\"(max-width: 640px) 100vw, 2560px\" \/><\/a><div class=\"slide-excerpt\"><div class=\"excerpt-container\"><h2><a href=\"https:\/\/noclegioswiecim.eu\/it\/punti-di-forza\/accessibile-alle-persone-disabili\/\">Accessibile alle persone disabili<\/a><\/h2><p>\r Gli appartamenti di Oswiecim sono spazi confortevoli per tutti, che si tratti di persone con disabilit\u00e0 o meno. Gli arredi disponibili negli appartamenti sono adatti a tutti e consentono di riposare con dignit\u00e0, nonostante i propri limiti.\r<\/p><\/div><\/div><\/li><li><a href=\"https:\/\/noclegioswiecim.eu\/it\/punti-di-forza\/sniadania-na-zamowienie\/\" aria-label=\"\u015aniadania na zam\u00f3wienie\"><img decoding=\"async\" width=\"770\" height=\"400\" class=\"lazyload wp-image-6436\" src=\"https:\/\/noclegioswiecim.eu\/wp-content\/uploads\/2024\/07\/sniadania-2.png\" data-orig-src=\"https:\/\/noclegioswiecim.eu\/wp-content\/uploads\/2024\/07\/sniadania-2.png\" alt=\"\" srcset=\"data:image\/svg+xml,%3Csvg%20xmlns%3D%27http%3A%2F%2Fwww.w3.org%2F2000%2Fsvg%27%20width%3D%27770%27%20height%3D%27400%27%20viewBox%3D%270%200%20770%20400%27%3E%3Crect%20width%3D%27770%27%20height%3D%27400%27%20fill-opacity%3D%220%22%2F%3E%3C%2Fsvg%3E\" data-srcset=\"https:\/\/noclegioswiecim.eu\/wp-content\/uploads\/2024\/07\/sniadania-2-200x104.png 200w, https:\/\/noclegioswiecim.eu\/wp-content\/uploads\/2024\/07\/sniadania-2-400x208.png 400w, https:\/\/noclegioswiecim.eu\/wp-content\/uploads\/2024\/07\/sniadania-2-600x312.png 600w, https:\/\/noclegioswiecim.eu\/wp-content\/uploads\/2024\/07\/sniadania-2.png 770w\" data-sizes=\"auto\" data-orig-sizes=\"(max-width: 640px) 100vw, 770px\" \/><\/a><div class=\"slide-excerpt\"><div class=\"excerpt-container\"><h2><a href=\"https:\/\/noclegioswiecim.eu\/it\/punti-di-forza\/sniadania-na-zamowienie\/\">\u015aniadania na zam\u00f3wienie<\/a><\/h2><p>Zapraszamy do skorzystania z naszej oferty \u015bniadaniowej, przygotowanej z my\u015bl\u0105 o komfortowym i smacznym rozpocz\u0119ciu dnia. W Comfort Apartments w O\u015bwi\u0119cimiu dbamy o to, aby ka\u017cdy nasz go\u015b\u0107 m\u00f3g\u0142 cieszy\u0107 si\u0119 pysznym \u015bniadaniem, kt\u00f3re doda energii na ca\u0142y dzie\u0144 przyg\u00f3d i zwiedzania!<\/p><\/div><\/div><\/li><\/ul><\/div><\/div><\/div><\/div><\/div>\n<div class=\"fusion-fullwidth fullwidth-box fusion-builder-row-6 fusion-flex-container has-pattern-background has-mask-background r-about nonhundred-percent-fullwidth non-hundred-percent-height-scrolling\" style=\"--awb-border-radius-top-left:0px;--awb-border-radius-top-right:0px;--awb-border-radius-bottom-right:0px;--awb-border-radius-bottom-left:0px;--awb-flex-wrap:wrap;\" ><div class=\"fusion-builder-row fusion-row fusion-flex-align-items-center fusion-flex-justify-content-center fusion-flex-content-wrap\" style=\"max-width:1352px;margin-left: calc(-4% \/ 2 );margin-right: calc(-4% \/ 2 );\"><div class=\"fusion-layout-column fusion_builder_column fusion-builder-column-9 fusion_builder_column_1_1 1_1 fusion-flex-column fusion-flex-align-self-center col-video fusion-column-inner-bg-wrapper\" style=\"--awb-inner-bg-position:center center;--awb-inner-bg-size:cover;--awb-width-large:100%;--awb-margin-top-large:0px;--awb-spacing-right-large:1.92%;--awb-margin-bottom-large:20px;--awb-spacing-left-large:1.92%;--awb-width-medium:100%;--awb-order-medium:0;--awb-spacing-right-medium:1.92%;--awb-spacing-left-medium:1.92%;--awb-width-small:100%;--awb-order-small:0;--awb-spacing-right-small:1.92%;--awb-spacing-left-small:1.92%;\" data-motion-effects=\"[{&quot;type&quot;:&quot;&quot;,&quot;scroll_type&quot;:&quot;transition&quot;,&quot;scroll_direction&quot;:&quot;up&quot;,&quot;transition_speed&quot;:&quot;1&quot;,&quot;fade_type&quot;:&quot;in&quot;,&quot;scale_type&quot;:&quot;up&quot;,&quot;initial_scale&quot;:&quot;1&quot;,&quot;max_scale&quot;:&quot;1.5&quot;,&quot;min_scale&quot;:&quot;0.5&quot;,&quot;initial_rotate&quot;:&quot;0&quot;,&quot;end_rotate&quot;:&quot;30&quot;,&quot;initial_blur&quot;:&quot;0&quot;,&quot;end_blur&quot;:&quot;3&quot;,&quot;start_element&quot;:&quot;top&quot;,&quot;start_viewport&quot;:&quot;bottom&quot;,&quot;end_element&quot;:&quot;bottom&quot;,&quot;end_viewport&quot;:&quot;top&quot;,&quot;mouse_effect&quot;:&quot;track&quot;,&quot;mouse_effect_direction&quot;:&quot;opposite&quot;,&quot;mouse_effect_speed&quot;:&quot;2&quot;,&quot;infinite_animation&quot;:&quot;float&quot;,&quot;infinite_animation_speed&quot;:&quot;2&quot;}]\" data-scroll-devices=\"small-visibility,medium-visibility,large-visibility\"><span class=\"fusion-column-inner-bg hover-type-none\"><a class=\"fusion-column-anchor\" href=\"https:\/\/noclegioswiecim.eu\/wp-content\/uploads\/2023\/07\/Comfort-Apartments-compress.mp4\" data-rel=\"iLightbox\"><span class=\"fusion-column-inner-bg-image lazyload\" data-bg=\"https:\/\/noclegioswiecim.eu\/wp-content\/uploads\/2024\/12\/tlo-wideo.jpg\"><\/span><\/a><\/span><div class=\"fusion-column-wrapper fusion-column-has-shadow fusion-flex-justify-content-center fusion-content-layout-column fusion-column-has-bg-image\" data-bg-url=\"https:\/\/noclegioswiecim.eu\/wp-content\/uploads\/2024\/12\/tlo-wideo.jpg\"><div class=\"fusion-image-element \" style=\"text-align:center;--awb-caption-title-font-family:var(--h2_typography-font-family);--awb-caption-title-font-weight:var(--h2_typography-font-weight);--awb-caption-title-font-style:var(--h2_typography-font-style);--awb-caption-title-size:var(--h2_typography-font-size);--awb-caption-title-transform:var(--h2_typography-text-transform);--awb-caption-title-line-height:var(--h2_typography-line-height);--awb-caption-title-letter-spacing:var(--h2_typography-letter-spacing);\"><span class=\" fusion-imageframe imageframe-none imageframe-5 hover-type-none c-image\"><img decoding=\"async\" width=\"104\" height=\"104\" alt=\"Odtw\u00f3rz Wideo\" title=\"Odtw\u00f3rz Wideo\" src=\"data:image\/svg+xml,%3Csvg%20xmlns%3D%27http%3A%2F%2Fwww.w3.org%2F2000%2Fsvg%27%20width%3D%27104%27%20height%3D%27104%27%20viewBox%3D%270%200%20104%20104%27%3E%3Crect%20width%3D%27104%27%20height%3D%27104%27%20fill-opacity%3D%220%22%2F%3E%3C%2Fsvg%3E\" data-orig-src=\"https:\/\/noclegioswiecim.eu\/wp-content\/uploads\/2023\/02\/video_37.png\" class=\"lazyload img-responsive wp-image-164\"\/><\/span><\/div><\/div><\/div><div class=\"fusion-layout-column fusion_builder_column fusion-builder-column-10 fusion_builder_column_1_3 1_3 fusion-flex-column col-desc\" style=\"--awb-bg-size:cover;--awb-width-large:33.333333333333%;--awb-margin-top-large:0px;--awb-spacing-right-large:5.76%;--awb-margin-bottom-large:20px;--awb-spacing-left-large:5.76%;--awb-width-medium:33.333333333333%;--awb-order-medium:0;--awb-spacing-right-medium:5.76%;--awb-spacing-left-medium:5.76%;--awb-width-small:100%;--awb-order-small:0;--awb-spacing-right-small:1.92%;--awb-spacing-left-small:1.92%;\"><div class=\"fusion-column-wrapper fusion-column-has-shadow fusion-flex-justify-content-flex-start fusion-content-layout-column\"><div class=\"fusion-text fusion-text-12 c-text\"><h4>Chi siamo<\/h4>\n<p>Gestiamo i nostri appartamenti in modo da farvi vivere un&#8217;esperienza indimenticabile.<\/p>\n<p>Vogliamo ospitarvi nel miglior modo possibile, in modo che la prossima volta che visiterete la nostra zona, non vi chiederete quale <strong>alloggio a O\u015bwi\u0119cim<\/strong> scegliere, ma tornerete volentieri nella nostra struttura.<\/p>\n<\/div><div ><a class=\"fusion-button button-flat button-small button-custom fusion-button-default button-3 fusion-button-default-span fusion-button-default-type c-button\" style=\"--button_accent_color:var(--awb-color8);--button_border_color:rgba(255,255,255,0);--button_accent_hover_color:var(--awb-color8);--button_border_hover_color:var(--awb-color8);--button_border_width-top:1px;--button_border_width-right:1px;--button_border_width-bottom:1px;--button_border_width-left:1px;--button_gradient_top_color:rgba(255,255,255,0);--button_gradient_bottom_color:rgba(255,255,255,0);--button_gradient_top_color_hover:rgba(255,255,255,0);--button_gradient_bottom_color_hover:rgba(255,255,255,0);--button_text_transform:uppercase;\" target=\"_self\" data-hover=\"icon_rotate\" title=\"Per saperne di pi\u00f9\" aria-label=\"Per saperne di pi\u00f9\" href=\"https:\/\/noclegioswiecim.eu\/it\/?page_id=3663\"><span class=\"fusion-button-text\">Per saperne di pi\u00f9<\/span><i class=\"fa-plus fas button-icon-right\" aria-hidden=\"true\"><\/i><\/a><\/div><\/div><\/div><\/div><\/div><div class=\"fusion-fullwidth fullwidth-box fusion-builder-row-7 fusion-flex-container has-pattern-background has-mask-background r-atractions nonhundred-percent-fullwidth non-hundred-percent-height-scrolling\" style=\"--awb-border-radius-top-left:0px;--awb-border-radius-top-right:0px;--awb-border-radius-bottom-right:0px;--awb-border-radius-bottom-left:0px;--awb-flex-wrap:wrap;\" ><div class=\"fusion-builder-row fusion-row fusion-flex-align-items-center fusion-flex-justify-content-center fusion-flex-content-wrap\" style=\"max-width:1352px;margin-left: calc(-4% \/ 2 );margin-right: calc(-4% \/ 2 );\"><div class=\"fusion-layout-column fusion_builder_column fusion-builder-column-11 fusion_builder_column_1_1 1_1 fusion-flex-column\" style=\"--awb-bg-size:cover;--awb-width-large:100%;--awb-margin-top-large:0px;--awb-spacing-right-large:1.92%;--awb-margin-bottom-large:20px;--awb-spacing-left-large:1.92%;--awb-width-medium:100%;--awb-order-medium:0;--awb-spacing-right-medium:1.92%;--awb-spacing-left-medium:1.92%;--awb-width-small:100%;--awb-order-small:0;--awb-spacing-right-small:1.92%;--awb-spacing-left-small:1.92%;\"><div class=\"fusion-column-wrapper fusion-column-has-shadow fusion-flex-justify-content-flex-start fusion-content-layout-column\"><div class=\"fusion-text fusion-text-13 c-text\"><h3>Con noi \u00e8 impossibile annoiarsi<\/h3>\n<p>Il pi\u00f9 grande vantaggio del nostro<strong> alloggio a O\u015bwi\u0119cim<\/strong> \u00e8 la sua posizione. Pertanto, tutte le principali attrazioni turistiche sono facilmente raggiungibili. La vicinanza al centro storico, al fiume So\u0142a e alle strade principali \u00e8 il modo per conoscere Oswiecim e la regione della Malopolska occidentale.<\/p>\n<\/div><div class=\"fusion-post-cards fusion-post-cards-1 awb-carousel awb-swiper awb-swiper-carousel awb-swiper-dots-position-bottom c-post slider-fixed-size-images\" style=\"--awb-arrow-size:40px;--awb-arrow-bgcolor:rgba(255,255,255,0);--awb-arrow-color:var(--awb-color4);--awb-arrow-hover-bgcolor:rgba(255,255,255,0);--awb-arrow-hover-color:var(--awb-color4);--awb-column-spacing:50px;--awb-dots-align:center;--awb-columns:2;--awb-active-filter-border-size:3px;--awb-filters-height:36px;\" data-autoplay=\"yes\" data-loop=\"yes\" data-columns=\"2\" data-columnsmedium=\"1\" data-columnssmall=\"1\" data-itemmargin=\"50\" data-itemwidth=\"180\" data-touchscroll=\"no\" data-imagesize=\"auto\" data-scrollitems=\"1\" data-mousepointer=\"custom\" data-layout=\"carousel\" data-cursor-color-mode=\"custom\" data-cursor-color=\"var(--awb-color4)\"><div class=\"swiper-wrapper fusion-flex-align-items-flex-start\"><div class=\"fusion_builder_column fusion-builder-column-12 fusion-flex-column fusion-column-inner-bg-wrapper post-card swiper-slide\" style=\"--awb-overflow:visible;--awb-inner-bg-blend:overlay;--awb-inner-bg-size:cover;\"><span class=\"fusion-column-inner-bg hover-type-none\"><a class=\"fusion-column-anchor\" href=\"https:\/\/noclegioswiecim.eu\/it\/attrazioni\/oswiecim-sinagoga\/\"><span class=\"fusion-column-inner-bg-image\"><\/span><\/a><\/span><div class=\"fusion-column-wrapper fusion-column-has-shadow fusion-flex-justify-content-flex-start fusion-content-layout-column fusion-carousel-item-wrapper\"><div class=\"fusion-featured-slider-tb fusion-featured-slider-tb-1\"><div class=\"fusion-slider-sc\"><div class=\"fusion-flexslider-loading flexslider flexslider-hover-type-none\" data-slideshow_autoplay=\"1\" data-slideshow_smooth_height=\"0\" data-slideshow_speed=\"5000\" style=\"max-width:100%;height:100%;\"><ul class=\"slides\"><li class=\"image\"><span class=\"lazyload fusion-image-hover-element hover-type-none\"><img decoding=\"async\" src=\"data:image\/svg+xml,%3Csvg%20xmlns%3D%27http%3A%2F%2Fwww.w3.org%2F2000%2Fsvg%27%20width%3D%271512%27%20height%3D%271890%27%20viewBox%3D%270%200%201512%201890%27%3E%3Crect%20width%3D%271512%27%20height%3D%271890%27%20fill-opacity%3D%220%22%2F%3E%3C%2Fsvg%3E\" data-orig-src=\"https:\/\/noclegioswiecim.eu\/wp-content\/uploads\/2023\/07\/Synagoga-.jpg\" width=\"1512\" height=\"1890\" class=\"lazyload wp-image-0\" \/><\/span><\/li><\/ul><\/div><\/div><\/div><div class=\"fusion-title title fusion-title-7 fusion-sep-none fusion-title-center fusion-title-text fusion-title-size-four c-post-title\"><h4 class=\"fusion-title-heading title-heading-center fusion-responsive-typography-calculated\" style=\"margin:0;--fontSize:26;--minFontSize:26;line-height:var(--awb-typography1-line-height);\">O\u015bwi\u0119cim &#8211; Sinagoga<\/h4><\/div><div class=\"fusion-content-tb fusion-content-tb-1\" style=\"--awb-text-color:var(--awb-color8);--awb-text-transform:none;\"><p>Distanza dalla struttura: 3 km<\/p><\/div><\/div><\/div>\n<div class=\"fusion_builder_column fusion-builder-column-13 fusion-flex-column fusion-column-inner-bg-wrapper post-card swiper-slide\" style=\"--awb-overflow:visible;--awb-inner-bg-blend:overlay;--awb-inner-bg-size:cover;\"><span class=\"fusion-column-inner-bg hover-type-none\"><a class=\"fusion-column-anchor\" href=\"https:\/\/noclegioswiecim.eu\/it\/attrazioni\/oswiecim-sotterraneo\/\"><span class=\"fusion-column-inner-bg-image\"><\/span><\/a><\/span><div class=\"fusion-column-wrapper fusion-column-has-shadow fusion-flex-justify-content-flex-start fusion-content-layout-column fusion-carousel-item-wrapper\"><div class=\"fusion-featured-slider-tb fusion-featured-slider-tb-2\"><div class=\"fusion-slider-sc\"><div class=\"fusion-flexslider-loading flexslider flexslider-hover-type-none\" data-slideshow_autoplay=\"1\" data-slideshow_smooth_height=\"0\" data-slideshow_speed=\"5000\" style=\"max-width:100%;height:100%;\"><ul class=\"slides\"><li class=\"image\"><span class=\"lazyload fusion-image-hover-element hover-type-none\"><img decoding=\"async\" src=\"data:image\/svg+xml,%3Csvg%20xmlns%3D%27http%3A%2F%2Fwww.w3.org%2F2000%2Fsvg%27%20width%3D%271900%27%20height%3D%271266%27%20viewBox%3D%270%200%201900%201266%27%3E%3Crect%20width%3D%271900%27%20height%3D%271266%27%20fill-opacity%3D%220%22%2F%3E%3C%2Fsvg%3E\" data-orig-src=\"https:\/\/noclegioswiecim.eu\/wp-content\/uploads\/2023\/07\/DSC_1275.jpg\" width=\"1900\" height=\"1266\" class=\"lazyload wp-image-0\" \/><\/span><\/li><\/ul><\/div><\/div><\/div><div class=\"fusion-title title fusion-title-8 fusion-sep-none fusion-title-center fusion-title-text fusion-title-size-four c-post-title\"><h4 class=\"fusion-title-heading title-heading-center fusion-responsive-typography-calculated\" style=\"margin:0;--fontSize:26;--minFontSize:26;line-height:var(--awb-typography1-line-height);\">O\u015bwi\u0119cim &#8211; sotterraneo<\/h4><\/div><div class=\"fusion-content-tb fusion-content-tb-2\" style=\"--awb-text-color:var(--awb-color8);--awb-text-transform:none;\"><p>Distanza: 2,6 km<\/p><\/div><\/div><\/div>\n<div class=\"fusion_builder_column fusion-builder-column-14 fusion-flex-column fusion-column-inner-bg-wrapper post-card swiper-slide\" style=\"--awb-overflow:visible;--awb-inner-bg-blend:overlay;--awb-inner-bg-size:cover;\"><span class=\"fusion-column-inner-bg hover-type-none\"><a class=\"fusion-column-anchor\" href=\"https:\/\/noclegioswiecim.eu\/it\/attrazioni\/jezioro-mucharskie\/\"><span class=\"fusion-column-inner-bg-image\"><\/span><\/a><\/span><div class=\"fusion-column-wrapper fusion-column-has-shadow fusion-flex-justify-content-flex-start fusion-content-layout-column fusion-carousel-item-wrapper\"><div class=\"fusion-featured-slider-tb fusion-featured-slider-tb-3\"><div class=\"fusion-slider-sc\"><div class=\"fusion-flexslider-loading flexslider flexslider-hover-type-none\" data-slideshow_autoplay=\"1\" data-slideshow_smooth_height=\"0\" data-slideshow_speed=\"5000\" style=\"max-width:100%;height:100%;\"><ul class=\"slides\"><li class=\"image\"><span class=\"lazyload fusion-image-hover-element hover-type-none\"><img decoding=\"async\" src=\"data:image\/svg+xml,%3Csvg%20xmlns%3D%27http%3A%2F%2Fwww.w3.org%2F2000%2Fsvg%27%20width%3D%27820%27%20height%3D%27521%27%20viewBox%3D%270%200%20820%20521%27%3E%3Crect%20width%3D%27820%27%20height%3D%27521%27%20fill-opacity%3D%220%22%2F%3E%3C%2Fsvg%3E\" data-orig-src=\"https:\/\/noclegioswiecim.eu\/wp-content\/uploads\/2023\/07\/jezioro-mucharskie-szybko-sie-napelnia-znowu-wyglada-jak-jezioro_11da69ee47a070282d59c71e448e1629_XL.jpg\" width=\"820\" height=\"521\" class=\"lazyload wp-image-0\" \/><\/span><\/li><\/ul><\/div><\/div><\/div><div class=\"fusion-title title fusion-title-9 fusion-sep-none fusion-title-center fusion-title-text fusion-title-size-four c-post-title\"><h4 class=\"fusion-title-heading title-heading-center fusion-responsive-typography-calculated\" style=\"margin:0;--fontSize:26;--minFontSize:26;line-height:var(--awb-typography1-line-height);\">Jezioro Mucharskie<\/h4><\/div><div class=\"fusion-content-tb fusion-content-tb-3\" style=\"--awb-text-color:var(--awb-color8);--awb-text-transform:none;\"><p>Odleg\u0142o\u015b\u0107 od obiektu: 45 km<\/p><\/div><\/div><\/div>\n<div class=\"fusion_builder_column fusion-builder-column-15 fusion-flex-column fusion-column-inner-bg-wrapper post-card swiper-slide\" style=\"--awb-overflow:visible;--awb-inner-bg-blend:overlay;--awb-inner-bg-size:cover;\"><span class=\"fusion-column-inner-bg hover-type-none\"><a class=\"fusion-column-anchor\" href=\"https:\/\/noclegioswiecim.eu\/it\/attrazioni\/parco-divertimenti-per-famiglie\/\"><span class=\"fusion-column-inner-bg-image\"><\/span><\/a><\/span><div class=\"fusion-column-wrapper fusion-column-has-shadow fusion-flex-justify-content-flex-start fusion-content-layout-column fusion-carousel-item-wrapper\"><div class=\"fusion-featured-slider-tb fusion-featured-slider-tb-4\"><div class=\"fusion-slider-sc\"><div class=\"fusion-flexslider-loading flexslider flexslider-hover-type-none\" data-slideshow_autoplay=\"1\" data-slideshow_smooth_height=\"0\" data-slideshow_speed=\"5000\" style=\"max-width:100%;height:100%;\"><ul class=\"slides\"><li class=\"image\"><span class=\"lazyload fusion-image-hover-element hover-type-none\"><img decoding=\"async\" src=\"data:image\/svg+xml,%3Csvg%20xmlns%3D%27http%3A%2F%2Fwww.w3.org%2F2000%2Fsvg%27%20width%3D%271900%27%20height%3D%271269%27%20viewBox%3D%270%200%201900%201269%27%3E%3Crect%20width%3D%271900%27%20height%3D%271269%27%20fill-opacity%3D%220%22%2F%3E%3C%2Fsvg%3E\" data-orig-src=\"https:\/\/noclegioswiecim.eu\/wp-content\/uploads\/2023\/07\/03-2.jpg\" width=\"1900\" height=\"1269\" class=\"lazyload wp-image-0\" \/><\/span><\/li><\/ul><\/div><\/div><\/div><div class=\"fusion-title title fusion-title-10 fusion-sep-none fusion-title-center fusion-title-text fusion-title-size-four c-post-title\"><h4 class=\"fusion-title-heading title-heading-center fusion-responsive-typography-calculated\" style=\"margin:0;--fontSize:26;--minFontSize:26;line-height:var(--awb-typography1-line-height);\">Parco divertimenti per famiglie<\/h4><\/div><div class=\"fusion-content-tb fusion-content-tb-4\" style=\"--awb-text-color:var(--awb-color8);--awb-text-transform:none;\"><p>Distanza: 2,5 km<\/p><\/div><\/div><\/div>\n<div class=\"fusion_builder_column fusion-builder-column-16 fusion-flex-column fusion-column-inner-bg-wrapper post-card swiper-slide\" style=\"--awb-overflow:visible;--awb-inner-bg-blend:overlay;--awb-inner-bg-size:cover;\"><span class=\"fusion-column-inner-bg hover-type-none\"><a class=\"fusion-column-anchor\" href=\"https:\/\/noclegioswiecim.eu\/it\/attrazioni\/parco-divertimenti-energylandia\/\"><span class=\"fusion-column-inner-bg-image\"><\/span><\/a><\/span><div class=\"fusion-column-wrapper fusion-column-has-shadow fusion-flex-justify-content-flex-start fusion-content-layout-column fusion-carousel-item-wrapper\"><div class=\"fusion-featured-slider-tb fusion-featured-slider-tb-5\"><div class=\"fusion-slider-sc\"><div class=\"fusion-flexslider-loading flexslider flexslider-hover-type-none\" data-slideshow_autoplay=\"1\" data-slideshow_smooth_height=\"0\" data-slideshow_speed=\"5000\" style=\"max-width:100%;height:100%;\"><ul class=\"slides\"><li class=\"image\"><span class=\"lazyload fusion-image-hover-element hover-type-none\"><img decoding=\"async\" src=\"data:image\/svg+xml,%3Csvg%20xmlns%3D%27http%3A%2F%2Fwww.w3.org%2F2000%2Fsvg%27%20width%3D%272560%27%20height%3D%271706%27%20viewBox%3D%270%200%202560%201706%27%3E%3Crect%20width%3D%272560%27%20height%3D%271706%27%20fill-opacity%3D%220%22%2F%3E%3C%2Fsvg%3E\" data-orig-src=\"https:\/\/noclegioswiecim.eu\/wp-content\/uploads\/2023\/02\/Theme-Park-Check-Europe-2023-11-scaled.jpg\" width=\"2560\" height=\"1706\" class=\"lazyload wp-image-0\" \/><\/span><\/li><\/ul><\/div><\/div><\/div><div class=\"fusion-title title fusion-title-11 fusion-sep-none fusion-title-center fusion-title-text fusion-title-size-four c-post-title\"><h4 class=\"fusion-title-heading title-heading-center fusion-responsive-typography-calculated\" style=\"margin:0;--fontSize:26;--minFontSize:26;line-height:var(--awb-typography1-line-height);\">Parco divertimenti Energylandia<\/h4><\/div><div class=\"fusion-content-tb fusion-content-tb-5\" style=\"--awb-text-color:var(--awb-color8);--awb-text-transform:none;\"><p>Distanza: 17,5 km<\/p><\/div><\/div><\/div>\n<div class=\"fusion_builder_column fusion-builder-column-17 fusion-flex-column fusion-column-inner-bg-wrapper post-card swiper-slide\" style=\"--awb-overflow:visible;--awb-inner-bg-blend:overlay;--awb-inner-bg-size:cover;\"><span class=\"fusion-column-inner-bg hover-type-none\"><a class=\"fusion-column-anchor\" href=\"https:\/\/noclegioswiecim.eu\/it\/attrazioni\/zoo-di-cracovia\/\"><span class=\"fusion-column-inner-bg-image\"><\/span><\/a><\/span><div class=\"fusion-column-wrapper fusion-column-has-shadow fusion-flex-justify-content-flex-start fusion-content-layout-column fusion-carousel-item-wrapper\"><div class=\"fusion-featured-slider-tb fusion-featured-slider-tb-6\"><div class=\"fusion-slider-sc\"><div class=\"fusion-flexslider-loading flexslider flexslider-hover-type-none\" data-slideshow_autoplay=\"1\" data-slideshow_smooth_height=\"0\" data-slideshow_speed=\"5000\" style=\"max-width:100%;height:100%;\"><ul class=\"slides\"><li class=\"image\"><span class=\"lazyload fusion-image-hover-element hover-type-none\"><img decoding=\"async\" src=\"data:image\/svg+xml,%3Csvg%20xmlns%3D%27http%3A%2F%2Fwww.w3.org%2F2000%2Fsvg%27%20width%3D%271900%27%20height%3D%271264%27%20viewBox%3D%270%200%201900%201264%27%3E%3Crect%20width%3D%271900%27%20height%3D%271264%27%20fill-opacity%3D%220%22%2F%3E%3C%2Fsvg%3E\" data-orig-src=\"https:\/\/noclegioswiecim.eu\/wp-content\/uploads\/2023\/07\/panda-mala12.jpg\" width=\"1900\" height=\"1264\" class=\"lazyload wp-image-0\" \/><\/span><\/li><\/ul><\/div><\/div><\/div><div class=\"fusion-title title fusion-title-12 fusion-sep-none fusion-title-center fusion-title-text fusion-title-size-four c-post-title\"><h4 class=\"fusion-title-heading title-heading-center fusion-responsive-typography-calculated\" style=\"margin:0;--fontSize:26;--minFontSize:26;line-height:var(--awb-typography1-line-height);\">Zoo di Cracovia<\/h4><\/div><div class=\"fusion-content-tb fusion-content-tb-6\" style=\"--awb-text-color:var(--awb-color8);--awb-text-transform:none;\"><p>Distanza: 65 chilometri<\/p><\/div><\/div><\/div>\n<\/div><div class=\"awb-swiper-button awb-swiper-button-prev\"><i class=\"fa-chevron-left fas\" aria-hidden=\"true\"><\/i><\/div><div class=\"awb-swiper-button awb-swiper-button-next\"><i class=\"fa-chevron-right fas\" aria-hidden=\"true\"><\/i><\/div><\/div><div style=\"text-align:center;\"><a class=\"fusion-button button-flat button-small button-custom fusion-button-default button-4 fusion-button-default-span fusion-button-default-type c-button\" style=\"--button_accent_color:var(--awb-color8);--button_border_color:rgba(255,255,255,0);--button_accent_hover_color:var(--awb-color8);--button_border_hover_color:var(--awb-color8);--button_border_width-top:1px;--button_border_width-right:1px;--button_border_width-bottom:1px;--button_border_width-left:1px;--button_gradient_top_color:rgba(255,255,255,0);--button_gradient_bottom_color:rgba(255,255,255,0);--button_gradient_top_color_hover:rgba(255,255,255,0);--button_gradient_bottom_color_hover:rgba(255,255,255,0);--button_text_transform:uppercase;\" target=\"_self\" data-hover=\"icon_rotate\" title=\"Per saperne di pi\u00f9\" aria-label=\"Per saperne di pi\u00f9\" href=\"https:\/\/noclegioswiecim.eu\/atrakcje\/\"><span class=\"fusion-button-text\">Per saperne di pi\u00f9<\/span><i class=\"fa-plus fas button-icon-right\" aria-hidden=\"true\"><\/i><\/a><\/div><\/div><\/div><\/div><\/div><div class=\"fusion-fullwidth fullwidth-box fusion-builder-row-8 fusion-flex-container has-pattern-background has-mask-background r-blog nonhundred-percent-fullwidth non-hundred-percent-height-scrolling\" style=\"--awb-border-radius-top-left:0px;--awb-border-radius-top-right:0px;--awb-border-radius-bottom-right:0px;--awb-border-radius-bottom-left:0px;--awb-flex-wrap:wrap;\" ><div class=\"fusion-builder-row fusion-row fusion-flex-align-items-center fusion-flex-justify-content-center fusion-flex-content-wrap\" style=\"max-width:1352px;margin-left: calc(-4% \/ 2 );margin-right: calc(-4% \/ 2 );\"><div class=\"fusion-layout-column fusion_builder_column fusion-builder-column-18 fusion_builder_column_1_1 1_1 fusion-flex-column\" style=\"--awb-bg-size:cover;--awb-width-large:100%;--awb-margin-top-large:0px;--awb-spacing-right-large:1.92%;--awb-margin-bottom-large:20px;--awb-spacing-left-large:1.92%;--awb-width-medium:100%;--awb-order-medium:0;--awb-spacing-right-medium:1.92%;--awb-spacing-left-medium:1.92%;--awb-width-small:100%;--awb-order-small:0;--awb-spacing-right-small:1.92%;--awb-spacing-left-small:1.92%;\"><div class=\"fusion-column-wrapper fusion-column-has-shadow fusion-flex-justify-content-flex-start fusion-content-layout-column\"><div class=\"fusion-text fusion-text-14 c-text\"><h3>Buono a sapersi<\/h3>\n<p>Se la Terra di Auschwitz \u00e8 per voi un tesoro ancora pieno di segreti, visitate il nostro blog. Li abbiamo creati pensando alle vostre esigenze e ogni articolo \u00e8 una manciata di conoscenze sulle attrazioni turistiche pi\u00f9 popolari della citt\u00e0 e della regione.<\/p>\n<\/div><div class=\"fusion-post-cards fusion-post-cards-2 fusion-grid-archive fusion-grid-columns-3 c-post\" style=\"--awb-arrow-size:40px;--awb-arrow-bgcolor:rgba(255,255,255,0);--awb-arrow-color:var(--awb-color4);--awb-arrow-hover-bgcolor:rgba(255,255,255,0);--awb-arrow-hover-color:var(--awb-color4);--awb-column-spacing:30px;--awb-dots-align:center;--awb-columns:3;--awb-active-filter-border-size:3px;--awb-filters-height:36px;--awb-row-spacing:30px;\"><ul class=\"fusion-grid fusion-grid-3 fusion-flex-align-items-flex-start fusion-grid-posts-cards\"><li class=\"fusion-layout-column fusion_builder_column fusion-builder-column-19 fusion-flex-column fusion-column-inner-bg-wrapper post-card fusion-grid-column fusion-post-cards-grid-column\" style=\"--awb-overflow:visible;--awb-inner-bg-blend:overlay;--awb-inner-bg-size:cover;\"><span class=\"fusion-column-inner-bg hover-type-none\"><a class=\"fusion-column-anchor\" href=\"https:\/\/noclegioswiecim.eu\/it\/guida\/una-vacanza-di-7-giorni-nella-malopolska-occidentale-ce-qualcosa-da-fare-qui\/\"><span class=\"fusion-column-inner-bg-image\"><\/span><\/a><\/span><div class=\"fusion-column-wrapper fusion-column-has-shadow fusion-flex-justify-content-flex-start fusion-content-layout-column\"><div class=\"fusion-featured-slider-tb fusion-featured-slider-tb-7\"><div class=\"fusion-slider-sc\"><div class=\"fusion-flexslider-loading flexslider flexslider-hover-type-none\" data-slideshow_autoplay=\"1\" data-slideshow_smooth_height=\"0\" data-slideshow_speed=\"5000\" style=\"max-width:100%;height:100%;\"><ul class=\"slides\"><li class=\"image\"><span class=\"lazyload fusion-image-hover-element hover-type-none\"><img decoding=\"async\" src=\"data:image\/svg+xml,%3Csvg%20xmlns%3D%27http%3A%2F%2Fwww.w3.org%2F2000%2Fsvg%27%20width%3D%271167%27%20height%3D%27843%27%20viewBox%3D%270%200%201167%20843%27%3E%3Crect%20width%3D%271167%27%20height%3D%27843%27%20fill-opacity%3D%220%22%2F%3E%3C%2Fsvg%3E\" data-orig-src=\"https:\/\/noclegioswiecim.eu\/wp-content\/uploads\/2023\/07\/Noclegi-oswiecim-7-dni-w-malopolsce-zachodniej.png\" width=\"1167\" height=\"843\" class=\"lazyload wp-image-0\" \/><\/span><\/li><\/ul><\/div><\/div><\/div><div class=\"fusion-title title fusion-title-13 fusion-sep-none fusion-title-text fusion-title-size-four c-post-title\"><h4 class=\"fusion-title-heading title-heading-left fusion-responsive-typography-calculated\" style=\"margin:0;--fontSize:26;--minFontSize:26;line-height:var(--awb-typography1-line-height);\">Una vacanza di 7 giorni nella Malopolska occidentale. C&#8217;\u00e8 qualcosa da fare qui!<\/h4><\/div><\/div><\/li>\n<li class=\"fusion-layout-column fusion_builder_column fusion-builder-column-20 fusion-flex-column fusion-column-inner-bg-wrapper post-card fusion-grid-column fusion-post-cards-grid-column\" style=\"--awb-overflow:visible;--awb-inner-bg-blend:overlay;--awb-inner-bg-size:cover;\"><span class=\"fusion-column-inner-bg hover-type-none\"><a class=\"fusion-column-anchor\" href=\"https:\/\/noclegioswiecim.eu\/it\/guida\/percorsi-interattivi-e-giochi-da-campo-le-visite-turistiche-non-devono-per-forza-essere-noiose\/\"><span class=\"fusion-column-inner-bg-image\"><\/span><\/a><\/span><div class=\"fusion-column-wrapper fusion-column-has-shadow fusion-flex-justify-content-flex-start fusion-content-layout-column\"><div class=\"fusion-featured-slider-tb fusion-featured-slider-tb-8\"><div class=\"fusion-slider-sc\"><div class=\"fusion-flexslider-loading flexslider flexslider-hover-type-none\" data-slideshow_autoplay=\"1\" data-slideshow_smooth_height=\"0\" data-slideshow_speed=\"5000\" style=\"max-width:100%;height:100%;\"><ul class=\"slides\"><li class=\"image\"><span class=\"lazyload fusion-image-hover-element hover-type-none\"><img decoding=\"async\" src=\"data:image\/svg+xml,%3Csvg%20xmlns%3D%27http%3A%2F%2Fwww.w3.org%2F2000%2Fsvg%27%20width%3D%271167%27%20height%3D%27843%27%20viewBox%3D%270%200%201167%20843%27%3E%3Crect%20width%3D%271167%27%20height%3D%27843%27%20fill-opacity%3D%220%22%2F%3E%3C%2Fsvg%3E\" data-orig-src=\"https:\/\/noclegioswiecim.eu\/wp-content\/uploads\/2023\/07\/noclegi-oswiecim-interaktywnie-znaczy-ciekawie.png\" width=\"1167\" height=\"843\" class=\"lazyload wp-image-0\" \/><\/span><\/li><\/ul><\/div><\/div><\/div><div class=\"fusion-title title fusion-title-14 fusion-sep-none fusion-title-text fusion-title-size-four c-post-title\"><h4 class=\"fusion-title-heading title-heading-left fusion-responsive-typography-calculated\" style=\"margin:0;--fontSize:26;--minFontSize:26;line-height:var(--awb-typography1-line-height);\">Percorsi interattivi e giochi da campo. Le visite turistiche non devono per forza essere noiose!<\/h4><\/div><\/div><\/li>\n<li class=\"fusion-layout-column fusion_builder_column fusion-builder-column-21 fusion-flex-column fusion-column-inner-bg-wrapper post-card fusion-grid-column fusion-post-cards-grid-column\" style=\"--awb-overflow:visible;--awb-inner-bg-blend:overlay;--awb-inner-bg-size:cover;\"><span class=\"fusion-column-inner-bg hover-type-none\"><a class=\"fusion-column-anchor\" href=\"https:\/\/noclegioswiecim.eu\/it\/guida\/visita-al-museo-di-auschwitz-birkenau-come-prepararsi\/\"><span class=\"fusion-column-inner-bg-image\"><\/span><\/a><\/span><div class=\"fusion-column-wrapper fusion-column-has-shadow fusion-flex-justify-content-flex-start fusion-content-layout-column\"><div class=\"fusion-featured-slider-tb fusion-featured-slider-tb-9\"><div class=\"fusion-slider-sc\"><div class=\"fusion-flexslider-loading flexslider flexslider-hover-type-none\" data-slideshow_autoplay=\"1\" data-slideshow_smooth_height=\"0\" data-slideshow_speed=\"5000\" style=\"max-width:100%;height:100%;\"><ul class=\"slides\"><li class=\"image\"><span class=\"lazyload fusion-image-hover-element hover-type-none\"><img decoding=\"async\" src=\"data:image\/svg+xml,%3Csvg%20xmlns%3D%27http%3A%2F%2Fwww.w3.org%2F2000%2Fsvg%27%20width%3D%27800%27%20height%3D%27578%27%20viewBox%3D%270%200%20800%20578%27%3E%3Crect%20width%3D%27800%27%20height%3D%27578%27%20fill-opacity%3D%220%22%2F%3E%3C%2Fsvg%3E\" data-orig-src=\"https:\/\/noclegioswiecim.eu\/wp-content\/uploads\/2023\/07\/noclegi-oswiecim-jak-przygotowac-sie-do-zwiedzania-auschwitz.jpg\" width=\"800\" height=\"578\" class=\"lazyload wp-image-0\" \/><\/span><\/li><\/ul><\/div><\/div><\/div><div class=\"fusion-title title fusion-title-15 fusion-sep-none fusion-title-text fusion-title-size-four c-post-title\"><h4 class=\"fusion-title-heading title-heading-left fusion-responsive-typography-calculated\" style=\"margin:0;--fontSize:26;--minFontSize:26;line-height:var(--awb-typography1-line-height);\">Visita al Museo di Auschwitz-Birkenau: come prepararsi?<\/h4><\/div><\/div><\/li>\n<\/ul><\/div><div style=\"text-align:center;\"><a class=\"fusion-button button-flat button-small button-custom fusion-button-default button-5 fusion-button-default-span fusion-button-default-type c-button\" style=\"--button_accent_color:var(--awb-color8);--button_border_color:rgba(255,255,255,0);--button_accent_hover_color:var(--awb-color8);--button_border_hover_color:var(--awb-color8);--button_border_width-top:1px;--button_border_width-right:1px;--button_border_width-bottom:1px;--button_border_width-left:1px;--button_gradient_top_color:rgba(255,255,255,0);--button_gradient_bottom_color:rgba(255,255,255,0);--button_gradient_top_color_hover:rgba(255,255,255,0);--button_gradient_bottom_color_hover:rgba(255,255,255,0);--button_text_transform:uppercase;\" target=\"_self\" data-hover=\"icon_rotate\" title=\"Per saperne di pi\u00f9\" aria-label=\"Per saperne di pi\u00f9\" href=\"https:\/\/noclegioswiecim.eu\/it\/guida\/\"><span class=\"fusion-button-text\">Per saperne di pi\u00f9<\/span><i class=\"fa-plus fas button-icon-right\" aria-hidden=\"true\"><\/i><\/a><\/div><\/div><\/div><\/div><\/div><div class=\"fusion-fullwidth fullwidth-box fusion-builder-row-9 fusion-flex-container has-pattern-background has-mask-background p-home s-beakfasts nonhundred-percent-fullwidth non-hundred-percent-height-scrolling\" style=\"--awb-border-radius-top-left:0px;--awb-border-radius-top-right:0px;--awb-border-radius-bottom-right:0px;--awb-border-radius-bottom-left:0px;--awb-flex-wrap:wrap;\" ><div class=\"fusion-builder-row fusion-row fusion-flex-align-items-flex-start fusion-flex-content-wrap\" style=\"max-width:1352px;margin-left: calc(-4% \/ 2 );margin-right: calc(-4% \/ 2 );\"><div class=\"fusion-layout-column fusion_builder_column fusion-builder-column-22 fusion_builder_column_1_1 1_1 fusion-flex-column c-smaller-text-block\" style=\"--awb-bg-size:cover;--awb-width-large:100%;--awb-margin-top-large:50px;--awb-spacing-right-large:1.92%;--awb-margin-bottom-large:50px;--awb-spacing-left-large:1.92%;--awb-width-medium:100%;--awb-order-medium:0;--awb-spacing-right-medium:1.92%;--awb-spacing-left-medium:1.92%;--awb-width-small:100%;--awb-order-small:0;--awb-spacing-right-small:1.92%;--awb-spacing-left-small:1.92%;\" data-motion-effects=\"[{&quot;type&quot;:&quot;&quot;,&quot;scroll_type&quot;:&quot;transition&quot;,&quot;scroll_direction&quot;:&quot;up&quot;,&quot;transition_speed&quot;:&quot;1&quot;,&quot;fade_type&quot;:&quot;in&quot;,&quot;scale_type&quot;:&quot;up&quot;,&quot;initial_scale&quot;:&quot;1&quot;,&quot;max_scale&quot;:&quot;1.5&quot;,&quot;min_scale&quot;:&quot;0.5&quot;,&quot;initial_rotate&quot;:&quot;0&quot;,&quot;end_rotate&quot;:&quot;30&quot;,&quot;initial_blur&quot;:&quot;0&quot;,&quot;end_blur&quot;:&quot;3&quot;,&quot;start_element&quot;:&quot;top&quot;,&quot;start_viewport&quot;:&quot;bottom&quot;,&quot;end_element&quot;:&quot;bottom&quot;,&quot;end_viewport&quot;:&quot;top&quot;,&quot;mouse_effect&quot;:&quot;track&quot;,&quot;mouse_effect_direction&quot;:&quot;opposite&quot;,&quot;mouse_effect_speed&quot;:&quot;2&quot;,&quot;infinite_animation&quot;:&quot;float&quot;,&quot;infinite_animation_speed&quot;:&quot;2&quot;}]\" data-scroll-devices=\"small-visibility,medium-visibility,large-visibility\"><div class=\"fusion-column-wrapper fusion-column-has-shadow fusion-flex-justify-content-flex-start fusion-content-layout-column\"><div class=\"fusion-title title fusion-title-16 fusion-sep-none fusion-title-center fusion-title-text fusion-title-size-three\" style=\"--awb-font-size:48px;\"><h3 class=\"fusion-title-heading title-heading-center fusion-responsive-typography-calculated\" style=\"margin:0;font-size:1em;--fontSize:48;line-height:1.2;\"><strong>Colazione su richiesta<\/strong><\/h3><\/div><div class=\"fusion-text fusion-text-15\"><p style=\"text-align: center;\">Scopri la nostra offerta per la colazione<\/p>\n<\/div><div class=\"fusion-image-carousel fusion-image-carousel-auto fusion-image-carousel-1 fusion-no-small-visibility fusion-no-medium-visibility\" style=\"margin-left:80px;\"><div class=\"awb-carousel awb-swiper awb-swiper-carousel\" data-autoplay=\"no\" data-columns=\"4\" data-itemmargin=\"13\" data-itemwidth=\"180\" data-touchscroll=\"no\" data-imagesize=\"auto\" style=\"--awb-columns:4;\"><div class=\"swiper-wrapper awb-image-carousel-wrapper fusion-flex-align-items-center\"><div class=\"swiper-slide\"><div class=\"fusion-carousel-item-wrapper\"><div class=\"fusion-image-wrapper hover-type-none\"><img decoding=\"async\" width=\"529\" height=\"459\" src=\"https:\/\/noclegioswiecim.eu\/wp-content\/uploads\/2024\/06\/zestaw-1-no-bg.png\" class=\"attachment-full size-full lazyload\" alt=\"\" srcset=\"data:image\/svg+xml,%3Csvg%20xmlns%3D%27http%3A%2F%2Fwww.w3.org%2F2000%2Fsvg%27%20width%3D%27529%27%20height%3D%27459%27%20viewBox%3D%270%200%20529%20459%27%3E%3Crect%20width%3D%27529%27%20height%3D%27459%27%20fill-opacity%3D%220%22%2F%3E%3C%2Fsvg%3E\" data-orig-src=\"https:\/\/noclegioswiecim.eu\/wp-content\/uploads\/2024\/06\/zestaw-1-no-bg.png\" data-srcset=\"https:\/\/noclegioswiecim.eu\/wp-content\/uploads\/2024\/06\/zestaw-1-no-bg-200x174.png 200w, https:\/\/noclegioswiecim.eu\/wp-content\/uploads\/2024\/06\/zestaw-1-no-bg-400x347.png 400w, https:\/\/noclegioswiecim.eu\/wp-content\/uploads\/2024\/06\/zestaw-1-no-bg.png 529w\" data-sizes=\"auto\" \/><\/div><\/div><\/div><div class=\"swiper-slide\"><div class=\"fusion-carousel-item-wrapper\"><div class=\"fusion-image-wrapper hover-type-none\"><img decoding=\"async\" width=\"529\" height=\"459\" src=\"https:\/\/noclegioswiecim.eu\/wp-content\/uploads\/2024\/06\/zestaw-2-no-bg.png\" class=\"attachment-full size-full lazyload\" alt=\"\" srcset=\"data:image\/svg+xml,%3Csvg%20xmlns%3D%27http%3A%2F%2Fwww.w3.org%2F2000%2Fsvg%27%20width%3D%27529%27%20height%3D%27459%27%20viewBox%3D%270%200%20529%20459%27%3E%3Crect%20width%3D%27529%27%20height%3D%27459%27%20fill-opacity%3D%220%22%2F%3E%3C%2Fsvg%3E\" data-orig-src=\"https:\/\/noclegioswiecim.eu\/wp-content\/uploads\/2024\/06\/zestaw-2-no-bg.png\" data-srcset=\"https:\/\/noclegioswiecim.eu\/wp-content\/uploads\/2024\/06\/zestaw-2-no-bg-200x174.png 200w, https:\/\/noclegioswiecim.eu\/wp-content\/uploads\/2024\/06\/zestaw-2-no-bg-400x347.png 400w, https:\/\/noclegioswiecim.eu\/wp-content\/uploads\/2024\/06\/zestaw-2-no-bg.png 529w\" data-sizes=\"auto\" \/><\/div><\/div><\/div><div class=\"swiper-slide\"><div class=\"fusion-carousel-item-wrapper\"><div class=\"fusion-image-wrapper hover-type-none\"><img decoding=\"async\" width=\"529\" height=\"459\" src=\"https:\/\/noclegioswiecim.eu\/wp-content\/uploads\/2024\/06\/zestaw-3-no-bg.png\" class=\"attachment-full size-full lazyload\" alt=\"\" srcset=\"data:image\/svg+xml,%3Csvg%20xmlns%3D%27http%3A%2F%2Fwww.w3.org%2F2000%2Fsvg%27%20width%3D%27529%27%20height%3D%27459%27%20viewBox%3D%270%200%20529%20459%27%3E%3Crect%20width%3D%27529%27%20height%3D%27459%27%20fill-opacity%3D%220%22%2F%3E%3C%2Fsvg%3E\" data-orig-src=\"https:\/\/noclegioswiecim.eu\/wp-content\/uploads\/2024\/06\/zestaw-3-no-bg.png\" data-srcset=\"https:\/\/noclegioswiecim.eu\/wp-content\/uploads\/2024\/06\/zestaw-3-no-bg-200x174.png 200w, https:\/\/noclegioswiecim.eu\/wp-content\/uploads\/2024\/06\/zestaw-3-no-bg-400x347.png 400w, https:\/\/noclegioswiecim.eu\/wp-content\/uploads\/2024\/06\/zestaw-3-no-bg.png 529w\" data-sizes=\"auto\" \/><\/div><\/div><\/div><div class=\"swiper-slide\"><div class=\"fusion-carousel-item-wrapper\"><div class=\"fusion-image-wrapper hover-type-none\"><img decoding=\"async\" width=\"529\" height=\"459\" src=\"https:\/\/noclegioswiecim.eu\/wp-content\/uploads\/2024\/06\/zestaw-4-no-bg.png\" class=\"attachment-full size-full lazyload\" alt=\"\" srcset=\"data:image\/svg+xml,%3Csvg%20xmlns%3D%27http%3A%2F%2Fwww.w3.org%2F2000%2Fsvg%27%20width%3D%27529%27%20height%3D%27459%27%20viewBox%3D%270%200%20529%20459%27%3E%3Crect%20width%3D%27529%27%20height%3D%27459%27%20fill-opacity%3D%220%22%2F%3E%3C%2Fsvg%3E\" data-orig-src=\"https:\/\/noclegioswiecim.eu\/wp-content\/uploads\/2024\/06\/zestaw-4-no-bg.png\" data-srcset=\"https:\/\/noclegioswiecim.eu\/wp-content\/uploads\/2024\/06\/zestaw-4-no-bg-200x174.png 200w, https:\/\/noclegioswiecim.eu\/wp-content\/uploads\/2024\/06\/zestaw-4-no-bg-400x347.png 400w, https:\/\/noclegioswiecim.eu\/wp-content\/uploads\/2024\/06\/zestaw-4-no-bg.png 529w\" data-sizes=\"auto\" \/><\/div><\/div><\/div><\/div><\/div><\/div><div class=\"fusion-image-carousel fusion-image-carousel-auto fusion-image-carousel-2 fusion-no-large-visibility\"><div class=\"awb-carousel awb-swiper awb-swiper-carousel\" data-autoplay=\"no\" data-columns=\"4\" data-itemmargin=\"13\" data-itemwidth=\"180\" data-touchscroll=\"no\" data-imagesize=\"auto\" style=\"--awb-columns:4;\"><div class=\"swiper-wrapper awb-image-carousel-wrapper fusion-flex-align-items-center\"><div class=\"swiper-slide\"><div class=\"fusion-carousel-item-wrapper\"><div class=\"fusion-image-wrapper hover-type-none\"><img decoding=\"async\" width=\"529\" height=\"459\" src=\"https:\/\/noclegioswiecim.eu\/wp-content\/uploads\/2024\/06\/zestaw-1-no-bg.png\" class=\"attachment-full size-full lazyload\" alt=\"\" srcset=\"data:image\/svg+xml,%3Csvg%20xmlns%3D%27http%3A%2F%2Fwww.w3.org%2F2000%2Fsvg%27%20width%3D%27529%27%20height%3D%27459%27%20viewBox%3D%270%200%20529%20459%27%3E%3Crect%20width%3D%27529%27%20height%3D%27459%27%20fill-opacity%3D%220%22%2F%3E%3C%2Fsvg%3E\" data-orig-src=\"https:\/\/noclegioswiecim.eu\/wp-content\/uploads\/2024\/06\/zestaw-1-no-bg.png\" data-srcset=\"https:\/\/noclegioswiecim.eu\/wp-content\/uploads\/2024\/06\/zestaw-1-no-bg-200x174.png 200w, https:\/\/noclegioswiecim.eu\/wp-content\/uploads\/2024\/06\/zestaw-1-no-bg-400x347.png 400w, https:\/\/noclegioswiecim.eu\/wp-content\/uploads\/2024\/06\/zestaw-1-no-bg.png 529w\" data-sizes=\"auto\" \/><\/div><\/div><\/div><div class=\"swiper-slide\"><div class=\"fusion-carousel-item-wrapper\"><div class=\"fusion-image-wrapper hover-type-none\"><img decoding=\"async\" width=\"529\" height=\"459\" src=\"https:\/\/noclegioswiecim.eu\/wp-content\/uploads\/2024\/06\/zestaw-2-no-bg.png\" class=\"attachment-full size-full lazyload\" alt=\"\" srcset=\"data:image\/svg+xml,%3Csvg%20xmlns%3D%27http%3A%2F%2Fwww.w3.org%2F2000%2Fsvg%27%20width%3D%27529%27%20height%3D%27459%27%20viewBox%3D%270%200%20529%20459%27%3E%3Crect%20width%3D%27529%27%20height%3D%27459%27%20fill-opacity%3D%220%22%2F%3E%3C%2Fsvg%3E\" data-orig-src=\"https:\/\/noclegioswiecim.eu\/wp-content\/uploads\/2024\/06\/zestaw-2-no-bg.png\" data-srcset=\"https:\/\/noclegioswiecim.eu\/wp-content\/uploads\/2024\/06\/zestaw-2-no-bg-200x174.png 200w, https:\/\/noclegioswiecim.eu\/wp-content\/uploads\/2024\/06\/zestaw-2-no-bg-400x347.png 400w, https:\/\/noclegioswiecim.eu\/wp-content\/uploads\/2024\/06\/zestaw-2-no-bg.png 529w\" data-sizes=\"auto\" \/><\/div><\/div><\/div><div class=\"swiper-slide\"><div class=\"fusion-carousel-item-wrapper\"><div class=\"fusion-image-wrapper hover-type-none\"><img decoding=\"async\" width=\"529\" height=\"459\" src=\"https:\/\/noclegioswiecim.eu\/wp-content\/uploads\/2024\/06\/zestaw-3-no-bg.png\" class=\"attachment-full size-full lazyload\" alt=\"\" srcset=\"data:image\/svg+xml,%3Csvg%20xmlns%3D%27http%3A%2F%2Fwww.w3.org%2F2000%2Fsvg%27%20width%3D%27529%27%20height%3D%27459%27%20viewBox%3D%270%200%20529%20459%27%3E%3Crect%20width%3D%27529%27%20height%3D%27459%27%20fill-opacity%3D%220%22%2F%3E%3C%2Fsvg%3E\" data-orig-src=\"https:\/\/noclegioswiecim.eu\/wp-content\/uploads\/2024\/06\/zestaw-3-no-bg.png\" data-srcset=\"https:\/\/noclegioswiecim.eu\/wp-content\/uploads\/2024\/06\/zestaw-3-no-bg-200x174.png 200w, https:\/\/noclegioswiecim.eu\/wp-content\/uploads\/2024\/06\/zestaw-3-no-bg-400x347.png 400w, https:\/\/noclegioswiecim.eu\/wp-content\/uploads\/2024\/06\/zestaw-3-no-bg.png 529w\" data-sizes=\"auto\" \/><\/div><\/div><\/div><div class=\"swiper-slide\"><div class=\"fusion-carousel-item-wrapper\"><div class=\"fusion-image-wrapper hover-type-none\"><img decoding=\"async\" width=\"529\" height=\"459\" src=\"https:\/\/noclegioswiecim.eu\/wp-content\/uploads\/2024\/06\/zestaw-4-no-bg.png\" class=\"attachment-full size-full lazyload\" alt=\"\" srcset=\"data:image\/svg+xml,%3Csvg%20xmlns%3D%27http%3A%2F%2Fwww.w3.org%2F2000%2Fsvg%27%20width%3D%27529%27%20height%3D%27459%27%20viewBox%3D%270%200%20529%20459%27%3E%3Crect%20width%3D%27529%27%20height%3D%27459%27%20fill-opacity%3D%220%22%2F%3E%3C%2Fsvg%3E\" data-orig-src=\"https:\/\/noclegioswiecim.eu\/wp-content\/uploads\/2024\/06\/zestaw-4-no-bg.png\" data-srcset=\"https:\/\/noclegioswiecim.eu\/wp-content\/uploads\/2024\/06\/zestaw-4-no-bg-200x174.png 200w, https:\/\/noclegioswiecim.eu\/wp-content\/uploads\/2024\/06\/zestaw-4-no-bg-400x347.png 400w, https:\/\/noclegioswiecim.eu\/wp-content\/uploads\/2024\/06\/zestaw-4-no-bg.png 529w\" data-sizes=\"auto\" \/><\/div><\/div><\/div><\/div><\/div><\/div><div class=\"fusion-text fusion-text-16\"><p style=\"font-size: 18px; text-align: center;\">Vi invitiamo ad approfittare della nostra offerta di colazione, preparata per un inizio di giornata comodo e gustoso. Al <strong>Comfort Apartments di O\u015bwi\u0119cim<\/strong> ci assicuriamo che ogni nostro ospite possa gustare una deliziosa colazione che gli dar\u00e0 energia per un\u2019intera giornata di avventure e visite turistiche!<\/p>\n<\/div><div style=\"text-align:center;\"><a class=\"fusion-button button-flat button-small button-custom fusion-button-default button-6 fusion-button-default-span fusion-button-default-type c-button\" style=\"--button_accent_color:var(--awb-color8);--button_border_color:rgba(255,255,255,0);--button_accent_hover_color:var(--awb-color8);--button_border_hover_color:var(--awb-color8);--button_border_width-top:1px;--button_border_width-right:1px;--button_border_width-bottom:1px;--button_border_width-left:1px;--button_gradient_top_color:rgba(255,255,255,0);--button_gradient_bottom_color:rgba(255,255,255,0);--button_gradient_top_color_hover:rgba(255,255,255,0);--button_gradient_bottom_color_hover:rgba(255,255,255,0);--button_text_transform:uppercase;\" target=\"_self\" data-hover=\"icon_rotate\" title=\"Visualizza l&amp;#039;offerta\" aria-label=\"Visualizza l&amp;#039;offerta\" href=\"https:\/\/noclegioswiecim.eu\/it\/colazione\/\"><span class=\"fusion-button-text\">Visualizza l\u2019offerta<\/span><i class=\"fa-plus fas button-icon-right\" aria-hidden=\"true\"><\/i><\/a><\/div><\/div><\/div><\/div><\/div>\n<div class=\"fusion-fullwidth fullwidth-box fusion-builder-row-10 fusion-flex-container has-pattern-background has-mask-background r-sg-seo-text nonhundred-percent-fullwidth non-hundred-percent-height-scrolling\" style=\"--awb-border-radius-top-left:0px;--awb-border-radius-top-right:0px;--awb-border-radius-bottom-right:0px;--awb-border-radius-bottom-left:0px;--awb-flex-wrap:wrap;\" ><div class=\"fusion-builder-row fusion-row fusion-flex-align-items-flex-start fusion-flex-content-wrap\" style=\"max-width:1352px;margin-left: calc(-4% \/ 2 );margin-right: calc(-4% \/ 2 );\"><div class=\"fusion-layout-column fusion_builder_column fusion-builder-column-23 fusion_builder_column_1_1 1_1 fusion-flex-column c-smaller-text-block\" style=\"--awb-bg-size:cover;--awb-width-large:100%;--awb-margin-top-large:100px;--awb-spacing-right-large:1.92%;--awb-margin-bottom-large:50px;--awb-spacing-left-large:1.92%;--awb-width-medium:100%;--awb-order-medium:0;--awb-spacing-right-medium:1.92%;--awb-spacing-left-medium:1.92%;--awb-width-small:100%;--awb-order-small:0;--awb-spacing-right-small:1.92%;--awb-spacing-left-small:1.92%;\"><div class=\"fusion-column-wrapper fusion-column-has-shadow fusion-flex-justify-content-flex-start fusion-content-layout-column\"><div class=\"fusion-text fusion-text-17\"><h3 style=\"text-align: center;\"><strong>Appartamenti a Oswiecim &#8211; la base ideale per visitare la regione<\/strong><\/h3>\n<p style=\"text-align: center;\">Benvenuti a O\u015bwi\u0119cim, un luogo ricco di storia, cultura e fascino straordinario. Se state programmando un viaggio in questa pittoresca citt\u00e0, il <strong>Comfort Apartments<\/strong> \u00e8 il posto perfetto per voi! Auschwitz \u00e8 una citt\u00e0 affascinante che attira turisti da tutto il mondo con la sua ricca storia e i numerosi monumenti conservati.<\/p>\n<\/div><div class=\"accordian fusion-accordian\" style=\"--awb-border-size:1px;--awb-icon-size:16px;--awb-content-font-size:18px;--awb-icon-alignment:right;--awb-hover-color:var(--awb-color2);--awb-border-color:var(--awb-color3);--awb-background-color:var(--awb-color1);--awb-divider-color:var(--awb-color3);--awb-divider-hover-color:var(--awb-color3);--awb-icon-color:var(--awb-color8);--awb-title-color:var(--awb-color8);--awb-content-color:var(--awb-color8);--awb-icon-box-color:var(--awb-color8);--awb-toggle-hover-accent-color:var(--awb-color8);--awb-title-font-family:&quot;Josefin Sans&quot;;--awb-title-font-weight:400;--awb-title-font-style:normal;--awb-title-font-size:14px;--awb-title-letter-spacing:var(--awb-typography4-letter-spacing);--awb-title-line-height:var(--awb-typography4-line-height);--awb-content-font-family:&quot;Josefin Sans&quot;;--awb-content-font-style:normal;--awb-content-font-weight:300;\"><div class=\"panel-group fusion-toggle-icon-right fusion-toggle-icon-unboxed\" id=\"accordion-7526-1\"><div class=\"fusion-panel panel-default panel-f1b0f305e2a491b63 fusion-toggle-no-divider\" style=\"--awb-title-color:var(--awb-color8);\"><div class=\"panel-heading\"><h4 class=\"panel-title toggle\" id=\"toggle_f1b0f305e2a491b63\"><a aria-expanded=\"false\" aria-controls=\"f1b0f305e2a491b63\" role=\"button\" data-toggle=\"collapse\" data-parent=\"#accordion-7526-1\" data-target=\"#f1b0f305e2a491b63\" href=\"#f1b0f305e2a491b63\"><span class=\"fusion-toggle-icon-wrapper\" aria-hidden=\"true\"><i class=\"fa-fusion-box active-icon awb-icon-minus\" aria-hidden=\"true\"><\/i><i class=\"fa-fusion-box inactive-icon awb-icon-plus\" aria-hidden=\"true\"><\/i><\/span><span class=\"fusion-toggle-heading\">Per saperne di pi\u00f9<\/span><\/a><\/h4><\/div><div id=\"f1b0f305e2a491b63\" class=\"panel-collapse collapse \" aria-labelledby=\"toggle_f1b0f305e2a491b63\"><div class=\"panel-body toggle-content fusion-clearfix\">\n<h3 style=\"text-align: center;\"><strong>Alloggio Oswiecim &#8211; La base ideale per esplorare la zona<\/strong><\/h3>\n<p style=\"text-align: center;\">Noi di <strong>noclegi O\u015bwi\u0119cim<\/strong> sappiamo che la scelta dell&#8217;alloggio giusto \u00e8 fondamentale per la buona riuscita del viaggio. Il nostro hotel offre una combinazione perfetta di comfort, lusso e una posizione eccellente. Siamo situati nel cuore della citt\u00e0, il che rende facile raggiungere le principali attrazioni di Oswiecim. Abbiamo appartamenti spaziosi e completamente attrezzati: se viaggiate da soli, con la famiglia o con un gruppo di amici, da noi troverete la soluzione perfetta.<\/p>\n<h3 style=\"text-align: center;\"><strong>Scoprite il fascino di O\u015bwi\u0119cim &#8211; una citt\u00e0 ricca di storia<\/strong><\/h3>\n<p style=\"text-align: center;\">Auschwitz \u00e8 un luogo in cui la storia si intreccia con il presente e la visita diventa un&#8217;esperienza unica. Dal Comfort Apartments \u00e8 possibile raggiungere facilmente luoghi come il <strong>Museo di Auschwitz-Birkenau<\/strong>, importante luogo di memoria e di educazione. Inoltre, il pittoresco <strong>Castello di O\u015bwi\u0119cim<\/strong> e l&#8217;affascinante <strong>Citt\u00e0 Vecchia<\/strong> si trovano a pochi minuti a piedi dal nostro hotel. I nostri confortevoli appartamenti consentono di raggiungere facilmente altri luoghi di interesse della regione. \u00c8 possibile visitare facilmente la pittoresca citt\u00e0 di <strong>Zator<\/strong>, che ospita il famoso <strong>parco divertimenti Energylandia<\/strong> e il <strong>parco dei dinosauri Zatorland Moving<\/strong>, entrambi ideali per le famiglie con bambini.<\/p>\n<h3 style=\"text-align: center;\"><strong>Prenotate oggi stesso &#8211; alloggi nel centro citt\u00e0<\/strong><\/h3>\n<p style=\"text-align: center;\">Se state programmando una visita a O\u015bwi\u0119cim, non aspettate oltre e prenotate il vostro soggiorno presso il <strong>Comfort Apartments O\u015bwi\u0119cim<\/strong>, il luogo ideale dove soggiornare. Non solo vi offriremo una sistemazione confortevole, ma potremo anche fornirvi assistenza e informazioni sulle attrazioni della zona.<\/p>\n<\/div><\/div><\/div><\/div><\/div><\/div><\/div><\/div><\/div><div class=\"fusion-fullwidth fullwidth-box fusion-builder-row-11 fusion-flex-container has-pattern-background has-mask-background r-full-size-cta nonhundred-percent-fullwidth non-hundred-percent-height-scrolling fusion-animated\" style=\"--awb-border-radius-top-left:0px;--awb-border-radius-top-right:0px;--awb-border-radius-bottom-right:0px;--awb-border-radius-bottom-left:0px;--awb-background-color:#aa8453;--awb-flex-wrap:wrap;\" data-animationType=\"fadeInUp\" data-animationDuration=\"0.3\" data-animationOffset=\"top-into-view\" ><div class=\"fusion-builder-row fusion-row fusion-flex-align-items-center fusion-flex-justify-content-center fusion-flex-content-wrap\" style=\"max-width:1352px;margin-left: calc(-4% \/ 2 );margin-right: calc(-4% \/ 2 );\"><div class=\"fusion-layout-column fusion_builder_column fusion-builder-column-24 fusion_builder_column_1_2 1_2 fusion-flex-column fusion-flex-align-self-center fusion-no-small-visibility fusion-no-medium-visibility\" style=\"--awb-bg-size:cover;--awb-width-large:50%;--awb-margin-top-large:10px;--awb-spacing-right-large:3.84%;--awb-margin-bottom-large:0px;--awb-spacing-left-large:3.84%;--awb-width-medium:50%;--awb-order-medium:0;--awb-spacing-right-medium:3.84%;--awb-spacing-left-medium:3.84%;--awb-width-small:100%;--awb-order-small:0;--awb-spacing-right-small:1.92%;--awb-spacing-left-small:1.92%;\" data-motion-effects=\"[{&quot;type&quot;:&quot;&quot;,&quot;scroll_type&quot;:&quot;transition&quot;,&quot;scroll_direction&quot;:&quot;up&quot;,&quot;transition_speed&quot;:&quot;1&quot;,&quot;fade_type&quot;:&quot;in&quot;,&quot;scale_type&quot;:&quot;up&quot;,&quot;initial_scale&quot;:&quot;1&quot;,&quot;max_scale&quot;:&quot;1.5&quot;,&quot;min_scale&quot;:&quot;0.5&quot;,&quot;initial_rotate&quot;:&quot;0&quot;,&quot;end_rotate&quot;:&quot;30&quot;,&quot;initial_blur&quot;:&quot;0&quot;,&quot;end_blur&quot;:&quot;3&quot;,&quot;start_element&quot;:&quot;top&quot;,&quot;start_viewport&quot;:&quot;bottom&quot;,&quot;end_element&quot;:&quot;bottom&quot;,&quot;end_viewport&quot;:&quot;top&quot;,&quot;mouse_effect&quot;:&quot;track&quot;,&quot;mouse_effect_direction&quot;:&quot;opposite&quot;,&quot;mouse_effect_speed&quot;:&quot;2&quot;,&quot;infinite_animation&quot;:&quot;float&quot;,&quot;infinite_animation_speed&quot;:&quot;2&quot;}]\" data-scroll-devices=\"small-visibility,medium-visibility,large-visibility\"><div class=\"fusion-column-wrapper fusion-column-has-shadow fusion-flex-justify-content-center fusion-content-layout-row\"><div class=\"fusion-text fusion-text-18 fusion-text-no-margin\" style=\"--awb-font-size:40px;--awb-text-color:var(--awb-color2);--awb-margin-top:5px;--awb-margin-bottom:0px;\"><h3><span style=\"color: #ffffff;\">Zarezerwuj ju\u017c teraz<\/span><br \/>\n<span style=\"color: #ffffff;\"><strong>komfortowy apartament<\/strong><\/span><\/h3>\n<\/div><\/div><\/div><div class=\"fusion-layout-column fusion_builder_column fusion-builder-column-25 fusion_builder_column_1_2 1_2 fusion-flex-column r-cta-section fusion-no-small-visibility fusion-no-medium-visibility\" style=\"--awb-bg-size:cover;--awb-width-large:50%;--awb-margin-top-large:0px;--awb-spacing-right-large:3.84%;--awb-margin-bottom-large:0px;--awb-spacing-left-large:3.84%;--awb-width-medium:50%;--awb-order-medium:0;--awb-spacing-right-medium:3.84%;--awb-spacing-left-medium:3.84%;--awb-width-small:100%;--awb-order-small:0;--awb-spacing-right-small:1.92%;--awb-spacing-left-small:1.92%;\" data-motion-effects=\"[{&quot;type&quot;:&quot;&quot;,&quot;scroll_type&quot;:&quot;transition&quot;,&quot;scroll_direction&quot;:&quot;up&quot;,&quot;transition_speed&quot;:&quot;1&quot;,&quot;fade_type&quot;:&quot;in&quot;,&quot;scale_type&quot;:&quot;up&quot;,&quot;initial_scale&quot;:&quot;1&quot;,&quot;max_scale&quot;:&quot;1.5&quot;,&quot;min_scale&quot;:&quot;0.5&quot;,&quot;initial_rotate&quot;:&quot;0&quot;,&quot;end_rotate&quot;:&quot;30&quot;,&quot;initial_blur&quot;:&quot;0&quot;,&quot;end_blur&quot;:&quot;3&quot;,&quot;start_element&quot;:&quot;top&quot;,&quot;start_viewport&quot;:&quot;bottom&quot;,&quot;end_element&quot;:&quot;bottom&quot;,&quot;end_viewport&quot;:&quot;top&quot;,&quot;mouse_effect&quot;:&quot;track&quot;,&quot;mouse_effect_direction&quot;:&quot;opposite&quot;,&quot;mouse_effect_speed&quot;:&quot;2&quot;,&quot;infinite_animation&quot;:&quot;float&quot;,&quot;infinite_animation_speed&quot;:&quot;2&quot;}]\" data-scroll-devices=\"small-visibility,medium-visibility,large-visibility\"><div class=\"fusion-column-wrapper fusion-column-has-shadow fusion-flex-justify-content-flex-end fusion-content-layout-row fusion-flex-align-items-center\"><div ><a class=\"fusion-button button-flat fusion-button-default-size button-custom fusion-button-default button-7 fusion-button-default-span fusion-button-default-type c-menu-button\" style=\"--button_accent_color:var(--awb-color8);--button_border_color:#ffffff;--button_accent_hover_color:var(--awb-color1);--button_border_hover_color:#000000;--button_gradient_top_color:var(--awb-color1);--button_gradient_bottom_color:var(--awb-color1);--button_gradient_top_color_hover:var(--awb-color8);--button_gradient_bottom_color_hover:var(--awb-color8);--button_padding-bottom:9px;--button_margin-right:10px;--button_margin-left:10px;\" target=\"_self\" href=\"https:\/\/noclegioswiecim.eu\/it\/prenotazione\/\"><span class=\"fusion-button-text\">REZERWACJA<\/span><\/a><\/div><div ><a class=\"fusion-button button-flat fusion-button-default-size button-custom fusion-button-default button-8 fusion-button-default-span fusion-button-default-type c-menu-button\" style=\"--button_accent_color:var(--awb-color8);--button_border_color:#ffffff;--button_accent_hover_color:var(--awb-color1);--button_border_hover_color:#000000;--button_gradient_top_color:var(--awb-color1);--button_gradient_bottom_color:var(--awb-color1);--button_gradient_top_color_hover:var(--awb-color8);--button_gradient_bottom_color_hover:var(--awb-color8);--button_padding-bottom:9px;--button_margin-right:20px;\" target=\"_self\" href=\"tel:+48692362855\"><span class=\"fusion-button-text\">692 362 855<\/span><\/a><\/div><\/div><\/div><div class=\"fusion-layout-column fusion_builder_column fusion-builder-column-26 fusion_builder_column_1_1 1_1 fusion-flex-column fusion-flex-align-self-center fusion-no-large-visibility\" style=\"--awb-bg-size:cover;--awb-width-large:100%;--awb-margin-top-large:10px;--awb-spacing-right-large:1.92%;--awb-margin-bottom-large:0px;--awb-spacing-left-large:1.92%;--awb-width-medium:100%;--awb-order-medium:0;--awb-spacing-right-medium:1.92%;--awb-spacing-left-medium:1.92%;--awb-width-small:100%;--awb-order-small:0;--awb-spacing-right-small:1.92%;--awb-spacing-left-small:1.92%;\" data-motion-effects=\"[{&quot;type&quot;:&quot;&quot;,&quot;scroll_type&quot;:&quot;transition&quot;,&quot;scroll_direction&quot;:&quot;up&quot;,&quot;transition_speed&quot;:&quot;1&quot;,&quot;fade_type&quot;:&quot;in&quot;,&quot;scale_type&quot;:&quot;up&quot;,&quot;initial_scale&quot;:&quot;1&quot;,&quot;max_scale&quot;:&quot;1.5&quot;,&quot;min_scale&quot;:&quot;0.5&quot;,&quot;initial_rotate&quot;:&quot;0&quot;,&quot;end_rotate&quot;:&quot;30&quot;,&quot;initial_blur&quot;:&quot;0&quot;,&quot;end_blur&quot;:&quot;3&quot;,&quot;start_element&quot;:&quot;top&quot;,&quot;start_viewport&quot;:&quot;bottom&quot;,&quot;end_element&quot;:&quot;bottom&quot;,&quot;end_viewport&quot;:&quot;top&quot;,&quot;mouse_effect&quot;:&quot;track&quot;,&quot;mouse_effect_direction&quot;:&quot;opposite&quot;,&quot;mouse_effect_speed&quot;:&quot;2&quot;,&quot;infinite_animation&quot;:&quot;float&quot;,&quot;infinite_animation_speed&quot;:&quot;2&quot;}]\" data-scroll-devices=\"small-visibility,medium-visibility,large-visibility\"><div class=\"fusion-column-wrapper fusion-column-has-shadow fusion-flex-justify-content-center fusion-content-layout-row\"><div class=\"fusion-text fusion-text-19 fusion-text-no-margin\" style=\"--awb-content-alignment:center;--awb-font-size:40px;--awb-text-color:var(--awb-color2);--awb-margin-top:5px;--awb-margin-bottom:0px;\"><h3><span style=\"color: #ffffff;\">Zarezerwuj ju\u017c teraz<br \/>\n<\/span><span style=\"color: #ffffff;\"><strong>komfortowy apartament<\/strong><\/span><\/h3>\n<\/div><\/div><\/div><div class=\"fusion-layout-column fusion_builder_column fusion-builder-column-27 fusion_builder_column_1_1 1_1 fusion-flex-column fusion-flex-align-self-stretch fusion-no-small-visibility fusion-no-large-visibility\" style=\"--awb-bg-size:cover;--awb-width-large:100%;--awb-margin-top-large:0px;--awb-spacing-right-large:1.92%;--awb-margin-bottom-large:20px;--awb-spacing-left-large:1.92%;--awb-width-medium:100%;--awb-order-medium:0;--awb-spacing-right-medium:1.92%;--awb-spacing-left-medium:1.92%;--awb-width-small:100%;--awb-order-small:0;--awb-spacing-right-small:1.92%;--awb-margin-bottom-small:10px;--awb-spacing-left-small:1.92%;\" data-motion-effects=\"[{&quot;type&quot;:&quot;&quot;,&quot;scroll_type&quot;:&quot;transition&quot;,&quot;scroll_direction&quot;:&quot;up&quot;,&quot;transition_speed&quot;:&quot;1&quot;,&quot;fade_type&quot;:&quot;in&quot;,&quot;scale_type&quot;:&quot;up&quot;,&quot;initial_scale&quot;:&quot;1&quot;,&quot;max_scale&quot;:&quot;1.5&quot;,&quot;min_scale&quot;:&quot;0.5&quot;,&quot;initial_rotate&quot;:&quot;0&quot;,&quot;end_rotate&quot;:&quot;30&quot;,&quot;initial_blur&quot;:&quot;0&quot;,&quot;end_blur&quot;:&quot;3&quot;,&quot;start_element&quot;:&quot;top&quot;,&quot;start_viewport&quot;:&quot;bottom&quot;,&quot;end_element&quot;:&quot;bottom&quot;,&quot;end_viewport&quot;:&quot;top&quot;,&quot;mouse_effect&quot;:&quot;track&quot;,&quot;mouse_effect_direction&quot;:&quot;opposite&quot;,&quot;mouse_effect_speed&quot;:&quot;2&quot;,&quot;infinite_animation&quot;:&quot;float&quot;,&quot;infinite_animation_speed&quot;:&quot;2&quot;}]\" data-scroll-devices=\"small-visibility,medium-visibility,large-visibility\"><div class=\"fusion-column-wrapper fusion-column-has-shadow fusion-flex-justify-content-space-evenly fusion-content-layout-row\"><div ><a class=\"fusion-button button-flat fusion-button-default-size button-custom fusion-button-default button-9 fusion-button-span-no fusion-button-default-type c-menu-button\" style=\"--button_accent_color:var(--awb-color8);--button_border_color:var(--awb-color1);--button_accent_hover_color:var(--awb-color1);--button_border_hover_color:#000000;--button_gradient_top_color:var(--awb-color1);--button_gradient_bottom_color:var(--awb-color1);--button_gradient_top_color_hover:var(--awb-color8);--button_gradient_bottom_color_hover:var(--awb-color8);--button_padding-bottom:9px;--button_margin-bottom:10px;\" target=\"_self\" href=\"https:\/\/noclegioswiecim.eu\/it\/prenotazione\/\"><span class=\"fusion-button-text\">REZERWACJA<\/span><\/a><\/div><div ><a class=\"fusion-button button-flat fusion-button-default-size button-custom fusion-button-default button-10 fusion-button-span-no fusion-button-default-type c-menu-button\" style=\"--button_accent_color:var(--awb-color8);--button_border_color:var(--awb-color1);--button_accent_hover_color:var(--awb-color1);--button_border_hover_color:#000000;--button_gradient_top_color:var(--awb-color1);--button_gradient_bottom_color:var(--awb-color1);--button_gradient_top_color_hover:var(--awb-color8);--button_gradient_bottom_color_hover:var(--awb-color8);--button_padding-bottom:9px;\" target=\"_self\" href=\"tel:+48692362855\"><span class=\"fusion-button-text\">692 362 855<\/span><\/a><\/div><\/div><\/div><div class=\"fusion-layout-column fusion_builder_column fusion-builder-column-28 fusion_builder_column_1_1 1_1 fusion-flex-column fusion-flex-align-self-stretch fusion-no-medium-visibility fusion-no-large-visibility\" style=\"--awb-bg-size:cover;--awb-width-large:100%;--awb-margin-top-large:0px;--awb-spacing-right-large:1.92%;--awb-margin-bottom-large:20px;--awb-spacing-left-large:1.92%;--awb-width-medium:100%;--awb-order-medium:0;--awb-spacing-right-medium:1.92%;--awb-spacing-left-medium:1.92%;--awb-width-small:100%;--awb-order-small:0;--awb-spacing-right-small:1.92%;--awb-margin-bottom-small:10px;--awb-spacing-left-small:1.92%;\" data-motion-effects=\"[{&quot;type&quot;:&quot;&quot;,&quot;scroll_type&quot;:&quot;transition&quot;,&quot;scroll_direction&quot;:&quot;up&quot;,&quot;transition_speed&quot;:&quot;1&quot;,&quot;fade_type&quot;:&quot;in&quot;,&quot;scale_type&quot;:&quot;up&quot;,&quot;initial_scale&quot;:&quot;1&quot;,&quot;max_scale&quot;:&quot;1.5&quot;,&quot;min_scale&quot;:&quot;0.5&quot;,&quot;initial_rotate&quot;:&quot;0&quot;,&quot;end_rotate&quot;:&quot;30&quot;,&quot;initial_blur&quot;:&quot;0&quot;,&quot;end_blur&quot;:&quot;3&quot;,&quot;start_element&quot;:&quot;top&quot;,&quot;start_viewport&quot;:&quot;bottom&quot;,&quot;end_element&quot;:&quot;bottom&quot;,&quot;end_viewport&quot;:&quot;top&quot;,&quot;mouse_effect&quot;:&quot;track&quot;,&quot;mouse_effect_direction&quot;:&quot;opposite&quot;,&quot;mouse_effect_speed&quot;:&quot;2&quot;,&quot;infinite_animation&quot;:&quot;float&quot;,&quot;infinite_animation_speed&quot;:&quot;2&quot;}]\" data-scroll-devices=\"small-visibility,medium-visibility,large-visibility\"><div class=\"fusion-column-wrapper fusion-column-has-shadow fusion-flex-justify-content-space-evenly fusion-content-layout-row\"><div ><a class=\"fusion-button button-flat button-medium button-custom fusion-button-default button-11 fusion-button-span-no fusion-button-default-type c-menu-button\" style=\"--button_accent_color:var(--awb-color8);--button_border_color:var(--awb-color1);--button_accent_hover_color:var(--awb-color1);--button_border_hover_color:#000000;--button_gradient_top_color:var(--awb-color1);--button_gradient_bottom_color:var(--awb-color1);--button_gradient_top_color_hover:var(--awb-color8);--button_gradient_bottom_color_hover:var(--awb-color8);--button_margin-bottom:10px;\" target=\"_self\" href=\"https:\/\/noclegioswiecim.eu\/it\/prenotazione\/\"><span class=\"fusion-button-text\">REZERWACJA<\/span><\/a><\/div><div ><a class=\"fusion-button button-flat button-medium button-custom fusion-button-default button-12 fusion-button-span-no fusion-button-default-type c-menu-button\" style=\"--button_accent_color:var(--awb-color8);--button_border_color:var(--awb-color1);--button_accent_hover_color:var(--awb-color1);--button_border_hover_color:#000000;--button_gradient_top_color:var(--awb-color1);--button_gradient_bottom_color:var(--awb-color1);--button_gradient_top_color_hover:var(--awb-color8);--button_gradient_bottom_color_hover:var(--awb-color8);\" target=\"_self\" href=\"tel:+48692362855\"><span class=\"fusion-button-text\">692 362 855<\/span><\/a><\/div><\/div><\/div><\/div><\/div>\n<\/p>\n","protected":false},"excerpt":{"rendered":"","protected":false},"author":1,"featured_media":0,"parent":0,"menu_order":0,"comment_status":"closed","ping_status":"open","template":"100-width.php","meta":{"footnotes":""},"class_list":["post-3662","page","type-page","status-publish","hentry"],"yoast_head":"<!-- This site is optimized with the Yoast SEO plugin v27.5 - https:\/\/yoast.com\/product\/yoast-seo-wordpress\/ -->\n<title>Appartamenti Comfort - alloggio O\u015bwi\u0119cim \/ Prenotazione O\u015bwi\u0119cim<\/title>\n<meta name=\"description\" content=\"Situato a soli 2 km dalla piazza principale, \u00e8 il luogo ideale per il vostro pernottamento. Scoprite i confortevoli appartamenti con balcone e splendida vista sui dintorni e gli accoglienti appartamenti con terrazza, che vi invitano a rilassarvi immersi nella natura.\" \/>\n<meta name=\"robots\" content=\"index, follow, max-snippet:-1, max-image-preview:large, max-video-preview:-1\" \/>\n<link rel=\"canonical\" href=\"https:\/\/noclegioswiecim.eu\/it\/\" \/>\n<meta property=\"og:locale\" content=\"it_IT\" \/>\n<meta property=\"og:type\" content=\"article\" \/>\n<meta property=\"og:title\" content=\"Appartamenti Comfort - alloggio O\u015bwi\u0119cim \/ Prenotazione O\u015bwi\u0119cim\" \/>\n<meta property=\"og:description\" content=\"Situato a soli 2 km dalla piazza principale, \u00e8 il luogo ideale per il vostro pernottamento. Scoprite i confortevoli appartamenti con balcone e splendida vista sui dintorni e gli accoglienti appartamenti con terrazza, che vi invitano a rilassarvi immersi nella natura.\" \/>\n<meta property=\"og:url\" content=\"https:\/\/noclegioswiecim.eu\/it\/\" \/>\n<meta property=\"og:site_name\" content=\"Comfort Apartments\" \/>\n<meta property=\"article:publisher\" content=\"https:\/\/www.facebook.com\/oswiecimapartments\/\" \/>\n<meta property=\"article:modified_time\" content=\"2026-04-14T07:36:25+00:00\" \/>\n<meta property=\"og:image\" content=\"https:\/\/noclegioswiecim.eu\/wp-content\/uploads\/2023\/02\/icon_03.png\" \/>\n\t<meta property=\"og:image:width\" content=\"37\" \/>\n\t<meta property=\"og:image:height\" content=\"38\" \/>\n\t<meta property=\"og:image:type\" content=\"image\/png\" \/>\n<meta name=\"twitter:card\" content=\"summary_large_image\" \/>\n<meta name=\"twitter:label1\" content=\"Tempo di lettura stimato\" \/>\n\t<meta name=\"twitter:data1\" content=\"15 minuti\" \/>\n<script type=\"application\/ld+json\" class=\"yoast-schema-graph\">{\"@context\":\"https:\\\/\\\/schema.org\",\"@graph\":[{\"@type\":\"WebPage\",\"@id\":\"https:\\\/\\\/noclegioswiecim.eu\\\/it\\\/\",\"url\":\"https:\\\/\\\/noclegioswiecim.eu\\\/it\\\/\",\"name\":\"Appartamenti Comfort - alloggio O\u015bwi\u0119cim \\\/ Prenotazione O\u015bwi\u0119cim\",\"isPartOf\":{\"@id\":\"https:\\\/\\\/noclegioswiecim.eu\\\/#website\"},\"primaryImageOfPage\":{\"@id\":\"https:\\\/\\\/noclegioswiecim.eu\\\/it\\\/#primaryimage\"},\"image\":{\"@id\":\"https:\\\/\\\/noclegioswiecim.eu\\\/it\\\/#primaryimage\"},\"thumbnailUrl\":\"https:\\\/\\\/noclegioswiecim.eu\\\/wp-content\\\/uploads\\\/2023\\\/02\\\/icon_03.png\",\"datePublished\":\"2023-01-23T22:45:43+00:00\",\"dateModified\":\"2026-04-14T07:36:25+00:00\",\"description\":\"Situato a soli 2 km dalla piazza principale, \u00e8 il luogo ideale per il vostro pernottamento. Scoprite i confortevoli appartamenti con balcone e splendida vista sui dintorni e gli accoglienti appartamenti con terrazza, che vi invitano a rilassarvi immersi nella natura.\",\"breadcrumb\":{\"@id\":\"https:\\\/\\\/noclegioswiecim.eu\\\/it\\\/#breadcrumb\"},\"inLanguage\":\"it-IT\",\"potentialAction\":[{\"@type\":\"ReadAction\",\"target\":[\"https:\\\/\\\/noclegioswiecim.eu\\\/it\\\/\"]}]},{\"@type\":\"ImageObject\",\"inLanguage\":\"it-IT\",\"@id\":\"https:\\\/\\\/noclegioswiecim.eu\\\/it\\\/#primaryimage\",\"url\":\"https:\\\/\\\/noclegioswiecim.eu\\\/wp-content\\\/uploads\\\/2023\\\/02\\\/icon_03.png\",\"contentUrl\":\"https:\\\/\\\/noclegioswiecim.eu\\\/wp-content\\\/uploads\\\/2023\\\/02\\\/icon_03.png\"},{\"@type\":\"BreadcrumbList\",\"@id\":\"https:\\\/\\\/noclegioswiecim.eu\\\/it\\\/#breadcrumb\",\"itemListElement\":[{\"@type\":\"ListItem\",\"position\":1,\"name\":\"Strona g\u0142\u00f3wna\",\"item\":\"https:\\\/\\\/noclegioswiecim.eu\\\/it\\\/\"},{\"@type\":\"ListItem\",\"position\":2,\"name\":\"Appartamenti Comfort\"}]},{\"@type\":\"WebSite\",\"@id\":\"https:\\\/\\\/noclegioswiecim.eu\\\/#website\",\"url\":\"https:\\\/\\\/noclegioswiecim.eu\\\/\",\"name\":\"Comfort Apartments\",\"description\":\"Noclegi O\u015bwi\u0119cim \\\/ Booking O\u015bwi\u0119cim\",\"publisher\":{\"@id\":\"https:\\\/\\\/noclegioswiecim.eu\\\/#organization\"},\"potentialAction\":[{\"@type\":\"SearchAction\",\"target\":{\"@type\":\"EntryPoint\",\"urlTemplate\":\"https:\\\/\\\/noclegioswiecim.eu\\\/?s={search_term_string}\"},\"query-input\":{\"@type\":\"PropertyValueSpecification\",\"valueRequired\":true,\"valueName\":\"search_term_string\"}}],\"inLanguage\":\"it-IT\"},{\"@type\":\"Organization\",\"@id\":\"https:\\\/\\\/noclegioswiecim.eu\\\/#organization\",\"name\":\"Comfort Apartments\",\"url\":\"https:\\\/\\\/noclegioswiecim.eu\\\/\",\"logo\":{\"@type\":\"ImageObject\",\"inLanguage\":\"it-IT\",\"@id\":\"https:\\\/\\\/noclegioswiecim.eu\\\/#\\\/schema\\\/logo\\\/image\\\/\",\"url\":\"https:\\\/\\\/noclegioswiecim.eu\\\/wp-content\\\/uploads\\\/2023\\\/02\\\/favicona.png\",\"contentUrl\":\"https:\\\/\\\/noclegioswiecim.eu\\\/wp-content\\\/uploads\\\/2023\\\/02\\\/favicona.png\",\"width\":200,\"height\":200,\"caption\":\"Comfort Apartments\"},\"image\":{\"@id\":\"https:\\\/\\\/noclegioswiecim.eu\\\/#\\\/schema\\\/logo\\\/image\\\/\"},\"sameAs\":[\"https:\\\/\\\/www.facebook.com\\\/oswiecimapartments\\\/\",\"https:\\\/\\\/goo.gl\\\/maps\\\/H9x6rxoZWfK3ad1j6\",\"https:\\\/\\\/www.instagram.com\\\/oswiecimapartments\\\/\"]}]}<\/script>\n<!-- \/ Yoast SEO plugin. -->","yoast_head_json":{"title":"Appartamenti Comfort - alloggio O\u015bwi\u0119cim \/ Prenotazione O\u015bwi\u0119cim","description":"Situato a soli 2 km dalla piazza principale, \u00e8 il luogo ideale per il vostro pernottamento. Scoprite i confortevoli appartamenti con balcone e splendida vista sui dintorni e gli accoglienti appartamenti con terrazza, che vi invitano a rilassarvi immersi nella natura.","robots":{"index":"index","follow":"follow","max-snippet":"max-snippet:-1","max-image-preview":"max-image-preview:large","max-video-preview":"max-video-preview:-1"},"canonical":"https:\/\/noclegioswiecim.eu\/it\/","og_locale":"it_IT","og_type":"article","og_title":"Appartamenti Comfort - alloggio O\u015bwi\u0119cim \/ Prenotazione O\u015bwi\u0119cim","og_description":"Situato a soli 2 km dalla piazza principale, \u00e8 il luogo ideale per il vostro pernottamento. Scoprite i confortevoli appartamenti con balcone e splendida vista sui dintorni e gli accoglienti appartamenti con terrazza, che vi invitano a rilassarvi immersi nella natura.","og_url":"https:\/\/noclegioswiecim.eu\/it\/","og_site_name":"Comfort Apartments","article_publisher":"https:\/\/www.facebook.com\/oswiecimapartments\/","article_modified_time":"2026-04-14T07:36:25+00:00","og_image":[{"width":37,"height":38,"url":"https:\/\/noclegioswiecim.eu\/wp-content\/uploads\/2023\/02\/icon_03.png","type":"image\/png"}],"twitter_card":"summary_large_image","twitter_misc":{"Tempo di lettura stimato":"15 minuti"},"schema":{"@context":"https:\/\/schema.org","@graph":[{"@type":"WebPage","@id":"https:\/\/noclegioswiecim.eu\/it\/","url":"https:\/\/noclegioswiecim.eu\/it\/","name":"Appartamenti Comfort - alloggio O\u015bwi\u0119cim \/ Prenotazione O\u015bwi\u0119cim","isPartOf":{"@id":"https:\/\/noclegioswiecim.eu\/#website"},"primaryImageOfPage":{"@id":"https:\/\/noclegioswiecim.eu\/it\/#primaryimage"},"image":{"@id":"https:\/\/noclegioswiecim.eu\/it\/#primaryimage"},"thumbnailUrl":"https:\/\/noclegioswiecim.eu\/wp-content\/uploads\/2023\/02\/icon_03.png","datePublished":"2023-01-23T22:45:43+00:00","dateModified":"2026-04-14T07:36:25+00:00","description":"Situato a soli 2 km dalla piazza principale, \u00e8 il luogo ideale per il vostro pernottamento. Scoprite i confortevoli appartamenti con balcone e splendida vista sui dintorni e gli accoglienti appartamenti con terrazza, che vi invitano a rilassarvi immersi nella natura.","breadcrumb":{"@id":"https:\/\/noclegioswiecim.eu\/it\/#breadcrumb"},"inLanguage":"it-IT","potentialAction":[{"@type":"ReadAction","target":["https:\/\/noclegioswiecim.eu\/it\/"]}]},{"@type":"ImageObject","inLanguage":"it-IT","@id":"https:\/\/noclegioswiecim.eu\/it\/#primaryimage","url":"https:\/\/noclegioswiecim.eu\/wp-content\/uploads\/2023\/02\/icon_03.png","contentUrl":"https:\/\/noclegioswiecim.eu\/wp-content\/uploads\/2023\/02\/icon_03.png"},{"@type":"BreadcrumbList","@id":"https:\/\/noclegioswiecim.eu\/it\/#breadcrumb","itemListElement":[{"@type":"ListItem","position":1,"name":"Strona g\u0142\u00f3wna","item":"https:\/\/noclegioswiecim.eu\/it\/"},{"@type":"ListItem","position":2,"name":"Appartamenti Comfort"}]},{"@type":"WebSite","@id":"https:\/\/noclegioswiecim.eu\/#website","url":"https:\/\/noclegioswiecim.eu\/","name":"Comfort Apartments","description":"Noclegi O\u015bwi\u0119cim \/ Booking O\u015bwi\u0119cim","publisher":{"@id":"https:\/\/noclegioswiecim.eu\/#organization"},"potentialAction":[{"@type":"SearchAction","target":{"@type":"EntryPoint","urlTemplate":"https:\/\/noclegioswiecim.eu\/?s={search_term_string}"},"query-input":{"@type":"PropertyValueSpecification","valueRequired":true,"valueName":"search_term_string"}}],"inLanguage":"it-IT"},{"@type":"Organization","@id":"https:\/\/noclegioswiecim.eu\/#organization","name":"Comfort Apartments","url":"https:\/\/noclegioswiecim.eu\/","logo":{"@type":"ImageObject","inLanguage":"it-IT","@id":"https:\/\/noclegioswiecim.eu\/#\/schema\/logo\/image\/","url":"https:\/\/noclegioswiecim.eu\/wp-content\/uploads\/2023\/02\/favicona.png","contentUrl":"https:\/\/noclegioswiecim.eu\/wp-content\/uploads\/2023\/02\/favicona.png","width":200,"height":200,"caption":"Comfort Apartments"},"image":{"@id":"https:\/\/noclegioswiecim.eu\/#\/schema\/logo\/image\/"},"sameAs":["https:\/\/www.facebook.com\/oswiecimapartments\/","https:\/\/goo.gl\/maps\/H9x6rxoZWfK3ad1j6","https:\/\/www.instagram.com\/oswiecimapartments\/"]}]}},"_links":{"self":[{"href":"https:\/\/noclegioswiecim.eu\/it\/wp-json\/wp\/v2\/pages\/3662","targetHints":{"allow":["GET"]}}],"collection":[{"href":"https:\/\/noclegioswiecim.eu\/it\/wp-json\/wp\/v2\/pages"}],"about":[{"href":"https:\/\/noclegioswiecim.eu\/it\/wp-json\/wp\/v2\/types\/page"}],"author":[{"embeddable":true,"href":"https:\/\/noclegioswiecim.eu\/it\/wp-json\/wp\/v2\/users\/1"}],"replies":[{"embeddable":true,"href":"https:\/\/noclegioswiecim.eu\/it\/wp-json\/wp\/v2\/comments?post=3662"}],"version-history":[{"count":32,"href":"https:\/\/noclegioswiecim.eu\/it\/wp-json\/wp\/v2\/pages\/3662\/revisions"}],"predecessor-version":[{"id":9989,"href":"https:\/\/noclegioswiecim.eu\/it\/wp-json\/wp\/v2\/pages\/3662\/revisions\/9989"}],"wp:attachment":[{"href":"https:\/\/noclegioswiecim.eu\/it\/wp-json\/wp\/v2\/media?parent=3662"}],"curies":[{"name":"wp","href":"https:\/\/api.w.org\/{rel}","templated":true}]}}