{"id":3638,"date":"2023-01-24T00:12:54","date_gmt":"2023-01-23T23:12:54","guid":{"rendered":"https:\/\/noclegioswiecim.eu\/appartamenti\/"},"modified":"2025-12-10T09:14:07","modified_gmt":"2025-12-10T08:14:07","slug":"appartamenti","status":"publish","type":"page","link":"https:\/\/noclegioswiecim.eu\/it\/appartamenti\/","title":{"rendered":"Appartamenti"},"content":{"rendered":"<p><div id=\"terrace\" class=\"fusion-container-anchor\"><div class=\"fusion-fullwidth fullwidth-box fusion-builder-row-1 fusion-flex-container has-pattern-background has-mask-background r-apartaments nonhundred-percent-fullwidth non-hundred-percent-height-scrolling\" style=\"--awb-border-radius-top-left:0px;--awb-border-radius-top-right:0px;--awb-border-radius-bottom-right:0px;--awb-border-radius-bottom-left:0px;--awb-margin-bottom:100px;--awb-margin-bottom-small:50px;--awb-flex-wrap:wrap;\" ><div class=\"fusion-builder-row fusion-row fusion-flex-align-items-flex-start fusion-flex-content-wrap\" style=\"max-width:1352px;margin-left: calc(-4% \/ 2 );margin-right: calc(-4% \/ 2 );\"><div class=\"fusion-layout-column fusion_builder_column fusion-builder-column-0 fusion_builder_column_1_2 1_2 fusion-flex-column col-room col-room1\" style=\"--awb-bg-size:cover;--awb-width-large:50%;--awb-margin-top-large:0px;--awb-spacing-right-large:3.84%;--awb-margin-bottom-large:20px;--awb-spacing-left-large:3.84%;--awb-width-medium:50%;--awb-order-medium:0;--awb-spacing-right-medium:3.84%;--awb-spacing-left-medium:3.84%;--awb-width-small:100%;--awb-order-small:0;--awb-spacing-right-small:1.92%;--awb-spacing-left-small:1.92%;\"><div class=\"fusion-column-wrapper fusion-column-has-shadow fusion-flex-justify-content-flex-start fusion-content-layout-column\"><div class=\"fusion-image-element \" style=\"--awb-caption-title-font-family:var(--h2_typography-font-family);--awb-caption-title-font-weight:var(--h2_typography-font-weight);--awb-caption-title-font-style:var(--h2_typography-font-style);--awb-caption-title-size:var(--h2_typography-font-size);--awb-caption-title-transform:var(--h2_typography-text-transform);--awb-caption-title-line-height:var(--h2_typography-line-height);--awb-caption-title-letter-spacing:var(--h2_typography-letter-spacing);\"><span class=\" fusion-imageframe imageframe-none imageframe-1 hover-type-none c-image\"><a class=\"fusion-no-lightbox\" href=\"https:\/\/noclegioswiecim.eu\/it\/appartamenti\/appartamento-10g\/\" target=\"_self\" aria-label=\"Comfort-Apartments-Oswiecim\"><img decoding=\"async\" width=\"1024\" height=\"683\" alt=\"Comfort-Apartments-Oswiecim\" src=\"https:\/\/noclegioswiecim.eu\/wp-content\/uploads\/2023\/07\/CA-2-51-scaled.jpg\" data-orig-src=\"https:\/\/noclegioswiecim.eu\/wp-content\/uploads\/2023\/07\/CA-2-51-1024x683.jpg\" class=\"lazyload img-responsive wp-image-918\" srcset=\"data:image\/svg+xml,%3Csvg%20xmlns%3D%27http%3A%2F%2Fwww.w3.org%2F2000%2Fsvg%27%20width%3D%272560%27%20height%3D%271707%27%20viewBox%3D%270%200%202560%201707%27%3E%3Crect%20width%3D%272560%27%20height%3D%271707%27%20fill-opacity%3D%220%22%2F%3E%3C%2Fsvg%3E\" data-srcset=\"https:\/\/noclegioswiecim.eu\/wp-content\/uploads\/2023\/07\/CA-2-51-200x133.jpg 200w, https:\/\/noclegioswiecim.eu\/wp-content\/uploads\/2023\/07\/CA-2-51-400x267.jpg 400w, https:\/\/noclegioswiecim.eu\/wp-content\/uploads\/2023\/07\/CA-2-51-600x400.jpg 600w, https:\/\/noclegioswiecim.eu\/wp-content\/uploads\/2023\/07\/CA-2-51-800x533.jpg 800w, https:\/\/noclegioswiecim.eu\/wp-content\/uploads\/2023\/07\/CA-2-51-1200x800.jpg 1200w\" data-sizes=\"auto\" data-orig-sizes=\"(max-width: 640px) 100vw, 800px\" \/><\/a><\/span><\/div><div class=\"fusion-text fusion-text-1 c-room-name\"><h3>Appartamento con terrazza<\/h3>\n<p>7 persone \/ 58,5m<sup>2<\/sup><\/p>\n<\/div><div class=\"fusion-text fusion-text-2 c-room-desc\"><p>Scoprite uno spazio unico che soddisfi le vostre esigenze di relax. L&#8217;ampio appartamento con terrazza \u00e8 un&#8217;oasi di tranquillit\u00e0.<\/p>\n<\/div><div class=\"fusion-text fusion-text-3 c-room-price\"><p><sup>prezzo a partire da<\/sup> <strong>550 z\u0142<\/strong><\/p>\n<\/div><div ><a class=\"fusion-button button-flat button-small button-custom fusion-button-default button-1 fusion-button-default-span fusion-button-default-type c-button\" style=\"--button_accent_color:var(--awb-color8);--button_border_color:rgba(255,255,255,0);--button_accent_hover_color:var(--awb-color8);--button_border_hover_color:var(--awb-color8);--button_border_width-top:1px;--button_border_width-right:1px;--button_border_width-bottom:1px;--button_border_width-left:1px;--button_gradient_top_color:rgba(255,255,255,0);--button_gradient_bottom_color:rgba(255,255,255,0);--button_gradient_top_color_hover:rgba(255,255,255,0);--button_gradient_bottom_color_hover:rgba(255,255,255,0);--button_text_transform:uppercase;\" target=\"_self\" data-hover=\"icon_rotate\" title=\"RISERVA\" aria-label=\"RISERVA\" href=\"https:\/\/noclegioswiecim.eu\/it\/appartamenti\/appartamento-10g\/\"><span class=\"fusion-button-text\">RISERVA<\/span><i class=\"fa-plus fas button-icon-right\" aria-hidden=\"true\"><\/i><\/a><\/div><\/div><\/div><div class=\"fusion-layout-column fusion_builder_column fusion-builder-column-1 fusion_builder_column_1_2 1_2 fusion-flex-column col-room col-room1\" style=\"--awb-bg-size:cover;--awb-width-large:50%;--awb-margin-top-large:0px;--awb-spacing-right-large:3.84%;--awb-margin-bottom-large:20px;--awb-spacing-left-large:3.84%;--awb-width-medium:50%;--awb-order-medium:0;--awb-spacing-right-medium:3.84%;--awb-spacing-left-medium:3.84%;--awb-width-small:100%;--awb-order-small:0;--awb-spacing-right-small:1.92%;--awb-spacing-left-small:1.92%;\" data-motion-effects=\"[{&quot;type&quot;:&quot;&quot;,&quot;scroll_type&quot;:&quot;transition&quot;,&quot;scroll_direction&quot;:&quot;up&quot;,&quot;transition_speed&quot;:&quot;1&quot;,&quot;fade_type&quot;:&quot;in&quot;,&quot;scale_type&quot;:&quot;up&quot;,&quot;initial_scale&quot;:&quot;1&quot;,&quot;max_scale&quot;:&quot;1.5&quot;,&quot;min_scale&quot;:&quot;0.5&quot;,&quot;initial_rotate&quot;:&quot;0&quot;,&quot;end_rotate&quot;:&quot;30&quot;,&quot;initial_blur&quot;:&quot;0&quot;,&quot;end_blur&quot;:&quot;3&quot;,&quot;start_element&quot;:&quot;top&quot;,&quot;start_viewport&quot;:&quot;bottom&quot;,&quot;end_element&quot;:&quot;bottom&quot;,&quot;end_viewport&quot;:&quot;top&quot;,&quot;mouse_effect&quot;:&quot;track&quot;,&quot;mouse_effect_direction&quot;:&quot;opposite&quot;,&quot;mouse_effect_speed&quot;:&quot;2&quot;,&quot;infinite_animation&quot;:&quot;float&quot;,&quot;infinite_animation_speed&quot;:&quot;2&quot;}]\" data-scroll-devices=\"small-visibility,medium-visibility,large-visibility\"><div class=\"fusion-column-wrapper fusion-column-has-shadow fusion-flex-justify-content-flex-start fusion-content-layout-column\"><div class=\"fusion-image-element \" style=\"--awb-caption-title-font-family:var(--h2_typography-font-family);--awb-caption-title-font-weight:var(--h2_typography-font-weight);--awb-caption-title-font-style:var(--h2_typography-font-style);--awb-caption-title-size:var(--h2_typography-font-size);--awb-caption-title-transform:var(--h2_typography-text-transform);--awb-caption-title-line-height:var(--h2_typography-line-height);--awb-caption-title-letter-spacing:var(--h2_typography-letter-spacing);\"><span class=\" fusion-imageframe imageframe-none imageframe-2 hover-type-none c-image\"><a class=\"fusion-no-lightbox\" href=\"https:\/\/noclegioswiecim.eu\/it\/appartamenti\/appartamento-10f\/\" target=\"_self\" aria-label=\"RH_FOTO ROMAN_HOLOWKO\"><img decoding=\"async\" width=\"2048\" height=\"1365\" src=\"https:\/\/noclegioswiecim.eu\/wp-content\/uploads\/2024\/12\/RHZ_7525.jpg\" data-orig-src=\"https:\/\/noclegioswiecim.eu\/wp-content\/uploads\/2024\/12\/RHZ_7525.jpg\" alt class=\"lazyload img-responsive wp-image-8203\" srcset=\"data:image\/svg+xml,%3Csvg%20xmlns%3D%27http%3A%2F%2Fwww.w3.org%2F2000%2Fsvg%27%20width%3D%272048%27%20height%3D%271365%27%20viewBox%3D%270%200%202048%201365%27%3E%3Crect%20width%3D%272048%27%20height%3D%271365%27%20fill-opacity%3D%220%22%2F%3E%3C%2Fsvg%3E\" data-srcset=\"https:\/\/noclegioswiecim.eu\/wp-content\/uploads\/2024\/12\/RHZ_7525-200x133.jpg 200w, https:\/\/noclegioswiecim.eu\/wp-content\/uploads\/2024\/12\/RHZ_7525-400x267.jpg 400w, https:\/\/noclegioswiecim.eu\/wp-content\/uploads\/2024\/12\/RHZ_7525-600x400.jpg 600w, https:\/\/noclegioswiecim.eu\/wp-content\/uploads\/2024\/12\/RHZ_7525-800x533.jpg 800w, https:\/\/noclegioswiecim.eu\/wp-content\/uploads\/2024\/12\/RHZ_7525-1200x800.jpg 1200w, https:\/\/noclegioswiecim.eu\/wp-content\/uploads\/2024\/12\/RHZ_7525.jpg 2048w\" data-sizes=\"auto\" data-orig-sizes=\"(max-width: 640px) 100vw, 800px\" \/><\/a><\/span><\/div><div class=\"fusion-text fusion-text-4 c-room-name\"><h3>Appartamento con balcone<\/h3>\n<p>7 persone \/ 61,5m<sup>2<\/sup><\/p>\n<\/div><div class=\"fusion-text fusion-text-5 c-room-desc\"><p>Raggiungete il relax e la distensione in un ambiente intimo con una vista unica. Riposate come volete e assaporate l&#8217;attimo fuggente.<\/p>\n<\/div><div class=\"fusion-text fusion-text-6 c-room-price\"><p><sup>prezzo a partire da<\/sup> <strong>550 z\u0142<\/strong><\/p>\n<\/div><div ><a class=\"fusion-button button-flat button-small button-custom fusion-button-default button-2 fusion-button-default-span fusion-button-default-type c-button\" style=\"--button_accent_color:var(--awb-color8);--button_border_color:rgba(255,255,255,0);--button_accent_hover_color:var(--awb-color8);--button_border_hover_color:var(--awb-color8);--button_border_width-top:1px;--button_border_width-right:1px;--button_border_width-bottom:1px;--button_border_width-left:1px;--button_gradient_top_color:rgba(255,255,255,0);--button_gradient_bottom_color:rgba(255,255,255,0);--button_gradient_top_color_hover:rgba(255,255,255,0);--button_gradient_bottom_color_hover:rgba(255,255,255,0);--button_text_transform:uppercase;\" target=\"_self\" data-hover=\"icon_rotate\" title=\"RISERVA\" aria-label=\"RISERVA\" href=\"https:\/\/noclegioswiecim.eu\/it\/appartamenti\/appartamento-10f\/\"><span class=\"fusion-button-text\">RISERVA<\/span><i class=\"fa-plus fas button-icon-right\" aria-hidden=\"true\"><\/i><\/a><\/div><\/div><\/div><\/div><\/div><\/div><div class=\"fusion-fullwidth fullwidth-box fusion-builder-row-2 fusion-flex-container has-pattern-background has-mask-background nonhundred-percent-fullwidth non-hundred-percent-height-scrolling\" style=\"--awb-border-radius-top-left:0px;--awb-border-radius-top-right:0px;--awb-border-radius-bottom-right:0px;--awb-border-radius-bottom-left:0px;--awb-margin-top:0px;--awb-margin-bottom:100px;--awb-flex-wrap:wrap;\" ><div class=\"fusion-builder-row fusion-row fusion-flex-align-items-flex-start fusion-flex-content-wrap\" style=\"max-width:1352px;margin-left: calc(-4% \/ 2 );margin-right: calc(-4% \/ 2 );\"><div class=\"fusion-layout-column fusion_builder_column fusion-builder-column-2 fusion_builder_column_1_1 1_1 fusion-flex-column c-raypath-div fusion-column-inner-bg-wrapper\" style=\"--awb-inner-bg-size:cover;--awb-width-large:100%;--awb-margin-top-large:20px;--awb-spacing-right-large:1.92%;--awb-margin-bottom-large:20px;--awb-spacing-left-large:1.92%;--awb-width-medium:100%;--awb-order-medium:0;--awb-spacing-right-medium:1.92%;--awb-spacing-left-medium:1.92%;--awb-width-small:100%;--awb-order-small:0;--awb-spacing-right-small:1.92%;--awb-spacing-left-small:1.92%;\" data-motion-effects=\"[{&quot;type&quot;:&quot;&quot;,&quot;scroll_type&quot;:&quot;transition&quot;,&quot;scroll_direction&quot;:&quot;up&quot;,&quot;transition_speed&quot;:&quot;1&quot;,&quot;fade_type&quot;:&quot;in&quot;,&quot;scale_type&quot;:&quot;up&quot;,&quot;initial_scale&quot;:&quot;1&quot;,&quot;max_scale&quot;:&quot;1.5&quot;,&quot;min_scale&quot;:&quot;0.5&quot;,&quot;initial_rotate&quot;:&quot;0&quot;,&quot;end_rotate&quot;:&quot;30&quot;,&quot;initial_blur&quot;:&quot;0&quot;,&quot;end_blur&quot;:&quot;3&quot;,&quot;start_element&quot;:&quot;top&quot;,&quot;start_viewport&quot;:&quot;bottom&quot;,&quot;end_element&quot;:&quot;bottom&quot;,&quot;end_viewport&quot;:&quot;top&quot;,&quot;mouse_effect&quot;:&quot;track&quot;,&quot;mouse_effect_direction&quot;:&quot;opposite&quot;,&quot;mouse_effect_speed&quot;:&quot;2&quot;,&quot;infinite_animation&quot;:&quot;float&quot;,&quot;infinite_animation_speed&quot;:&quot;2&quot;}]\" data-scroll-devices=\"small-visibility,medium-visibility,large-visibility\"><span class=\"fusion-column-inner-bg hover-type-none\"><a class=\"fusion-column-anchor\" href=\"https:\/\/jolantamlodzik.raypath.info\/Account\/Welcome\" rel=\"noopener noreferrer\" target=\"_blank\"><span class=\"fusion-column-inner-bg-image\"><\/span><\/a><\/span><div class=\"fusion-column-wrapper fusion-column-has-shadow fusion-flex-justify-content-flex-start fusion-content-layout-column\"><div class=\"fusion-image-element \" style=\"text-align:center;--awb-max-width:100px;--awb-caption-title-font-family:var(--h2_typography-font-family);--awb-caption-title-font-weight:var(--h2_typography-font-weight);--awb-caption-title-font-style:var(--h2_typography-font-style);--awb-caption-title-size:var(--h2_typography-font-size);--awb-caption-title-transform:var(--h2_typography-text-transform);--awb-caption-title-line-height:var(--h2_typography-line-height);--awb-caption-title-letter-spacing:var(--h2_typography-letter-spacing);\"><span class=\" fusion-imageframe imageframe-none imageframe-3 hover-type-none\"><img decoding=\"async\" width=\"225\" height=\"225\" title=\"raypath\" src=\"https:\/\/noclegioswiecim.eu\/wp-content\/uploads\/2025\/11\/raypath.png\" data-orig-src=\"https:\/\/noclegioswiecim.eu\/wp-content\/uploads\/2025\/11\/raypath.png\" alt class=\"lazyload img-responsive wp-image-9771\" srcset=\"data:image\/svg+xml,%3Csvg%20xmlns%3D%27http%3A%2F%2Fwww.w3.org%2F2000%2Fsvg%27%20width%3D%27225%27%20height%3D%27225%27%20viewBox%3D%270%200%20225%20225%27%3E%3Crect%20width%3D%27225%27%20height%3D%27225%27%20fill-opacity%3D%220%22%2F%3E%3C%2Fsvg%3E\" data-srcset=\"https:\/\/noclegioswiecim.eu\/wp-content\/uploads\/2025\/11\/raypath-200x200.png 200w, https:\/\/noclegioswiecim.eu\/wp-content\/uploads\/2025\/11\/raypath.png 225w\" data-sizes=\"auto\" data-orig-sizes=\"(max-width: 640px) 100vw, 225px\" \/><\/span><\/div><div class=\"fusion-text fusion-text-7\" style=\"--awb-content-alignment:center;\"><p>PULITO SENZA PRODOTTI CHIMICI &#8211; gli appartamenti vengono puliti senza l&#8217;uso di prodotti chimici, ma con prodotti Raypath.<\/p>\n<\/div><\/div><\/div><\/div><\/div><div class=\"fusion-fullwidth fullwidth-box fusion-builder-row-3 fusion-flex-container has-pattern-background has-mask-background p-home s-beakfasts nonhundred-percent-fullwidth non-hundred-percent-height-scrolling\" style=\"--awb-border-radius-top-left:0px;--awb-border-radius-top-right:0px;--awb-border-radius-bottom-right:0px;--awb-border-radius-bottom-left:0px;--awb-flex-wrap:wrap;\" ><div class=\"fusion-builder-row fusion-row fusion-flex-align-items-flex-start fusion-flex-content-wrap\" style=\"max-width:1352px;margin-left: calc(-4% \/ 2 );margin-right: calc(-4% \/ 2 );\"><div class=\"fusion-layout-column fusion_builder_column fusion-builder-column-3 fusion_builder_column_1_1 1_1 fusion-flex-column c-smaller-text-block\" style=\"--awb-bg-size:cover;--awb-width-large:100%;--awb-margin-top-large:50px;--awb-spacing-right-large:1.92%;--awb-margin-bottom-large:50px;--awb-spacing-left-large:1.92%;--awb-width-medium:100%;--awb-order-medium:0;--awb-spacing-right-medium:1.92%;--awb-spacing-left-medium:1.92%;--awb-width-small:100%;--awb-order-small:0;--awb-spacing-right-small:1.92%;--awb-spacing-left-small:1.92%;\" data-motion-effects=\"[{&quot;type&quot;:&quot;&quot;,&quot;scroll_type&quot;:&quot;transition&quot;,&quot;scroll_direction&quot;:&quot;up&quot;,&quot;transition_speed&quot;:&quot;1&quot;,&quot;fade_type&quot;:&quot;in&quot;,&quot;scale_type&quot;:&quot;up&quot;,&quot;initial_scale&quot;:&quot;1&quot;,&quot;max_scale&quot;:&quot;1.5&quot;,&quot;min_scale&quot;:&quot;0.5&quot;,&quot;initial_rotate&quot;:&quot;0&quot;,&quot;end_rotate&quot;:&quot;30&quot;,&quot;initial_blur&quot;:&quot;0&quot;,&quot;end_blur&quot;:&quot;3&quot;,&quot;start_element&quot;:&quot;top&quot;,&quot;start_viewport&quot;:&quot;bottom&quot;,&quot;end_element&quot;:&quot;bottom&quot;,&quot;end_viewport&quot;:&quot;top&quot;,&quot;mouse_effect&quot;:&quot;track&quot;,&quot;mouse_effect_direction&quot;:&quot;opposite&quot;,&quot;mouse_effect_speed&quot;:&quot;2&quot;,&quot;infinite_animation&quot;:&quot;float&quot;,&quot;infinite_animation_speed&quot;:&quot;2&quot;}]\" data-scroll-devices=\"small-visibility,medium-visibility,large-visibility\"><div class=\"fusion-column-wrapper fusion-column-has-shadow fusion-flex-justify-content-flex-start fusion-content-layout-column\"><div class=\"fusion-title title fusion-title-1 fusion-sep-none fusion-title-center fusion-title-text fusion-title-size-three\" style=\"--awb-font-size:48px;\"><h3 class=\"fusion-title-heading title-heading-center fusion-responsive-typography-calculated\" style=\"margin:0;font-size:1em;--fontSize:48;line-height:1.2;\"><strong>Colazione su richiesta<\/strong><\/h3><\/div><div class=\"fusion-text fusion-text-8\"><p style=\"text-align: center;\">Scopri la nostra offerta per la colazione<\/p>\n<\/div><div class=\"fusion-image-carousel fusion-image-carousel-auto fusion-image-carousel-1 fusion-no-small-visibility fusion-no-medium-visibility\" style=\"margin-left:80px;\"><div class=\"awb-carousel awb-swiper awb-swiper-carousel\" data-autoplay=\"no\" data-columns=\"4\" data-itemmargin=\"13\" data-itemwidth=\"180\" data-touchscroll=\"no\" data-imagesize=\"auto\" style=\"--awb-columns:4;\"><div class=\"swiper-wrapper awb-image-carousel-wrapper fusion-flex-align-items-center\"><div class=\"swiper-slide\"><div class=\"fusion-carousel-item-wrapper\"><div class=\"fusion-image-wrapper hover-type-none\"><img decoding=\"async\" width=\"529\" height=\"459\" src=\"https:\/\/noclegioswiecim.eu\/wp-content\/uploads\/2024\/06\/zestaw-1-no-bg.png\" class=\"attachment-full size-full lazyload\" alt=\"\" srcset=\"data:image\/svg+xml,%3Csvg%20xmlns%3D%27http%3A%2F%2Fwww.w3.org%2F2000%2Fsvg%27%20width%3D%27529%27%20height%3D%27459%27%20viewBox%3D%270%200%20529%20459%27%3E%3Crect%20width%3D%27529%27%20height%3D%27459%27%20fill-opacity%3D%220%22%2F%3E%3C%2Fsvg%3E\" data-orig-src=\"https:\/\/noclegioswiecim.eu\/wp-content\/uploads\/2024\/06\/zestaw-1-no-bg.png\" data-srcset=\"https:\/\/noclegioswiecim.eu\/wp-content\/uploads\/2024\/06\/zestaw-1-no-bg-200x174.png 200w, https:\/\/noclegioswiecim.eu\/wp-content\/uploads\/2024\/06\/zestaw-1-no-bg-400x347.png 400w, https:\/\/noclegioswiecim.eu\/wp-content\/uploads\/2024\/06\/zestaw-1-no-bg.png 529w\" data-sizes=\"auto\" \/><\/div><\/div><\/div><div class=\"swiper-slide\"><div class=\"fusion-carousel-item-wrapper\"><div class=\"fusion-image-wrapper hover-type-none\"><img decoding=\"async\" width=\"529\" height=\"459\" src=\"https:\/\/noclegioswiecim.eu\/wp-content\/uploads\/2024\/06\/zestaw-2-no-bg.png\" class=\"attachment-full size-full lazyload\" alt=\"\" srcset=\"data:image\/svg+xml,%3Csvg%20xmlns%3D%27http%3A%2F%2Fwww.w3.org%2F2000%2Fsvg%27%20width%3D%27529%27%20height%3D%27459%27%20viewBox%3D%270%200%20529%20459%27%3E%3Crect%20width%3D%27529%27%20height%3D%27459%27%20fill-opacity%3D%220%22%2F%3E%3C%2Fsvg%3E\" data-orig-src=\"https:\/\/noclegioswiecim.eu\/wp-content\/uploads\/2024\/06\/zestaw-2-no-bg.png\" data-srcset=\"https:\/\/noclegioswiecim.eu\/wp-content\/uploads\/2024\/06\/zestaw-2-no-bg-200x174.png 200w, https:\/\/noclegioswiecim.eu\/wp-content\/uploads\/2024\/06\/zestaw-2-no-bg-400x347.png 400w, https:\/\/noclegioswiecim.eu\/wp-content\/uploads\/2024\/06\/zestaw-2-no-bg.png 529w\" data-sizes=\"auto\" \/><\/div><\/div><\/div><div class=\"swiper-slide\"><div class=\"fusion-carousel-item-wrapper\"><div class=\"fusion-image-wrapper hover-type-none\"><img decoding=\"async\" width=\"529\" height=\"459\" src=\"https:\/\/noclegioswiecim.eu\/wp-content\/uploads\/2024\/06\/zestaw-3-no-bg.png\" class=\"attachment-full size-full lazyload\" alt=\"\" srcset=\"data:image\/svg+xml,%3Csvg%20xmlns%3D%27http%3A%2F%2Fwww.w3.org%2F2000%2Fsvg%27%20width%3D%27529%27%20height%3D%27459%27%20viewBox%3D%270%200%20529%20459%27%3E%3Crect%20width%3D%27529%27%20height%3D%27459%27%20fill-opacity%3D%220%22%2F%3E%3C%2Fsvg%3E\" data-orig-src=\"https:\/\/noclegioswiecim.eu\/wp-content\/uploads\/2024\/06\/zestaw-3-no-bg.png\" data-srcset=\"https:\/\/noclegioswiecim.eu\/wp-content\/uploads\/2024\/06\/zestaw-3-no-bg-200x174.png 200w, https:\/\/noclegioswiecim.eu\/wp-content\/uploads\/2024\/06\/zestaw-3-no-bg-400x347.png 400w, https:\/\/noclegioswiecim.eu\/wp-content\/uploads\/2024\/06\/zestaw-3-no-bg.png 529w\" data-sizes=\"auto\" \/><\/div><\/div><\/div><div class=\"swiper-slide\"><div class=\"fusion-carousel-item-wrapper\"><div class=\"fusion-image-wrapper hover-type-none\"><img decoding=\"async\" width=\"529\" height=\"459\" src=\"https:\/\/noclegioswiecim.eu\/wp-content\/uploads\/2024\/06\/zestaw-4-no-bg.png\" class=\"attachment-full size-full lazyload\" alt=\"\" srcset=\"data:image\/svg+xml,%3Csvg%20xmlns%3D%27http%3A%2F%2Fwww.w3.org%2F2000%2Fsvg%27%20width%3D%27529%27%20height%3D%27459%27%20viewBox%3D%270%200%20529%20459%27%3E%3Crect%20width%3D%27529%27%20height%3D%27459%27%20fill-opacity%3D%220%22%2F%3E%3C%2Fsvg%3E\" data-orig-src=\"https:\/\/noclegioswiecim.eu\/wp-content\/uploads\/2024\/06\/zestaw-4-no-bg.png\" data-srcset=\"https:\/\/noclegioswiecim.eu\/wp-content\/uploads\/2024\/06\/zestaw-4-no-bg-200x174.png 200w, https:\/\/noclegioswiecim.eu\/wp-content\/uploads\/2024\/06\/zestaw-4-no-bg-400x347.png 400w, https:\/\/noclegioswiecim.eu\/wp-content\/uploads\/2024\/06\/zestaw-4-no-bg.png 529w\" data-sizes=\"auto\" \/><\/div><\/div><\/div><\/div><\/div><\/div><div class=\"fusion-image-carousel fusion-image-carousel-auto fusion-image-carousel-2 fusion-no-large-visibility\"><div class=\"awb-carousel awb-swiper awb-swiper-carousel\" data-autoplay=\"no\" data-columns=\"4\" data-itemmargin=\"13\" data-itemwidth=\"180\" data-touchscroll=\"no\" data-imagesize=\"auto\" style=\"--awb-columns:4;\"><div class=\"swiper-wrapper awb-image-carousel-wrapper fusion-flex-align-items-center\"><div class=\"swiper-slide\"><div class=\"fusion-carousel-item-wrapper\"><div class=\"fusion-image-wrapper hover-type-none\"><img decoding=\"async\" width=\"529\" height=\"459\" src=\"https:\/\/noclegioswiecim.eu\/wp-content\/uploads\/2024\/06\/zestaw-1-no-bg.png\" class=\"attachment-full size-full lazyload\" alt=\"\" srcset=\"data:image\/svg+xml,%3Csvg%20xmlns%3D%27http%3A%2F%2Fwww.w3.org%2F2000%2Fsvg%27%20width%3D%27529%27%20height%3D%27459%27%20viewBox%3D%270%200%20529%20459%27%3E%3Crect%20width%3D%27529%27%20height%3D%27459%27%20fill-opacity%3D%220%22%2F%3E%3C%2Fsvg%3E\" data-orig-src=\"https:\/\/noclegioswiecim.eu\/wp-content\/uploads\/2024\/06\/zestaw-1-no-bg.png\" data-srcset=\"https:\/\/noclegioswiecim.eu\/wp-content\/uploads\/2024\/06\/zestaw-1-no-bg-200x174.png 200w, https:\/\/noclegioswiecim.eu\/wp-content\/uploads\/2024\/06\/zestaw-1-no-bg-400x347.png 400w, https:\/\/noclegioswiecim.eu\/wp-content\/uploads\/2024\/06\/zestaw-1-no-bg.png 529w\" data-sizes=\"auto\" \/><\/div><\/div><\/div><div class=\"swiper-slide\"><div class=\"fusion-carousel-item-wrapper\"><div class=\"fusion-image-wrapper hover-type-none\"><img decoding=\"async\" width=\"529\" height=\"459\" src=\"https:\/\/noclegioswiecim.eu\/wp-content\/uploads\/2024\/06\/zestaw-2-no-bg.png\" class=\"attachment-full size-full lazyload\" alt=\"\" srcset=\"data:image\/svg+xml,%3Csvg%20xmlns%3D%27http%3A%2F%2Fwww.w3.org%2F2000%2Fsvg%27%20width%3D%27529%27%20height%3D%27459%27%20viewBox%3D%270%200%20529%20459%27%3E%3Crect%20width%3D%27529%27%20height%3D%27459%27%20fill-opacity%3D%220%22%2F%3E%3C%2Fsvg%3E\" data-orig-src=\"https:\/\/noclegioswiecim.eu\/wp-content\/uploads\/2024\/06\/zestaw-2-no-bg.png\" data-srcset=\"https:\/\/noclegioswiecim.eu\/wp-content\/uploads\/2024\/06\/zestaw-2-no-bg-200x174.png 200w, https:\/\/noclegioswiecim.eu\/wp-content\/uploads\/2024\/06\/zestaw-2-no-bg-400x347.png 400w, https:\/\/noclegioswiecim.eu\/wp-content\/uploads\/2024\/06\/zestaw-2-no-bg.png 529w\" data-sizes=\"auto\" \/><\/div><\/div><\/div><div class=\"swiper-slide\"><div class=\"fusion-carousel-item-wrapper\"><div class=\"fusion-image-wrapper hover-type-none\"><img decoding=\"async\" width=\"529\" height=\"459\" src=\"https:\/\/noclegioswiecim.eu\/wp-content\/uploads\/2024\/06\/zestaw-3-no-bg.png\" class=\"attachment-full size-full lazyload\" alt=\"\" srcset=\"data:image\/svg+xml,%3Csvg%20xmlns%3D%27http%3A%2F%2Fwww.w3.org%2F2000%2Fsvg%27%20width%3D%27529%27%20height%3D%27459%27%20viewBox%3D%270%200%20529%20459%27%3E%3Crect%20width%3D%27529%27%20height%3D%27459%27%20fill-opacity%3D%220%22%2F%3E%3C%2Fsvg%3E\" data-orig-src=\"https:\/\/noclegioswiecim.eu\/wp-content\/uploads\/2024\/06\/zestaw-3-no-bg.png\" data-srcset=\"https:\/\/noclegioswiecim.eu\/wp-content\/uploads\/2024\/06\/zestaw-3-no-bg-200x174.png 200w, https:\/\/noclegioswiecim.eu\/wp-content\/uploads\/2024\/06\/zestaw-3-no-bg-400x347.png 400w, https:\/\/noclegioswiecim.eu\/wp-content\/uploads\/2024\/06\/zestaw-3-no-bg.png 529w\" data-sizes=\"auto\" \/><\/div><\/div><\/div><div class=\"swiper-slide\"><div class=\"fusion-carousel-item-wrapper\"><div class=\"fusion-image-wrapper hover-type-none\"><img decoding=\"async\" width=\"529\" height=\"459\" src=\"https:\/\/noclegioswiecim.eu\/wp-content\/uploads\/2024\/06\/zestaw-4-no-bg.png\" class=\"attachment-full size-full lazyload\" alt=\"\" srcset=\"data:image\/svg+xml,%3Csvg%20xmlns%3D%27http%3A%2F%2Fwww.w3.org%2F2000%2Fsvg%27%20width%3D%27529%27%20height%3D%27459%27%20viewBox%3D%270%200%20529%20459%27%3E%3Crect%20width%3D%27529%27%20height%3D%27459%27%20fill-opacity%3D%220%22%2F%3E%3C%2Fsvg%3E\" data-orig-src=\"https:\/\/noclegioswiecim.eu\/wp-content\/uploads\/2024\/06\/zestaw-4-no-bg.png\" data-srcset=\"https:\/\/noclegioswiecim.eu\/wp-content\/uploads\/2024\/06\/zestaw-4-no-bg-200x174.png 200w, https:\/\/noclegioswiecim.eu\/wp-content\/uploads\/2024\/06\/zestaw-4-no-bg-400x347.png 400w, https:\/\/noclegioswiecim.eu\/wp-content\/uploads\/2024\/06\/zestaw-4-no-bg.png 529w\" data-sizes=\"auto\" \/><\/div><\/div><\/div><\/div><\/div><\/div><div class=\"fusion-text fusion-text-9\"><p style=\"font-size: 18px; text-align: center;\">Vi invitiamo ad approfittare della nostra offerta di colazione, preparata per un inizio di giornata comodo e gustoso. Al <strong>Comfort Apartments di O\u015bwi\u0119cim<\/strong> ci assicuriamo che ogni nostro ospite possa gustare una deliziosa colazione che gli dar\u00e0 energia per un\u2019intera giornata di avventure e visite turistiche!<\/p>\n<\/div><div style=\"text-align:center;\"><a class=\"fusion-button button-flat button-small button-custom fusion-button-default button-3 fusion-button-default-span fusion-button-default-type c-button\" style=\"--button_accent_color:var(--awb-color8);--button_border_color:rgba(255,255,255,0);--button_accent_hover_color:var(--awb-color8);--button_border_hover_color:var(--awb-color8);--button_border_width-top:1px;--button_border_width-right:1px;--button_border_width-bottom:1px;--button_border_width-left:1px;--button_gradient_top_color:rgba(255,255,255,0);--button_gradient_bottom_color:rgba(255,255,255,0);--button_gradient_top_color_hover:rgba(255,255,255,0);--button_gradient_bottom_color_hover:rgba(255,255,255,0);--button_text_transform:uppercase;\" target=\"_self\" data-hover=\"icon_rotate\" title=\"Visualizza l&amp;#039;offerta\" aria-label=\"Visualizza l&amp;#039;offerta\" href=\"https:\/\/noclegioswiecim.eu\/it\/colazione\/\"><span class=\"fusion-button-text\">Visualizza l\u2019offerta<\/span><i class=\"fa-plus fas button-icon-right\" aria-hidden=\"true\"><\/i><\/a><\/div><\/div><\/div><\/div><\/div>\n<div class=\"fusion-fullwidth fullwidth-box fusion-builder-row-4 fusion-flex-container has-pattern-background has-mask-background r-benef p-benef nonhundred-percent-fullwidth non-hundred-percent-height-scrolling\" style=\"--awb-border-radius-top-left:0px;--awb-border-radius-top-right:0px;--awb-border-radius-bottom-right:0px;--awb-border-radius-bottom-left:0px;--awb-flex-wrap:wrap;\" ><div class=\"fusion-builder-row fusion-row fusion-flex-align-items-flex-start fusion-flex-content-wrap\" style=\"max-width:1352px;margin-left: calc(-4% \/ 2 );margin-right: calc(-4% \/ 2 );\"><div class=\"fusion-layout-column fusion_builder_column fusion-builder-column-4 fusion_builder_column_1_1 1_1 fusion-flex-column\" style=\"--awb-bg-size:cover;--awb-width-large:100%;--awb-margin-top-large:0px;--awb-spacing-right-large:1.92%;--awb-margin-bottom-large:20px;--awb-spacing-left-large:1.92%;--awb-width-medium:100%;--awb-order-medium:0;--awb-spacing-right-medium:1.92%;--awb-spacing-left-medium:1.92%;--awb-width-small:100%;--awb-order-small:0;--awb-spacing-right-small:1.92%;--awb-spacing-left-small:1.92%;\"><div class=\"fusion-column-wrapper fusion-column-has-shadow fusion-flex-justify-content-flex-start fusion-content-layout-column\"><div class=\"fusion-text fusion-text-10 c-text\"><h3>Ti sentirai come a casa qui<\/h3>\n<p>Gli appartamenti confortevoli a O\u015bwi\u0119cim sono spazi eleganti con attrezzature moderne di altissima qualit\u00e0, che ti offriranno tutto ci\u00f2 di cui hai bisogno. Il tuo soggiorno sar\u00e0 senza preoccupazioni e pieno di emozioni positive.<\/p>\n<\/div><div class=\"fusion-content-boxes content-boxes columns row fusion-columns-6 fusion-columns-total-5 fusion-content-boxes-1 content-boxes-icon-on-top content-left c-box lang-sk\" style=\"--awb-hover-accent-color:var(--awb-color4);--awb-circle-hover-accent-color:var(--awb-color4);\" data-animationOffset=\"top-into-view\"><div style=\"--awb-backgroundcolor:rgba(255,255,255,0);\" class=\"fusion-column content-box-column content-box-column content-box-column-1 col-lg-2 col-md-2 col-sm-2 fusion-content-box-hover content-box-column-first-in-row\"><div class=\"col content-box-wrapper content-wrapper link-area-box content-icon-wrapper-yes icon-hover-animation-fade\" data-animationOffset=\"top-into-view\"><div class=\"heading heading-with-icon icon-left\"><div aria-hidden=\"true\" class=\"image\"><img decoding=\"async\" class=\"lazyload\" src=\"data:image\/svg+xml,%3Csvg%20xmlns%3D%27http%3A%2F%2Fwww.w3.org%2F2000%2Fsvg%27%20width%3D%2777%27%20height%3D%2747%27%20viewBox%3D%270%200%2077%2047%27%3E%3Crect%20width%3D%2777%27%20height%3D%2747%27%20fill-opacity%3D%220%22%2F%3E%3C%2Fsvg%3E\" data-orig-src=\"https:\/\/noclegioswiecim.eu\/wp-content\/uploads\/2023\/02\/klimatyzacja.png\" width=\"77\" height=\"47\" alt=\"Klimatyzacja\" \/><\/div><h4 class=\"content-box-heading fusion-responsive-typography-calculated\" style=\"--h4_typography-font-size:24px;--fontSize:24;line-height:var(--awb-typography1-line-height);\">Aria condizionata<\/h4><\/div><\/div><\/div><div style=\"--awb-backgroundcolor:rgba(255,255,255,0);\" class=\"fusion-column content-box-column content-box-column content-box-column-2 col-lg-2 col-md-2 col-sm-2 fusion-content-box-hover \"><div class=\"col content-box-wrapper content-wrapper link-area-box content-icon-wrapper-yes icon-hover-animation-fade\" data-animationOffset=\"top-into-view\"><div class=\"heading heading-with-icon icon-left\"><div aria-hidden=\"true\" class=\"image\"><img decoding=\"async\" class=\"lazyload\" src=\"data:image\/svg+xml,%3Csvg%20xmlns%3D%27http%3A%2F%2Fwww.w3.org%2F2000%2Fsvg%27%20width%3D%2768%27%20height%3D%2768%27%20viewBox%3D%270%200%2068%2068%27%3E%3Crect%20width%3D%2768%27%20height%3D%2768%27%20fill-opacity%3D%220%22%2F%3E%3C%2Fsvg%3E\" data-orig-src=\"https:\/\/noclegioswiecim.eu\/wp-content\/uploads\/2023\/02\/szybkie-wifi.png\" width=\"68\" height=\"68\" alt=\"Szybkie WIFI\" \/><\/div><h4 class=\"content-box-heading fusion-responsive-typography-calculated\" style=\"--h4_typography-font-size:24px;--fontSize:24;line-height:var(--awb-typography1-line-height);\">Wi-Fi veloce<\/h4><\/div><\/div><\/div><div style=\"--awb-backgroundcolor:rgba(255,255,255,0);\" class=\"fusion-column content-box-column content-box-column content-box-column-3 col-lg-2 col-md-2 col-sm-2 fusion-content-box-hover \"><div class=\"col content-box-wrapper content-wrapper link-area-box content-icon-wrapper-yes icon-hover-animation-fade\" data-animationOffset=\"top-into-view\"><div class=\"heading heading-with-icon icon-left\"><div aria-hidden=\"true\" class=\"image\"><img decoding=\"async\" class=\"lazyload\" src=\"data:image\/svg+xml,%3Csvg%20xmlns%3D%27http%3A%2F%2Fwww.w3.org%2F2000%2Fsvg%27%20width%3D%2768%27%20height%3D%2768%27%20viewBox%3D%270%200%2068%2068%27%3E%3Crect%20width%3D%2768%27%20height%3D%2768%27%20fill-opacity%3D%220%22%2F%3E%3C%2Fsvg%3E\" data-orig-src=\"https:\/\/noclegioswiecim.eu\/wp-content\/uploads\/2023\/02\/ekspres-do-kawy.png\" width=\"68\" height=\"68\" alt=\"Ekspres do kawy\" \/><\/div><h4 class=\"content-box-heading fusion-responsive-typography-calculated\" style=\"--h4_typography-font-size:24px;--fontSize:24;line-height:var(--awb-typography1-line-height);\">Macchina per il caff\u00e8<\/h4><\/div><\/div><\/div><div style=\"--awb-backgroundcolor:rgba(255,255,255,0);\" class=\"fusion-column content-box-column content-box-column content-box-column-4 col-lg-2 col-md-2 col-sm-2 fusion-content-box-hover \"><div class=\"col content-box-wrapper content-wrapper link-area-box content-icon-wrapper-yes icon-hover-animation-fade\" data-animationOffset=\"top-into-view\"><div class=\"heading heading-with-icon icon-left\"><div aria-hidden=\"true\" class=\"image\"><img decoding=\"async\" class=\"lazyload\" src=\"data:image\/svg+xml,%3Csvg%20xmlns%3D%27http%3A%2F%2Fwww.w3.org%2F2000%2Fsvg%27%20width%3D%2772%27%20height%3D%2772%27%20viewBox%3D%270%200%2072%2072%27%3E%3Crect%20width%3D%2772%27%20height%3D%2772%27%20fill-opacity%3D%220%22%2F%3E%3C%2Fsvg%3E\" data-orig-src=\"https:\/\/noclegioswiecim.eu\/wp-content\/uploads\/2023\/02\/ogrod-z-atrakcjami-dla-dzieci.png\" width=\"72\" height=\"72\" alt=\"Ogr\u00f3d z atrakcjami dla dzieci\" \/><\/div><h4 class=\"content-box-heading fusion-responsive-typography-calculated\" style=\"--h4_typography-font-size:24px;--fontSize:24;line-height:var(--awb-typography1-line-height);\">Giardino con attrazioni per bambini<\/h4><\/div><\/div><\/div><div style=\"--awb-backgroundcolor:rgba(255,255,255,0);\" class=\"fusion-column content-box-column content-box-column content-box-column-5 col-lg-2 col-md-2 col-sm-2 fusion-content-box-hover content-box-column-last\"><div class=\"col content-box-wrapper content-wrapper link-area-box content-icon-wrapper-yes icon-hover-animation-fade\" data-animationOffset=\"top-into-view\"><div class=\"heading heading-with-icon icon-left\"><div aria-hidden=\"true\" class=\"image\"><img decoding=\"async\" class=\"lazyload\" src=\"data:image\/svg+xml,%3Csvg%20xmlns%3D%27http%3A%2F%2Fwww.w3.org%2F2000%2Fsvg%27%20width%3D%2780%27%20height%3D%2751%27%20viewBox%3D%270%200%2080%2051%27%3E%3Crect%20width%3D%2780%27%20height%3D%2751%27%20fill-opacity%3D%220%22%2F%3E%3C%2Fsvg%3E\" data-orig-src=\"https:\/\/noclegioswiecim.eu\/wp-content\/uploads\/2023\/02\/stacja-ladowania-samochodow-elektrycznych.png\" width=\"80\" height=\"51\" alt=\"Stacja \u0142adowania samochod\u00f3w elektrycznych\" \/><\/div><h4 class=\"content-box-heading fusion-responsive-typography-calculated\" style=\"--h4_typography-font-size:24px;--fontSize:24;line-height:var(--awb-typography1-line-height);\">Stazione di ricarica per auto elettriche<\/h4><\/div><\/div><\/div><div class=\"fusion-clearfix\"><\/div><\/div><div class=\"fusion-post-slider fusion-flexslider fusion-flexslider-loading flexslider-posts-with-excerpt c-post\"><ul class=\"slides\"><li><a href=\"https:\/\/noclegioswiecim.eu\/it\/punti-di-forza\/intrattenimento-tv-da-55-pollici-con-netflix-e-youtube\/\" aria-label=\"Intrattenimento &#8211; TV da 55 pollici con Netflix e YouTube\"><img decoding=\"async\" width=\"2560\" height=\"1707\" class=\"lazyload wp-image-3818\" src=\"https:\/\/noclegioswiecim.eu\/wp-content\/uploads\/2023\/04\/CA-2-21-scaled.jpg\" data-orig-src=\"https:\/\/noclegioswiecim.eu\/wp-content\/uploads\/2023\/04\/CA-2-21-scaled.jpg\" alt=\"\" srcset=\"data:image\/svg+xml,%3Csvg%20xmlns%3D%27http%3A%2F%2Fwww.w3.org%2F2000%2Fsvg%27%20width%3D%272560%27%20height%3D%271707%27%20viewBox%3D%270%200%202560%201707%27%3E%3Crect%20width%3D%272560%27%20height%3D%271707%27%20fill-opacity%3D%220%22%2F%3E%3C%2Fsvg%3E\" data-srcset=\"https:\/\/noclegioswiecim.eu\/wp-content\/uploads\/2023\/04\/CA-2-21-200x133.jpg 200w, https:\/\/noclegioswiecim.eu\/wp-content\/uploads\/2023\/04\/CA-2-21-400x267.jpg 400w, https:\/\/noclegioswiecim.eu\/wp-content\/uploads\/2023\/04\/CA-2-21-600x400.jpg 600w, https:\/\/noclegioswiecim.eu\/wp-content\/uploads\/2023\/04\/CA-2-21-800x533.jpg 800w, https:\/\/noclegioswiecim.eu\/wp-content\/uploads\/2023\/04\/CA-2-21-1200x800.jpg 1200w, https:\/\/noclegioswiecim.eu\/wp-content\/uploads\/2023\/04\/CA-2-21-scaled.jpg 2560w\" data-sizes=\"auto\" data-orig-sizes=\"(max-width: 640px) 100vw, 2560px\" \/><\/a><div class=\"slide-excerpt\"><div class=\"excerpt-container\"><h2><a href=\"https:\/\/noclegioswiecim.eu\/it\/punti-di-forza\/intrattenimento-tv-da-55-pollici-con-netflix-e-youtube\/\">Intrattenimento &#8211; TV da 55 pollici con Netflix e YouTube<\/a><\/h2><p>Non volete perdere un episodio della vostra serie preferita? O state sognando una serata di cinema? Niente \u00e8 perduto. Presso gli Apartments Auschwitz vi attende una grande TV con accesso alle piattaforme di streaming e ai servizi video pi\u00f9 diffusi.<\/p><\/div><\/div><\/li><li><a href=\"https:\/\/noclegioswiecim.eu\/it\/punti-di-forza\/terrazza-con-caffe-al-mattino\/\" aria-label=\"Terrazza &#8211; con caff\u00e8 al mattino\"><img decoding=\"async\" width=\"1500\" height=\"1000\" class=\"lazyload wp-image-9409\" src=\"https:\/\/noclegioswiecim.eu\/wp-content\/uploads\/2023\/04\/RH6_3416.jpg\" data-orig-src=\"https:\/\/noclegioswiecim.eu\/wp-content\/uploads\/2023\/04\/RH6_3416.jpg\" alt=\"\" srcset=\"data:image\/svg+xml,%3Csvg%20xmlns%3D%27http%3A%2F%2Fwww.w3.org%2F2000%2Fsvg%27%20width%3D%271500%27%20height%3D%271000%27%20viewBox%3D%270%200%201500%201000%27%3E%3Crect%20width%3D%271500%27%20height%3D%271000%27%20fill-opacity%3D%220%22%2F%3E%3C%2Fsvg%3E\" data-srcset=\"https:\/\/noclegioswiecim.eu\/wp-content\/uploads\/2023\/04\/RH6_3416-200x133.jpg 200w, https:\/\/noclegioswiecim.eu\/wp-content\/uploads\/2023\/04\/RH6_3416-400x267.jpg 400w, https:\/\/noclegioswiecim.eu\/wp-content\/uploads\/2023\/04\/RH6_3416-600x400.jpg 600w, https:\/\/noclegioswiecim.eu\/wp-content\/uploads\/2023\/04\/RH6_3416-800x533.jpg 800w, https:\/\/noclegioswiecim.eu\/wp-content\/uploads\/2023\/04\/RH6_3416-1200x800.jpg 1200w, https:\/\/noclegioswiecim.eu\/wp-content\/uploads\/2023\/04\/RH6_3416.jpg 1500w\" data-sizes=\"auto\" data-orig-sizes=\"(max-width: 640px) 100vw, 1500px\" \/><\/a><div class=\"slide-excerpt\"><div class=\"excerpt-container\"><h2><a href=\"https:\/\/noclegioswiecim.eu\/it\/punti-di-forza\/terrazza-con-caffe-al-mattino\/\">Terrazza &#8211; con caff\u00e8 al mattino<\/a><\/h2><p>Gli appartamenti con terrazza di Oswiecim sono un asilo e uno spazio unico dove vivere momenti indimenticabili. Un caff\u00e8 mattutino o un pasto all'aperto circondati dalla natura sono un sogno che diventa realt\u00e0 quando soggiornate da noi. Lontano dal trambusto della citt\u00e0.<\/p><\/div><\/div><\/li><li><a href=\"https:\/\/noclegioswiecim.eu\/it\/punti-di-forza\/posizione-2-km-da-auschwitz\/\" aria-label=\"Posizione &#8211; 2 km da Auschwitz\"><img decoding=\"async\" width=\"800\" height=\"468\" class=\"lazyload wp-image-3841\" src=\"https:\/\/noclegioswiecim.eu\/wp-content\/uploads\/2023\/04\/Miejsce-Pamieci-i-Muzeum-Auschwitz-Birkenau-rampa-glowna-i-Brama-Smierci-Oswiecim.jpg\" data-orig-src=\"https:\/\/noclegioswiecim.eu\/wp-content\/uploads\/2023\/04\/Miejsce-Pamieci-i-Muzeum-Auschwitz-Birkenau-rampa-glowna-i-Brama-Smierci-Oswiecim.jpg\" alt=\"\" srcset=\"data:image\/svg+xml,%3Csvg%20xmlns%3D%27http%3A%2F%2Fwww.w3.org%2F2000%2Fsvg%27%20width%3D%27800%27%20height%3D%27468%27%20viewBox%3D%270%200%20800%20468%27%3E%3Crect%20width%3D%27800%27%20height%3D%27468%27%20fill-opacity%3D%220%22%2F%3E%3C%2Fsvg%3E\" data-srcset=\"https:\/\/noclegioswiecim.eu\/wp-content\/uploads\/2023\/04\/Miejsce-Pamieci-i-Muzeum-Auschwitz-Birkenau-rampa-glowna-i-Brama-Smierci-Oswiecim-200x117.jpg 200w, https:\/\/noclegioswiecim.eu\/wp-content\/uploads\/2023\/04\/Miejsce-Pamieci-i-Muzeum-Auschwitz-Birkenau-rampa-glowna-i-Brama-Smierci-Oswiecim-400x234.jpg 400w, https:\/\/noclegioswiecim.eu\/wp-content\/uploads\/2023\/04\/Miejsce-Pamieci-i-Muzeum-Auschwitz-Birkenau-rampa-glowna-i-Brama-Smierci-Oswiecim-600x351.jpg 600w, https:\/\/noclegioswiecim.eu\/wp-content\/uploads\/2023\/04\/Miejsce-Pamieci-i-Muzeum-Auschwitz-Birkenau-rampa-glowna-i-Brama-Smierci-Oswiecim.jpg 800w\" data-sizes=\"auto\" data-orig-sizes=\"(max-width: 640px) 100vw, 800px\" \/><\/a><div class=\"slide-excerpt\"><div class=\"excerpt-container\"><h2><a href=\"https:\/\/noclegioswiecim.eu\/it\/punti-di-forza\/posizione-2-km-da-auschwitz\/\">Posizione &#8211; 2 km da Auschwitz<\/a><\/h2><p>La comoda posizione degli appartamenti offre la possibilit\u00e0 di esplorare i siti storici della Seconda Guerra Mondiale e non solo, secondo i propri ritmi. La vicinanza all'ex complesso del campo di Auschwitz-Birkenau consente di visitare i siti commemorativi pi\u00f9 importanti in un solo giorno.<\/p><\/div><\/div><\/li><li><a href=\"https:\/\/noclegioswiecim.eu\/it\/punti-di-forza\/cucina-completamente-attrezzata\/\" aria-label=\"Cucina &#8211; completamente attrezzata\"><img decoding=\"async\" width=\"2560\" height=\"1707\" class=\"lazyload wp-image-3772\" src=\"https:\/\/noclegioswiecim.eu\/wp-content\/uploads\/2023\/02\/CA-2-18-scaled.jpg\" data-orig-src=\"https:\/\/noclegioswiecim.eu\/wp-content\/uploads\/2023\/02\/CA-2-18-scaled.jpg\" alt=\"\" srcset=\"data:image\/svg+xml,%3Csvg%20xmlns%3D%27http%3A%2F%2Fwww.w3.org%2F2000%2Fsvg%27%20width%3D%272560%27%20height%3D%271707%27%20viewBox%3D%270%200%202560%201707%27%3E%3Crect%20width%3D%272560%27%20height%3D%271707%27%20fill-opacity%3D%220%22%2F%3E%3C%2Fsvg%3E\" data-srcset=\"https:\/\/noclegioswiecim.eu\/wp-content\/uploads\/2023\/02\/CA-2-18-200x133.jpg 200w, https:\/\/noclegioswiecim.eu\/wp-content\/uploads\/2023\/02\/CA-2-18-400x267.jpg 400w, https:\/\/noclegioswiecim.eu\/wp-content\/uploads\/2023\/02\/CA-2-18-600x400.jpg 600w, https:\/\/noclegioswiecim.eu\/wp-content\/uploads\/2023\/02\/CA-2-18-800x533.jpg 800w, https:\/\/noclegioswiecim.eu\/wp-content\/uploads\/2023\/02\/CA-2-18-1200x800.jpg 1200w, https:\/\/noclegioswiecim.eu\/wp-content\/uploads\/2023\/02\/CA-2-18-scaled.jpg 2560w\" data-sizes=\"auto\" data-orig-sizes=\"(max-width: 640px) 100vw, 2560px\" \/><\/a><div class=\"slide-excerpt\"><div class=\"excerpt-container\"><h2><a href=\"https:\/\/noclegioswiecim.eu\/it\/punti-di-forza\/cucina-completamente-attrezzata\/\">Cucina &#8211; completamente attrezzata<\/a><\/h2><p>Cucinare da soli in viaggio \u00e8 un'occasione ideale per divertirsi in modo creativo. All'Apartments Auschwitz vi attende una cucina completamente attrezzata, dove potrete creare i pasti pi\u00f9 deliziosi. Gli elettrodomestici della cucina attendono le vostre idee culinarie.<\/p><\/div><\/div><\/li><li><a href=\"https:\/\/noclegioswiecim.eu\/it\/punti-di-forza\/struttura-recintata\/\" aria-label=\"Struttura recintata\"><img decoding=\"async\" width=\"1500\" height=\"1000\" class=\"lazyload wp-image-9422\" src=\"https:\/\/noclegioswiecim.eu\/wp-content\/uploads\/2023\/04\/RH6_3403.jpg\" data-orig-src=\"https:\/\/noclegioswiecim.eu\/wp-content\/uploads\/2023\/04\/RH6_3403.jpg\" alt=\"\" srcset=\"data:image\/svg+xml,%3Csvg%20xmlns%3D%27http%3A%2F%2Fwww.w3.org%2F2000%2Fsvg%27%20width%3D%271500%27%20height%3D%271000%27%20viewBox%3D%270%200%201500%201000%27%3E%3Crect%20width%3D%271500%27%20height%3D%271000%27%20fill-opacity%3D%220%22%2F%3E%3C%2Fsvg%3E\" data-srcset=\"https:\/\/noclegioswiecim.eu\/wp-content\/uploads\/2023\/04\/RH6_3403-200x133.jpg 200w, https:\/\/noclegioswiecim.eu\/wp-content\/uploads\/2023\/04\/RH6_3403-400x267.jpg 400w, https:\/\/noclegioswiecim.eu\/wp-content\/uploads\/2023\/04\/RH6_3403-600x400.jpg 600w, https:\/\/noclegioswiecim.eu\/wp-content\/uploads\/2023\/04\/RH6_3403-800x533.jpg 800w, https:\/\/noclegioswiecim.eu\/wp-content\/uploads\/2023\/04\/RH6_3403-1200x800.jpg 1200w, https:\/\/noclegioswiecim.eu\/wp-content\/uploads\/2023\/04\/RH6_3403.jpg 1500w\" data-sizes=\"auto\" data-orig-sizes=\"(max-width: 640px) 100vw, 1500px\" \/><\/a><div class=\"slide-excerpt\"><div class=\"excerpt-container\"><h2><a href=\"https:\/\/noclegioswiecim.eu\/it\/punti-di-forza\/struttura-recintata\/\">Struttura recintata<\/a><\/h2><p>\u00c8 un modo per garantirvi il massimo livello di sicurezza e privacy. Nessuno e niente disturber\u00e0 il vostro relax, e ogni momento negli Appartamenti Auschwitz sar\u00e0 un'occasione per vivere la pace. Niente occhi indiscreti o ospiti non invitati.<\/p><\/div><\/div><\/li><li><a href=\"https:\/\/noclegioswiecim.eu\/it\/punti-di-forza\/letti-con-materassi-confortevoli\/\" aria-label=\"Letti &#8211; con materassi confortevoli\"><img decoding=\"async\" width=\"2560\" height=\"1707\" class=\"lazyload wp-image-3819\" src=\"https:\/\/noclegioswiecim.eu\/wp-content\/uploads\/2023\/02\/CA-2-5-scaled.jpg\" data-orig-src=\"https:\/\/noclegioswiecim.eu\/wp-content\/uploads\/2023\/02\/CA-2-5-scaled.jpg\" alt=\"\" srcset=\"data:image\/svg+xml,%3Csvg%20xmlns%3D%27http%3A%2F%2Fwww.w3.org%2F2000%2Fsvg%27%20width%3D%272560%27%20height%3D%271707%27%20viewBox%3D%270%200%202560%201707%27%3E%3Crect%20width%3D%272560%27%20height%3D%271707%27%20fill-opacity%3D%220%22%2F%3E%3C%2Fsvg%3E\" data-srcset=\"https:\/\/noclegioswiecim.eu\/wp-content\/uploads\/2023\/02\/CA-2-5-200x133.jpg 200w, https:\/\/noclegioswiecim.eu\/wp-content\/uploads\/2023\/02\/CA-2-5-400x267.jpg 400w, https:\/\/noclegioswiecim.eu\/wp-content\/uploads\/2023\/02\/CA-2-5-600x400.jpg 600w, https:\/\/noclegioswiecim.eu\/wp-content\/uploads\/2023\/02\/CA-2-5-800x533.jpg 800w, https:\/\/noclegioswiecim.eu\/wp-content\/uploads\/2023\/02\/CA-2-5-1200x800.jpg 1200w, https:\/\/noclegioswiecim.eu\/wp-content\/uploads\/2023\/02\/CA-2-5-scaled.jpg 2560w\" data-sizes=\"auto\" data-orig-sizes=\"(max-width: 640px) 100vw, 2560px\" \/><\/a><div class=\"slide-excerpt\"><div class=\"excerpt-container\"><h2><a href=\"https:\/\/noclegioswiecim.eu\/it\/punti-di-forza\/letti-con-materassi-confortevoli\/\">Letti &#8211; con materassi confortevoli<\/a><\/h2><p>Il sonno beato non \u00e8 solo un privilegio della casa. La zona notte degli appartamenti di Oswiecim dispone di letti eleganti dotati di materassi di alta qualit\u00e0 che vi garantiranno un comfort eccezionale durante il sonno. Al contrario, la mattina sar\u00e0 piena di energia positiva.<\/p><\/div><\/div><\/li><li><a href=\"https:\/\/noclegioswiecim.eu\/it\/punti-di-forza\/accessibile-alle-persone-disabili\/\" aria-label=\"Accessibile alle persone disabili\"><img decoding=\"async\" width=\"2560\" height=\"1707\" class=\"lazyload wp-image-3871\" src=\"https:\/\/noclegioswiecim.eu\/wp-content\/uploads\/2023\/01\/CA-2-37-scaled.jpg\" data-orig-src=\"https:\/\/noclegioswiecim.eu\/wp-content\/uploads\/2023\/01\/CA-2-37-scaled.jpg\" alt=\"\" srcset=\"data:image\/svg+xml,%3Csvg%20xmlns%3D%27http%3A%2F%2Fwww.w3.org%2F2000%2Fsvg%27%20width%3D%272560%27%20height%3D%271707%27%20viewBox%3D%270%200%202560%201707%27%3E%3Crect%20width%3D%272560%27%20height%3D%271707%27%20fill-opacity%3D%220%22%2F%3E%3C%2Fsvg%3E\" data-srcset=\"https:\/\/noclegioswiecim.eu\/wp-content\/uploads\/2023\/01\/CA-2-37-200x133.jpg 200w, https:\/\/noclegioswiecim.eu\/wp-content\/uploads\/2023\/01\/CA-2-37-400x267.jpg 400w, https:\/\/noclegioswiecim.eu\/wp-content\/uploads\/2023\/01\/CA-2-37-600x400.jpg 600w, https:\/\/noclegioswiecim.eu\/wp-content\/uploads\/2023\/01\/CA-2-37-800x533.jpg 800w, https:\/\/noclegioswiecim.eu\/wp-content\/uploads\/2023\/01\/CA-2-37-1200x800.jpg 1200w, https:\/\/noclegioswiecim.eu\/wp-content\/uploads\/2023\/01\/CA-2-37-scaled.jpg 2560w\" data-sizes=\"auto\" data-orig-sizes=\"(max-width: 640px) 100vw, 2560px\" \/><\/a><div class=\"slide-excerpt\"><div class=\"excerpt-container\"><h2><a href=\"https:\/\/noclegioswiecim.eu\/it\/punti-di-forza\/accessibile-alle-persone-disabili\/\">Accessibile alle persone disabili<\/a><\/h2><p>\r Gli appartamenti di Oswiecim sono spazi confortevoli per tutti, che si tratti di persone con disabilit\u00e0 o meno. Gli arredi disponibili negli appartamenti sono adatti a tutti e consentono di riposare con dignit\u00e0, nonostante i propri limiti.\r<\/p><\/div><\/div><\/li><li><a href=\"https:\/\/noclegioswiecim.eu\/it\/punti-di-forza\/sniadania-na-zamowienie\/\" aria-label=\"\u015aniadania na zam\u00f3wienie\"><img decoding=\"async\" width=\"770\" height=\"400\" class=\"lazyload wp-image-6436\" src=\"https:\/\/noclegioswiecim.eu\/wp-content\/uploads\/2024\/07\/sniadania-2.png\" data-orig-src=\"https:\/\/noclegioswiecim.eu\/wp-content\/uploads\/2024\/07\/sniadania-2.png\" alt=\"\" srcset=\"data:image\/svg+xml,%3Csvg%20xmlns%3D%27http%3A%2F%2Fwww.w3.org%2F2000%2Fsvg%27%20width%3D%27770%27%20height%3D%27400%27%20viewBox%3D%270%200%20770%20400%27%3E%3Crect%20width%3D%27770%27%20height%3D%27400%27%20fill-opacity%3D%220%22%2F%3E%3C%2Fsvg%3E\" data-srcset=\"https:\/\/noclegioswiecim.eu\/wp-content\/uploads\/2024\/07\/sniadania-2-200x104.png 200w, https:\/\/noclegioswiecim.eu\/wp-content\/uploads\/2024\/07\/sniadania-2-400x208.png 400w, https:\/\/noclegioswiecim.eu\/wp-content\/uploads\/2024\/07\/sniadania-2-600x312.png 600w, https:\/\/noclegioswiecim.eu\/wp-content\/uploads\/2024\/07\/sniadania-2.png 770w\" data-sizes=\"auto\" data-orig-sizes=\"(max-width: 640px) 100vw, 770px\" \/><\/a><div class=\"slide-excerpt\"><div class=\"excerpt-container\"><h2><a href=\"https:\/\/noclegioswiecim.eu\/it\/punti-di-forza\/sniadania-na-zamowienie\/\">\u015aniadania na zam\u00f3wienie<\/a><\/h2><p>Zapraszamy do skorzystania z naszej oferty \u015bniadaniowej, przygotowanej z my\u015bl\u0105 o komfortowym i smacznym rozpocz\u0119ciu dnia. W Comfort Apartments w O\u015bwi\u0119cimiu dbamy o to, aby ka\u017cdy nasz go\u015b\u0107 m\u00f3g\u0142 cieszy\u0107 si\u0119 pysznym \u015bniadaniem, kt\u00f3re doda energii na ca\u0142y dzie\u0144 przyg\u00f3d i zwiedzania!<\/p><\/div><\/div><\/li><\/ul><\/div><\/div><\/div><\/div><\/div>\n<\/p>\n","protected":false},"excerpt":{"rendered":"","protected":false},"author":1,"featured_media":0,"parent":0,"menu_order":0,"comment_status":"closed","ping_status":"closed","template":"100-width.php","meta":{"footnotes":""},"class_list":["post-3638","page","type-page","status-publish","hentry"],"yoast_head":"<!-- This site is optimized with the Yoast SEO plugin v27.5 - https:\/\/yoast.com\/product\/yoast-seo-wordpress\/ -->\n<title>Appartamenti - Comfort Apartments<\/title>\n<meta name=\"robots\" content=\"index, follow, max-snippet:-1, max-image-preview:large, max-video-preview:-1\" \/>\n<link rel=\"canonical\" href=\"https:\/\/noclegioswiecim.eu\/it\/appartamenti\/\" \/>\n<meta property=\"og:locale\" content=\"it_IT\" \/>\n<meta property=\"og:type\" content=\"article\" \/>\n<meta property=\"og:title\" content=\"Appartamenti - Comfort Apartments\" \/>\n<meta property=\"og:url\" content=\"https:\/\/noclegioswiecim.eu\/it\/appartamenti\/\" \/>\n<meta property=\"og:site_name\" content=\"Comfort Apartments\" \/>\n<meta property=\"article:publisher\" content=\"https:\/\/www.facebook.com\/oswiecimapartments\/\" \/>\n<meta property=\"article:modified_time\" content=\"2025-12-10T08:14:07+00:00\" \/>\n<meta name=\"twitter:card\" content=\"summary_large_image\" \/>\n<meta name=\"twitter:label1\" content=\"Tempo di lettura stimato\" \/>\n\t<meta name=\"twitter:data1\" content=\"9 minuti\" \/>\n<script type=\"application\/ld+json\" class=\"yoast-schema-graph\">{\"@context\":\"https:\\\/\\\/schema.org\",\"@graph\":[{\"@type\":\"WebPage\",\"@id\":\"https:\\\/\\\/noclegioswiecim.eu\\\/it\\\/appartamenti\\\/\",\"url\":\"https:\\\/\\\/noclegioswiecim.eu\\\/it\\\/appartamenti\\\/\",\"name\":\"Appartamenti - Comfort Apartments\",\"isPartOf\":{\"@id\":\"https:\\\/\\\/noclegioswiecim.eu\\\/#website\"},\"datePublished\":\"2023-01-23T23:12:54+00:00\",\"dateModified\":\"2025-12-10T08:14:07+00:00\",\"breadcrumb\":{\"@id\":\"https:\\\/\\\/noclegioswiecim.eu\\\/it\\\/appartamenti\\\/#breadcrumb\"},\"inLanguage\":\"it-IT\",\"potentialAction\":[{\"@type\":\"ReadAction\",\"target\":[\"https:\\\/\\\/noclegioswiecim.eu\\\/it\\\/appartamenti\\\/\"]}]},{\"@type\":\"BreadcrumbList\",\"@id\":\"https:\\\/\\\/noclegioswiecim.eu\\\/it\\\/appartamenti\\\/#breadcrumb\",\"itemListElement\":[{\"@type\":\"ListItem\",\"position\":1,\"name\":\"Strona g\u0142\u00f3wna\",\"item\":\"https:\\\/\\\/noclegioswiecim.eu\\\/it\\\/\"},{\"@type\":\"ListItem\",\"position\":2,\"name\":\"Appartamenti\"}]},{\"@type\":\"WebSite\",\"@id\":\"https:\\\/\\\/noclegioswiecim.eu\\\/#website\",\"url\":\"https:\\\/\\\/noclegioswiecim.eu\\\/\",\"name\":\"Comfort Apartments\",\"description\":\"Noclegi O\u015bwi\u0119cim \\\/ Booking O\u015bwi\u0119cim\",\"publisher\":{\"@id\":\"https:\\\/\\\/noclegioswiecim.eu\\\/#organization\"},\"potentialAction\":[{\"@type\":\"SearchAction\",\"target\":{\"@type\":\"EntryPoint\",\"urlTemplate\":\"https:\\\/\\\/noclegioswiecim.eu\\\/?s={search_term_string}\"},\"query-input\":{\"@type\":\"PropertyValueSpecification\",\"valueRequired\":true,\"valueName\":\"search_term_string\"}}],\"inLanguage\":\"it-IT\"},{\"@type\":\"Organization\",\"@id\":\"https:\\\/\\\/noclegioswiecim.eu\\\/#organization\",\"name\":\"Comfort Apartments\",\"url\":\"https:\\\/\\\/noclegioswiecim.eu\\\/\",\"logo\":{\"@type\":\"ImageObject\",\"inLanguage\":\"it-IT\",\"@id\":\"https:\\\/\\\/noclegioswiecim.eu\\\/#\\\/schema\\\/logo\\\/image\\\/\",\"url\":\"https:\\\/\\\/noclegioswiecim.eu\\\/wp-content\\\/uploads\\\/2023\\\/02\\\/favicona.png\",\"contentUrl\":\"https:\\\/\\\/noclegioswiecim.eu\\\/wp-content\\\/uploads\\\/2023\\\/02\\\/favicona.png\",\"width\":200,\"height\":200,\"caption\":\"Comfort Apartments\"},\"image\":{\"@id\":\"https:\\\/\\\/noclegioswiecim.eu\\\/#\\\/schema\\\/logo\\\/image\\\/\"},\"sameAs\":[\"https:\\\/\\\/www.facebook.com\\\/oswiecimapartments\\\/\",\"https:\\\/\\\/goo.gl\\\/maps\\\/H9x6rxoZWfK3ad1j6\",\"https:\\\/\\\/www.instagram.com\\\/oswiecimapartments\\\/\"]}]}<\/script>\n<!-- \/ Yoast SEO plugin. -->","yoast_head_json":{"title":"Appartamenti - Comfort Apartments","robots":{"index":"index","follow":"follow","max-snippet":"max-snippet:-1","max-image-preview":"max-image-preview:large","max-video-preview":"max-video-preview:-1"},"canonical":"https:\/\/noclegioswiecim.eu\/it\/appartamenti\/","og_locale":"it_IT","og_type":"article","og_title":"Appartamenti - Comfort Apartments","og_url":"https:\/\/noclegioswiecim.eu\/it\/appartamenti\/","og_site_name":"Comfort Apartments","article_publisher":"https:\/\/www.facebook.com\/oswiecimapartments\/","article_modified_time":"2025-12-10T08:14:07+00:00","twitter_card":"summary_large_image","twitter_misc":{"Tempo di lettura stimato":"9 minuti"},"schema":{"@context":"https:\/\/schema.org","@graph":[{"@type":"WebPage","@id":"https:\/\/noclegioswiecim.eu\/it\/appartamenti\/","url":"https:\/\/noclegioswiecim.eu\/it\/appartamenti\/","name":"Appartamenti - Comfort Apartments","isPartOf":{"@id":"https:\/\/noclegioswiecim.eu\/#website"},"datePublished":"2023-01-23T23:12:54+00:00","dateModified":"2025-12-10T08:14:07+00:00","breadcrumb":{"@id":"https:\/\/noclegioswiecim.eu\/it\/appartamenti\/#breadcrumb"},"inLanguage":"it-IT","potentialAction":[{"@type":"ReadAction","target":["https:\/\/noclegioswiecim.eu\/it\/appartamenti\/"]}]},{"@type":"BreadcrumbList","@id":"https:\/\/noclegioswiecim.eu\/it\/appartamenti\/#breadcrumb","itemListElement":[{"@type":"ListItem","position":1,"name":"Strona g\u0142\u00f3wna","item":"https:\/\/noclegioswiecim.eu\/it\/"},{"@type":"ListItem","position":2,"name":"Appartamenti"}]},{"@type":"WebSite","@id":"https:\/\/noclegioswiecim.eu\/#website","url":"https:\/\/noclegioswiecim.eu\/","name":"Comfort Apartments","description":"Noclegi O\u015bwi\u0119cim \/ Booking O\u015bwi\u0119cim","publisher":{"@id":"https:\/\/noclegioswiecim.eu\/#organization"},"potentialAction":[{"@type":"SearchAction","target":{"@type":"EntryPoint","urlTemplate":"https:\/\/noclegioswiecim.eu\/?s={search_term_string}"},"query-input":{"@type":"PropertyValueSpecification","valueRequired":true,"valueName":"search_term_string"}}],"inLanguage":"it-IT"},{"@type":"Organization","@id":"https:\/\/noclegioswiecim.eu\/#organization","name":"Comfort Apartments","url":"https:\/\/noclegioswiecim.eu\/","logo":{"@type":"ImageObject","inLanguage":"it-IT","@id":"https:\/\/noclegioswiecim.eu\/#\/schema\/logo\/image\/","url":"https:\/\/noclegioswiecim.eu\/wp-content\/uploads\/2023\/02\/favicona.png","contentUrl":"https:\/\/noclegioswiecim.eu\/wp-content\/uploads\/2023\/02\/favicona.png","width":200,"height":200,"caption":"Comfort Apartments"},"image":{"@id":"https:\/\/noclegioswiecim.eu\/#\/schema\/logo\/image\/"},"sameAs":["https:\/\/www.facebook.com\/oswiecimapartments\/","https:\/\/goo.gl\/maps\/H9x6rxoZWfK3ad1j6","https:\/\/www.instagram.com\/oswiecimapartments\/"]}]}},"_links":{"self":[{"href":"https:\/\/noclegioswiecim.eu\/it\/wp-json\/wp\/v2\/pages\/3638","targetHints":{"allow":["GET"]}}],"collection":[{"href":"https:\/\/noclegioswiecim.eu\/it\/wp-json\/wp\/v2\/pages"}],"about":[{"href":"https:\/\/noclegioswiecim.eu\/it\/wp-json\/wp\/v2\/types\/page"}],"author":[{"embeddable":true,"href":"https:\/\/noclegioswiecim.eu\/it\/wp-json\/wp\/v2\/users\/1"}],"replies":[{"embeddable":true,"href":"https:\/\/noclegioswiecim.eu\/it\/wp-json\/wp\/v2\/comments?post=3638"}],"version-history":[{"count":16,"href":"https:\/\/noclegioswiecim.eu\/it\/wp-json\/wp\/v2\/pages\/3638\/revisions"}],"predecessor-version":[{"id":9935,"href":"https:\/\/noclegioswiecim.eu\/it\/wp-json\/wp\/v2\/pages\/3638\/revisions\/9935"}],"wp:attachment":[{"href":"https:\/\/noclegioswiecim.eu\/it\/wp-json\/wp\/v2\/media?parent=3638"}],"curies":[{"name":"wp","href":"https:\/\/api.w.org\/{rel}","templated":true}]}}