{"id":3734,"date":"2023-02-03T00:21:42","date_gmt":"2023-02-02T23:21:42","guid":{"rendered":"https:\/\/noclegioswiecim.eu\/reglements\/"},"modified":"2025-04-16T10:03:50","modified_gmt":"2025-04-16T08:03:50","slug":"reglements","status":"publish","type":"page","link":"https:\/\/noclegioswiecim.eu\/fr\/reglements\/","title":{"rendered":"R\u00e8glements"},"content":{"rendered":"<p style=\"text-align: center;\"><strong><b>Conditions de r\u00e9servation et de location \u00e0 court terme des appartements Comfort \u00e0 l&rsquo;ann\u00e9e<\/b><\/strong><\/p>\n<p>Le pr\u00e9sent r\u00e8glement d\u00e9finit les droits et obligations du client (\u00ab\u00a0locataire\u00a0\u00bb) et du prestataire de services &#8211; Sigma Artur M\u0142odzik Us\u0142ugi Remontowo-Budowlane, dont le si\u00e8ge social est situ\u00e9 ul. Sakranusa 34, 32-600 O\u015bwi\u0119cim, NIP : 5491660799, tel. no. +48 <a href=\"tel:+48%20888%20461%20486\"><br \/>\n<u>888 461 486<\/u><br \/>\n<\/a>e-mail : <a href=\"mailto:info@noclegioswiecim.eu\"><br \/>\n<u>info@noclegioswiecim.eu<\/u><br \/>\n<\/a> (\u00ab\u00a0bailleur\u00a0\u00bb), concernant la r\u00e9servation et la location \u00e0 court terme d&rsquo;appartements \u00e0 l&rsquo;ann\u00e9e propos\u00e9s par le bailleur, ainsi que les r\u00e8gles de paiement, de r\u00e9clamation et de responsabilit\u00e9.<\/p>\n<p>Les conditions g\u00e9n\u00e9rales sont un \u00e9l\u00e9ment indissociable du contrat de location d&rsquo;appartement \u00e0 court terme conclu par l&rsquo;interm\u00e9diaire du service Internet du bailleur.<\/p>\n<p style=\"text-align: center;\"><strong><b>Glossaire<\/b><\/strong><\/p>\n<ol>\n<li><b><\/b><strong><br \/>\n<b>R\u00e8glement<\/b><br \/>\n<\/strong>&#8211; pr\u00e9par\u00e9 par le propri\u00e9taire et mis \u00e0 la disposition du locataire pour qu&rsquo;il le lise avant de conclure un contrat de location <em><br \/>\n<i>R\u00e8glement de r\u00e9servation et de location \u00e0 court terme pour les appartements Comfort \u00e0 l&rsquo;ann\u00e9e<\/i><br \/>\n<\/em><\/li>\n<li><b><\/b><strong><br \/>\n<b>Appartements &#8211; <\/b><br \/>\n<\/strong>situ\u00e9 \u00e0 ul. Ko\u015bcielecka 10F, 10G 32-600 O\u015bwi\u0119cim appartements en briques ouverts toute l&rsquo;ann\u00e9e, situ\u00e9s dans une zone s\u00e9par\u00e9e, con\u00e7us pour une r\u00e9sidence simultan\u00e9e dans chaque appartement d&rsquo;un maximum de 7 personnes au total.<\/li>\n<li><b><\/b><strong><br \/>\n<b>Environnement de l&rsquo;appartement <\/b><br \/>\n<\/strong>&#8211; une zone cl\u00f4tur\u00e9e de 1 000 m\u00b2, o\u00f9 se trouvent les appartements, ainsi qu&rsquo;une zone s\u00e9par\u00e9e pour le stationnement (parking) et la r\u00e9cr\u00e9ation des enfants<\/li>\n<li><b><\/b><strong><br \/>\n<b>Locataire <\/b><br \/>\n<\/strong>&#8211; la personne physique ou morale qui est partie au contrat de location de l&rsquo;appartement.<\/li>\n<li><b><\/b><strong><br \/>\n<b>Propri\u00e9taire <\/b><br \/>\n<\/strong>&#8211; Prestataire de services Sigma Artur M\u0142odzik Us\u0142ugi Remontowo-Budowlanez siedzib\u0105 Sakranusa 34, 32-600 O\u015bwi\u0119cim, NIP : 5491660799, nr tel. +48 <a href=\"tel:+48%20888%20461%20486\"><br \/>\n<u>888 461 486<\/u><br \/>\n<\/a>e-mail : <a href=\"mailto:info@noclegioswiecim.eu\"><br \/>\n<u>info@noclegioswiecim.eu<\/u><br \/>\n<\/a><\/li>\n<li><b><\/b><strong><br \/>\n<b>Tiers <\/b><br \/>\n<\/strong>&#8211; les personnes physiques autres que le locataire ou les personnes qui partagent l&rsquo;appartement avec le locataire.<\/li>\n<li><b><\/b><strong><br \/>\n<b>Contrat de bail <\/b><br \/>\n<\/strong>&#8211; contrat conclu par \u00e9crit entre le locataire et le bailleur, en vertu duquel le bailleur donne au locataire l&rsquo;usage d&rsquo;un appartement pour une p\u00e9riode d\u00e9termin\u00e9e, et le bailleur paie au locataire le prix convenu pour cet usage.<\/li>\n<li><b><\/b><strong><br \/>\n<b>Service Internet <\/b><br \/>\n<\/strong>&#8211; est le site https:\/\/noclegioswiecim.eu\/ appartenant \u00e0 Sigma Artur M\u0142odzik Us\u0142ugi Remontowo-Budowlane et sa plateforme de r\u00e9servation.<\/li>\n<li><b><\/b><strong><br \/>\n<b>Prix total de la location<\/b><br \/>\n<\/strong>&#8211; est le montant indiqu\u00e9 au cours du processus de r\u00e9servation, y compris tous les frais pr\u00e9vus dans le contrat de location conclu.<\/li>\n<li><b><\/b><strong><b>Force Majeure <\/b><\/strong>(latin : Casus est maior vis cui humana infirmitas resistere non potest) &#8211; un ph\u00e9nom\u00e8ne ext\u00e9rieur ind\u00e9pendant de la volont\u00e9 du locataire et du bailleur qui est in\u00e9vitable et qui n&rsquo;aurait pas pu \u00eatre pr\u00e9vu ou combattu, en particulier un ph\u00e9nom\u00e8ne de nature factuelle, juridique ou administrative qui n&rsquo;aurait pas pu \u00eatre pr\u00e9vu malgr\u00e9 tous les efforts et toutes les contributions, par exemple une catastrophe naturelle, un attentat terroriste, une guerre. La force majeure ne peut pas \u00eatre comprise comme : la maladie, l&rsquo;accident de voiture, le retrait de cong\u00e9, l&rsquo;absence de documents autorisant le passage de la fronti\u00e8re, les affaires familiales et personnelles, etc.<\/li>\n<\/ol>\n<p style=\"text-align: center;\"><strong><b>\u00a7 1 Informations g\u00e9n\u00e9rales<\/b><\/strong><\/p>\n<ol>\n<li>Le r\u00e8glement d\u00e9finit les conditions de r\u00e9servation et de location \u00e0 court terme des appartements propos\u00e9s par le bailleur, ainsi que les principes de paiement, de r\u00e9clamation et de responsabilit\u00e9 des parties contractantes.<\/li>\n<li>L&rsquo;utilisation correcte du site Web n\u00e9cessite un \u00e9quipement informatique r\u00e9pondant aux exigences techniques suivantes :<br \/>\n(a) a acc\u00e8s \u00e0 l&rsquo;internet,<br \/>\nb) dispose d&rsquo;un navigateur web install\u00e9 (Internet Explorer, Chrome, Safari, Firefox, Opera, Android, Safari iOS, Windows Phone, Blackberry) dans la version actuelle,<br \/>\n(c) dispose d&rsquo;un compte de courrier \u00e9lectronique actif et correctement configur\u00e9.<\/li>\n<\/ol>\n<p style=\"text-align: center;\"><strong><b>\u00a7 2 Objet du contrat de bail<\/b><\/strong><\/p>\n<ol>\n<li>L&rsquo;objet du contrat de location est la location \u00e0 court terme de l&rsquo;appartement propos\u00e9 par le bailleur par l&rsquo;interm\u00e9diaire du service Internet ou de portails permettant de conclure des contrats avec le bailleur.<\/li>\n<li>Le bailleur est tenu de mettre l&rsquo;appartement \u00e0 la disposition du locataire conform\u00e9ment \u00e0 la description contenue dans le service Internet ou le portail interm\u00e9diaire permettant de conclure des contrats avec le bailleur et aux dates sp\u00e9cifi\u00e9es dans la r\u00e9servation, et le locataire est tenu de payer le prix total de la location sp\u00e9cifi\u00e9 dans le processus de r\u00e9servation.<\/li>\n<li>Le fait pour le locataire d&rsquo;effectuer une r\u00e9servation par le biais du service Internet ou d&rsquo;un portail servant d&rsquo;interm\u00e9diaire pour la conclusion de contrats avec le bailleur \u00e9quivaut \u00e0 l&rsquo;acceptation du pr\u00e9sent r\u00e8glement et \u00e0 la conclusion du contrat de location d&rsquo;un appartement \u00e0 court terme entre le locataire et le bailleur.<\/li>\n<li>La location de l&rsquo;appartement est bas\u00e9e sur le contrat de location.<\/li>\n<li>Le contrat de location pr\u00e9cise notamment : les parties au contrat, le prix de la location, la dur\u00e9e du contrat, le nombre de personnes autoris\u00e9es \u00e0 occuper l&rsquo;appartement en vertu du contrat et les droits et obligations des parties.<\/li>\n<li>Au moment de la conclusion du contrat, afin de v\u00e9rifier les donn\u00e9es personnelles, le locataire est tenu de pr\u00e9senter au bailleur une carte d&rsquo;identit\u00e9 valide ou un autre document avec photographie, sur la base duquel il sera possible de d\u00e9terminer l&rsquo;identit\u00e9 du locataire, afin qu&rsquo;il puisse en prendre connaissance.<\/li>\n<\/ol>\n<p>&nbsp;<\/p>\n<p style=\"text-align: center;\"><strong><b>\u00a7 3 Principes de r\u00e9servation et de paiement<\/b><\/strong><\/p>\n<ol>\n<li>Au cours de la proc\u00e9dure de r\u00e9servation, le locataire s\u00e9lectionne individuellement un appartement propos\u00e9 par le bailleur par l&rsquo;interm\u00e9diaire du service Internet ou des portails servant d&rsquo;interm\u00e9diaires pour conclure des accords avec le bailleur, puis effectue la r\u00e9servation de l&rsquo;appartement en remplissant le formulaire de r\u00e9servation \u00e9lectronique plac\u00e9 sur le service Internet ou les portails servant d&rsquo;interm\u00e9diaires pour conclure des accords avec le bailleur, ou effectue la r\u00e9servation par t\u00e9l\u00e9phone au num\u00e9ro de t\u00e9l. +48 <a href=\"tel:+48%20888%20461%20486\"><br \/>\n<u>888 461 486<\/u><br \/>\n<\/a> ou par voie \u00e9lectronique en contactant par e-mail <a href=\"mailto:info@noclegioswiecim.eu\"><br \/>\n<u>info@noclegioswiecim.eu<\/u><br \/>\n<\/a><\/li>\n<li>Le locataire effectue la r\u00e9servation en indiquant sous l&rsquo;offre sur le site web ou le portail interm\u00e9diaire la date sp\u00e9cifique de d\u00e9but du s\u00e9jour et la date sp\u00e9cifique de fin du s\u00e9jour. Si une r\u00e9servation est effectu\u00e9e par t\u00e9l\u00e9phone ou par courrier \u00e9lectronique, elle est r\u00e9put\u00e9e avoir \u00e9t\u00e9 effectu\u00e9e d\u00e8s r\u00e9ception d&rsquo;une confirmation de r\u00e9servation envoy\u00e9e par le bailleur \u00e0 l&rsquo;adresse \u00e9lectronique du locataire.<\/li>\n<li>La confirmation de la r\u00e9servation se fait par l&rsquo;envoi, \u00e0 l&rsquo;adresse \u00e9lectronique du locataire indiqu\u00e9e lors de la r\u00e9servation, d&rsquo;un message indiquant que la r\u00e9servation a \u00e9t\u00e9 confirm\u00e9e, un r\u00e9sum\u00e9 de l&rsquo;offre de r\u00e9servation, l&rsquo;\u00e9tablissement du prix total de la location, l&rsquo;acceptation des dispositions du r\u00e8glement et la date de la r\u00e9servation.<\/li>\n<li>Le locataire est tenu &#8211; \u00e0 compter de la date de remise du message confirmant la r\u00e9servation (\u00a7 3, alin\u00e9a 3) &#8211; de verser l&rsquo;acompte (frais de r\u00e9servation) par virement \u00e9lectronique (Przelewy24.pl) dans les 4 jours ouvrables (mais au plus tard le dernier jour ouvrable avant le d\u00e9but du s\u00e9jour) sur le compte mentionn\u00e9 au \u00a7 3, alin\u00e9a 3. 9. Le montant de l&rsquo;acompte (frais de r\u00e9servation) s&rsquo;\u00e9l\u00e8ve \u00e0 30 % du prix total de la location.<\/li>\n<li>Le prix total de la location sera factur\u00e9 au locataire dans son int\u00e9gralit\u00e9 et conform\u00e9ment au contrat de location le premier jour du s\u00e9jour \u00e0 l&rsquo;avance.<\/li>\n<li>Si le locataire a vers\u00e9 un acompte (frais de r\u00e9servation) avant la conclusion du contrat de location, il est tenu de payer, le premier jour de son s\u00e9jour, la diff\u00e9rence entre le prix de location r\u00e9sultant du contrat de location et le montant de l&rsquo;acompte (frais de r\u00e9servation) qu&rsquo;il a vers\u00e9.<\/li>\n<li>Les transactions par carte et par virement \u00e9lectronique sont r\u00e9gl\u00e9es par l&rsquo;interm\u00e9diaire de <strong><br \/>\n<b>Przelewy24<\/b><br \/>\n<\/strong><strong><br \/>\n<b>.pl<\/b><br \/>\n<\/strong><\/li>\n<li>Le d\u00e9faut de paiement vis\u00e9 au \u00a7 3 4 donne au bailleur le droit de r\u00e9silier le contrat de location sans \u00eatre oblig\u00e9 d&rsquo;accorder un d\u00e9lai d&rsquo;ex\u00e9cution suppl\u00e9mentaire. Le bailleur notifie au locataire l&rsquo;exercice de ce droit au plus tard \u00e0 la date de d\u00e9but du s\u00e9jour \u00e0 compter de l&rsquo;expiration du d\u00e9lai de paiement des frais de r\u00e9servation.<\/li>\n<li>Paiement de la totalit\u00e9 du prix de location moins le montant de l&rsquo;acompte vers\u00e9 (frais de r\u00e9servation) conform\u00e9ment au \u00a7 3 par. 4, se fera par virement bancaire sur le compte bancaire du bailleur identifi\u00e9 par le num\u00e9ro : 761050 1113 1000 0097 8166 5907 ou en esp\u00e8ces.<\/li>\n<li>Si le Locataire a effectu\u00e9 un transfert au Bailleur imm\u00e9diatement avant le d\u00e9but de son s\u00e9jour, le Locataire doit, \u00e0 la demande du Bailleur, pr\u00e9senter une confirmation du transfert au Bailleur sous quelque forme et sur quelque support que ce soit.<\/li>\n<li>Le d\u00e9faut de paiement vis\u00e9 \u00e0 l&rsquo;article 3, paragraphe 1, de la loi sur la protection de l&rsquo;environnement, n&rsquo;est pas pris en compte dans le calcul de l&rsquo;amende. 9, conf\u00e8re au bailleur le droit de r\u00e9silier le contrat de location, sans obligation de fixer un d\u00e9lai d&rsquo;ex\u00e9cution suppl\u00e9mentaire. Le bailleur notifie au locataire l&rsquo;exercice de ce droit imm\u00e9diatement apr\u00e8s l&rsquo;expiration du d\u00e9lai de paiement de la totalit\u00e9 du prix de location.<\/li>\n<li>Le paiement est r\u00e9put\u00e9 effectu\u00e9 le jour o\u00f9 les fonds dus sont cr\u00e9dit\u00e9s sur le compte bancaire du bailleur ou le jour o\u00f9 les esp\u00e8ces sont transf\u00e9r\u00e9es au bailleur ou \u00e0 une personne autoris\u00e9e par le bailleur.<\/li>\n<li>Il incombe au locataire de fournir les donn\u00e9es personnelles n\u00e9cessaires au processus de r\u00e9servation indiqu\u00e9es dans le formulaire de r\u00e9servation sur le site web ou sur les portails permettant de conclure des accords avec l&rsquo;interm\u00e9diaire, tout en d\u00e9clarant qu&rsquo;elles sont correctes.<\/li>\n<\/ol>\n<p style=\"text-align: center;\"><strong><b>\u00a7 4 R\u00e8gles d&rsquo;utilisation des appartements<\/b><\/strong><\/p>\n<ol>\n<li>Les personnes s\u00e9journant dans les appartements ainsi que dans la zone s\u00e9par\u00e9e sont tenues de respecter le pr\u00e9sent r\u00e8glement et, en outre, les lois g\u00e9n\u00e9ralement applicables en mati\u00e8re de s\u00e9curit\u00e9, de protection contre les incendies, de principes de bon voisinage et de comportement ne mettant pas en danger la s\u00e9curit\u00e9 d&rsquo;autrui.<\/li>\n<li>Il est strictement interdit de fumer et d&rsquo;utiliser d&rsquo;autres produits similaires au tabac dans les appartements.<\/li>\n<li>Dans les appartements et dans la zone d\u00e9sign\u00e9e &#8211; de 22 heures \u00e0 7 heures &#8211; le couvre-feu s&rsquo;applique.<\/li>\n<li>Il est interdit au locataire ou aux personnes cohabitant dans l&rsquo;appartement d&rsquo;organiser des manifestations bruyantes susceptibles de troubler la tranquillit\u00e9 des personnes h\u00e9berg\u00e9es dans d&rsquo;autres appartements.<\/li>\n<li>Les tiers sont tenus de quitter l&rsquo;appartement et la zone d\u00e9sign\u00e9e avant le d\u00e9but du couvre-feu.<\/li>\n<li>Il est interdit d&rsquo;amener des animaux &#8211; en particulier des chiens et des chats &#8211; dans les appartements.<\/li>\n<\/ol>\n<p style=\"text-align: center;\"><strong><b>\u00a7 5<\/b><\/strong><\/p>\n<ol>\n<li>La mise en possession de l&rsquo;appartement par le locataire &#8211; par la remise des cl\u00e9s &#8211; est effectu\u00e9e par le bailleur ou une personne agissant en son nom, apr\u00e8s signature du contrat de bail, le jour indiqu\u00e9 dans le contrat de bail comme \u00e9tant le jour du d\u00e9but du bail, au plus t\u00f4t \u00e0 16 heures.<\/li>\n<li>\u00c0 la date indiqu\u00e9e dans le contrat de bail comme date de r\u00e9siliation du bail, le locataire &#8211; au plus tard \u00e0 11 heures &#8211; doit :<br \/>\na) vider l&rsquo;appartement de tous les biens mobiliers apport\u00e9s par le locataire et les autres personnes qui ont occup\u00e9 l&rsquo;appartement conjointement avec le locataire pendant la dur\u00e9e de l&rsquo;engagement des parties dans le contrat de location.<br \/>\nb) rendre les cl\u00e9s de l&rsquo;appartement au bailleur.<\/li>\n<li>H\u00e9bergement \u00e0 une date ant\u00e9rieure \u00e0 celle indiqu\u00e9e au paragraphe 1. 1 du pr\u00e9sent paragraphe ou de quitter l&rsquo;appartement \u00e0 une date ult\u00e9rieure \u00e0 celle indiqu\u00e9e au paragraphe 1 de la pr\u00e9sente section. 2 du pr\u00e9sent paragraphe est possible moyennant un accord pr\u00e9alable avec le bailleur.<\/li>\n<\/ol>\n<p style=\"text-align: center;\"><strong><b>\u00a7 6 Responsabilit\u00e9<\/b><\/strong><\/p>\n<ol>\n<li>A partir du moment o\u00f9 le locataire prend possession de l&rsquo;appartement, il est responsable de tout dommage caus\u00e9 par le locataire ou les personnes qui cohabitent dans l&rsquo;appartement.<\/li>\n<li>Le locataire est tenu d&rsquo;utiliser l&rsquo;appartement conform\u00e9ment \u00e0 ses caract\u00e9ristiques et \u00e0 l&rsquo;usage auquel il est destin\u00e9. Le locataire ne peut apporter aucune modification \u00e0 la d\u00e9coration int\u00e9rieure.<\/li>\n<li>Tous les \u00e9quipements, tant l&rsquo;appartement que son environnement, doivent &#8211; le jour de la fin du bail et de la restitution des cl\u00e9s par le locataire au bailleur, compte tenu de l&rsquo;usure r\u00e9sultant de leur bon usage &#8211; \u00eatre dans un \u00e9tat qui n&rsquo;est pas pire que celui dans lequel ils se trouvaient au moment de la remise de l&rsquo;appartement au locataire en vue de son utilisation.<\/li>\n<li>Dans le cas o\u00f9 le locataire d\u00e9couvre des vices, d\u00e9fauts, dommages, etc. dans le bien lou\u00e9, notamment dans les \u00e9quipements ou installations constituant l&rsquo;\u00e9quipement de l&rsquo;appartement, le locataire est tenu d&rsquo;en informer imm\u00e9diatement le bailleur.<\/li>\n<li>Avant de rendre les cl\u00e9s au bailleur, ce dernier v\u00e9rifiera l&rsquo;\u00e9tat technique de l&rsquo;appartement avec le locataire.<\/li>\n<\/ol>\n<p style=\"text-align: center;\"><strong><br \/>\n<b>\u00a7 7 Maintien de la propret\u00e9 dans les <\/b><br \/>\n<\/strong><strong><br \/>\n<b>appartements <\/b><br \/>\n<\/strong><strong><br \/>\n<b>et dans leur environnement<\/b><br \/>\n<\/strong><\/p>\n<ol>\n<li>Il est strictement interdit de fumer et d&rsquo;utiliser des produits similaires au tabac dans les appartements.<\/li>\n<li>Les personnes qui fument \u00e0 proximit\u00e9 de l&rsquo;immeuble sont tenues de le faire \u00e0 un endroit et d&rsquo;une mani\u00e8re qui ne causent pas de nuisance aux autres personnes qui occupent un autre appartement en m\u00eame temps, et, en outre, de nettoyer les m\u00e9gots de cigarettes.<\/li>\n<li>Le locataire et les personnes vivant avec lui dans l&rsquo;appartement sont tenus de trier les d\u00e9chets g\u00e9n\u00e9r\u00e9s pendant la dur\u00e9e du bail en les pla\u00e7ant dans des conteneurs adapt\u00e9s au type de d\u00e9chets, situ\u00e9s dans une zone sp\u00e9cialement d\u00e9sign\u00e9e \u00e0 proximit\u00e9 des appartements.<\/li>\n<li>Si des mineurs vivent avec le locataire dans la suite, il incombe au locataire de veiller \u00e0 ce que les lits, canap\u00e9s et matelas sur lesquels les mineurs dormiront soient correctement prot\u00e9g\u00e9s contre l&rsquo;humidit\u00e9 et la salet\u00e9 (par exemple, en pla\u00e7ant des tapis ou des draps imperm\u00e9ables).<\/li>\n<\/ol>\n<p style=\"text-align: center;\"><strong><b>\u00a7 8 S\u00e9curit\u00e9<\/b><\/strong><\/p>\n<ol>\n<li>Les appartements sont entour\u00e9s d&rsquo;une zone sp\u00e9cialement con\u00e7ue pour les jeux d&rsquo;enfants. Les parents ou tuteurs l\u00e9gaux des mineurs sont responsables de la s\u00e9curit\u00e9 et de la sant\u00e9 des enfants qui utilisent l&rsquo;aire de jeux.<\/li>\n<li>L&rsquo;utilisation de tout \u00e9quipement \u00e9lectrique\/gazeux install\u00e9 dans l&rsquo;appartement doit se faire dans le respect des r\u00e8gles de s\u00e9curit\u00e9 applicables \u00e0 cet \u00e9quipement.<\/li>\n<li>Pour des raisons de s\u00e9curit\u00e9 incendie. L&rsquo;utilisation de chauffages, fers \u00e0 repasser \u00e9lectriques, bouilloires, cuisini\u00e8res et autres appareils similaires non inclus dans l&rsquo;\u00e9quipement de l&rsquo;appartement ne peut se faire qu&rsquo;avec pr\u00e9caution.<\/li>\n<li>Il incombe au locataire de s&rsquo;assurer que chaque fois que, dans le cadre de la relation entre les parties au contrat de location, l&rsquo;appartement est lib\u00e9r\u00e9 et laiss\u00e9 sans personne \u00e0 l&rsquo;int\u00e9rieur, toutes les fen\u00eatres et les portes sont ferm\u00e9es de la mani\u00e8re habituelle et tous les appareils et \u00e9quipements \u00e9lectroniques sont \u00e9teints.<\/li>\n<\/ol>\n<p style=\"text-align: center;\"><strong><b>\u00a7 9 Annulation de la r\u00e9servation<\/b><\/strong><\/p>\n<ol>\n<li>Le bailleur et le locataire ont le droit de r\u00e9silier le contrat de location dans les 7 jours suivant la survenance du cas de force majeure. Le locataire a droit au remboursement de toutes les sommes vers\u00e9es.<\/li>\n<li>Le d\u00e9faut de paiement des sommes vis\u00e9es \u00e0 l&rsquo;article 3, paragraphe 1, de la loi sur l&rsquo;immigration et la protection des r\u00e9fugi\u00e9s (LIPR) est sanctionn\u00e9 par des amendes. 4 i 9<b> <\/b>est consid\u00e9r\u00e9 comme un manquement au sens du code civil.<\/li>\n<li>\u00c0 tout moment, avant la date de s\u00e9jour convenue, le locataire a le droit de r\u00e9silier le contrat de location. En cas d&rsquo;annulation par le locataire pour des raisons qui lui sont imputables, le locataire est tenu de couvrir les frais d&rsquo;annulation d&rsquo;un montant appropri\u00e9 repr\u00e9sentant la perte r\u00e9elle du bailleur r\u00e9sultant de l&rsquo;annulation du s\u00e9jour par le locataire, jusqu&rsquo;\u00e0 un maximum de 30 % du prix total de la location (frais de r\u00e9servation).<\/li>\n<li>La modification de la date de r\u00e9servation ou de l&rsquo;appartement s\u00e9lectionn\u00e9 dans le processus de r\u00e9servation n&rsquo;est possible que par accord mutuel. \u00c0 d\u00e9faut d&rsquo;accord entre les parties, le paragraphe 1 s&rsquo;applique. 3 ci-dessus.<\/li>\n<li>Si, pour des raisons ind\u00e9pendantes de sa volont\u00e9, le bailleur est contraint de modifier les conditions mat\u00e9rielles du contrat de location avant le d\u00e9but du s\u00e9jour, en particulier de modifier l&rsquo;appartement r\u00e9serv\u00e9 ou la date de r\u00e9servation, il en informera imm\u00e9diatement le locataire, qui devra indiquer imm\u00e9diatement au bailleur si :<br \/>\na) accepte la proposition de modification du contrat de bail, ou<br \/>\nb) r\u00e9silie le contrat de bail, ce qui entra\u00eene la restitution imm\u00e9diate au locataire de tous les paiements effectu\u00e9s.<\/li>\n<li>Si, pour des raisons ind\u00e9pendantes de sa volont\u00e9, le bailleur est contraint de modifier les conditions mat\u00e9rielles du contrat de location pendant le s\u00e9jour, et notamment de changer l&rsquo;appartement r\u00e9serv\u00e9, il en informera imm\u00e9diatement le locataire, qui devra lui indiquer imm\u00e9diatement si :<br \/>\na) accepte la proposition de modification du contrat de bail, ou<br \/>\nb) r\u00e9silie le contrat de location avec effet \u00e0 la date de r\u00e9siliation, ce qui entra\u00eene la restitution imm\u00e9diate au locataire des services non utilis\u00e9s.<\/li>\n<\/ol>\n<p style=\"text-align: center;\"><strong><b>\u00a7 10 Mode de pr\u00e9sentation et d&rsquo;examen des plaintes<\/b><\/strong><\/p>\n<ol>\n<li>En cas de non-respect du contrat de location, le locataire doit signaler toute plainte au bailleur ou \u00e0 toute autre personne agissant pour le compte du bailleur, par \u00e9crit ou par voie \u00e9lectronique, dans un d\u00e9lai maximum de 30 jours \u00e0 compter de la fin du s\u00e9jour.<\/li>\n<li>Le bailleur examine la plainte dans un d\u00e9lai de 21 jours \u00e0 compter de sa r\u00e9ception et en informe le locataire sous la m\u00eame forme : par \u00e9crit ou par voie \u00e9lectronique.<\/li>\n<li>En cas de refus d&rsquo;accepter une plainte, le bailleur est tenu de justifier en d\u00e9tail, par \u00e9crit ou par voie \u00e9lectronique, les raisons de ce refus.<\/li>\n<\/ol>\n<p style=\"text-align: center;\"><strong><b>\u00a7 11 Dispositions finales<\/b><\/strong><\/p>\n<ol>\n<li>En cas d&rsquo;expiration de la p\u00e9riode pour laquelle le contrat de location a \u00e9t\u00e9 conclu, le locataire est tenu de restituer les cl\u00e9s de l&rsquo;appartement au bailleur ou \u00e0 toute autre personne agissant en son nom.<\/li>\n<li>Le locataire n&rsquo;a pas le droit de transf\u00e9rer l&rsquo;appartement qu&rsquo;il quitte \u00e0 une autre personne, m\u00eame si la p\u00e9riode pour laquelle le contrat de location a \u00e9t\u00e9 conclu par les parties n&rsquo;a pas expir\u00e9.<\/li>\n<li>Le locataire ne peut pas pr\u00eater ou sous-louer l&rsquo;appartement \u00e0 d&rsquo;autres personnes.<\/li>\n<li>Les principes de protection des donn\u00e9es personnelles des clients du site noclegioswiecim.eu sont \u00e9nonc\u00e9s dans le document suivant <strong><br \/>\n<b>Politique de confidentialit\u00e9<\/b><br \/>\n<\/strong>qui peut \u00eatre consult\u00e9 \u00e0 l&rsquo;adresse suivante <a href=\"https:\/\/noclegioswiecim.eu\/fr\/politique-de-confidentialite\/\"><br \/>\n<u>https:\/\/n<\/u><br \/>\n<u>oclegioswiecim.eu<\/u><br \/>\n<u>\/policyka-prywatnosci\/<\/u><br \/>\n<\/a>.<\/li>\n<\/ol>\n","protected":false},"excerpt":{"rendered":"<p>Conditions de r\u00e9servation et de location \u00e0 court terme des [&hellip;]<\/p>\n","protected":false},"author":1,"featured_media":0,"parent":0,"menu_order":0,"comment_status":"closed","ping_status":"closed","template":"","meta":{"footnotes":""},"class_list":["post-3734","page","type-page","status-publish","hentry"],"yoast_head":"<!-- This site is optimized with the Yoast SEO plugin v27.5 - https:\/\/yoast.com\/product\/yoast-seo-wordpress\/ -->\n<title>R\u00e8glements - Comfort Apartments<\/title>\n<meta name=\"robots\" content=\"index, follow, max-snippet:-1, max-image-preview:large, max-video-preview:-1\" \/>\n<link rel=\"canonical\" href=\"https:\/\/noclegioswiecim.eu\/fr\/reglements\/\" \/>\n<meta property=\"og:locale\" content=\"fr_FR\" \/>\n<meta property=\"og:type\" content=\"article\" \/>\n<meta property=\"og:title\" content=\"R\u00e8glements - Comfort Apartments\" \/>\n<meta property=\"og:description\" content=\"Conditions de r\u00e9servation et de location \u00e0 court terme des [&hellip;]\" \/>\n<meta property=\"og:url\" content=\"https:\/\/noclegioswiecim.eu\/fr\/reglements\/\" \/>\n<meta property=\"og:site_name\" content=\"Comfort Apartments\" \/>\n<meta property=\"article:publisher\" content=\"https:\/\/www.facebook.com\/oswiecimapartments\/\" \/>\n<meta property=\"article:modified_time\" content=\"2025-04-16T08:03:50+00:00\" \/>\n<meta name=\"twitter:card\" content=\"summary_large_image\" \/>\n<meta name=\"twitter:label1\" content=\"Dur\u00e9e de lecture estim\u00e9e\" \/>\n\t<meta name=\"twitter:data1\" content=\"18 minutes\" \/>\n<script type=\"application\/ld+json\" class=\"yoast-schema-graph\">{\"@context\":\"https:\\\/\\\/schema.org\",\"@graph\":[{\"@type\":\"WebPage\",\"@id\":\"https:\\\/\\\/noclegioswiecim.eu\\\/fr\\\/reglements\\\/\",\"url\":\"https:\\\/\\\/noclegioswiecim.eu\\\/fr\\\/reglements\\\/\",\"name\":\"R\u00e8glements - Comfort Apartments\",\"isPartOf\":{\"@id\":\"https:\\\/\\\/noclegioswiecim.eu\\\/#website\"},\"datePublished\":\"2023-02-02T23:21:42+00:00\",\"dateModified\":\"2025-04-16T08:03:50+00:00\",\"breadcrumb\":{\"@id\":\"https:\\\/\\\/noclegioswiecim.eu\\\/fr\\\/reglements\\\/#breadcrumb\"},\"inLanguage\":\"fr-FR\",\"potentialAction\":[{\"@type\":\"ReadAction\",\"target\":[\"https:\\\/\\\/noclegioswiecim.eu\\\/fr\\\/reglements\\\/\"]}]},{\"@type\":\"BreadcrumbList\",\"@id\":\"https:\\\/\\\/noclegioswiecim.eu\\\/fr\\\/reglements\\\/#breadcrumb\",\"itemListElement\":[{\"@type\":\"ListItem\",\"position\":1,\"name\":\"Strona g\u0142\u00f3wna\",\"item\":\"https:\\\/\\\/noclegioswiecim.eu\\\/fr\\\/\"},{\"@type\":\"ListItem\",\"position\":2,\"name\":\"R\u00e8glements\"}]},{\"@type\":\"WebSite\",\"@id\":\"https:\\\/\\\/noclegioswiecim.eu\\\/#website\",\"url\":\"https:\\\/\\\/noclegioswiecim.eu\\\/\",\"name\":\"Comfort Apartments\",\"description\":\"Noclegi O\u015bwi\u0119cim \\\/ Booking O\u015bwi\u0119cim\",\"publisher\":{\"@id\":\"https:\\\/\\\/noclegioswiecim.eu\\\/#organization\"},\"potentialAction\":[{\"@type\":\"SearchAction\",\"target\":{\"@type\":\"EntryPoint\",\"urlTemplate\":\"https:\\\/\\\/noclegioswiecim.eu\\\/?s={search_term_string}\"},\"query-input\":{\"@type\":\"PropertyValueSpecification\",\"valueRequired\":true,\"valueName\":\"search_term_string\"}}],\"inLanguage\":\"fr-FR\"},{\"@type\":\"Organization\",\"@id\":\"https:\\\/\\\/noclegioswiecim.eu\\\/#organization\",\"name\":\"Comfort Apartments\",\"url\":\"https:\\\/\\\/noclegioswiecim.eu\\\/\",\"logo\":{\"@type\":\"ImageObject\",\"inLanguage\":\"fr-FR\",\"@id\":\"https:\\\/\\\/noclegioswiecim.eu\\\/#\\\/schema\\\/logo\\\/image\\\/\",\"url\":\"https:\\\/\\\/noclegioswiecim.eu\\\/wp-content\\\/uploads\\\/2023\\\/02\\\/favicona.png\",\"contentUrl\":\"https:\\\/\\\/noclegioswiecim.eu\\\/wp-content\\\/uploads\\\/2023\\\/02\\\/favicona.png\",\"width\":200,\"height\":200,\"caption\":\"Comfort Apartments\"},\"image\":{\"@id\":\"https:\\\/\\\/noclegioswiecim.eu\\\/#\\\/schema\\\/logo\\\/image\\\/\"},\"sameAs\":[\"https:\\\/\\\/www.facebook.com\\\/oswiecimapartments\\\/\",\"https:\\\/\\\/goo.gl\\\/maps\\\/H9x6rxoZWfK3ad1j6\",\"https:\\\/\\\/www.instagram.com\\\/oswiecimapartments\\\/\"]}]}<\/script>\n<!-- \/ Yoast SEO plugin. -->","yoast_head_json":{"title":"R\u00e8glements - Comfort Apartments","robots":{"index":"index","follow":"follow","max-snippet":"max-snippet:-1","max-image-preview":"max-image-preview:large","max-video-preview":"max-video-preview:-1"},"canonical":"https:\/\/noclegioswiecim.eu\/fr\/reglements\/","og_locale":"fr_FR","og_type":"article","og_title":"R\u00e8glements - Comfort Apartments","og_description":"Conditions de r\u00e9servation et de location \u00e0 court terme des [&hellip;]","og_url":"https:\/\/noclegioswiecim.eu\/fr\/reglements\/","og_site_name":"Comfort Apartments","article_publisher":"https:\/\/www.facebook.com\/oswiecimapartments\/","article_modified_time":"2025-04-16T08:03:50+00:00","twitter_card":"summary_large_image","twitter_misc":{"Dur\u00e9e de lecture estim\u00e9e":"18 minutes"},"schema":{"@context":"https:\/\/schema.org","@graph":[{"@type":"WebPage","@id":"https:\/\/noclegioswiecim.eu\/fr\/reglements\/","url":"https:\/\/noclegioswiecim.eu\/fr\/reglements\/","name":"R\u00e8glements - Comfort Apartments","isPartOf":{"@id":"https:\/\/noclegioswiecim.eu\/#website"},"datePublished":"2023-02-02T23:21:42+00:00","dateModified":"2025-04-16T08:03:50+00:00","breadcrumb":{"@id":"https:\/\/noclegioswiecim.eu\/fr\/reglements\/#breadcrumb"},"inLanguage":"fr-FR","potentialAction":[{"@type":"ReadAction","target":["https:\/\/noclegioswiecim.eu\/fr\/reglements\/"]}]},{"@type":"BreadcrumbList","@id":"https:\/\/noclegioswiecim.eu\/fr\/reglements\/#breadcrumb","itemListElement":[{"@type":"ListItem","position":1,"name":"Strona g\u0142\u00f3wna","item":"https:\/\/noclegioswiecim.eu\/fr\/"},{"@type":"ListItem","position":2,"name":"R\u00e8glements"}]},{"@type":"WebSite","@id":"https:\/\/noclegioswiecim.eu\/#website","url":"https:\/\/noclegioswiecim.eu\/","name":"Comfort Apartments","description":"Noclegi O\u015bwi\u0119cim \/ Booking O\u015bwi\u0119cim","publisher":{"@id":"https:\/\/noclegioswiecim.eu\/#organization"},"potentialAction":[{"@type":"SearchAction","target":{"@type":"EntryPoint","urlTemplate":"https:\/\/noclegioswiecim.eu\/?s={search_term_string}"},"query-input":{"@type":"PropertyValueSpecification","valueRequired":true,"valueName":"search_term_string"}}],"inLanguage":"fr-FR"},{"@type":"Organization","@id":"https:\/\/noclegioswiecim.eu\/#organization","name":"Comfort Apartments","url":"https:\/\/noclegioswiecim.eu\/","logo":{"@type":"ImageObject","inLanguage":"fr-FR","@id":"https:\/\/noclegioswiecim.eu\/#\/schema\/logo\/image\/","url":"https:\/\/noclegioswiecim.eu\/wp-content\/uploads\/2023\/02\/favicona.png","contentUrl":"https:\/\/noclegioswiecim.eu\/wp-content\/uploads\/2023\/02\/favicona.png","width":200,"height":200,"caption":"Comfort Apartments"},"image":{"@id":"https:\/\/noclegioswiecim.eu\/#\/schema\/logo\/image\/"},"sameAs":["https:\/\/www.facebook.com\/oswiecimapartments\/","https:\/\/goo.gl\/maps\/H9x6rxoZWfK3ad1j6","https:\/\/www.instagram.com\/oswiecimapartments\/"]}]}},"_links":{"self":[{"href":"https:\/\/noclegioswiecim.eu\/fr\/wp-json\/wp\/v2\/pages\/3734","targetHints":{"allow":["GET"]}}],"collection":[{"href":"https:\/\/noclegioswiecim.eu\/fr\/wp-json\/wp\/v2\/pages"}],"about":[{"href":"https:\/\/noclegioswiecim.eu\/fr\/wp-json\/wp\/v2\/types\/page"}],"author":[{"embeddable":true,"href":"https:\/\/noclegioswiecim.eu\/fr\/wp-json\/wp\/v2\/users\/1"}],"replies":[{"embeddable":true,"href":"https:\/\/noclegioswiecim.eu\/fr\/wp-json\/wp\/v2\/comments?post=3734"}],"version-history":[{"count":2,"href":"https:\/\/noclegioswiecim.eu\/fr\/wp-json\/wp\/v2\/pages\/3734\/revisions"}],"predecessor-version":[{"id":9139,"href":"https:\/\/noclegioswiecim.eu\/fr\/wp-json\/wp\/v2\/pages\/3734\/revisions\/9139"}],"wp:attachment":[{"href":"https:\/\/noclegioswiecim.eu\/fr\/wp-json\/wp\/v2\/media?parent=3734"}],"curies":[{"name":"wp","href":"https:\/\/api.w.org\/{rel}","templated":true}]}}