{"id":3694,"date":"2023-01-24T00:12:54","date_gmt":"2023-01-23T23:12:54","guid":{"rendered":"https:\/\/noclegioswiecim.eu\/appartement\/"},"modified":"2025-12-10T08:58:41","modified_gmt":"2025-12-10T07:58:41","slug":"appartement","status":"publish","type":"page","link":"https:\/\/noclegioswiecim.eu\/fr\/appartement\/","title":{"rendered":"Appartement"},"content":{"rendered":"<p><div id=\"terrace\" class=\"fusion-container-anchor\"><div class=\"fusion-fullwidth fullwidth-box fusion-builder-row-1 fusion-flex-container has-pattern-background has-mask-background r-apartaments nonhundred-percent-fullwidth non-hundred-percent-height-scrolling\" style=\"--awb-border-radius-top-left:0px;--awb-border-radius-top-right:0px;--awb-border-radius-bottom-right:0px;--awb-border-radius-bottom-left:0px;--awb-margin-bottom:100px;--awb-margin-bottom-small:50px;--awb-flex-wrap:wrap;\" ><div class=\"fusion-builder-row fusion-row fusion-flex-align-items-flex-start fusion-flex-content-wrap\" style=\"max-width:1352px;margin-left: calc(-4% \/ 2 );margin-right: calc(-4% \/ 2 );\"><div class=\"fusion-layout-column fusion_builder_column fusion-builder-column-0 fusion_builder_column_1_2 1_2 fusion-flex-column col-room col-room1\" style=\"--awb-bg-size:cover;--awb-width-large:50%;--awb-margin-top-large:0px;--awb-spacing-right-large:3.84%;--awb-margin-bottom-large:20px;--awb-spacing-left-large:3.84%;--awb-width-medium:50%;--awb-order-medium:0;--awb-spacing-right-medium:3.84%;--awb-spacing-left-medium:3.84%;--awb-width-small:100%;--awb-order-small:0;--awb-spacing-right-small:1.92%;--awb-spacing-left-small:1.92%;\"><div class=\"fusion-column-wrapper fusion-column-has-shadow fusion-flex-justify-content-flex-start fusion-content-layout-column\"><div class=\"fusion-image-element \" style=\"--awb-caption-title-font-family:var(--h2_typography-font-family);--awb-caption-title-font-weight:var(--h2_typography-font-weight);--awb-caption-title-font-style:var(--h2_typography-font-style);--awb-caption-title-size:var(--h2_typography-font-size);--awb-caption-title-transform:var(--h2_typography-text-transform);--awb-caption-title-line-height:var(--h2_typography-line-height);--awb-caption-title-letter-spacing:var(--h2_typography-letter-spacing);\"><span class=\" fusion-imageframe imageframe-none imageframe-1 hover-type-none c-image\"><a class=\"fusion-no-lightbox\" href=\"https:\/\/noclegioswiecim.eu\/fr\/appartement\/flat-10g\/\" target=\"_self\" aria-label=\"Comfort-Apartments-Oswiecim\"><img decoding=\"async\" width=\"1024\" height=\"683\" alt=\"Comfort-Apartments-Oswiecim\" src=\"https:\/\/noclegioswiecim.eu\/wp-content\/uploads\/2023\/07\/CA-2-51-scaled.jpg\" data-orig-src=\"https:\/\/noclegioswiecim.eu\/wp-content\/uploads\/2023\/07\/CA-2-51-1024x683.jpg\" class=\"lazyload img-responsive wp-image-918\" srcset=\"data:image\/svg+xml,%3Csvg%20xmlns%3D%27http%3A%2F%2Fwww.w3.org%2F2000%2Fsvg%27%20width%3D%272560%27%20height%3D%271707%27%20viewBox%3D%270%200%202560%201707%27%3E%3Crect%20width%3D%272560%27%20height%3D%271707%27%20fill-opacity%3D%220%22%2F%3E%3C%2Fsvg%3E\" data-srcset=\"https:\/\/noclegioswiecim.eu\/wp-content\/uploads\/2023\/07\/CA-2-51-200x133.jpg 200w, https:\/\/noclegioswiecim.eu\/wp-content\/uploads\/2023\/07\/CA-2-51-400x267.jpg 400w, https:\/\/noclegioswiecim.eu\/wp-content\/uploads\/2023\/07\/CA-2-51-600x400.jpg 600w, https:\/\/noclegioswiecim.eu\/wp-content\/uploads\/2023\/07\/CA-2-51-800x533.jpg 800w, https:\/\/noclegioswiecim.eu\/wp-content\/uploads\/2023\/07\/CA-2-51-1200x800.jpg 1200w\" data-sizes=\"auto\" data-orig-sizes=\"(max-width: 640px) 100vw, 800px\" \/><\/a><\/span><\/div><div class=\"fusion-text fusion-text-1 c-room-name\"><h3>Appartement avec terrasse<\/h3>\n<p>7 personnes \/ 58,5m<sup>2<\/sup><\/p>\n<\/div><div class=\"fusion-text fusion-text-2 c-room-desc\"><p>D\u00e9couvrez un espace unique qui r\u00e9pond \u00e0 vos besoins de d\u00e9tente. L&rsquo;appartement spacieux avec terrasse est une oasis de calme.<\/p>\n<\/div><div class=\"fusion-text fusion-text-3 c-room-price\"><p><sup>prix \u00e0 partir de<\/sup> <strong>550 z\u0142<\/strong><\/p>\n<\/div><div ><a class=\"fusion-button button-flat button-small button-custom fusion-button-default button-1 fusion-button-default-span fusion-button-default-type c-button\" style=\"--button_accent_color:var(--awb-color8);--button_border_color:rgba(255,255,255,0);--button_accent_hover_color:var(--awb-color8);--button_border_hover_color:var(--awb-color8);--button_border_width-top:1px;--button_border_width-right:1px;--button_border_width-bottom:1px;--button_border_width-left:1px;--button_gradient_top_color:rgba(255,255,255,0);--button_gradient_bottom_color:rgba(255,255,255,0);--button_gradient_top_color_hover:rgba(255,255,255,0);--button_gradient_bottom_color_hover:rgba(255,255,255,0);--button_text_transform:uppercase;\" target=\"_self\" data-hover=\"icon_rotate\" title=\"R\u00c9SERVE\" aria-label=\"R\u00c9SERVE\" href=\"https:\/\/noclegioswiecim.eu\/fr\/appartement\/flat-10g\/\"><span class=\"fusion-button-text\">R\u00c9SERVE<\/span><i class=\"fa-plus fas button-icon-right\" aria-hidden=\"true\"><\/i><\/a><\/div><\/div><\/div><div class=\"fusion-layout-column fusion_builder_column fusion-builder-column-1 fusion_builder_column_1_2 1_2 fusion-flex-column col-room col-room1\" style=\"--awb-bg-size:cover;--awb-width-large:50%;--awb-margin-top-large:0px;--awb-spacing-right-large:3.84%;--awb-margin-bottom-large:20px;--awb-spacing-left-large:3.84%;--awb-width-medium:50%;--awb-order-medium:0;--awb-spacing-right-medium:3.84%;--awb-spacing-left-medium:3.84%;--awb-width-small:100%;--awb-order-small:0;--awb-spacing-right-small:1.92%;--awb-spacing-left-small:1.92%;\" data-motion-effects=\"[{&quot;type&quot;:&quot;&quot;,&quot;scroll_type&quot;:&quot;transition&quot;,&quot;scroll_direction&quot;:&quot;up&quot;,&quot;transition_speed&quot;:&quot;1&quot;,&quot;fade_type&quot;:&quot;in&quot;,&quot;scale_type&quot;:&quot;up&quot;,&quot;initial_scale&quot;:&quot;1&quot;,&quot;max_scale&quot;:&quot;1.5&quot;,&quot;min_scale&quot;:&quot;0.5&quot;,&quot;initial_rotate&quot;:&quot;0&quot;,&quot;end_rotate&quot;:&quot;30&quot;,&quot;initial_blur&quot;:&quot;0&quot;,&quot;end_blur&quot;:&quot;3&quot;,&quot;start_element&quot;:&quot;top&quot;,&quot;start_viewport&quot;:&quot;bottom&quot;,&quot;end_element&quot;:&quot;bottom&quot;,&quot;end_viewport&quot;:&quot;top&quot;,&quot;mouse_effect&quot;:&quot;track&quot;,&quot;mouse_effect_direction&quot;:&quot;opposite&quot;,&quot;mouse_effect_speed&quot;:&quot;2&quot;,&quot;infinite_animation&quot;:&quot;float&quot;,&quot;infinite_animation_speed&quot;:&quot;2&quot;}]\" data-scroll-devices=\"small-visibility,medium-visibility,large-visibility\"><div class=\"fusion-column-wrapper fusion-column-has-shadow fusion-flex-justify-content-flex-start fusion-content-layout-column\"><div class=\"fusion-image-element \" style=\"--awb-caption-title-font-family:var(--h2_typography-font-family);--awb-caption-title-font-weight:var(--h2_typography-font-weight);--awb-caption-title-font-style:var(--h2_typography-font-style);--awb-caption-title-size:var(--h2_typography-font-size);--awb-caption-title-transform:var(--h2_typography-text-transform);--awb-caption-title-line-height:var(--h2_typography-line-height);--awb-caption-title-letter-spacing:var(--h2_typography-letter-spacing);\"><span class=\" fusion-imageframe imageframe-none imageframe-2 hover-type-none c-image\"><a class=\"fusion-no-lightbox\" href=\"https:\/\/noclegioswiecim.eu\/fr\/appartement\/flat-10f\/\" target=\"_self\" aria-label=\"613324981-koscielecka-46\"><img decoding=\"async\" width=\"2000\" height=\"1333\" src=\"https:\/\/noclegioswiecim.eu\/wp-content\/uploads\/2024\/05\/613324981-koscielecka-46.jpg\" data-orig-src=\"https:\/\/noclegioswiecim.eu\/wp-content\/uploads\/2024\/05\/613324981-koscielecka-46.jpg\" alt class=\"lazyload img-responsive wp-image-5164\" srcset=\"data:image\/svg+xml,%3Csvg%20xmlns%3D%27http%3A%2F%2Fwww.w3.org%2F2000%2Fsvg%27%20width%3D%272000%27%20height%3D%271333%27%20viewBox%3D%270%200%202000%201333%27%3E%3Crect%20width%3D%272000%27%20height%3D%271333%27%20fill-opacity%3D%220%22%2F%3E%3C%2Fsvg%3E\" data-srcset=\"https:\/\/noclegioswiecim.eu\/wp-content\/uploads\/2024\/05\/613324981-koscielecka-46-200x133.jpg 200w, https:\/\/noclegioswiecim.eu\/wp-content\/uploads\/2024\/05\/613324981-koscielecka-46-400x267.jpg 400w, https:\/\/noclegioswiecim.eu\/wp-content\/uploads\/2024\/05\/613324981-koscielecka-46-600x400.jpg 600w, https:\/\/noclegioswiecim.eu\/wp-content\/uploads\/2024\/05\/613324981-koscielecka-46-800x533.jpg 800w, https:\/\/noclegioswiecim.eu\/wp-content\/uploads\/2024\/05\/613324981-koscielecka-46-1200x800.jpg 1200w, https:\/\/noclegioswiecim.eu\/wp-content\/uploads\/2024\/05\/613324981-koscielecka-46.jpg 2000w\" data-sizes=\"auto\" data-orig-sizes=\"(max-width: 640px) 100vw, 800px\" \/><\/a><\/span><\/div><div class=\"fusion-text fusion-text-4 c-room-name\"><h3>Appartement avec balcon<\/h3>\n<p>7 personnes \/ 61,5m<sup>2<\/sup><\/p>\n<\/div><div class=\"fusion-text fusion-text-5 c-room-desc\"><p>D\u00e9tendez-vous dans un cadre intime avec une vue unique. Reposez-vous comme vous le souhaitez et savourez l&rsquo;\u00e9ph\u00e9m\u00e8re.<\/p>\n<\/div><div class=\"fusion-text fusion-text-6 c-room-price\"><p><sup>prix \u00e0 partir de<\/sup> <strong>550 z\u0142<\/strong><\/p>\n<\/div><div ><a class=\"fusion-button button-flat button-small button-custom fusion-button-default button-2 fusion-button-default-span fusion-button-default-type c-button\" style=\"--button_accent_color:var(--awb-color8);--button_border_color:rgba(255,255,255,0);--button_accent_hover_color:var(--awb-color8);--button_border_hover_color:var(--awb-color8);--button_border_width-top:1px;--button_border_width-right:1px;--button_border_width-bottom:1px;--button_border_width-left:1px;--button_gradient_top_color:rgba(255,255,255,0);--button_gradient_bottom_color:rgba(255,255,255,0);--button_gradient_top_color_hover:rgba(255,255,255,0);--button_gradient_bottom_color_hover:rgba(255,255,255,0);--button_text_transform:uppercase;\" target=\"_self\" data-hover=\"icon_rotate\" title=\"R\u00c9SERVE\" aria-label=\"R\u00c9SERVE\" href=\"https:\/\/noclegioswiecim.eu\/fr\/appartement\/flat-10f\/\"><span class=\"fusion-button-text\">R\u00c9SERVE<\/span><i class=\"fa-plus fas button-icon-right\" aria-hidden=\"true\"><\/i><\/a><\/div><\/div><\/div><\/div><\/div><\/div><div class=\"fusion-fullwidth fullwidth-box fusion-builder-row-2 fusion-flex-container has-pattern-background has-mask-background nonhundred-percent-fullwidth non-hundred-percent-height-scrolling\" style=\"--awb-border-radius-top-left:0px;--awb-border-radius-top-right:0px;--awb-border-radius-bottom-right:0px;--awb-border-radius-bottom-left:0px;--awb-margin-top:0px;--awb-margin-bottom:100px;--awb-flex-wrap:wrap;\" ><div class=\"fusion-builder-row fusion-row fusion-flex-align-items-flex-start fusion-flex-content-wrap\" style=\"max-width:1352px;margin-left: calc(-4% \/ 2 );margin-right: calc(-4% \/ 2 );\"><div class=\"fusion-layout-column fusion_builder_column fusion-builder-column-2 fusion_builder_column_1_1 1_1 fusion-flex-column c-raypath-div fusion-column-inner-bg-wrapper\" style=\"--awb-inner-bg-size:cover;--awb-width-large:100%;--awb-margin-top-large:20px;--awb-spacing-right-large:1.92%;--awb-margin-bottom-large:20px;--awb-spacing-left-large:1.92%;--awb-width-medium:100%;--awb-order-medium:0;--awb-spacing-right-medium:1.92%;--awb-spacing-left-medium:1.92%;--awb-width-small:100%;--awb-order-small:0;--awb-spacing-right-small:1.92%;--awb-spacing-left-small:1.92%;\" data-motion-effects=\"[{&quot;type&quot;:&quot;&quot;,&quot;scroll_type&quot;:&quot;transition&quot;,&quot;scroll_direction&quot;:&quot;up&quot;,&quot;transition_speed&quot;:&quot;1&quot;,&quot;fade_type&quot;:&quot;in&quot;,&quot;scale_type&quot;:&quot;up&quot;,&quot;initial_scale&quot;:&quot;1&quot;,&quot;max_scale&quot;:&quot;1.5&quot;,&quot;min_scale&quot;:&quot;0.5&quot;,&quot;initial_rotate&quot;:&quot;0&quot;,&quot;end_rotate&quot;:&quot;30&quot;,&quot;initial_blur&quot;:&quot;0&quot;,&quot;end_blur&quot;:&quot;3&quot;,&quot;start_element&quot;:&quot;top&quot;,&quot;start_viewport&quot;:&quot;bottom&quot;,&quot;end_element&quot;:&quot;bottom&quot;,&quot;end_viewport&quot;:&quot;top&quot;,&quot;mouse_effect&quot;:&quot;track&quot;,&quot;mouse_effect_direction&quot;:&quot;opposite&quot;,&quot;mouse_effect_speed&quot;:&quot;2&quot;,&quot;infinite_animation&quot;:&quot;float&quot;,&quot;infinite_animation_speed&quot;:&quot;2&quot;}]\" data-scroll-devices=\"small-visibility,medium-visibility,large-visibility\"><span class=\"fusion-column-inner-bg hover-type-none\"><a class=\"fusion-column-anchor\" href=\"https:\/\/jolantamlodzik.raypath.info\/Account\/Welcome\" rel=\"noopener noreferrer\" target=\"_blank\"><span class=\"fusion-column-inner-bg-image\"><\/span><\/a><\/span><div class=\"fusion-column-wrapper fusion-column-has-shadow fusion-flex-justify-content-flex-start fusion-content-layout-column\"><div class=\"fusion-image-element \" style=\"text-align:center;--awb-max-width:100px;--awb-caption-title-font-family:var(--h2_typography-font-family);--awb-caption-title-font-weight:var(--h2_typography-font-weight);--awb-caption-title-font-style:var(--h2_typography-font-style);--awb-caption-title-size:var(--h2_typography-font-size);--awb-caption-title-transform:var(--h2_typography-text-transform);--awb-caption-title-line-height:var(--h2_typography-line-height);--awb-caption-title-letter-spacing:var(--h2_typography-letter-spacing);\"><span class=\" fusion-imageframe imageframe-none imageframe-3 hover-type-none\"><img decoding=\"async\" width=\"225\" height=\"225\" title=\"raypath\" src=\"https:\/\/noclegioswiecim.eu\/wp-content\/uploads\/2025\/11\/raypath.png\" data-orig-src=\"https:\/\/noclegioswiecim.eu\/wp-content\/uploads\/2025\/11\/raypath.png\" alt class=\"lazyload img-responsive wp-image-9769\" srcset=\"data:image\/svg+xml,%3Csvg%20xmlns%3D%27http%3A%2F%2Fwww.w3.org%2F2000%2Fsvg%27%20width%3D%27225%27%20height%3D%27225%27%20viewBox%3D%270%200%20225%20225%27%3E%3Crect%20width%3D%27225%27%20height%3D%27225%27%20fill-opacity%3D%220%22%2F%3E%3C%2Fsvg%3E\" data-srcset=\"https:\/\/noclegioswiecim.eu\/wp-content\/uploads\/2025\/11\/raypath-200x200.png 200w, https:\/\/noclegioswiecim.eu\/wp-content\/uploads\/2025\/11\/raypath.png 225w\" data-sizes=\"auto\" data-orig-sizes=\"(max-width: 640px) 100vw, 225px\" \/><\/span><\/div><div class=\"fusion-text fusion-text-7\" style=\"--awb-content-alignment:center;\"><p>PROPRE SANS PRODUITS CHIMIQUES &#8211; les appartements sont nettoy\u00e9s sans produits chimiques, \u00e0 l&rsquo;aide des produits Raypath.<\/p>\n<\/div><\/div><\/div><\/div><\/div><div class=\"fusion-fullwidth fullwidth-box fusion-builder-row-3 fusion-flex-container has-pattern-background has-mask-background p-home s-beakfasts nonhundred-percent-fullwidth non-hundred-percent-height-scrolling\" style=\"--awb-border-radius-top-left:0px;--awb-border-radius-top-right:0px;--awb-border-radius-bottom-right:0px;--awb-border-radius-bottom-left:0px;--awb-flex-wrap:wrap;\" ><div class=\"fusion-builder-row fusion-row fusion-flex-align-items-flex-start fusion-flex-content-wrap\" style=\"max-width:1352px;margin-left: calc(-4% \/ 2 );margin-right: calc(-4% \/ 2 );\"><div class=\"fusion-layout-column fusion_builder_column fusion-builder-column-3 fusion_builder_column_1_1 1_1 fusion-flex-column c-smaller-text-block\" style=\"--awb-bg-size:cover;--awb-width-large:100%;--awb-margin-top-large:50px;--awb-spacing-right-large:1.92%;--awb-margin-bottom-large:50px;--awb-spacing-left-large:1.92%;--awb-width-medium:100%;--awb-order-medium:0;--awb-spacing-right-medium:1.92%;--awb-spacing-left-medium:1.92%;--awb-width-small:100%;--awb-order-small:0;--awb-spacing-right-small:1.92%;--awb-spacing-left-small:1.92%;\" data-motion-effects=\"[{&quot;type&quot;:&quot;&quot;,&quot;scroll_type&quot;:&quot;transition&quot;,&quot;scroll_direction&quot;:&quot;up&quot;,&quot;transition_speed&quot;:&quot;1&quot;,&quot;fade_type&quot;:&quot;in&quot;,&quot;scale_type&quot;:&quot;up&quot;,&quot;initial_scale&quot;:&quot;1&quot;,&quot;max_scale&quot;:&quot;1.5&quot;,&quot;min_scale&quot;:&quot;0.5&quot;,&quot;initial_rotate&quot;:&quot;0&quot;,&quot;end_rotate&quot;:&quot;30&quot;,&quot;initial_blur&quot;:&quot;0&quot;,&quot;end_blur&quot;:&quot;3&quot;,&quot;start_element&quot;:&quot;top&quot;,&quot;start_viewport&quot;:&quot;bottom&quot;,&quot;end_element&quot;:&quot;bottom&quot;,&quot;end_viewport&quot;:&quot;top&quot;,&quot;mouse_effect&quot;:&quot;track&quot;,&quot;mouse_effect_direction&quot;:&quot;opposite&quot;,&quot;mouse_effect_speed&quot;:&quot;2&quot;,&quot;infinite_animation&quot;:&quot;float&quot;,&quot;infinite_animation_speed&quot;:&quot;2&quot;}]\" data-scroll-devices=\"small-visibility,medium-visibility,large-visibility\"><div class=\"fusion-column-wrapper fusion-column-has-shadow fusion-flex-justify-content-flex-start fusion-content-layout-column\"><div class=\"fusion-title title fusion-title-1 fusion-sep-none fusion-title-center fusion-title-text fusion-title-size-three\" style=\"--awb-font-size:48px;\"><h3 class=\"fusion-title-heading title-heading-center fusion-responsive-typography-calculated\" style=\"margin:0;font-size:1em;--fontSize:48;line-height:1.2;\"><strong>Petit d\u00e9jeuner sur demande<\/strong><\/h3><\/div><div class=\"fusion-text fusion-text-8\"><p style=\"text-align: center;\">Consultez notre offre de petit-d\u00e9jeuner<\/p>\n<\/div><div class=\"fusion-image-carousel fusion-image-carousel-auto fusion-image-carousel-1 fusion-no-small-visibility fusion-no-medium-visibility\" style=\"margin-left:80px;\"><div class=\"awb-carousel awb-swiper awb-swiper-carousel\" data-autoplay=\"no\" data-columns=\"4\" data-itemmargin=\"13\" data-itemwidth=\"180\" data-touchscroll=\"no\" data-imagesize=\"auto\" style=\"--awb-columns:4;\"><div class=\"swiper-wrapper awb-image-carousel-wrapper fusion-flex-align-items-center\"><div class=\"swiper-slide\"><div class=\"fusion-carousel-item-wrapper\"><div class=\"fusion-image-wrapper hover-type-none\"><img decoding=\"async\" width=\"529\" height=\"459\" src=\"https:\/\/noclegioswiecim.eu\/wp-content\/uploads\/2024\/06\/zestaw-1-no-bg.png\" class=\"attachment-full size-full lazyload\" alt=\"\" srcset=\"data:image\/svg+xml,%3Csvg%20xmlns%3D%27http%3A%2F%2Fwww.w3.org%2F2000%2Fsvg%27%20width%3D%27529%27%20height%3D%27459%27%20viewBox%3D%270%200%20529%20459%27%3E%3Crect%20width%3D%27529%27%20height%3D%27459%27%20fill-opacity%3D%220%22%2F%3E%3C%2Fsvg%3E\" data-orig-src=\"https:\/\/noclegioswiecim.eu\/wp-content\/uploads\/2024\/06\/zestaw-1-no-bg.png\" data-srcset=\"https:\/\/noclegioswiecim.eu\/wp-content\/uploads\/2024\/06\/zestaw-1-no-bg-200x174.png 200w, https:\/\/noclegioswiecim.eu\/wp-content\/uploads\/2024\/06\/zestaw-1-no-bg-400x347.png 400w, https:\/\/noclegioswiecim.eu\/wp-content\/uploads\/2024\/06\/zestaw-1-no-bg.png 529w\" data-sizes=\"auto\" \/><\/div><\/div><\/div><div class=\"swiper-slide\"><div class=\"fusion-carousel-item-wrapper\"><div class=\"fusion-image-wrapper hover-type-none\"><img decoding=\"async\" width=\"529\" height=\"459\" src=\"https:\/\/noclegioswiecim.eu\/wp-content\/uploads\/2024\/06\/zestaw-2-no-bg.png\" class=\"attachment-full size-full lazyload\" alt=\"\" srcset=\"data:image\/svg+xml,%3Csvg%20xmlns%3D%27http%3A%2F%2Fwww.w3.org%2F2000%2Fsvg%27%20width%3D%27529%27%20height%3D%27459%27%20viewBox%3D%270%200%20529%20459%27%3E%3Crect%20width%3D%27529%27%20height%3D%27459%27%20fill-opacity%3D%220%22%2F%3E%3C%2Fsvg%3E\" data-orig-src=\"https:\/\/noclegioswiecim.eu\/wp-content\/uploads\/2024\/06\/zestaw-2-no-bg.png\" data-srcset=\"https:\/\/noclegioswiecim.eu\/wp-content\/uploads\/2024\/06\/zestaw-2-no-bg-200x174.png 200w, https:\/\/noclegioswiecim.eu\/wp-content\/uploads\/2024\/06\/zestaw-2-no-bg-400x347.png 400w, https:\/\/noclegioswiecim.eu\/wp-content\/uploads\/2024\/06\/zestaw-2-no-bg.png 529w\" data-sizes=\"auto\" \/><\/div><\/div><\/div><div class=\"swiper-slide\"><div class=\"fusion-carousel-item-wrapper\"><div class=\"fusion-image-wrapper hover-type-none\"><img decoding=\"async\" width=\"529\" height=\"459\" src=\"https:\/\/noclegioswiecim.eu\/wp-content\/uploads\/2024\/06\/zestaw-3-no-bg.png\" class=\"attachment-full size-full lazyload\" alt=\"\" srcset=\"data:image\/svg+xml,%3Csvg%20xmlns%3D%27http%3A%2F%2Fwww.w3.org%2F2000%2Fsvg%27%20width%3D%27529%27%20height%3D%27459%27%20viewBox%3D%270%200%20529%20459%27%3E%3Crect%20width%3D%27529%27%20height%3D%27459%27%20fill-opacity%3D%220%22%2F%3E%3C%2Fsvg%3E\" data-orig-src=\"https:\/\/noclegioswiecim.eu\/wp-content\/uploads\/2024\/06\/zestaw-3-no-bg.png\" data-srcset=\"https:\/\/noclegioswiecim.eu\/wp-content\/uploads\/2024\/06\/zestaw-3-no-bg-200x174.png 200w, https:\/\/noclegioswiecim.eu\/wp-content\/uploads\/2024\/06\/zestaw-3-no-bg-400x347.png 400w, https:\/\/noclegioswiecim.eu\/wp-content\/uploads\/2024\/06\/zestaw-3-no-bg.png 529w\" data-sizes=\"auto\" \/><\/div><\/div><\/div><div class=\"swiper-slide\"><div class=\"fusion-carousel-item-wrapper\"><div class=\"fusion-image-wrapper hover-type-none\"><img decoding=\"async\" width=\"529\" height=\"459\" src=\"https:\/\/noclegioswiecim.eu\/wp-content\/uploads\/2024\/06\/zestaw-4-no-bg.png\" class=\"attachment-full size-full lazyload\" alt=\"\" srcset=\"data:image\/svg+xml,%3Csvg%20xmlns%3D%27http%3A%2F%2Fwww.w3.org%2F2000%2Fsvg%27%20width%3D%27529%27%20height%3D%27459%27%20viewBox%3D%270%200%20529%20459%27%3E%3Crect%20width%3D%27529%27%20height%3D%27459%27%20fill-opacity%3D%220%22%2F%3E%3C%2Fsvg%3E\" data-orig-src=\"https:\/\/noclegioswiecim.eu\/wp-content\/uploads\/2024\/06\/zestaw-4-no-bg.png\" data-srcset=\"https:\/\/noclegioswiecim.eu\/wp-content\/uploads\/2024\/06\/zestaw-4-no-bg-200x174.png 200w, https:\/\/noclegioswiecim.eu\/wp-content\/uploads\/2024\/06\/zestaw-4-no-bg-400x347.png 400w, https:\/\/noclegioswiecim.eu\/wp-content\/uploads\/2024\/06\/zestaw-4-no-bg.png 529w\" data-sizes=\"auto\" \/><\/div><\/div><\/div><\/div><\/div><\/div><div class=\"fusion-image-carousel fusion-image-carousel-auto fusion-image-carousel-2 fusion-no-large-visibility\"><div class=\"awb-carousel awb-swiper awb-swiper-carousel\" data-autoplay=\"no\" data-columns=\"4\" data-itemmargin=\"13\" data-itemwidth=\"180\" data-touchscroll=\"no\" data-imagesize=\"auto\" style=\"--awb-columns:4;\"><div class=\"swiper-wrapper awb-image-carousel-wrapper fusion-flex-align-items-center\"><div class=\"swiper-slide\"><div class=\"fusion-carousel-item-wrapper\"><div class=\"fusion-image-wrapper hover-type-none\"><img decoding=\"async\" width=\"529\" height=\"459\" src=\"https:\/\/noclegioswiecim.eu\/wp-content\/uploads\/2024\/06\/zestaw-1-no-bg.png\" class=\"attachment-full size-full lazyload\" alt=\"\" srcset=\"data:image\/svg+xml,%3Csvg%20xmlns%3D%27http%3A%2F%2Fwww.w3.org%2F2000%2Fsvg%27%20width%3D%27529%27%20height%3D%27459%27%20viewBox%3D%270%200%20529%20459%27%3E%3Crect%20width%3D%27529%27%20height%3D%27459%27%20fill-opacity%3D%220%22%2F%3E%3C%2Fsvg%3E\" data-orig-src=\"https:\/\/noclegioswiecim.eu\/wp-content\/uploads\/2024\/06\/zestaw-1-no-bg.png\" data-srcset=\"https:\/\/noclegioswiecim.eu\/wp-content\/uploads\/2024\/06\/zestaw-1-no-bg-200x174.png 200w, https:\/\/noclegioswiecim.eu\/wp-content\/uploads\/2024\/06\/zestaw-1-no-bg-400x347.png 400w, https:\/\/noclegioswiecim.eu\/wp-content\/uploads\/2024\/06\/zestaw-1-no-bg.png 529w\" data-sizes=\"auto\" \/><\/div><\/div><\/div><div class=\"swiper-slide\"><div class=\"fusion-carousel-item-wrapper\"><div class=\"fusion-image-wrapper hover-type-none\"><img decoding=\"async\" width=\"529\" height=\"459\" src=\"https:\/\/noclegioswiecim.eu\/wp-content\/uploads\/2024\/06\/zestaw-2-no-bg.png\" class=\"attachment-full size-full lazyload\" alt=\"\" srcset=\"data:image\/svg+xml,%3Csvg%20xmlns%3D%27http%3A%2F%2Fwww.w3.org%2F2000%2Fsvg%27%20width%3D%27529%27%20height%3D%27459%27%20viewBox%3D%270%200%20529%20459%27%3E%3Crect%20width%3D%27529%27%20height%3D%27459%27%20fill-opacity%3D%220%22%2F%3E%3C%2Fsvg%3E\" data-orig-src=\"https:\/\/noclegioswiecim.eu\/wp-content\/uploads\/2024\/06\/zestaw-2-no-bg.png\" data-srcset=\"https:\/\/noclegioswiecim.eu\/wp-content\/uploads\/2024\/06\/zestaw-2-no-bg-200x174.png 200w, https:\/\/noclegioswiecim.eu\/wp-content\/uploads\/2024\/06\/zestaw-2-no-bg-400x347.png 400w, https:\/\/noclegioswiecim.eu\/wp-content\/uploads\/2024\/06\/zestaw-2-no-bg.png 529w\" data-sizes=\"auto\" \/><\/div><\/div><\/div><div class=\"swiper-slide\"><div class=\"fusion-carousel-item-wrapper\"><div class=\"fusion-image-wrapper hover-type-none\"><img decoding=\"async\" width=\"529\" height=\"459\" src=\"https:\/\/noclegioswiecim.eu\/wp-content\/uploads\/2024\/06\/zestaw-3-no-bg.png\" class=\"attachment-full size-full lazyload\" alt=\"\" srcset=\"data:image\/svg+xml,%3Csvg%20xmlns%3D%27http%3A%2F%2Fwww.w3.org%2F2000%2Fsvg%27%20width%3D%27529%27%20height%3D%27459%27%20viewBox%3D%270%200%20529%20459%27%3E%3Crect%20width%3D%27529%27%20height%3D%27459%27%20fill-opacity%3D%220%22%2F%3E%3C%2Fsvg%3E\" data-orig-src=\"https:\/\/noclegioswiecim.eu\/wp-content\/uploads\/2024\/06\/zestaw-3-no-bg.png\" data-srcset=\"https:\/\/noclegioswiecim.eu\/wp-content\/uploads\/2024\/06\/zestaw-3-no-bg-200x174.png 200w, https:\/\/noclegioswiecim.eu\/wp-content\/uploads\/2024\/06\/zestaw-3-no-bg-400x347.png 400w, https:\/\/noclegioswiecim.eu\/wp-content\/uploads\/2024\/06\/zestaw-3-no-bg.png 529w\" data-sizes=\"auto\" \/><\/div><\/div><\/div><div class=\"swiper-slide\"><div class=\"fusion-carousel-item-wrapper\"><div class=\"fusion-image-wrapper hover-type-none\"><img decoding=\"async\" width=\"529\" height=\"459\" src=\"https:\/\/noclegioswiecim.eu\/wp-content\/uploads\/2024\/06\/zestaw-4-no-bg.png\" class=\"attachment-full size-full lazyload\" alt=\"\" srcset=\"data:image\/svg+xml,%3Csvg%20xmlns%3D%27http%3A%2F%2Fwww.w3.org%2F2000%2Fsvg%27%20width%3D%27529%27%20height%3D%27459%27%20viewBox%3D%270%200%20529%20459%27%3E%3Crect%20width%3D%27529%27%20height%3D%27459%27%20fill-opacity%3D%220%22%2F%3E%3C%2Fsvg%3E\" data-orig-src=\"https:\/\/noclegioswiecim.eu\/wp-content\/uploads\/2024\/06\/zestaw-4-no-bg.png\" data-srcset=\"https:\/\/noclegioswiecim.eu\/wp-content\/uploads\/2024\/06\/zestaw-4-no-bg-200x174.png 200w, https:\/\/noclegioswiecim.eu\/wp-content\/uploads\/2024\/06\/zestaw-4-no-bg-400x347.png 400w, https:\/\/noclegioswiecim.eu\/wp-content\/uploads\/2024\/06\/zestaw-4-no-bg.png 529w\" data-sizes=\"auto\" \/><\/div><\/div><\/div><\/div><\/div><\/div><div class=\"fusion-text fusion-text-9\"><p style=\"font-size: 18px; text-align: center;\">Nous vous invitons \u00e0 profiter de notre offre de petit-d\u00e9jeuner, pr\u00e9par\u00e9 pour un d\u00e9but de journ\u00e9e confortable et savoureux. Chez <strong>Comfort Apartments \u00e0 O\u015bwi\u0119cim<\/strong>, nous veillons \u00e0 ce que chacun de nos clients puisse profiter d\u2019un d\u00e9licieux petit-d\u00e9jeuner qui leur donnera de l\u2019\u00e9nergie pour toute une journ\u00e9e d\u2019aventures et de visites !<\/p>\n<\/div><div style=\"text-align:center;\"><a class=\"fusion-button button-flat button-small button-custom fusion-button-default button-3 fusion-button-default-span fusion-button-default-type c-button\" style=\"--button_accent_color:var(--awb-color8);--button_border_color:rgba(255,255,255,0);--button_accent_hover_color:var(--awb-color8);--button_border_hover_color:var(--awb-color8);--button_border_width-top:1px;--button_border_width-right:1px;--button_border_width-bottom:1px;--button_border_width-left:1px;--button_gradient_top_color:rgba(255,255,255,0);--button_gradient_bottom_color:rgba(255,255,255,0);--button_gradient_top_color_hover:rgba(255,255,255,0);--button_gradient_bottom_color_hover:rgba(255,255,255,0);--button_text_transform:uppercase;\" target=\"_self\" data-hover=\"icon_rotate\" title=\"Voir l&amp;#039;offre\" aria-label=\"Voir l&amp;#039;offre\" href=\"https:\/\/noclegioswiecim.eu\/fr\/dejeuners\/\"><span class=\"fusion-button-text\">Voir l\u2019offre<\/span><i class=\"fa-plus fas button-icon-right\" aria-hidden=\"true\"><\/i><\/a><\/div><\/div><\/div><\/div><\/div>\n<div class=\"fusion-fullwidth fullwidth-box fusion-builder-row-4 fusion-flex-container has-pattern-background has-mask-background r-benef p-benef nonhundred-percent-fullwidth non-hundred-percent-height-scrolling\" style=\"--awb-border-radius-top-left:0px;--awb-border-radius-top-right:0px;--awb-border-radius-bottom-right:0px;--awb-border-radius-bottom-left:0px;--awb-flex-wrap:wrap;\" ><div class=\"fusion-builder-row fusion-row fusion-flex-align-items-flex-start fusion-flex-content-wrap\" style=\"max-width:1352px;margin-left: calc(-4% \/ 2 );margin-right: calc(-4% \/ 2 );\"><div class=\"fusion-layout-column fusion_builder_column fusion-builder-column-4 fusion_builder_column_1_1 1_1 fusion-flex-column\" style=\"--awb-bg-size:cover;--awb-width-large:100%;--awb-margin-top-large:0px;--awb-spacing-right-large:1.92%;--awb-margin-bottom-large:20px;--awb-spacing-left-large:1.92%;--awb-width-medium:100%;--awb-order-medium:0;--awb-spacing-right-medium:1.92%;--awb-spacing-left-medium:1.92%;--awb-width-small:100%;--awb-order-small:0;--awb-spacing-right-small:1.92%;--awb-spacing-left-small:1.92%;\"><div class=\"fusion-column-wrapper fusion-column-has-shadow fusion-flex-justify-content-flex-start fusion-content-layout-column\"><div class=\"fusion-text fusion-text-10 c-text\"><h3>Vous vous sentirez ici comme chez vous<\/h3>\n<p>Les appartements confortables \u00e0 O\u015bwi\u0119cim sont des espaces \u00e9l\u00e9gants avec des \u00e9quipements modernes de haute qualit\u00e9, qui vous offriront tout ce dont vous avez besoin. Votre s\u00e9jour sera sans soucis et plein d\u2019\u00e9motions positives.<\/p>\n<\/div><div class=\"fusion-content-boxes content-boxes columns row fusion-columns-6 fusion-columns-total-5 fusion-content-boxes-1 content-boxes-icon-on-top content-left c-box lang-sk\" style=\"--awb-hover-accent-color:var(--awb-color4);--awb-circle-hover-accent-color:var(--awb-color4);\" data-animationOffset=\"top-into-view\"><div style=\"--awb-backgroundcolor:rgba(255,255,255,0);\" class=\"fusion-column content-box-column content-box-column content-box-column-1 col-lg-2 col-md-2 col-sm-2 fusion-content-box-hover content-box-column-first-in-row\"><div class=\"col content-box-wrapper content-wrapper link-area-box content-icon-wrapper-yes icon-hover-animation-fade\" data-animationOffset=\"top-into-view\"><div class=\"heading heading-with-icon icon-left\"><div aria-hidden=\"true\" class=\"image\"><img decoding=\"async\" class=\"lazyload\" src=\"data:image\/svg+xml,%3Csvg%20xmlns%3D%27http%3A%2F%2Fwww.w3.org%2F2000%2Fsvg%27%20width%3D%2777%27%20height%3D%2747%27%20viewBox%3D%270%200%2077%2047%27%3E%3Crect%20width%3D%2777%27%20height%3D%2747%27%20fill-opacity%3D%220%22%2F%3E%3C%2Fsvg%3E\" data-orig-src=\"https:\/\/noclegioswiecim.eu\/wp-content\/uploads\/2023\/02\/klimatyzacja.png\" width=\"77\" height=\"47\" alt=\"Klimatyzacja\" \/><\/div><h4 class=\"content-box-heading fusion-responsive-typography-calculated\" style=\"--h4_typography-font-size:24px;--fontSize:24;line-height:var(--awb-typography1-line-height);\">Climatisation<\/h4><\/div><\/div><\/div><div style=\"--awb-backgroundcolor:rgba(255,255,255,0);\" class=\"fusion-column content-box-column content-box-column content-box-column-2 col-lg-2 col-md-2 col-sm-2 fusion-content-box-hover \"><div class=\"col content-box-wrapper content-wrapper link-area-box content-icon-wrapper-yes icon-hover-animation-fade\" data-animationOffset=\"top-into-view\"><div class=\"heading heading-with-icon icon-left\"><div aria-hidden=\"true\" class=\"image\"><img decoding=\"async\" class=\"lazyload\" src=\"data:image\/svg+xml,%3Csvg%20xmlns%3D%27http%3A%2F%2Fwww.w3.org%2F2000%2Fsvg%27%20width%3D%2768%27%20height%3D%2768%27%20viewBox%3D%270%200%2068%2068%27%3E%3Crect%20width%3D%2768%27%20height%3D%2768%27%20fill-opacity%3D%220%22%2F%3E%3C%2Fsvg%3E\" data-orig-src=\"https:\/\/noclegioswiecim.eu\/wp-content\/uploads\/2023\/02\/szybkie-wifi.png\" width=\"68\" height=\"68\" alt=\"Szybkie WIFI\" \/><\/div><h4 class=\"content-box-heading fusion-responsive-typography-calculated\" style=\"--h4_typography-font-size:24px;--fontSize:24;line-height:var(--awb-typography1-line-height);\">Rapide Wi-Fi<\/h4><\/div><\/div><\/div><div style=\"--awb-backgroundcolor:rgba(255,255,255,0);\" class=\"fusion-column content-box-column content-box-column content-box-column-3 col-lg-2 col-md-2 col-sm-2 fusion-content-box-hover \"><div class=\"col content-box-wrapper content-wrapper link-area-box content-icon-wrapper-yes icon-hover-animation-fade\" data-animationOffset=\"top-into-view\"><div class=\"heading heading-with-icon icon-left\"><div aria-hidden=\"true\" class=\"image\"><img decoding=\"async\" class=\"lazyload\" src=\"data:image\/svg+xml,%3Csvg%20xmlns%3D%27http%3A%2F%2Fwww.w3.org%2F2000%2Fsvg%27%20width%3D%2768%27%20height%3D%2768%27%20viewBox%3D%270%200%2068%2068%27%3E%3Crect%20width%3D%2768%27%20height%3D%2768%27%20fill-opacity%3D%220%22%2F%3E%3C%2Fsvg%3E\" data-orig-src=\"https:\/\/noclegioswiecim.eu\/wp-content\/uploads\/2023\/02\/ekspres-do-kawy.png\" width=\"68\" height=\"68\" alt=\"Ekspres do kawy\" \/><\/div><h4 class=\"content-box-heading fusion-responsive-typography-calculated\" style=\"--h4_typography-font-size:24px;--fontSize:24;line-height:var(--awb-typography1-line-height);\">Machine \u00e0 caf\u00e9<\/h4><\/div><\/div><\/div><div style=\"--awb-backgroundcolor:rgba(255,255,255,0);\" class=\"fusion-column content-box-column content-box-column content-box-column-4 col-lg-2 col-md-2 col-sm-2 fusion-content-box-hover \"><div class=\"col content-box-wrapper content-wrapper link-area-box content-icon-wrapper-yes icon-hover-animation-fade\" data-animationOffset=\"top-into-view\"><div class=\"heading heading-with-icon icon-left\"><div aria-hidden=\"true\" class=\"image\"><img decoding=\"async\" class=\"lazyload\" src=\"data:image\/svg+xml,%3Csvg%20xmlns%3D%27http%3A%2F%2Fwww.w3.org%2F2000%2Fsvg%27%20width%3D%2772%27%20height%3D%2772%27%20viewBox%3D%270%200%2072%2072%27%3E%3Crect%20width%3D%2772%27%20height%3D%2772%27%20fill-opacity%3D%220%22%2F%3E%3C%2Fsvg%3E\" data-orig-src=\"https:\/\/noclegioswiecim.eu\/wp-content\/uploads\/2023\/02\/ogrod-z-atrakcjami-dla-dzieci.png\" width=\"72\" height=\"72\" alt=\"Ogr\u00f3d z atrakcjami dla dzieci\" \/><\/div><h4 class=\"content-box-heading fusion-responsive-typography-calculated\" style=\"--h4_typography-font-size:24px;--fontSize:24;line-height:var(--awb-typography1-line-height);\">Jardin avec des attractions pour enfants<\/h4><\/div><\/div><\/div><div style=\"--awb-backgroundcolor:rgba(255,255,255,0);\" class=\"fusion-column content-box-column content-box-column content-box-column-5 col-lg-2 col-md-2 col-sm-2 fusion-content-box-hover content-box-column-last\"><div class=\"col content-box-wrapper content-wrapper link-area-box content-icon-wrapper-yes icon-hover-animation-fade\" data-animationOffset=\"top-into-view\"><div class=\"heading heading-with-icon icon-left\"><div aria-hidden=\"true\" class=\"image\"><img decoding=\"async\" class=\"lazyload\" src=\"data:image\/svg+xml,%3Csvg%20xmlns%3D%27http%3A%2F%2Fwww.w3.org%2F2000%2Fsvg%27%20width%3D%2780%27%20height%3D%2751%27%20viewBox%3D%270%200%2080%2051%27%3E%3Crect%20width%3D%2780%27%20height%3D%2751%27%20fill-opacity%3D%220%22%2F%3E%3C%2Fsvg%3E\" data-orig-src=\"https:\/\/noclegioswiecim.eu\/wp-content\/uploads\/2023\/02\/stacja-ladowania-samochodow-elektrycznych.png\" width=\"80\" height=\"51\" alt=\"Stacja \u0142adowania samochod\u00f3w elektrycznych\" \/><\/div><h4 class=\"content-box-heading fusion-responsive-typography-calculated\" style=\"--h4_typography-font-size:24px;--fontSize:24;line-height:var(--awb-typography1-line-height);\">Station de recharge pour voitures \u00e9lectriques<\/h4><\/div><\/div><\/div><div class=\"fusion-clearfix\"><\/div><\/div><div class=\"fusion-post-slider fusion-flexslider fusion-flexslider-loading flexslider-posts-with-excerpt c-post\"><ul class=\"slides\"><li><a href=\"https:\/\/noclegioswiecim.eu\/fr\/points-forts\/divertissement-tv-55-pouces-avec-netflix-et-youtube\/\" aria-label=\"Divertissement &#8211; TV 55 pouces avec Netflix et YouTube\"><img decoding=\"async\" width=\"2560\" height=\"1707\" class=\"lazyload wp-image-3797\" src=\"https:\/\/noclegioswiecim.eu\/wp-content\/uploads\/2023\/04\/CA-2-21-scaled.jpg\" data-orig-src=\"https:\/\/noclegioswiecim.eu\/wp-content\/uploads\/2023\/04\/CA-2-21-scaled.jpg\" alt=\"\" srcset=\"data:image\/svg+xml,%3Csvg%20xmlns%3D%27http%3A%2F%2Fwww.w3.org%2F2000%2Fsvg%27%20width%3D%272560%27%20height%3D%271707%27%20viewBox%3D%270%200%202560%201707%27%3E%3Crect%20width%3D%272560%27%20height%3D%271707%27%20fill-opacity%3D%220%22%2F%3E%3C%2Fsvg%3E\" data-srcset=\"https:\/\/noclegioswiecim.eu\/wp-content\/uploads\/2023\/04\/CA-2-21-200x133.jpg 200w, https:\/\/noclegioswiecim.eu\/wp-content\/uploads\/2023\/04\/CA-2-21-400x267.jpg 400w, https:\/\/noclegioswiecim.eu\/wp-content\/uploads\/2023\/04\/CA-2-21-600x400.jpg 600w, https:\/\/noclegioswiecim.eu\/wp-content\/uploads\/2023\/04\/CA-2-21-800x533.jpg 800w, https:\/\/noclegioswiecim.eu\/wp-content\/uploads\/2023\/04\/CA-2-21-1200x800.jpg 1200w, https:\/\/noclegioswiecim.eu\/wp-content\/uploads\/2023\/04\/CA-2-21-scaled.jpg 2560w\" data-sizes=\"auto\" data-orig-sizes=\"(max-width: 640px) 100vw, 2560px\" \/><\/a><div class=\"slide-excerpt\"><div class=\"excerpt-container\"><h2><a href=\"https:\/\/noclegioswiecim.eu\/fr\/points-forts\/divertissement-tv-55-pouces-avec-netflix-et-youtube\/\">Divertissement &#8211; TV 55 pouces avec Netflix et YouTube<\/a><\/h2><p>Vous ne voulez pas manquer un \u00e9pisode de votre \u00e9mission pr\u00e9f\u00e9r\u00e9e ? Ou bien vous r\u00eavez d'une soir\u00e9e cin\u00e9ma ? Rien n'est perdu. Une grande t\u00e9l\u00e9vision avec acc\u00e8s aux plateformes de streaming et aux services vid\u00e9o les plus populaires vous attend \u00e0 l'Apartments Auschwitz.<\/p><\/div><\/div><\/li><li><a href=\"https:\/\/noclegioswiecim.eu\/fr\/points-forts\/terrasse-avec-cafe-le-matin\/\" aria-label=\"Terrasse &#8211; avec caf\u00e9 le matin\"><img decoding=\"async\" width=\"1500\" height=\"1000\" class=\"lazyload wp-image-9407\" src=\"https:\/\/noclegioswiecim.eu\/wp-content\/uploads\/2023\/04\/RH6_3416.jpg\" data-orig-src=\"https:\/\/noclegioswiecim.eu\/wp-content\/uploads\/2023\/04\/RH6_3416.jpg\" alt=\"\" srcset=\"data:image\/svg+xml,%3Csvg%20xmlns%3D%27http%3A%2F%2Fwww.w3.org%2F2000%2Fsvg%27%20width%3D%271500%27%20height%3D%271000%27%20viewBox%3D%270%200%201500%201000%27%3E%3Crect%20width%3D%271500%27%20height%3D%271000%27%20fill-opacity%3D%220%22%2F%3E%3C%2Fsvg%3E\" data-srcset=\"https:\/\/noclegioswiecim.eu\/wp-content\/uploads\/2023\/04\/RH6_3416-200x133.jpg 200w, https:\/\/noclegioswiecim.eu\/wp-content\/uploads\/2023\/04\/RH6_3416-400x267.jpg 400w, https:\/\/noclegioswiecim.eu\/wp-content\/uploads\/2023\/04\/RH6_3416-600x400.jpg 600w, https:\/\/noclegioswiecim.eu\/wp-content\/uploads\/2023\/04\/RH6_3416-800x533.jpg 800w, https:\/\/noclegioswiecim.eu\/wp-content\/uploads\/2023\/04\/RH6_3416-1200x800.jpg 1200w, https:\/\/noclegioswiecim.eu\/wp-content\/uploads\/2023\/04\/RH6_3416.jpg 1500w\" data-sizes=\"auto\" data-orig-sizes=\"(max-width: 640px) 100vw, 1500px\" \/><\/a><div class=\"slide-excerpt\"><div class=\"excerpt-container\"><h2><a href=\"https:\/\/noclegioswiecim.eu\/fr\/points-forts\/terrasse-avec-cafe-le-matin\/\">Terrasse &#8211; avec caf\u00e9 le matin<\/a><\/h2><p>Les appartements avec terrasse d'Oswiecim sont un asile et un espace unique o\u00f9 vous pourrez vivre des moments inoubliables. Un caf\u00e9 matinal ou un repas en plein air, entour\u00e9 par la nature, est un r\u00eave devenu r\u00e9alit\u00e9 lorsque vous s\u00e9journez chez nous. Loin de l'agitation de la ville.<\/p><\/div><\/div><\/li><li><a href=\"https:\/\/noclegioswiecim.eu\/fr\/points-forts\/situation-2-km-dauschwitz\/\" aria-label=\"Situation &#8211; 2 km d&rsquo;Auschwitz\"><img decoding=\"async\" width=\"800\" height=\"468\" class=\"lazyload wp-image-3817\" src=\"https:\/\/noclegioswiecim.eu\/wp-content\/uploads\/2023\/04\/Miejsce-Pamieci-i-Muzeum-Auschwitz-Birkenau-rampa-glowna-i-Brama-Smierci-Oswiecim.jpg\" data-orig-src=\"https:\/\/noclegioswiecim.eu\/wp-content\/uploads\/2023\/04\/Miejsce-Pamieci-i-Muzeum-Auschwitz-Birkenau-rampa-glowna-i-Brama-Smierci-Oswiecim.jpg\" alt=\"\" srcset=\"data:image\/svg+xml,%3Csvg%20xmlns%3D%27http%3A%2F%2Fwww.w3.org%2F2000%2Fsvg%27%20width%3D%27800%27%20height%3D%27468%27%20viewBox%3D%270%200%20800%20468%27%3E%3Crect%20width%3D%27800%27%20height%3D%27468%27%20fill-opacity%3D%220%22%2F%3E%3C%2Fsvg%3E\" data-srcset=\"https:\/\/noclegioswiecim.eu\/wp-content\/uploads\/2023\/04\/Miejsce-Pamieci-i-Muzeum-Auschwitz-Birkenau-rampa-glowna-i-Brama-Smierci-Oswiecim-200x117.jpg 200w, https:\/\/noclegioswiecim.eu\/wp-content\/uploads\/2023\/04\/Miejsce-Pamieci-i-Muzeum-Auschwitz-Birkenau-rampa-glowna-i-Brama-Smierci-Oswiecim-400x234.jpg 400w, https:\/\/noclegioswiecim.eu\/wp-content\/uploads\/2023\/04\/Miejsce-Pamieci-i-Muzeum-Auschwitz-Birkenau-rampa-glowna-i-Brama-Smierci-Oswiecim-600x351.jpg 600w, https:\/\/noclegioswiecim.eu\/wp-content\/uploads\/2023\/04\/Miejsce-Pamieci-i-Muzeum-Auschwitz-Birkenau-rampa-glowna-i-Brama-Smierci-Oswiecim.jpg 800w\" data-sizes=\"auto\" data-orig-sizes=\"(max-width: 640px) 100vw, 800px\" \/><\/a><div class=\"slide-excerpt\"><div class=\"excerpt-container\"><h2><a href=\"https:\/\/noclegioswiecim.eu\/fr\/points-forts\/situation-2-km-dauschwitz\/\">Situation &#8211; 2 km d&rsquo;Auschwitz<\/a><\/h2><p>L'emplacement pratique des appartements permet d'explorer \u00e0 son rythme les sites historiques de la Seconde Guerre mondiale et d'ailleurs. La proximit\u00e9 de l'ancien complexe du camp d'Auschwitz-Birkenau permet \u00e9galement de visiter les sites comm\u00e9moratifs les plus importants en une seule journ\u00e9e.<\/p><\/div><\/div><\/li><li><a href=\"https:\/\/noclegioswiecim.eu\/fr\/points-forts\/cuisine-entierement-equipee\/\" aria-label=\"Cuisine &#8211; enti\u00e8rement \u00e9quip\u00e9e\"><img decoding=\"async\" width=\"2560\" height=\"1707\" class=\"lazyload wp-image-3884\" src=\"https:\/\/noclegioswiecim.eu\/wp-content\/uploads\/2023\/02\/CA-2-18-scaled.jpg\" data-orig-src=\"https:\/\/noclegioswiecim.eu\/wp-content\/uploads\/2023\/02\/CA-2-18-scaled.jpg\" alt=\"\" srcset=\"data:image\/svg+xml,%3Csvg%20xmlns%3D%27http%3A%2F%2Fwww.w3.org%2F2000%2Fsvg%27%20width%3D%272560%27%20height%3D%271707%27%20viewBox%3D%270%200%202560%201707%27%3E%3Crect%20width%3D%272560%27%20height%3D%271707%27%20fill-opacity%3D%220%22%2F%3E%3C%2Fsvg%3E\" data-srcset=\"https:\/\/noclegioswiecim.eu\/wp-content\/uploads\/2023\/02\/CA-2-18-200x133.jpg 200w, https:\/\/noclegioswiecim.eu\/wp-content\/uploads\/2023\/02\/CA-2-18-400x267.jpg 400w, https:\/\/noclegioswiecim.eu\/wp-content\/uploads\/2023\/02\/CA-2-18-600x400.jpg 600w, https:\/\/noclegioswiecim.eu\/wp-content\/uploads\/2023\/02\/CA-2-18-800x533.jpg 800w, https:\/\/noclegioswiecim.eu\/wp-content\/uploads\/2023\/02\/CA-2-18-1200x800.jpg 1200w, https:\/\/noclegioswiecim.eu\/wp-content\/uploads\/2023\/02\/CA-2-18-scaled.jpg 2560w\" data-sizes=\"auto\" data-orig-sizes=\"(max-width: 640px) 100vw, 2560px\" \/><\/a><div class=\"slide-excerpt\"><div class=\"excerpt-container\"><h2><a href=\"https:\/\/noclegioswiecim.eu\/fr\/points-forts\/cuisine-entierement-equipee\/\">Cuisine &#8211; enti\u00e8rement \u00e9quip\u00e9e<\/a><\/h2><p>Cuisiner soi-m\u00eame en voyage est l'occasion id\u00e9ale de s'amuser de mani\u00e8re cr\u00e9ative. Une cuisine enti\u00e8rement \u00e9quip\u00e9e vous attend \u00e0 l'Apartments Auschwitz, o\u00f9 vous pourrez pr\u00e9parer les repas les plus d\u00e9licieux. Les appareils de cuisine attendent vos id\u00e9es culinaires.<\/p><\/div><\/div><\/li><li><a href=\"https:\/\/noclegioswiecim.eu\/fr\/points-forts\/installation-cloturee\/\" aria-label=\"Installation cl\u00f4tur\u00e9e\"><img decoding=\"async\" width=\"1500\" height=\"1000\" class=\"lazyload wp-image-9420\" src=\"https:\/\/noclegioswiecim.eu\/wp-content\/uploads\/2023\/04\/RH6_3403.jpg\" data-orig-src=\"https:\/\/noclegioswiecim.eu\/wp-content\/uploads\/2023\/04\/RH6_3403.jpg\" alt=\"\" srcset=\"data:image\/svg+xml,%3Csvg%20xmlns%3D%27http%3A%2F%2Fwww.w3.org%2F2000%2Fsvg%27%20width%3D%271500%27%20height%3D%271000%27%20viewBox%3D%270%200%201500%201000%27%3E%3Crect%20width%3D%271500%27%20height%3D%271000%27%20fill-opacity%3D%220%22%2F%3E%3C%2Fsvg%3E\" data-srcset=\"https:\/\/noclegioswiecim.eu\/wp-content\/uploads\/2023\/04\/RH6_3403-200x133.jpg 200w, https:\/\/noclegioswiecim.eu\/wp-content\/uploads\/2023\/04\/RH6_3403-400x267.jpg 400w, https:\/\/noclegioswiecim.eu\/wp-content\/uploads\/2023\/04\/RH6_3403-600x400.jpg 600w, https:\/\/noclegioswiecim.eu\/wp-content\/uploads\/2023\/04\/RH6_3403-800x533.jpg 800w, https:\/\/noclegioswiecim.eu\/wp-content\/uploads\/2023\/04\/RH6_3403-1200x800.jpg 1200w, https:\/\/noclegioswiecim.eu\/wp-content\/uploads\/2023\/04\/RH6_3403.jpg 1500w\" data-sizes=\"auto\" data-orig-sizes=\"(max-width: 640px) 100vw, 1500px\" \/><\/a><div class=\"slide-excerpt\"><div class=\"excerpt-container\"><h2><a href=\"https:\/\/noclegioswiecim.eu\/fr\/points-forts\/installation-cloturee\/\">Installation cl\u00f4tur\u00e9e<\/a><\/h2><p>C'est un moyen de vous offrir le plus haut niveau de s\u00e9curit\u00e9 et de respect de la vie priv\u00e9e. Rien ni personne ne viendra troubler votre d\u00e9tente, et chaque moment pass\u00e9 \u00e0 l'Apartments Auschwitz sera l'occasion de faire l'exp\u00e9rience de la paix. Pas de regards indiscrets ni d'invit\u00e9s ind\u00e9sirables.<\/p><\/div><\/div><\/li><li><a href=\"https:\/\/noclegioswiecim.eu\/fr\/points-forts\/lits-avec-matelas-confortables\/\" aria-label=\"Lits &#8211; avec matelas confortables\"><img decoding=\"async\" width=\"2560\" height=\"1707\" class=\"lazyload wp-image-3792\" src=\"https:\/\/noclegioswiecim.eu\/wp-content\/uploads\/2023\/02\/CA-2-5-scaled.jpg\" data-orig-src=\"https:\/\/noclegioswiecim.eu\/wp-content\/uploads\/2023\/02\/CA-2-5-scaled.jpg\" alt=\"\" srcset=\"data:image\/svg+xml,%3Csvg%20xmlns%3D%27http%3A%2F%2Fwww.w3.org%2F2000%2Fsvg%27%20width%3D%272560%27%20height%3D%271707%27%20viewBox%3D%270%200%202560%201707%27%3E%3Crect%20width%3D%272560%27%20height%3D%271707%27%20fill-opacity%3D%220%22%2F%3E%3C%2Fsvg%3E\" data-srcset=\"https:\/\/noclegioswiecim.eu\/wp-content\/uploads\/2023\/02\/CA-2-5-200x133.jpg 200w, https:\/\/noclegioswiecim.eu\/wp-content\/uploads\/2023\/02\/CA-2-5-400x267.jpg 400w, https:\/\/noclegioswiecim.eu\/wp-content\/uploads\/2023\/02\/CA-2-5-600x400.jpg 600w, https:\/\/noclegioswiecim.eu\/wp-content\/uploads\/2023\/02\/CA-2-5-800x533.jpg 800w, https:\/\/noclegioswiecim.eu\/wp-content\/uploads\/2023\/02\/CA-2-5-1200x800.jpg 1200w, https:\/\/noclegioswiecim.eu\/wp-content\/uploads\/2023\/02\/CA-2-5-scaled.jpg 2560w\" data-sizes=\"auto\" data-orig-sizes=\"(max-width: 640px) 100vw, 2560px\" \/><\/a><div class=\"slide-excerpt\"><div class=\"excerpt-container\"><h2><a href=\"https:\/\/noclegioswiecim.eu\/fr\/points-forts\/lits-avec-matelas-confortables\/\">Lits &#8211; avec matelas confortables<\/a><\/h2><p>Le sommeil r\u00e9parateur n'est pas seulement un privil\u00e8ge domestique. La zone de couchage des appartements d'Oswiecim comprend des lits \u00e9l\u00e9gants \u00e9quip\u00e9s de matelas de haute qualit\u00e9 qui vous offriront un confort exceptionnel pendant votre sommeil. Le matin, en revanche, sera plein d'\u00e9nergie positive.<\/p><\/div><\/div><\/li><li><a href=\"https:\/\/noclegioswiecim.eu\/fr\/points-forts\/accessible-aux-personnes-handicapees\/\" aria-label=\"Accessible aux personnes handicap\u00e9es\"><img decoding=\"async\" width=\"2560\" height=\"1707\" class=\"lazyload wp-image-3834\" src=\"https:\/\/noclegioswiecim.eu\/wp-content\/uploads\/2023\/01\/CA-2-37-scaled.jpg\" data-orig-src=\"https:\/\/noclegioswiecim.eu\/wp-content\/uploads\/2023\/01\/CA-2-37-scaled.jpg\" alt=\"\" srcset=\"data:image\/svg+xml,%3Csvg%20xmlns%3D%27http%3A%2F%2Fwww.w3.org%2F2000%2Fsvg%27%20width%3D%272560%27%20height%3D%271707%27%20viewBox%3D%270%200%202560%201707%27%3E%3Crect%20width%3D%272560%27%20height%3D%271707%27%20fill-opacity%3D%220%22%2F%3E%3C%2Fsvg%3E\" data-srcset=\"https:\/\/noclegioswiecim.eu\/wp-content\/uploads\/2023\/01\/CA-2-37-200x133.jpg 200w, https:\/\/noclegioswiecim.eu\/wp-content\/uploads\/2023\/01\/CA-2-37-400x267.jpg 400w, https:\/\/noclegioswiecim.eu\/wp-content\/uploads\/2023\/01\/CA-2-37-600x400.jpg 600w, https:\/\/noclegioswiecim.eu\/wp-content\/uploads\/2023\/01\/CA-2-37-800x533.jpg 800w, https:\/\/noclegioswiecim.eu\/wp-content\/uploads\/2023\/01\/CA-2-37-1200x800.jpg 1200w, https:\/\/noclegioswiecim.eu\/wp-content\/uploads\/2023\/01\/CA-2-37-scaled.jpg 2560w\" data-sizes=\"auto\" data-orig-sizes=\"(max-width: 640px) 100vw, 2560px\" \/><\/a><div class=\"slide-excerpt\"><div class=\"excerpt-container\"><h2><a href=\"https:\/\/noclegioswiecim.eu\/fr\/points-forts\/accessible-aux-personnes-handicapees\/\">Accessible aux personnes handicap\u00e9es<\/a><\/h2><p>\r Les appartements Oswiecim sont des espaces confortables pour tout le monde, que l'on souffre ou non d'un handicap. Le mobilier disponible dans les appartements est adapt\u00e9 \u00e0 chacun et vous permet de vous reposer dignement, malgr\u00e9 vos limitations.\r<\/p><\/div><\/div><\/li><li><a href=\"https:\/\/noclegioswiecim.eu\/fr\/points-forts\/sniadania-na-zamowienie\/\" aria-label=\"\u015aniadania na zam\u00f3wienie\"><img decoding=\"async\" width=\"770\" height=\"400\" class=\"lazyload wp-image-6434\" src=\"https:\/\/noclegioswiecim.eu\/wp-content\/uploads\/2024\/07\/sniadania-2.png\" data-orig-src=\"https:\/\/noclegioswiecim.eu\/wp-content\/uploads\/2024\/07\/sniadania-2.png\" alt=\"\" srcset=\"data:image\/svg+xml,%3Csvg%20xmlns%3D%27http%3A%2F%2Fwww.w3.org%2F2000%2Fsvg%27%20width%3D%27770%27%20height%3D%27400%27%20viewBox%3D%270%200%20770%20400%27%3E%3Crect%20width%3D%27770%27%20height%3D%27400%27%20fill-opacity%3D%220%22%2F%3E%3C%2Fsvg%3E\" data-srcset=\"https:\/\/noclegioswiecim.eu\/wp-content\/uploads\/2024\/07\/sniadania-2-200x104.png 200w, https:\/\/noclegioswiecim.eu\/wp-content\/uploads\/2024\/07\/sniadania-2-400x208.png 400w, https:\/\/noclegioswiecim.eu\/wp-content\/uploads\/2024\/07\/sniadania-2-600x312.png 600w, https:\/\/noclegioswiecim.eu\/wp-content\/uploads\/2024\/07\/sniadania-2.png 770w\" data-sizes=\"auto\" data-orig-sizes=\"(max-width: 640px) 100vw, 770px\" \/><\/a><div class=\"slide-excerpt\"><div class=\"excerpt-container\"><h2><a href=\"https:\/\/noclegioswiecim.eu\/fr\/points-forts\/sniadania-na-zamowienie\/\">\u015aniadania na zam\u00f3wienie<\/a><\/h2><p>Zapraszamy do skorzystania z naszej oferty \u015bniadaniowej, przygotowanej z my\u015bl\u0105 o komfortowym i smacznym rozpocz\u0119ciu dnia. W Comfort Apartments w O\u015bwi\u0119cimiu dbamy o to, aby ka\u017cdy nasz go\u015b\u0107 m\u00f3g\u0142 cieszy\u0107 si\u0119 pysznym \u015bniadaniem, kt\u00f3re doda energii na ca\u0142y dzie\u0144 przyg\u00f3d i zwiedzania!<\/p><\/div><\/div><\/li><\/ul><\/div><\/div><\/div><\/div><\/div>\n<\/p>\n","protected":false},"excerpt":{"rendered":"","protected":false},"author":1,"featured_media":0,"parent":0,"menu_order":0,"comment_status":"closed","ping_status":"closed","template":"100-width.php","meta":{"footnotes":""},"class_list":["post-3694","page","type-page","status-publish","hentry"],"yoast_head":"<!-- This site is optimized with the Yoast SEO plugin v27.5 - https:\/\/yoast.com\/product\/yoast-seo-wordpress\/ -->\n<title>Appartement - Comfort Apartments<\/title>\n<meta name=\"robots\" content=\"index, follow, max-snippet:-1, max-image-preview:large, max-video-preview:-1\" \/>\n<link rel=\"canonical\" href=\"https:\/\/noclegioswiecim.eu\/fr\/appartement\/\" \/>\n<meta property=\"og:locale\" content=\"fr_FR\" \/>\n<meta property=\"og:type\" content=\"article\" \/>\n<meta property=\"og:title\" content=\"Appartement - Comfort Apartments\" \/>\n<meta property=\"og:url\" content=\"https:\/\/noclegioswiecim.eu\/fr\/appartement\/\" \/>\n<meta property=\"og:site_name\" content=\"Comfort Apartments\" \/>\n<meta property=\"article:publisher\" content=\"https:\/\/www.facebook.com\/oswiecimapartments\/\" \/>\n<meta property=\"article:modified_time\" content=\"2025-12-10T07:58:41+00:00\" \/>\n<meta name=\"twitter:card\" content=\"summary_large_image\" \/>\n<meta name=\"twitter:label1\" content=\"Dur\u00e9e de lecture estim\u00e9e\" \/>\n\t<meta name=\"twitter:data1\" content=\"9 minutes\" \/>\n<script type=\"application\/ld+json\" class=\"yoast-schema-graph\">{\"@context\":\"https:\\\/\\\/schema.org\",\"@graph\":[{\"@type\":\"WebPage\",\"@id\":\"https:\\\/\\\/noclegioswiecim.eu\\\/fr\\\/appartement\\\/\",\"url\":\"https:\\\/\\\/noclegioswiecim.eu\\\/fr\\\/appartement\\\/\",\"name\":\"Appartement - Comfort Apartments\",\"isPartOf\":{\"@id\":\"https:\\\/\\\/noclegioswiecim.eu\\\/#website\"},\"datePublished\":\"2023-01-23T23:12:54+00:00\",\"dateModified\":\"2025-12-10T07:58:41+00:00\",\"breadcrumb\":{\"@id\":\"https:\\\/\\\/noclegioswiecim.eu\\\/fr\\\/appartement\\\/#breadcrumb\"},\"inLanguage\":\"fr-FR\",\"potentialAction\":[{\"@type\":\"ReadAction\",\"target\":[\"https:\\\/\\\/noclegioswiecim.eu\\\/fr\\\/appartement\\\/\"]}]},{\"@type\":\"BreadcrumbList\",\"@id\":\"https:\\\/\\\/noclegioswiecim.eu\\\/fr\\\/appartement\\\/#breadcrumb\",\"itemListElement\":[{\"@type\":\"ListItem\",\"position\":1,\"name\":\"Strona g\u0142\u00f3wna\",\"item\":\"https:\\\/\\\/noclegioswiecim.eu\\\/fr\\\/\"},{\"@type\":\"ListItem\",\"position\":2,\"name\":\"Appartement\"}]},{\"@type\":\"WebSite\",\"@id\":\"https:\\\/\\\/noclegioswiecim.eu\\\/#website\",\"url\":\"https:\\\/\\\/noclegioswiecim.eu\\\/\",\"name\":\"Comfort Apartments\",\"description\":\"Noclegi O\u015bwi\u0119cim \\\/ Booking O\u015bwi\u0119cim\",\"publisher\":{\"@id\":\"https:\\\/\\\/noclegioswiecim.eu\\\/#organization\"},\"potentialAction\":[{\"@type\":\"SearchAction\",\"target\":{\"@type\":\"EntryPoint\",\"urlTemplate\":\"https:\\\/\\\/noclegioswiecim.eu\\\/?s={search_term_string}\"},\"query-input\":{\"@type\":\"PropertyValueSpecification\",\"valueRequired\":true,\"valueName\":\"search_term_string\"}}],\"inLanguage\":\"fr-FR\"},{\"@type\":\"Organization\",\"@id\":\"https:\\\/\\\/noclegioswiecim.eu\\\/#organization\",\"name\":\"Comfort Apartments\",\"url\":\"https:\\\/\\\/noclegioswiecim.eu\\\/\",\"logo\":{\"@type\":\"ImageObject\",\"inLanguage\":\"fr-FR\",\"@id\":\"https:\\\/\\\/noclegioswiecim.eu\\\/#\\\/schema\\\/logo\\\/image\\\/\",\"url\":\"https:\\\/\\\/noclegioswiecim.eu\\\/wp-content\\\/uploads\\\/2023\\\/02\\\/favicona.png\",\"contentUrl\":\"https:\\\/\\\/noclegioswiecim.eu\\\/wp-content\\\/uploads\\\/2023\\\/02\\\/favicona.png\",\"width\":200,\"height\":200,\"caption\":\"Comfort Apartments\"},\"image\":{\"@id\":\"https:\\\/\\\/noclegioswiecim.eu\\\/#\\\/schema\\\/logo\\\/image\\\/\"},\"sameAs\":[\"https:\\\/\\\/www.facebook.com\\\/oswiecimapartments\\\/\",\"https:\\\/\\\/goo.gl\\\/maps\\\/H9x6rxoZWfK3ad1j6\",\"https:\\\/\\\/www.instagram.com\\\/oswiecimapartments\\\/\"]}]}<\/script>\n<!-- \/ Yoast SEO plugin. -->","yoast_head_json":{"title":"Appartement - Comfort Apartments","robots":{"index":"index","follow":"follow","max-snippet":"max-snippet:-1","max-image-preview":"max-image-preview:large","max-video-preview":"max-video-preview:-1"},"canonical":"https:\/\/noclegioswiecim.eu\/fr\/appartement\/","og_locale":"fr_FR","og_type":"article","og_title":"Appartement - Comfort Apartments","og_url":"https:\/\/noclegioswiecim.eu\/fr\/appartement\/","og_site_name":"Comfort Apartments","article_publisher":"https:\/\/www.facebook.com\/oswiecimapartments\/","article_modified_time":"2025-12-10T07:58:41+00:00","twitter_card":"summary_large_image","twitter_misc":{"Dur\u00e9e de lecture estim\u00e9e":"9 minutes"},"schema":{"@context":"https:\/\/schema.org","@graph":[{"@type":"WebPage","@id":"https:\/\/noclegioswiecim.eu\/fr\/appartement\/","url":"https:\/\/noclegioswiecim.eu\/fr\/appartement\/","name":"Appartement - Comfort Apartments","isPartOf":{"@id":"https:\/\/noclegioswiecim.eu\/#website"},"datePublished":"2023-01-23T23:12:54+00:00","dateModified":"2025-12-10T07:58:41+00:00","breadcrumb":{"@id":"https:\/\/noclegioswiecim.eu\/fr\/appartement\/#breadcrumb"},"inLanguage":"fr-FR","potentialAction":[{"@type":"ReadAction","target":["https:\/\/noclegioswiecim.eu\/fr\/appartement\/"]}]},{"@type":"BreadcrumbList","@id":"https:\/\/noclegioswiecim.eu\/fr\/appartement\/#breadcrumb","itemListElement":[{"@type":"ListItem","position":1,"name":"Strona g\u0142\u00f3wna","item":"https:\/\/noclegioswiecim.eu\/fr\/"},{"@type":"ListItem","position":2,"name":"Appartement"}]},{"@type":"WebSite","@id":"https:\/\/noclegioswiecim.eu\/#website","url":"https:\/\/noclegioswiecim.eu\/","name":"Comfort Apartments","description":"Noclegi O\u015bwi\u0119cim \/ Booking O\u015bwi\u0119cim","publisher":{"@id":"https:\/\/noclegioswiecim.eu\/#organization"},"potentialAction":[{"@type":"SearchAction","target":{"@type":"EntryPoint","urlTemplate":"https:\/\/noclegioswiecim.eu\/?s={search_term_string}"},"query-input":{"@type":"PropertyValueSpecification","valueRequired":true,"valueName":"search_term_string"}}],"inLanguage":"fr-FR"},{"@type":"Organization","@id":"https:\/\/noclegioswiecim.eu\/#organization","name":"Comfort Apartments","url":"https:\/\/noclegioswiecim.eu\/","logo":{"@type":"ImageObject","inLanguage":"fr-FR","@id":"https:\/\/noclegioswiecim.eu\/#\/schema\/logo\/image\/","url":"https:\/\/noclegioswiecim.eu\/wp-content\/uploads\/2023\/02\/favicona.png","contentUrl":"https:\/\/noclegioswiecim.eu\/wp-content\/uploads\/2023\/02\/favicona.png","width":200,"height":200,"caption":"Comfort Apartments"},"image":{"@id":"https:\/\/noclegioswiecim.eu\/#\/schema\/logo\/image\/"},"sameAs":["https:\/\/www.facebook.com\/oswiecimapartments\/","https:\/\/goo.gl\/maps\/H9x6rxoZWfK3ad1j6","https:\/\/www.instagram.com\/oswiecimapartments\/"]}]}},"_links":{"self":[{"href":"https:\/\/noclegioswiecim.eu\/fr\/wp-json\/wp\/v2\/pages\/3694","targetHints":{"allow":["GET"]}}],"collection":[{"href":"https:\/\/noclegioswiecim.eu\/fr\/wp-json\/wp\/v2\/pages"}],"about":[{"href":"https:\/\/noclegioswiecim.eu\/fr\/wp-json\/wp\/v2\/types\/page"}],"author":[{"embeddable":true,"href":"https:\/\/noclegioswiecim.eu\/fr\/wp-json\/wp\/v2\/users\/1"}],"replies":[{"embeddable":true,"href":"https:\/\/noclegioswiecim.eu\/fr\/wp-json\/wp\/v2\/comments?post=3694"}],"version-history":[{"count":14,"href":"https:\/\/noclegioswiecim.eu\/fr\/wp-json\/wp\/v2\/pages\/3694\/revisions"}],"predecessor-version":[{"id":9931,"href":"https:\/\/noclegioswiecim.eu\/fr\/wp-json\/wp\/v2\/pages\/3694\/revisions\/9931"}],"wp:attachment":[{"href":"https:\/\/noclegioswiecim.eu\/fr\/wp-json\/wp\/v2\/media?parent=3694"}],"curies":[{"name":"wp","href":"https:\/\/api.w.org\/{rel}","templated":true}]}}