{"id":1865,"date":"2023-01-24T00:12:54","date_gmt":"2023-01-23T23:12:54","guid":{"rendered":"https:\/\/noclegioswiecim.eu\/apartamenty\/"},"modified":"2025-12-10T08:58:47","modified_gmt":"2025-12-10T07:58:47","slug":"wohnungen","status":"publish","type":"page","link":"https:\/\/noclegioswiecim.eu\/de\/wohnungen\/","title":{"rendered":"Wohnungen"},"content":{"rendered":"<p><div id=\"Terrasse\" class=\"fusion-container-anchor\"><div class=\"fusion-fullwidth fullwidth-box fusion-builder-row-1 fusion-flex-container has-pattern-background has-mask-background r-apartaments nonhundred-percent-fullwidth non-hundred-percent-height-scrolling\" style=\"--awb-border-radius-top-left:0px;--awb-border-radius-top-right:0px;--awb-border-radius-bottom-right:0px;--awb-border-radius-bottom-left:0px;--awb-margin-bottom:100px;--awb-margin-bottom-small:50px;--awb-flex-wrap:wrap;\" id=\"terrace\" ><div class=\"fusion-builder-row fusion-row fusion-flex-align-items-flex-start fusion-flex-content-wrap\" style=\"max-width:1352px;margin-left: calc(-4% \/ 2 );margin-right: calc(-4% \/ 2 );\"><div class=\"fusion-layout-column fusion_builder_column fusion-builder-column-0 fusion_builder_column_1_2 1_2 fusion-flex-column col-room col-room1\" style=\"--awb-bg-size:cover;--awb-width-large:50%;--awb-margin-top-large:0px;--awb-spacing-right-large:3.84%;--awb-margin-bottom-large:20px;--awb-spacing-left-large:3.84%;--awb-width-medium:50%;--awb-order-medium:0;--awb-spacing-right-medium:3.84%;--awb-spacing-left-medium:3.84%;--awb-width-small:100%;--awb-order-small:0;--awb-spacing-right-small:1.92%;--awb-spacing-left-small:1.92%;\"><div class=\"fusion-column-wrapper fusion-column-has-shadow fusion-flex-justify-content-flex-start fusion-content-layout-column\"><div class=\"fusion-image-element \" style=\"--awb-caption-title-font-family:var(--h2_typography-font-family);--awb-caption-title-font-weight:var(--h2_typography-font-weight);--awb-caption-title-font-style:var(--h2_typography-font-style);--awb-caption-title-size:var(--h2_typography-font-size);--awb-caption-title-transform:var(--h2_typography-text-transform);--awb-caption-title-line-height:var(--h2_typography-line-height);--awb-caption-title-letter-spacing:var(--h2_typography-letter-spacing);\"><span class=\" fusion-imageframe imageframe-none imageframe-1 hover-type-none c-image\"><a class=\"fusion-no-lightbox\" href=\"https:\/\/noclegioswiecim.eu\/de\/wohnungen\/wohnung-10g\/\" target=\"_self\" aria-label=\"Comfort-Apartments-Oswiecim\"><img decoding=\"async\" width=\"1024\" height=\"683\" src=\"https:\/\/noclegioswiecim.eu\/wp-content\/uploads\/2023\/07\/CA-2-51-scaled.jpg\" data-orig-src=\"https:\/\/noclegioswiecim.eu\/wp-content\/uploads\/2023\/07\/CA-2-51-1024x683.jpg\" alt class=\"lazyload img-responsive wp-image-7203\" srcset=\"data:image\/svg+xml,%3Csvg%20xmlns%3D%27http%3A%2F%2Fwww.w3.org%2F2000%2Fsvg%27%20width%3D%272560%27%20height%3D%271707%27%20viewBox%3D%270%200%202560%201707%27%3E%3Crect%20width%3D%272560%27%20height%3D%271707%27%20fill-opacity%3D%220%22%2F%3E%3C%2Fsvg%3E\" data-srcset=\"https:\/\/noclegioswiecim.eu\/wp-content\/uploads\/2023\/07\/CA-2-51-200x133.jpg 200w, https:\/\/noclegioswiecim.eu\/wp-content\/uploads\/2023\/07\/CA-2-51-400x267.jpg 400w, https:\/\/noclegioswiecim.eu\/wp-content\/uploads\/2023\/07\/CA-2-51-600x400.jpg 600w, https:\/\/noclegioswiecim.eu\/wp-content\/uploads\/2023\/07\/CA-2-51-800x533.jpg 800w, https:\/\/noclegioswiecim.eu\/wp-content\/uploads\/2023\/07\/CA-2-51-1200x800.jpg 1200w\" data-sizes=\"auto\" data-orig-sizes=\"(max-width: 640px) 100vw, 800px\" \/><\/a><\/span><\/div><div class=\"fusion-text fusion-text-1 c-room-name\"><h3>Wohnung mit Terrasse<\/h3>\n<p>7 Personen \/ 58,5m<sup>2<\/sup><\/p>\n<\/div><div class=\"fusion-text fusion-text-2 c-room-desc\"><p>Entdecken Sie einen einzigartigen Raum, der Ihre Bed\u00fcrfnisse erf\u00fcllt,<br \/>\nw\u00e4hrend Sie sich entspannen. Ger\u00e4umige Wohnung mit Terrasse.<\/p>\n<\/div><div class=\"fusion-text fusion-text-3 c-room-price\"><p><sup>Preis von<\/sup> <strong>550 PLN<\/strong><\/p>\n<\/div><div ><a class=\"fusion-button button-flat button-small button-custom fusion-button-default button-1 fusion-button-default-span fusion-button-default-type c-button\" style=\"--button_accent_color:var(--awb-color8);--button_border_color:rgba(255,255,255,0);--button_accent_hover_color:var(--awb-color8);--button_border_hover_color:var(--awb-color8);--button_border_width-top:1px;--button_border_width-right:1px;--button_border_width-bottom:1px;--button_border_width-left:1px;--button_gradient_top_color:rgba(255,255,255,0);--button_gradient_bottom_color:rgba(255,255,255,0);--button_gradient_top_color_hover:rgba(255,255,255,0);--button_gradient_bottom_color_hover:rgba(255,255,255,0);--button_text_transform:uppercase;\" target=\"_self\" data-hover=\"icon_rotate\" title=\"Buchen Sie\" aria-label=\"Buchen Sie\" href=\"https:\/\/noclegioswiecim.eu\/de\/wohnungen\/wohnung-10g\/\"><span class=\"fusion-button-text\">Buchen Sie<\/span><i class=\"fa-plus fas button-icon-right\" aria-hidden=\"true\"><\/i><\/a><\/div><\/div><\/div><div class=\"fusion-layout-column fusion_builder_column fusion-builder-column-1 fusion_builder_column_1_2 1_2 fusion-flex-column col-room col-room1\" style=\"--awb-bg-size:cover;--awb-width-large:50%;--awb-margin-top-large:0px;--awb-spacing-right-large:3.84%;--awb-margin-bottom-large:20px;--awb-spacing-left-large:3.84%;--awb-width-medium:50%;--awb-order-medium:0;--awb-spacing-right-medium:3.84%;--awb-spacing-left-medium:3.84%;--awb-width-small:100%;--awb-order-small:0;--awb-spacing-right-small:1.92%;--awb-spacing-left-small:1.92%;\" data-motion-effects=\"[{&quot;type&quot;:&quot;&quot;,&quot;scroll_type&quot;:&quot;transition&quot;,&quot;scroll_direction&quot;:&quot;up&quot;,&quot;transition_speed&quot;:&quot;1&quot;,&quot;fade_type&quot;:&quot;in&quot;,&quot;scale_type&quot;:&quot;up&quot;,&quot;initial_scale&quot;:&quot;1&quot;,&quot;max_scale&quot;:&quot;1.5&quot;,&quot;min_scale&quot;:&quot;0.5&quot;,&quot;initial_rotate&quot;:&quot;0&quot;,&quot;end_rotate&quot;:&quot;30&quot;,&quot;initial_blur&quot;:&quot;0&quot;,&quot;end_blur&quot;:&quot;3&quot;,&quot;start_element&quot;:&quot;top&quot;,&quot;start_viewport&quot;:&quot;bottom&quot;,&quot;end_element&quot;:&quot;bottom&quot;,&quot;end_viewport&quot;:&quot;top&quot;,&quot;mouse_effect&quot;:&quot;track&quot;,&quot;mouse_effect_direction&quot;:&quot;opposite&quot;,&quot;mouse_effect_speed&quot;:&quot;2&quot;,&quot;infinite_animation&quot;:&quot;float&quot;,&quot;infinite_animation_speed&quot;:&quot;2&quot;}]\" data-scroll-devices=\"small-visibility,medium-visibility,large-visibility\"><div class=\"fusion-column-wrapper fusion-column-has-shadow fusion-flex-justify-content-flex-start fusion-content-layout-column\"><div class=\"fusion-image-element \" style=\"--awb-caption-title-font-family:var(--h2_typography-font-family);--awb-caption-title-font-weight:var(--h2_typography-font-weight);--awb-caption-title-font-style:var(--h2_typography-font-style);--awb-caption-title-size:var(--h2_typography-font-size);--awb-caption-title-transform:var(--h2_typography-text-transform);--awb-caption-title-line-height:var(--h2_typography-line-height);--awb-caption-title-letter-spacing:var(--h2_typography-letter-spacing);\"><span class=\" fusion-imageframe imageframe-none imageframe-2 hover-type-none c-image\"><a class=\"fusion-no-lightbox\" href=\"https:\/\/noclegioswiecim.eu\/de\/wohnungen\/wohnung-10f\/\" target=\"_self\" aria-label=\"RH_FOTO ROMAN_HOLOWKO\"><img decoding=\"async\" width=\"2048\" height=\"1365\" src=\"https:\/\/noclegioswiecim.eu\/wp-content\/uploads\/2024\/12\/RHZ_7525.jpg\" data-orig-src=\"https:\/\/noclegioswiecim.eu\/wp-content\/uploads\/2024\/12\/RHZ_7525.jpg\" alt class=\"lazyload img-responsive wp-image-8202\" srcset=\"data:image\/svg+xml,%3Csvg%20xmlns%3D%27http%3A%2F%2Fwww.w3.org%2F2000%2Fsvg%27%20width%3D%272048%27%20height%3D%271365%27%20viewBox%3D%270%200%202048%201365%27%3E%3Crect%20width%3D%272048%27%20height%3D%271365%27%20fill-opacity%3D%220%22%2F%3E%3C%2Fsvg%3E\" data-srcset=\"https:\/\/noclegioswiecim.eu\/wp-content\/uploads\/2024\/12\/RHZ_7525-200x133.jpg 200w, https:\/\/noclegioswiecim.eu\/wp-content\/uploads\/2024\/12\/RHZ_7525-400x267.jpg 400w, https:\/\/noclegioswiecim.eu\/wp-content\/uploads\/2024\/12\/RHZ_7525-600x400.jpg 600w, https:\/\/noclegioswiecim.eu\/wp-content\/uploads\/2024\/12\/RHZ_7525-800x533.jpg 800w, https:\/\/noclegioswiecim.eu\/wp-content\/uploads\/2024\/12\/RHZ_7525-1200x800.jpg 1200w, https:\/\/noclegioswiecim.eu\/wp-content\/uploads\/2024\/12\/RHZ_7525.jpg 2048w\" data-sizes=\"auto\" data-orig-sizes=\"(max-width: 640px) 100vw, 800px\" \/><\/a><\/span><\/div><div class=\"fusion-text fusion-text-4 c-room-name\"><h3>Wohnung mit Balkon<\/h3>\n<p>7 Personen \/ 61,5m<sup>2<\/sup><\/p>\n<\/div><div class=\"fusion-text fusion-text-5 c-room-desc\"><p>Entspannen Sie sich in einem intimen Rahmen mit einzigartiger Aussicht. Ruhen Sie sich aus, wie Sie wollen, und genie\u00dfen Sie die Verg\u00e4nglichkeit.<\/p>\n<\/div><div class=\"fusion-text fusion-text-6 c-room-price\"><p><sup>Preis von<\/sup> <strong>550 PLN<\/strong><\/p>\n<\/div><div ><a class=\"fusion-button button-flat button-small button-custom fusion-button-default button-2 fusion-button-default-span fusion-button-default-type c-button\" style=\"--button_accent_color:var(--awb-color8);--button_border_color:rgba(255,255,255,0);--button_accent_hover_color:var(--awb-color8);--button_border_hover_color:var(--awb-color8);--button_border_width-top:1px;--button_border_width-right:1px;--button_border_width-bottom:1px;--button_border_width-left:1px;--button_gradient_top_color:rgba(255,255,255,0);--button_gradient_bottom_color:rgba(255,255,255,0);--button_gradient_top_color_hover:rgba(255,255,255,0);--button_gradient_bottom_color_hover:rgba(255,255,255,0);--button_text_transform:uppercase;\" target=\"_self\" data-hover=\"icon_rotate\" title=\"Buchen Sie\" aria-label=\"Buchen Sie\" href=\"https:\/\/noclegioswiecim.eu\/de\/wohnungen\/wohnung-10f\/\"><span class=\"fusion-button-text\">Buchen Sie<\/span><i class=\"fa-plus fas button-icon-right\" aria-hidden=\"true\"><\/i><\/a><\/div><\/div><\/div><\/div><\/div><\/div><div class=\"fusion-fullwidth fullwidth-box fusion-builder-row-2 fusion-flex-container has-pattern-background has-mask-background nonhundred-percent-fullwidth non-hundred-percent-height-scrolling\" style=\"--awb-border-radius-top-left:0px;--awb-border-radius-top-right:0px;--awb-border-radius-bottom-right:0px;--awb-border-radius-bottom-left:0px;--awb-margin-top:0px;--awb-margin-bottom:100px;--awb-flex-wrap:wrap;\" ><div class=\"fusion-builder-row fusion-row fusion-flex-align-items-flex-start fusion-flex-content-wrap\" style=\"max-width:1352px;margin-left: calc(-4% \/ 2 );margin-right: calc(-4% \/ 2 );\"><div class=\"fusion-layout-column fusion_builder_column fusion-builder-column-2 fusion_builder_column_1_1 1_1 fusion-flex-column c-raypath-div fusion-column-inner-bg-wrapper\" style=\"--awb-inner-bg-size:cover;--awb-width-large:100%;--awb-margin-top-large:20px;--awb-spacing-right-large:1.92%;--awb-margin-bottom-large:20px;--awb-spacing-left-large:1.92%;--awb-width-medium:100%;--awb-order-medium:0;--awb-spacing-right-medium:1.92%;--awb-spacing-left-medium:1.92%;--awb-width-small:100%;--awb-order-small:0;--awb-spacing-right-small:1.92%;--awb-spacing-left-small:1.92%;\" data-motion-effects=\"[{&quot;type&quot;:&quot;&quot;,&quot;scroll_type&quot;:&quot;transition&quot;,&quot;scroll_direction&quot;:&quot;up&quot;,&quot;transition_speed&quot;:&quot;1&quot;,&quot;fade_type&quot;:&quot;in&quot;,&quot;scale_type&quot;:&quot;up&quot;,&quot;initial_scale&quot;:&quot;1&quot;,&quot;max_scale&quot;:&quot;1.5&quot;,&quot;min_scale&quot;:&quot;0.5&quot;,&quot;initial_rotate&quot;:&quot;0&quot;,&quot;end_rotate&quot;:&quot;30&quot;,&quot;initial_blur&quot;:&quot;0&quot;,&quot;end_blur&quot;:&quot;3&quot;,&quot;start_element&quot;:&quot;top&quot;,&quot;start_viewport&quot;:&quot;bottom&quot;,&quot;end_element&quot;:&quot;bottom&quot;,&quot;end_viewport&quot;:&quot;top&quot;,&quot;mouse_effect&quot;:&quot;track&quot;,&quot;mouse_effect_direction&quot;:&quot;opposite&quot;,&quot;mouse_effect_speed&quot;:&quot;2&quot;,&quot;infinite_animation&quot;:&quot;float&quot;,&quot;infinite_animation_speed&quot;:&quot;2&quot;}]\" data-scroll-devices=\"small-visibility,medium-visibility,large-visibility\"><span class=\"fusion-column-inner-bg hover-type-none\"><a class=\"fusion-column-anchor\" href=\"https:\/\/jolantamlodzik.raypath.info\/Account\/Welcome\" rel=\"noopener noreferrer\" target=\"_blank\"><span class=\"fusion-column-inner-bg-image\"><\/span><\/a><\/span><div class=\"fusion-column-wrapper fusion-column-has-shadow fusion-flex-justify-content-flex-start fusion-content-layout-column\"><div class=\"fusion-image-element \" style=\"text-align:center;--awb-max-width:100px;--awb-caption-title-font-family:var(--h2_typography-font-family);--awb-caption-title-font-weight:var(--h2_typography-font-weight);--awb-caption-title-font-style:var(--h2_typography-font-style);--awb-caption-title-size:var(--h2_typography-font-size);--awb-caption-title-transform:var(--h2_typography-text-transform);--awb-caption-title-line-height:var(--h2_typography-line-height);--awb-caption-title-letter-spacing:var(--h2_typography-letter-spacing);\"><span class=\" fusion-imageframe imageframe-none imageframe-3 hover-type-none\"><img decoding=\"async\" width=\"225\" height=\"225\" title=\"raypath\" src=\"https:\/\/noclegioswiecim.eu\/wp-content\/uploads\/2025\/11\/raypath.png\" data-orig-src=\"https:\/\/noclegioswiecim.eu\/wp-content\/uploads\/2025\/11\/raypath.png\" alt class=\"lazyload img-responsive wp-image-9770\" srcset=\"data:image\/svg+xml,%3Csvg%20xmlns%3D%27http%3A%2F%2Fwww.w3.org%2F2000%2Fsvg%27%20width%3D%27225%27%20height%3D%27225%27%20viewBox%3D%270%200%20225%20225%27%3E%3Crect%20width%3D%27225%27%20height%3D%27225%27%20fill-opacity%3D%220%22%2F%3E%3C%2Fsvg%3E\" data-srcset=\"https:\/\/noclegioswiecim.eu\/wp-content\/uploads\/2025\/11\/raypath-200x200.png 200w, https:\/\/noclegioswiecim.eu\/wp-content\/uploads\/2025\/11\/raypath.png 225w\" data-sizes=\"auto\" data-orig-sizes=\"(max-width: 640px) 100vw, 225px\" \/><\/span><\/div><div class=\"fusion-text fusion-text-7\" style=\"--awb-content-alignment:center;\"><p>SAUBER OHNE CHEMIE \u2013 Die Apartments werden ohne den Einsatz von Chemikalien gereinigt, sondern mit Produkten von Raypath.<\/p>\n<\/div><\/div><\/div><\/div><\/div><div class=\"fusion-fullwidth fullwidth-box fusion-builder-row-3 fusion-flex-container has-pattern-background has-mask-background p-home s-beakfasts nonhundred-percent-fullwidth non-hundred-percent-height-scrolling\" style=\"--awb-border-radius-top-left:0px;--awb-border-radius-top-right:0px;--awb-border-radius-bottom-right:0px;--awb-border-radius-bottom-left:0px;--awb-flex-wrap:wrap;\" ><div class=\"fusion-builder-row fusion-row fusion-flex-align-items-flex-start fusion-flex-content-wrap\" style=\"max-width:1352px;margin-left: calc(-4% \/ 2 );margin-right: calc(-4% \/ 2 );\"><div class=\"fusion-layout-column fusion_builder_column fusion-builder-column-3 fusion_builder_column_1_1 1_1 fusion-flex-column c-smaller-text-block\" style=\"--awb-bg-size:cover;--awb-width-large:100%;--awb-margin-top-large:50px;--awb-spacing-right-large:1.92%;--awb-margin-bottom-large:50px;--awb-spacing-left-large:1.92%;--awb-width-medium:100%;--awb-order-medium:0;--awb-spacing-right-medium:1.92%;--awb-spacing-left-medium:1.92%;--awb-width-small:100%;--awb-order-small:0;--awb-spacing-right-small:1.92%;--awb-spacing-left-small:1.92%;\" data-motion-effects=\"[{&quot;type&quot;:&quot;&quot;,&quot;scroll_type&quot;:&quot;transition&quot;,&quot;scroll_direction&quot;:&quot;up&quot;,&quot;transition_speed&quot;:&quot;1&quot;,&quot;fade_type&quot;:&quot;in&quot;,&quot;scale_type&quot;:&quot;up&quot;,&quot;initial_scale&quot;:&quot;1&quot;,&quot;max_scale&quot;:&quot;1.5&quot;,&quot;min_scale&quot;:&quot;0.5&quot;,&quot;initial_rotate&quot;:&quot;0&quot;,&quot;end_rotate&quot;:&quot;30&quot;,&quot;initial_blur&quot;:&quot;0&quot;,&quot;end_blur&quot;:&quot;3&quot;,&quot;start_element&quot;:&quot;top&quot;,&quot;start_viewport&quot;:&quot;bottom&quot;,&quot;end_element&quot;:&quot;bottom&quot;,&quot;end_viewport&quot;:&quot;top&quot;,&quot;mouse_effect&quot;:&quot;track&quot;,&quot;mouse_effect_direction&quot;:&quot;opposite&quot;,&quot;mouse_effect_speed&quot;:&quot;2&quot;,&quot;infinite_animation&quot;:&quot;float&quot;,&quot;infinite_animation_speed&quot;:&quot;2&quot;}]\" data-scroll-devices=\"small-visibility,medium-visibility,large-visibility\"><div class=\"fusion-column-wrapper fusion-column-has-shadow fusion-flex-justify-content-flex-start fusion-content-layout-column\"><div class=\"fusion-title title fusion-title-1 fusion-sep-none fusion-title-center fusion-title-text fusion-title-size-three\" style=\"--awb-font-size:48px;\"><h3 class=\"fusion-title-heading title-heading-center fusion-responsive-typography-calculated\" style=\"margin:0;font-size:1em;--fontSize:48;line-height:1.2;\"><strong>Fr\u00fchst\u00fcck auf Anfrage<\/strong><\/h3><\/div><div class=\"fusion-text fusion-text-8\"><p style=\"text-align: center;\">Sehen Sie sich unser Fr\u00fchst\u00fccksangebot an<\/p>\n<\/div><div class=\"fusion-image-carousel fusion-image-carousel-auto fusion-image-carousel-1 fusion-no-small-visibility fusion-no-medium-visibility\" style=\"margin-left:80px;\"><div class=\"awb-carousel awb-swiper awb-swiper-carousel\" data-autoplay=\"no\" data-columns=\"4\" data-itemmargin=\"13\" data-itemwidth=\"180\" data-touchscroll=\"no\" data-imagesize=\"auto\" style=\"--awb-columns:4;\"><div class=\"swiper-wrapper awb-image-carousel-wrapper fusion-flex-align-items-center\"><div class=\"swiper-slide\"><div class=\"fusion-carousel-item-wrapper\"><div class=\"fusion-image-wrapper hover-type-none\"><img decoding=\"async\" width=\"529\" height=\"459\" src=\"https:\/\/noclegioswiecim.eu\/wp-content\/uploads\/2024\/06\/zestaw-1-no-bg.png\" class=\"attachment-full size-full lazyload\" alt=\"\" srcset=\"data:image\/svg+xml,%3Csvg%20xmlns%3D%27http%3A%2F%2Fwww.w3.org%2F2000%2Fsvg%27%20width%3D%27529%27%20height%3D%27459%27%20viewBox%3D%270%200%20529%20459%27%3E%3Crect%20width%3D%27529%27%20height%3D%27459%27%20fill-opacity%3D%220%22%2F%3E%3C%2Fsvg%3E\" data-orig-src=\"https:\/\/noclegioswiecim.eu\/wp-content\/uploads\/2024\/06\/zestaw-1-no-bg.png\" data-srcset=\"https:\/\/noclegioswiecim.eu\/wp-content\/uploads\/2024\/06\/zestaw-1-no-bg-200x174.png 200w, https:\/\/noclegioswiecim.eu\/wp-content\/uploads\/2024\/06\/zestaw-1-no-bg-400x347.png 400w, https:\/\/noclegioswiecim.eu\/wp-content\/uploads\/2024\/06\/zestaw-1-no-bg.png 529w\" data-sizes=\"auto\" \/><\/div><\/div><\/div><div class=\"swiper-slide\"><div class=\"fusion-carousel-item-wrapper\"><div class=\"fusion-image-wrapper hover-type-none\"><img decoding=\"async\" width=\"529\" height=\"459\" src=\"https:\/\/noclegioswiecim.eu\/wp-content\/uploads\/2024\/06\/zestaw-2-no-bg.png\" class=\"attachment-full size-full lazyload\" alt=\"\" srcset=\"data:image\/svg+xml,%3Csvg%20xmlns%3D%27http%3A%2F%2Fwww.w3.org%2F2000%2Fsvg%27%20width%3D%27529%27%20height%3D%27459%27%20viewBox%3D%270%200%20529%20459%27%3E%3Crect%20width%3D%27529%27%20height%3D%27459%27%20fill-opacity%3D%220%22%2F%3E%3C%2Fsvg%3E\" data-orig-src=\"https:\/\/noclegioswiecim.eu\/wp-content\/uploads\/2024\/06\/zestaw-2-no-bg.png\" data-srcset=\"https:\/\/noclegioswiecim.eu\/wp-content\/uploads\/2024\/06\/zestaw-2-no-bg-200x174.png 200w, https:\/\/noclegioswiecim.eu\/wp-content\/uploads\/2024\/06\/zestaw-2-no-bg-400x347.png 400w, https:\/\/noclegioswiecim.eu\/wp-content\/uploads\/2024\/06\/zestaw-2-no-bg.png 529w\" data-sizes=\"auto\" \/><\/div><\/div><\/div><div class=\"swiper-slide\"><div class=\"fusion-carousel-item-wrapper\"><div class=\"fusion-image-wrapper hover-type-none\"><img decoding=\"async\" width=\"529\" height=\"459\" src=\"https:\/\/noclegioswiecim.eu\/wp-content\/uploads\/2024\/06\/zestaw-3-no-bg.png\" class=\"attachment-full size-full lazyload\" alt=\"\" srcset=\"data:image\/svg+xml,%3Csvg%20xmlns%3D%27http%3A%2F%2Fwww.w3.org%2F2000%2Fsvg%27%20width%3D%27529%27%20height%3D%27459%27%20viewBox%3D%270%200%20529%20459%27%3E%3Crect%20width%3D%27529%27%20height%3D%27459%27%20fill-opacity%3D%220%22%2F%3E%3C%2Fsvg%3E\" data-orig-src=\"https:\/\/noclegioswiecim.eu\/wp-content\/uploads\/2024\/06\/zestaw-3-no-bg.png\" data-srcset=\"https:\/\/noclegioswiecim.eu\/wp-content\/uploads\/2024\/06\/zestaw-3-no-bg-200x174.png 200w, https:\/\/noclegioswiecim.eu\/wp-content\/uploads\/2024\/06\/zestaw-3-no-bg-400x347.png 400w, https:\/\/noclegioswiecim.eu\/wp-content\/uploads\/2024\/06\/zestaw-3-no-bg.png 529w\" data-sizes=\"auto\" \/><\/div><\/div><\/div><div class=\"swiper-slide\"><div class=\"fusion-carousel-item-wrapper\"><div class=\"fusion-image-wrapper hover-type-none\"><img decoding=\"async\" width=\"529\" height=\"459\" src=\"https:\/\/noclegioswiecim.eu\/wp-content\/uploads\/2024\/06\/zestaw-4-no-bg.png\" class=\"attachment-full size-full lazyload\" alt=\"\" srcset=\"data:image\/svg+xml,%3Csvg%20xmlns%3D%27http%3A%2F%2Fwww.w3.org%2F2000%2Fsvg%27%20width%3D%27529%27%20height%3D%27459%27%20viewBox%3D%270%200%20529%20459%27%3E%3Crect%20width%3D%27529%27%20height%3D%27459%27%20fill-opacity%3D%220%22%2F%3E%3C%2Fsvg%3E\" data-orig-src=\"https:\/\/noclegioswiecim.eu\/wp-content\/uploads\/2024\/06\/zestaw-4-no-bg.png\" data-srcset=\"https:\/\/noclegioswiecim.eu\/wp-content\/uploads\/2024\/06\/zestaw-4-no-bg-200x174.png 200w, https:\/\/noclegioswiecim.eu\/wp-content\/uploads\/2024\/06\/zestaw-4-no-bg-400x347.png 400w, https:\/\/noclegioswiecim.eu\/wp-content\/uploads\/2024\/06\/zestaw-4-no-bg.png 529w\" data-sizes=\"auto\" \/><\/div><\/div><\/div><\/div><\/div><\/div><div class=\"fusion-image-carousel fusion-image-carousel-auto fusion-image-carousel-2 fusion-no-large-visibility\"><div class=\"awb-carousel awb-swiper awb-swiper-carousel\" data-autoplay=\"no\" data-columns=\"4\" data-itemmargin=\"13\" data-itemwidth=\"180\" data-touchscroll=\"no\" data-imagesize=\"auto\" style=\"--awb-columns:4;\"><div class=\"swiper-wrapper awb-image-carousel-wrapper fusion-flex-align-items-center\"><div class=\"swiper-slide\"><div class=\"fusion-carousel-item-wrapper\"><div class=\"fusion-image-wrapper hover-type-none\"><img decoding=\"async\" width=\"529\" height=\"459\" src=\"https:\/\/noclegioswiecim.eu\/wp-content\/uploads\/2024\/06\/zestaw-1-no-bg.png\" class=\"attachment-full size-full lazyload\" alt=\"\" srcset=\"data:image\/svg+xml,%3Csvg%20xmlns%3D%27http%3A%2F%2Fwww.w3.org%2F2000%2Fsvg%27%20width%3D%27529%27%20height%3D%27459%27%20viewBox%3D%270%200%20529%20459%27%3E%3Crect%20width%3D%27529%27%20height%3D%27459%27%20fill-opacity%3D%220%22%2F%3E%3C%2Fsvg%3E\" data-orig-src=\"https:\/\/noclegioswiecim.eu\/wp-content\/uploads\/2024\/06\/zestaw-1-no-bg.png\" data-srcset=\"https:\/\/noclegioswiecim.eu\/wp-content\/uploads\/2024\/06\/zestaw-1-no-bg-200x174.png 200w, https:\/\/noclegioswiecim.eu\/wp-content\/uploads\/2024\/06\/zestaw-1-no-bg-400x347.png 400w, https:\/\/noclegioswiecim.eu\/wp-content\/uploads\/2024\/06\/zestaw-1-no-bg.png 529w\" data-sizes=\"auto\" \/><\/div><\/div><\/div><div class=\"swiper-slide\"><div class=\"fusion-carousel-item-wrapper\"><div class=\"fusion-image-wrapper hover-type-none\"><img decoding=\"async\" width=\"529\" height=\"459\" src=\"https:\/\/noclegioswiecim.eu\/wp-content\/uploads\/2024\/06\/zestaw-2-no-bg.png\" class=\"attachment-full size-full lazyload\" alt=\"\" srcset=\"data:image\/svg+xml,%3Csvg%20xmlns%3D%27http%3A%2F%2Fwww.w3.org%2F2000%2Fsvg%27%20width%3D%27529%27%20height%3D%27459%27%20viewBox%3D%270%200%20529%20459%27%3E%3Crect%20width%3D%27529%27%20height%3D%27459%27%20fill-opacity%3D%220%22%2F%3E%3C%2Fsvg%3E\" data-orig-src=\"https:\/\/noclegioswiecim.eu\/wp-content\/uploads\/2024\/06\/zestaw-2-no-bg.png\" data-srcset=\"https:\/\/noclegioswiecim.eu\/wp-content\/uploads\/2024\/06\/zestaw-2-no-bg-200x174.png 200w, https:\/\/noclegioswiecim.eu\/wp-content\/uploads\/2024\/06\/zestaw-2-no-bg-400x347.png 400w, https:\/\/noclegioswiecim.eu\/wp-content\/uploads\/2024\/06\/zestaw-2-no-bg.png 529w\" data-sizes=\"auto\" \/><\/div><\/div><\/div><div class=\"swiper-slide\"><div class=\"fusion-carousel-item-wrapper\"><div class=\"fusion-image-wrapper hover-type-none\"><img decoding=\"async\" width=\"529\" height=\"459\" src=\"https:\/\/noclegioswiecim.eu\/wp-content\/uploads\/2024\/06\/zestaw-3-no-bg.png\" class=\"attachment-full size-full lazyload\" alt=\"\" srcset=\"data:image\/svg+xml,%3Csvg%20xmlns%3D%27http%3A%2F%2Fwww.w3.org%2F2000%2Fsvg%27%20width%3D%27529%27%20height%3D%27459%27%20viewBox%3D%270%200%20529%20459%27%3E%3Crect%20width%3D%27529%27%20height%3D%27459%27%20fill-opacity%3D%220%22%2F%3E%3C%2Fsvg%3E\" data-orig-src=\"https:\/\/noclegioswiecim.eu\/wp-content\/uploads\/2024\/06\/zestaw-3-no-bg.png\" data-srcset=\"https:\/\/noclegioswiecim.eu\/wp-content\/uploads\/2024\/06\/zestaw-3-no-bg-200x174.png 200w, https:\/\/noclegioswiecim.eu\/wp-content\/uploads\/2024\/06\/zestaw-3-no-bg-400x347.png 400w, https:\/\/noclegioswiecim.eu\/wp-content\/uploads\/2024\/06\/zestaw-3-no-bg.png 529w\" data-sizes=\"auto\" \/><\/div><\/div><\/div><div class=\"swiper-slide\"><div class=\"fusion-carousel-item-wrapper\"><div class=\"fusion-image-wrapper hover-type-none\"><img decoding=\"async\" width=\"529\" height=\"459\" src=\"https:\/\/noclegioswiecim.eu\/wp-content\/uploads\/2024\/06\/zestaw-4-no-bg.png\" class=\"attachment-full size-full lazyload\" alt=\"\" srcset=\"data:image\/svg+xml,%3Csvg%20xmlns%3D%27http%3A%2F%2Fwww.w3.org%2F2000%2Fsvg%27%20width%3D%27529%27%20height%3D%27459%27%20viewBox%3D%270%200%20529%20459%27%3E%3Crect%20width%3D%27529%27%20height%3D%27459%27%20fill-opacity%3D%220%22%2F%3E%3C%2Fsvg%3E\" data-orig-src=\"https:\/\/noclegioswiecim.eu\/wp-content\/uploads\/2024\/06\/zestaw-4-no-bg.png\" data-srcset=\"https:\/\/noclegioswiecim.eu\/wp-content\/uploads\/2024\/06\/zestaw-4-no-bg-200x174.png 200w, https:\/\/noclegioswiecim.eu\/wp-content\/uploads\/2024\/06\/zestaw-4-no-bg-400x347.png 400w, https:\/\/noclegioswiecim.eu\/wp-content\/uploads\/2024\/06\/zestaw-4-no-bg.png 529w\" data-sizes=\"auto\" \/><\/div><\/div><\/div><\/div><\/div><\/div><div class=\"fusion-text fusion-text-9\"><p style=\"font-size: 18px; text-align: center;\">Wir laden Sie ein, unser Fr\u00fchst\u00fccksangebot zu nutzen, das f\u00fcr einen komfortablen und schmackhaften Start in den Tag vorbereitet ist. In den <strong>Comfort Apartments in O\u015bwi\u0119cim<\/strong> sorgen wir daf\u00fcr, dass jeder unserer G\u00e4ste ein leckeres Fr\u00fchst\u00fcck genie\u00dfen kann, das ihm Energie f\u00fcr einen ganzen Tag voller Abenteuer und Besichtigungen gibt!<\/p>\n<\/div><div style=\"text-align:center;\"><a class=\"fusion-button button-flat button-small button-custom fusion-button-default button-3 fusion-button-default-span fusion-button-default-type c-button\" style=\"--button_accent_color:var(--awb-color8);--button_border_color:rgba(255,255,255,0);--button_accent_hover_color:var(--awb-color8);--button_border_hover_color:var(--awb-color8);--button_border_width-top:1px;--button_border_width-right:1px;--button_border_width-bottom:1px;--button_border_width-left:1px;--button_gradient_top_color:rgba(255,255,255,0);--button_gradient_bottom_color:rgba(255,255,255,0);--button_gradient_top_color_hover:rgba(255,255,255,0);--button_gradient_bottom_color_hover:rgba(255,255,255,0);--button_text_transform:uppercase;\" target=\"_self\" data-hover=\"icon_rotate\" title=\"Angebot ansehen\" aria-label=\"Angebot ansehen\" href=\"https:\/\/noclegioswiecim.eu\/de\/fruhstucke\/\"><span class=\"fusion-button-text\">Angebot ansehen<\/span><i class=\"fa-plus fas button-icon-right\" aria-hidden=\"true\"><\/i><\/a><\/div><\/div><\/div><\/div><\/div>\n<div class=\"fusion-fullwidth fullwidth-box fusion-builder-row-4 fusion-flex-container has-pattern-background has-mask-background r-benef p-benef nonhundred-percent-fullwidth non-hundred-percent-height-scrolling\" style=\"--awb-border-radius-top-left:0px;--awb-border-radius-top-right:0px;--awb-border-radius-bottom-right:0px;--awb-border-radius-bottom-left:0px;--awb-flex-wrap:wrap;\" ><div class=\"fusion-builder-row fusion-row fusion-flex-align-items-flex-start fusion-flex-content-wrap\" style=\"max-width:1352px;margin-left: calc(-4% \/ 2 );margin-right: calc(-4% \/ 2 );\"><div class=\"fusion-layout-column fusion_builder_column fusion-builder-column-4 fusion_builder_column_1_1 1_1 fusion-flex-column\" style=\"--awb-bg-size:cover;--awb-width-large:100%;--awb-margin-top-large:0px;--awb-spacing-right-large:1.92%;--awb-margin-bottom-large:20px;--awb-spacing-left-large:1.92%;--awb-width-medium:100%;--awb-order-medium:0;--awb-spacing-right-medium:1.92%;--awb-spacing-left-medium:1.92%;--awb-width-small:100%;--awb-order-small:0;--awb-spacing-right-small:1.92%;--awb-spacing-left-small:1.92%;\"><div class=\"fusion-column-wrapper fusion-column-has-shadow fusion-flex-justify-content-flex-start fusion-content-layout-column\"><div class=\"fusion-text fusion-text-10 c-text\"><h3>Du wirst dich hier wie zu Hause f\u00fchlen<\/h3>\n<p>Die komfortablen Apartments in O\u015bwi\u0119cim sind stilvolle R\u00e4ume mit modernster Ausstattung, die dir alles bieten, was du brauchst. Dein Aufenthalt wird sorglos und voller positiver Emotionen sein.<\/p>\n<\/div><div class=\"fusion-content-boxes content-boxes columns row fusion-columns-6 fusion-columns-total-5 fusion-content-boxes-1 content-boxes-icon-on-top content-left c-box\" style=\"--awb-hover-accent-color:var(--awb-color4);--awb-circle-hover-accent-color:var(--awb-color4);\" data-animationOffset=\"top-into-view\"><div style=\"--awb-backgroundcolor:rgba(255,255,255,0);\" class=\"fusion-column content-box-column content-box-column content-box-column-1 col-lg-2 col-md-2 col-sm-2 fusion-content-box-hover content-box-column-first-in-row\"><div class=\"col content-box-wrapper content-wrapper link-area-box content-icon-wrapper-yes icon-hover-animation-fade\" data-animationOffset=\"top-into-view\"><div class=\"heading heading-with-icon icon-left\"><div aria-hidden=\"true\" class=\"image\"><img decoding=\"async\" class=\"lazyload\" src=\"data:image\/svg+xml,%3Csvg%20xmlns%3D%27http%3A%2F%2Fwww.w3.org%2F2000%2Fsvg%27%20width%3D%2777%27%20height%3D%2747%27%20viewBox%3D%270%200%2077%2047%27%3E%3Crect%20width%3D%2777%27%20height%3D%2747%27%20fill-opacity%3D%220%22%2F%3E%3C%2Fsvg%3E\" data-orig-src=\"https:\/\/noclegioswiecim.eu\/wp-content\/uploads\/2023\/02\/klimatyzacja.png\" width=\"77\" height=\"47\" alt=\"\" \/><\/div><h4 class=\"content-box-heading fusion-responsive-typography-calculated\" style=\"--h4_typography-font-size:24px;--fontSize:24;line-height:var(--awb-typography1-line-height);\">Klimatisierung<\/h4><\/div><\/div><\/div><div style=\"--awb-backgroundcolor:rgba(255,255,255,0);\" class=\"fusion-column content-box-column content-box-column content-box-column-2 col-lg-2 col-md-2 col-sm-2 fusion-content-box-hover \"><div class=\"col content-box-wrapper content-wrapper link-area-box content-icon-wrapper-yes icon-hover-animation-fade\" data-animationOffset=\"top-into-view\"><div class=\"heading heading-with-icon icon-left\"><div aria-hidden=\"true\" class=\"image\"><img decoding=\"async\" class=\"lazyload\" src=\"data:image\/svg+xml,%3Csvg%20xmlns%3D%27http%3A%2F%2Fwww.w3.org%2F2000%2Fsvg%27%20width%3D%2768%27%20height%3D%2768%27%20viewBox%3D%270%200%2068%2068%27%3E%3Crect%20width%3D%2768%27%20height%3D%2768%27%20fill-opacity%3D%220%22%2F%3E%3C%2Fsvg%3E\" data-orig-src=\"https:\/\/noclegioswiecim.eu\/wp-content\/uploads\/2023\/02\/szybkie-wifi.png\" width=\"68\" height=\"68\" alt=\"\" \/><\/div><h4 class=\"content-box-heading fusion-responsive-typography-calculated\" style=\"--h4_typography-font-size:24px;--fontSize:24;line-height:var(--awb-typography1-line-height);\">Hochgeschwindigkeits Wi-Fi<\/h4><\/div><\/div><\/div><div style=\"--awb-backgroundcolor:rgba(255,255,255,0);\" class=\"fusion-column content-box-column content-box-column content-box-column-3 col-lg-2 col-md-2 col-sm-2 fusion-content-box-hover \"><div class=\"col content-box-wrapper content-wrapper link-area-box content-icon-wrapper-yes icon-hover-animation-fade\" data-animationOffset=\"top-into-view\"><div class=\"heading heading-with-icon icon-left\"><div aria-hidden=\"true\" class=\"image\"><img decoding=\"async\" class=\"lazyload\" src=\"data:image\/svg+xml,%3Csvg%20xmlns%3D%27http%3A%2F%2Fwww.w3.org%2F2000%2Fsvg%27%20width%3D%2768%27%20height%3D%2768%27%20viewBox%3D%270%200%2068%2068%27%3E%3Crect%20width%3D%2768%27%20height%3D%2768%27%20fill-opacity%3D%220%22%2F%3E%3C%2Fsvg%3E\" data-orig-src=\"https:\/\/noclegioswiecim.eu\/wp-content\/uploads\/2023\/02\/ekspres-do-kawy.png\" width=\"68\" height=\"68\" alt=\"\" \/><\/div><h4 class=\"content-box-heading fusion-responsive-typography-calculated\" style=\"--h4_typography-font-size:24px;--fontSize:24;line-height:var(--awb-typography1-line-height);\">Kaffeemaschine<\/h4><\/div><\/div><\/div><div style=\"--awb-backgroundcolor:rgba(255,255,255,0);\" class=\"fusion-column content-box-column content-box-column content-box-column-4 col-lg-2 col-md-2 col-sm-2 fusion-content-box-hover \"><div class=\"col content-box-wrapper content-wrapper link-area-box content-icon-wrapper-yes icon-hover-animation-fade\" data-animationOffset=\"top-into-view\"><div class=\"heading heading-with-icon icon-left\"><div aria-hidden=\"true\" class=\"image\"><img decoding=\"async\" class=\"lazyload\" src=\"data:image\/svg+xml,%3Csvg%20xmlns%3D%27http%3A%2F%2Fwww.w3.org%2F2000%2Fsvg%27%20width%3D%2772%27%20height%3D%2772%27%20viewBox%3D%270%200%2072%2072%27%3E%3Crect%20width%3D%2772%27%20height%3D%2772%27%20fill-opacity%3D%220%22%2F%3E%3C%2Fsvg%3E\" data-orig-src=\"https:\/\/noclegioswiecim.eu\/wp-content\/uploads\/2023\/02\/ogrod-z-atrakcjami-dla-dzieci.png\" width=\"72\" height=\"72\" alt=\"\" \/><\/div><h4 class=\"content-box-heading fusion-responsive-typography-calculated\" style=\"--h4_typography-font-size:24px;--fontSize:24;line-height:var(--awb-typography1-line-height);\">Garten mit Attraktionen f\u00fcr Kinder<\/h4><\/div><\/div><\/div><div style=\"--awb-backgroundcolor:rgba(255,255,255,0);\" class=\"fusion-column content-box-column content-box-column content-box-column-5 col-lg-2 col-md-2 col-sm-2 fusion-content-box-hover content-box-column-last\"><div class=\"col content-box-wrapper content-wrapper link-area-box content-icon-wrapper-yes icon-hover-animation-fade\" data-animationOffset=\"top-into-view\"><div class=\"heading heading-with-icon icon-left\"><div aria-hidden=\"true\" class=\"image\"><img decoding=\"async\" class=\"lazyload\" src=\"data:image\/svg+xml,%3Csvg%20xmlns%3D%27http%3A%2F%2Fwww.w3.org%2F2000%2Fsvg%27%20width%3D%2780%27%20height%3D%2751%27%20viewBox%3D%270%200%2080%2051%27%3E%3Crect%20width%3D%2780%27%20height%3D%2751%27%20fill-opacity%3D%220%22%2F%3E%3C%2Fsvg%3E\" data-orig-src=\"https:\/\/noclegioswiecim.eu\/wp-content\/uploads\/2023\/02\/stacja-ladowania-samochodow-elektrycznych.png\" width=\"80\" height=\"51\" alt=\"\" \/><\/div><h4 class=\"content-box-heading fusion-responsive-typography-calculated\" style=\"--h4_typography-font-size:24px;--fontSize:24;line-height:var(--awb-typography1-line-height);\">Ladestation f\u00fcr Elektroautos<\/h4><\/div><\/div><\/div><div class=\"fusion-clearfix\"><\/div><\/div><div class=\"fusion-post-slider fusion-flexslider fusion-flexslider-loading flexslider-posts-with-excerpt c-post\"><ul class=\"slides\"><li><a href=\"https:\/\/noclegioswiecim.eu\/de\/atuty-de\/unterhaltung-55-zoll-tv-mit-netflix-und-youtube\/\" aria-label=\"Unterhaltung &#8211; 55-Zoll-TV mit Netflix und YouTube\"><img decoding=\"async\" width=\"2560\" height=\"1707\" class=\"lazyload wp-image-7169\" src=\"https:\/\/noclegioswiecim.eu\/wp-content\/uploads\/2023\/04\/CA-2-21-scaled.jpg\" data-orig-src=\"https:\/\/noclegioswiecim.eu\/wp-content\/uploads\/2023\/04\/CA-2-21-scaled.jpg\" alt=\"\" srcset=\"data:image\/svg+xml,%3Csvg%20xmlns%3D%27http%3A%2F%2Fwww.w3.org%2F2000%2Fsvg%27%20width%3D%272560%27%20height%3D%271707%27%20viewBox%3D%270%200%202560%201707%27%3E%3Crect%20width%3D%272560%27%20height%3D%271707%27%20fill-opacity%3D%220%22%2F%3E%3C%2Fsvg%3E\" data-srcset=\"https:\/\/noclegioswiecim.eu\/wp-content\/uploads\/2023\/04\/CA-2-21-200x133.jpg 200w, https:\/\/noclegioswiecim.eu\/wp-content\/uploads\/2023\/04\/CA-2-21-400x267.jpg 400w, https:\/\/noclegioswiecim.eu\/wp-content\/uploads\/2023\/04\/CA-2-21-600x400.jpg 600w, https:\/\/noclegioswiecim.eu\/wp-content\/uploads\/2023\/04\/CA-2-21-800x533.jpg 800w, https:\/\/noclegioswiecim.eu\/wp-content\/uploads\/2023\/04\/CA-2-21-1200x800.jpg 1200w, https:\/\/noclegioswiecim.eu\/wp-content\/uploads\/2023\/04\/CA-2-21-scaled.jpg 2560w\" data-sizes=\"auto\" data-orig-sizes=\"(max-width: 640px) 100vw, 2560px\" \/><\/a><div class=\"slide-excerpt\"><div class=\"excerpt-container\"><h2><a href=\"https:\/\/noclegioswiecim.eu\/de\/atuty-de\/unterhaltung-55-zoll-tv-mit-netflix-und-youtube\/\">Unterhaltung &#8211; 55-Zoll-TV mit Netflix und YouTube<\/a><\/h2><p>Sie wollen keine Folge Ihrer Lieblingsserie verpassen? Oder tr\u00e4umen Sie von einem abendlichen Kinovergn\u00fcgen? Nichts verloren. Ein gro\u00dfer Fernseher mit Zugang zu g\u00e4ngigen Streaming-Plattformen und Videodiensten erwartet Sie in den Apartments O\u015bwi\u0119cim.<\/p><\/div><\/div><\/li><li><a href=\"https:\/\/noclegioswiecim.eu\/de\/atuty-de\/terrasse-mit-kaffee-am-morgen\/\" aria-label=\"Terrasse &#8211; mit Kaffee am Morgen\"><img decoding=\"async\" width=\"1500\" height=\"1000\" class=\"lazyload wp-image-9408\" src=\"https:\/\/noclegioswiecim.eu\/wp-content\/uploads\/2023\/04\/RH6_3416.jpg\" data-orig-src=\"https:\/\/noclegioswiecim.eu\/wp-content\/uploads\/2023\/04\/RH6_3416.jpg\" alt=\"\" srcset=\"data:image\/svg+xml,%3Csvg%20xmlns%3D%27http%3A%2F%2Fwww.w3.org%2F2000%2Fsvg%27%20width%3D%271500%27%20height%3D%271000%27%20viewBox%3D%270%200%201500%201000%27%3E%3Crect%20width%3D%271500%27%20height%3D%271000%27%20fill-opacity%3D%220%22%2F%3E%3C%2Fsvg%3E\" data-srcset=\"https:\/\/noclegioswiecim.eu\/wp-content\/uploads\/2023\/04\/RH6_3416-200x133.jpg 200w, https:\/\/noclegioswiecim.eu\/wp-content\/uploads\/2023\/04\/RH6_3416-400x267.jpg 400w, https:\/\/noclegioswiecim.eu\/wp-content\/uploads\/2023\/04\/RH6_3416-600x400.jpg 600w, https:\/\/noclegioswiecim.eu\/wp-content\/uploads\/2023\/04\/RH6_3416-800x533.jpg 800w, https:\/\/noclegioswiecim.eu\/wp-content\/uploads\/2023\/04\/RH6_3416-1200x800.jpg 1200w, https:\/\/noclegioswiecim.eu\/wp-content\/uploads\/2023\/04\/RH6_3416.jpg 1500w\" data-sizes=\"auto\" data-orig-sizes=\"(max-width: 640px) 100vw, 1500px\" \/><\/a><div class=\"slide-excerpt\"><div class=\"excerpt-container\"><h2><a href=\"https:\/\/noclegioswiecim.eu\/de\/atuty-de\/terrasse-mit-kaffee-am-morgen\/\">Terrasse &#8211; mit Kaffee am Morgen<\/a><\/h2><p>Wohnungen O\u015bwi\u0119cim mit Terrasse ist ein Asyl und ein einzigartiger Raum, wo Sie unvergessliche Momente erleben k\u00f6nnen. Ein Morgenkaffee oder eine Mahlzeit an der frischen Luft, umgeben von der Natur, ist ein Traum, den Sie sich bei uns erf\u00fcllen k\u00f6nnen. Weit weg von der Hektik der Stadt.<\/p><\/div><\/div><\/li><li><a href=\"https:\/\/noclegioswiecim.eu\/de\/atuty-de\/lage-2-km-von-auschwitz-entfernt\/\" aria-label=\"Lage &#8211; 2 km von Auschwitz entfernt\"><img decoding=\"async\" width=\"800\" height=\"468\" class=\"lazyload wp-image-7171\" src=\"https:\/\/noclegioswiecim.eu\/wp-content\/uploads\/2023\/04\/Miejsce-Pamieci-i-Muzeum-Auschwitz-Birkenau-rampa-glowna-i-Brama-Smierci-Oswiecim.jpg\" data-orig-src=\"https:\/\/noclegioswiecim.eu\/wp-content\/uploads\/2023\/04\/Miejsce-Pamieci-i-Muzeum-Auschwitz-Birkenau-rampa-glowna-i-Brama-Smierci-Oswiecim.jpg\" alt=\"\" srcset=\"data:image\/svg+xml,%3Csvg%20xmlns%3D%27http%3A%2F%2Fwww.w3.org%2F2000%2Fsvg%27%20width%3D%27800%27%20height%3D%27468%27%20viewBox%3D%270%200%20800%20468%27%3E%3Crect%20width%3D%27800%27%20height%3D%27468%27%20fill-opacity%3D%220%22%2F%3E%3C%2Fsvg%3E\" data-srcset=\"https:\/\/noclegioswiecim.eu\/wp-content\/uploads\/2023\/04\/Miejsce-Pamieci-i-Muzeum-Auschwitz-Birkenau-rampa-glowna-i-Brama-Smierci-Oswiecim-200x117.jpg 200w, https:\/\/noclegioswiecim.eu\/wp-content\/uploads\/2023\/04\/Miejsce-Pamieci-i-Muzeum-Auschwitz-Birkenau-rampa-glowna-i-Brama-Smierci-Oswiecim-400x234.jpg 400w, https:\/\/noclegioswiecim.eu\/wp-content\/uploads\/2023\/04\/Miejsce-Pamieci-i-Muzeum-Auschwitz-Birkenau-rampa-glowna-i-Brama-Smierci-Oswiecim-600x351.jpg 600w, https:\/\/noclegioswiecim.eu\/wp-content\/uploads\/2023\/04\/Miejsce-Pamieci-i-Muzeum-Auschwitz-Birkenau-rampa-glowna-i-Brama-Smierci-Oswiecim.jpg 800w\" data-sizes=\"auto\" data-orig-sizes=\"(max-width: 640px) 100vw, 800px\" \/><\/a><div class=\"slide-excerpt\"><div class=\"excerpt-container\"><h2><a href=\"https:\/\/noclegioswiecim.eu\/de\/atuty-de\/lage-2-km-von-auschwitz-entfernt\/\">Lage &#8211; 2 km von Auschwitz entfernt<\/a><\/h2><p>Die g\u00fcnstige Lage der Wohnungen bietet die M\u00f6glichkeit, die historischen St\u00e4tten des Zweiten Weltkriegs und dar\u00fcber hinaus in Ihrem eigenen Tempo zu erkunden. Die N\u00e4he des ehemaligen Lagerkomplexes Auschwitz-Birkenau bedeutet auch, dass Sie die wichtigsten Gedenkst\u00e4tten an einem Tag besuchen k\u00f6nnen.<\/p><\/div><\/div><\/li><li><a href=\"https:\/\/noclegioswiecim.eu\/de\/atuty-de\/betten-mit-bequemen-matratzen\/\" aria-label=\"Betten &#8211; mit bequemen Matratzen\"><img decoding=\"async\" width=\"2560\" height=\"1707\" class=\"lazyload wp-image-7178\" src=\"https:\/\/noclegioswiecim.eu\/wp-content\/uploads\/2023\/02\/CA-2-5-scaled.jpg\" data-orig-src=\"https:\/\/noclegioswiecim.eu\/wp-content\/uploads\/2023\/02\/CA-2-5-scaled.jpg\" alt=\"\" srcset=\"data:image\/svg+xml,%3Csvg%20xmlns%3D%27http%3A%2F%2Fwww.w3.org%2F2000%2Fsvg%27%20width%3D%272560%27%20height%3D%271707%27%20viewBox%3D%270%200%202560%201707%27%3E%3Crect%20width%3D%272560%27%20height%3D%271707%27%20fill-opacity%3D%220%22%2F%3E%3C%2Fsvg%3E\" data-srcset=\"https:\/\/noclegioswiecim.eu\/wp-content\/uploads\/2023\/02\/CA-2-5-200x133.jpg 200w, https:\/\/noclegioswiecim.eu\/wp-content\/uploads\/2023\/02\/CA-2-5-400x267.jpg 400w, https:\/\/noclegioswiecim.eu\/wp-content\/uploads\/2023\/02\/CA-2-5-600x400.jpg 600w, https:\/\/noclegioswiecim.eu\/wp-content\/uploads\/2023\/02\/CA-2-5-800x533.jpg 800w, https:\/\/noclegioswiecim.eu\/wp-content\/uploads\/2023\/02\/CA-2-5-1200x800.jpg 1200w, https:\/\/noclegioswiecim.eu\/wp-content\/uploads\/2023\/02\/CA-2-5-scaled.jpg 2560w\" data-sizes=\"auto\" data-orig-sizes=\"(max-width: 640px) 100vw, 2560px\" \/><\/a><div class=\"slide-excerpt\"><div class=\"excerpt-container\"><h2><a href=\"https:\/\/noclegioswiecim.eu\/de\/atuty-de\/betten-mit-bequemen-matratzen\/\">Betten &#8211; mit bequemen Matratzen<\/a><\/h2><p>Ein erholsamer Schlaf ist nicht nur ein Privileg des Hauses. Der Schlafbereich in den Wohnungen O\u015bwi\u0119cim verf\u00fcgt \u00fcber stilvolle Betten mit hochwertigen Matratzen, die Ihnen einen au\u00dfergew\u00f6hnlichen Schlafkomfort bieten. Der Morgen wiederum wird voller positiver Energie sein.<\/p><\/div><\/div><\/li><li><a href=\"https:\/\/noclegioswiecim.eu\/de\/atuty-de\/anlage-eingezaeunt\/\" aria-label=\"Anlage eingez\u00e4unt\"><img decoding=\"async\" width=\"1500\" height=\"1000\" class=\"lazyload wp-image-9421\" src=\"https:\/\/noclegioswiecim.eu\/wp-content\/uploads\/2023\/04\/RH6_3403.jpg\" data-orig-src=\"https:\/\/noclegioswiecim.eu\/wp-content\/uploads\/2023\/04\/RH6_3403.jpg\" alt=\"\" srcset=\"data:image\/svg+xml,%3Csvg%20xmlns%3D%27http%3A%2F%2Fwww.w3.org%2F2000%2Fsvg%27%20width%3D%271500%27%20height%3D%271000%27%20viewBox%3D%270%200%201500%201000%27%3E%3Crect%20width%3D%271500%27%20height%3D%271000%27%20fill-opacity%3D%220%22%2F%3E%3C%2Fsvg%3E\" data-srcset=\"https:\/\/noclegioswiecim.eu\/wp-content\/uploads\/2023\/04\/RH6_3403-200x133.jpg 200w, https:\/\/noclegioswiecim.eu\/wp-content\/uploads\/2023\/04\/RH6_3403-400x267.jpg 400w, https:\/\/noclegioswiecim.eu\/wp-content\/uploads\/2023\/04\/RH6_3403-600x400.jpg 600w, https:\/\/noclegioswiecim.eu\/wp-content\/uploads\/2023\/04\/RH6_3403-800x533.jpg 800w, https:\/\/noclegioswiecim.eu\/wp-content\/uploads\/2023\/04\/RH6_3403-1200x800.jpg 1200w, https:\/\/noclegioswiecim.eu\/wp-content\/uploads\/2023\/04\/RH6_3403.jpg 1500w\" data-sizes=\"auto\" data-orig-sizes=\"(max-width: 640px) 100vw, 1500px\" \/><\/a><div class=\"slide-excerpt\"><div class=\"excerpt-container\"><h2><a href=\"https:\/\/noclegioswiecim.eu\/de\/atuty-de\/anlage-eingezaeunt\/\">Anlage eingez\u00e4unt<\/a><\/h2><p>Auf diese Weise k\u00f6nnen wir Ihnen ein H\u00f6chstma\u00df an Sicherheit und Privatsph\u00e4re bieten. Niemand und nichts wird Ihre Ruhe st\u00f6ren, und jeder Moment in den Apartments Auschwitz wird eine Chance sein, Frieden zu erleben. Ohne neugierige Blicke oder ungebetene G\u00e4ste.<\/p><\/div><\/div><\/li><li><a href=\"https:\/\/noclegioswiecim.eu\/de\/atuty-de\/zugaenglich-fuer-behinderte-menschen\/\" aria-label=\"Zug\u00e4nglich f\u00fcr behinderte Menschen\"><img decoding=\"async\" width=\"2560\" height=\"1707\" class=\"lazyload wp-image-7182\" src=\"https:\/\/noclegioswiecim.eu\/wp-content\/uploads\/2023\/01\/CA-2-37-scaled.jpg\" data-orig-src=\"https:\/\/noclegioswiecim.eu\/wp-content\/uploads\/2023\/01\/CA-2-37-scaled.jpg\" alt=\"\" srcset=\"data:image\/svg+xml,%3Csvg%20xmlns%3D%27http%3A%2F%2Fwww.w3.org%2F2000%2Fsvg%27%20width%3D%272560%27%20height%3D%271707%27%20viewBox%3D%270%200%202560%201707%27%3E%3Crect%20width%3D%272560%27%20height%3D%271707%27%20fill-opacity%3D%220%22%2F%3E%3C%2Fsvg%3E\" data-srcset=\"https:\/\/noclegioswiecim.eu\/wp-content\/uploads\/2023\/01\/CA-2-37-200x133.jpg 200w, https:\/\/noclegioswiecim.eu\/wp-content\/uploads\/2023\/01\/CA-2-37-400x267.jpg 400w, https:\/\/noclegioswiecim.eu\/wp-content\/uploads\/2023\/01\/CA-2-37-600x400.jpg 600w, https:\/\/noclegioswiecim.eu\/wp-content\/uploads\/2023\/01\/CA-2-37-800x533.jpg 800w, https:\/\/noclegioswiecim.eu\/wp-content\/uploads\/2023\/01\/CA-2-37-1200x800.jpg 1200w, https:\/\/noclegioswiecim.eu\/wp-content\/uploads\/2023\/01\/CA-2-37-scaled.jpg 2560w\" data-sizes=\"auto\" data-orig-sizes=\"(max-width: 640px) 100vw, 2560px\" \/><\/a><div class=\"slide-excerpt\"><div class=\"excerpt-container\"><h2><a href=\"https:\/\/noclegioswiecim.eu\/de\/atuty-de\/zugaenglich-fuer-behinderte-menschen\/\">Zug\u00e4nglich f\u00fcr behinderte Menschen<\/a><\/h2><p>\r Die Wohnungen in O\u015bwi\u0119cim sind bequeme R\u00e4ume f\u00fcr alle, ob sie mit einer Behinderung zu k\u00e4mpfen haben oder nicht. Die Ausstattung der Wohnungen ist behindertengerecht und erm\u00f6glicht es Ihnen, sich trotz Ihrer Einschr\u00e4nkungen in W\u00fcrde zu erholen. \r<\/p><\/div><\/div><\/li><li><a href=\"https:\/\/noclegioswiecim.eu\/de\/atuty-de\/fruehstueck-nach-wunsch\/\" aria-label=\"Fr\u00fchst\u00fcck nach Wunsch\"><img decoding=\"async\" width=\"770\" height=\"400\" class=\"lazyload wp-image-6435\" src=\"https:\/\/noclegioswiecim.eu\/wp-content\/uploads\/2024\/07\/sniadania-2.png\" data-orig-src=\"https:\/\/noclegioswiecim.eu\/wp-content\/uploads\/2024\/07\/sniadania-2.png\" alt=\"\" srcset=\"data:image\/svg+xml,%3Csvg%20xmlns%3D%27http%3A%2F%2Fwww.w3.org%2F2000%2Fsvg%27%20width%3D%27770%27%20height%3D%27400%27%20viewBox%3D%270%200%20770%20400%27%3E%3Crect%20width%3D%27770%27%20height%3D%27400%27%20fill-opacity%3D%220%22%2F%3E%3C%2Fsvg%3E\" data-srcset=\"https:\/\/noclegioswiecim.eu\/wp-content\/uploads\/2024\/07\/sniadania-2-200x104.png 200w, https:\/\/noclegioswiecim.eu\/wp-content\/uploads\/2024\/07\/sniadania-2-400x208.png 400w, https:\/\/noclegioswiecim.eu\/wp-content\/uploads\/2024\/07\/sniadania-2-600x312.png 600w, https:\/\/noclegioswiecim.eu\/wp-content\/uploads\/2024\/07\/sniadania-2.png 770w\" data-sizes=\"auto\" data-orig-sizes=\"(max-width: 640px) 100vw, 770px\" \/><\/a><div class=\"slide-excerpt\"><div class=\"excerpt-container\"><h2><a href=\"https:\/\/noclegioswiecim.eu\/de\/atuty-de\/fruehstueck-nach-wunsch\/\">Fr\u00fchst\u00fcck nach Wunsch<\/a><\/h2><p>Wir laden Sie ein, unser Fr\u00fchst\u00fccksangebot zu nutzen, das f\u00fcr einen komfortablen und k\u00f6stlichen Start in den Tag zusammengestellt wurde. In den Comfort Apartments in O\u015bwi\u0119cim sorgen wir daf\u00fcr, dass jeder Gast ein leckeres Fr\u00fchst\u00fcck genie\u00dfen kann, das Energie f\u00fcr einen ganzen Tag voller Abenteuer und Besichtigungen liefert!<\/p><\/div><\/div><\/li><\/ul><\/div><\/div><\/div><\/div><\/div>\n<\/p>\n","protected":false},"excerpt":{"rendered":"","protected":false},"author":1,"featured_media":0,"parent":0,"menu_order":0,"comment_status":"closed","ping_status":"closed","template":"100-width.php","meta":{"footnotes":""},"class_list":["post-1865","page","type-page","status-publish","hentry"],"yoast_head":"<!-- This site is optimized with the Yoast SEO plugin v27.5 - https:\/\/yoast.com\/product\/yoast-seo-wordpress\/ -->\n<title>Wohnungen - Comfort Apartments<\/title>\n<meta name=\"robots\" content=\"index, follow, max-snippet:-1, max-image-preview:large, max-video-preview:-1\" \/>\n<link rel=\"canonical\" href=\"https:\/\/noclegioswiecim.eu\/de\/wohnungen\/\" \/>\n<meta property=\"og:locale\" content=\"de_DE\" \/>\n<meta property=\"og:type\" content=\"article\" \/>\n<meta property=\"og:title\" content=\"Wohnungen - Comfort Apartments\" \/>\n<meta property=\"og:url\" content=\"https:\/\/noclegioswiecim.eu\/de\/wohnungen\/\" \/>\n<meta property=\"og:site_name\" content=\"Comfort Apartments\" \/>\n<meta property=\"article:publisher\" content=\"https:\/\/www.facebook.com\/oswiecimapartments\/\" \/>\n<meta property=\"article:modified_time\" content=\"2025-12-10T07:58:47+00:00\" \/>\n<meta name=\"twitter:card\" content=\"summary_large_image\" \/>\n<meta name=\"twitter:label1\" content=\"Gesch\u00e4tzte Lesezeit\" \/>\n\t<meta name=\"twitter:data1\" content=\"8\u00a0Minuten\" \/>\n<script type=\"application\/ld+json\" class=\"yoast-schema-graph\">{\"@context\":\"https:\\\/\\\/schema.org\",\"@graph\":[{\"@type\":\"WebPage\",\"@id\":\"https:\\\/\\\/noclegioswiecim.eu\\\/de\\\/wohnungen\\\/\",\"url\":\"https:\\\/\\\/noclegioswiecim.eu\\\/de\\\/wohnungen\\\/\",\"name\":\"Wohnungen - Comfort Apartments\",\"isPartOf\":{\"@id\":\"https:\\\/\\\/noclegioswiecim.eu\\\/#website\"},\"datePublished\":\"2023-01-23T23:12:54+00:00\",\"dateModified\":\"2025-12-10T07:58:47+00:00\",\"breadcrumb\":{\"@id\":\"https:\\\/\\\/noclegioswiecim.eu\\\/de\\\/wohnungen\\\/#breadcrumb\"},\"inLanguage\":\"de\",\"potentialAction\":[{\"@type\":\"ReadAction\",\"target\":[\"https:\\\/\\\/noclegioswiecim.eu\\\/de\\\/wohnungen\\\/\"]}]},{\"@type\":\"BreadcrumbList\",\"@id\":\"https:\\\/\\\/noclegioswiecim.eu\\\/de\\\/wohnungen\\\/#breadcrumb\",\"itemListElement\":[{\"@type\":\"ListItem\",\"position\":1,\"name\":\"Strona g\u0142\u00f3wna\",\"item\":\"https:\\\/\\\/noclegioswiecim.eu\\\/de\\\/\"},{\"@type\":\"ListItem\",\"position\":2,\"name\":\"Wohnungen\"}]},{\"@type\":\"WebSite\",\"@id\":\"https:\\\/\\\/noclegioswiecim.eu\\\/#website\",\"url\":\"https:\\\/\\\/noclegioswiecim.eu\\\/\",\"name\":\"Comfort Apartments\",\"description\":\"Noclegi O\u015bwi\u0119cim \\\/ Booking O\u015bwi\u0119cim\",\"publisher\":{\"@id\":\"https:\\\/\\\/noclegioswiecim.eu\\\/#organization\"},\"potentialAction\":[{\"@type\":\"SearchAction\",\"target\":{\"@type\":\"EntryPoint\",\"urlTemplate\":\"https:\\\/\\\/noclegioswiecim.eu\\\/?s={search_term_string}\"},\"query-input\":{\"@type\":\"PropertyValueSpecification\",\"valueRequired\":true,\"valueName\":\"search_term_string\"}}],\"inLanguage\":\"de\"},{\"@type\":\"Organization\",\"@id\":\"https:\\\/\\\/noclegioswiecim.eu\\\/#organization\",\"name\":\"Comfort Apartments\",\"url\":\"https:\\\/\\\/noclegioswiecim.eu\\\/\",\"logo\":{\"@type\":\"ImageObject\",\"inLanguage\":\"de\",\"@id\":\"https:\\\/\\\/noclegioswiecim.eu\\\/#\\\/schema\\\/logo\\\/image\\\/\",\"url\":\"https:\\\/\\\/noclegioswiecim.eu\\\/wp-content\\\/uploads\\\/2023\\\/02\\\/favicona.png\",\"contentUrl\":\"https:\\\/\\\/noclegioswiecim.eu\\\/wp-content\\\/uploads\\\/2023\\\/02\\\/favicona.png\",\"width\":200,\"height\":200,\"caption\":\"Comfort Apartments\"},\"image\":{\"@id\":\"https:\\\/\\\/noclegioswiecim.eu\\\/#\\\/schema\\\/logo\\\/image\\\/\"},\"sameAs\":[\"https:\\\/\\\/www.facebook.com\\\/oswiecimapartments\\\/\",\"https:\\\/\\\/goo.gl\\\/maps\\\/H9x6rxoZWfK3ad1j6\",\"https:\\\/\\\/www.instagram.com\\\/oswiecimapartments\\\/\"]}]}<\/script>\n<!-- \/ Yoast SEO plugin. -->","yoast_head_json":{"title":"Wohnungen - Comfort Apartments","robots":{"index":"index","follow":"follow","max-snippet":"max-snippet:-1","max-image-preview":"max-image-preview:large","max-video-preview":"max-video-preview:-1"},"canonical":"https:\/\/noclegioswiecim.eu\/de\/wohnungen\/","og_locale":"de_DE","og_type":"article","og_title":"Wohnungen - Comfort Apartments","og_url":"https:\/\/noclegioswiecim.eu\/de\/wohnungen\/","og_site_name":"Comfort Apartments","article_publisher":"https:\/\/www.facebook.com\/oswiecimapartments\/","article_modified_time":"2025-12-10T07:58:47+00:00","twitter_card":"summary_large_image","twitter_misc":{"Gesch\u00e4tzte Lesezeit":"8\u00a0Minuten"},"schema":{"@context":"https:\/\/schema.org","@graph":[{"@type":"WebPage","@id":"https:\/\/noclegioswiecim.eu\/de\/wohnungen\/","url":"https:\/\/noclegioswiecim.eu\/de\/wohnungen\/","name":"Wohnungen - Comfort Apartments","isPartOf":{"@id":"https:\/\/noclegioswiecim.eu\/#website"},"datePublished":"2023-01-23T23:12:54+00:00","dateModified":"2025-12-10T07:58:47+00:00","breadcrumb":{"@id":"https:\/\/noclegioswiecim.eu\/de\/wohnungen\/#breadcrumb"},"inLanguage":"de","potentialAction":[{"@type":"ReadAction","target":["https:\/\/noclegioswiecim.eu\/de\/wohnungen\/"]}]},{"@type":"BreadcrumbList","@id":"https:\/\/noclegioswiecim.eu\/de\/wohnungen\/#breadcrumb","itemListElement":[{"@type":"ListItem","position":1,"name":"Strona g\u0142\u00f3wna","item":"https:\/\/noclegioswiecim.eu\/de\/"},{"@type":"ListItem","position":2,"name":"Wohnungen"}]},{"@type":"WebSite","@id":"https:\/\/noclegioswiecim.eu\/#website","url":"https:\/\/noclegioswiecim.eu\/","name":"Comfort Apartments","description":"Noclegi O\u015bwi\u0119cim \/ Booking O\u015bwi\u0119cim","publisher":{"@id":"https:\/\/noclegioswiecim.eu\/#organization"},"potentialAction":[{"@type":"SearchAction","target":{"@type":"EntryPoint","urlTemplate":"https:\/\/noclegioswiecim.eu\/?s={search_term_string}"},"query-input":{"@type":"PropertyValueSpecification","valueRequired":true,"valueName":"search_term_string"}}],"inLanguage":"de"},{"@type":"Organization","@id":"https:\/\/noclegioswiecim.eu\/#organization","name":"Comfort Apartments","url":"https:\/\/noclegioswiecim.eu\/","logo":{"@type":"ImageObject","inLanguage":"de","@id":"https:\/\/noclegioswiecim.eu\/#\/schema\/logo\/image\/","url":"https:\/\/noclegioswiecim.eu\/wp-content\/uploads\/2023\/02\/favicona.png","contentUrl":"https:\/\/noclegioswiecim.eu\/wp-content\/uploads\/2023\/02\/favicona.png","width":200,"height":200,"caption":"Comfort Apartments"},"image":{"@id":"https:\/\/noclegioswiecim.eu\/#\/schema\/logo\/image\/"},"sameAs":["https:\/\/www.facebook.com\/oswiecimapartments\/","https:\/\/goo.gl\/maps\/H9x6rxoZWfK3ad1j6","https:\/\/www.instagram.com\/oswiecimapartments\/"]}]}},"_links":{"self":[{"href":"https:\/\/noclegioswiecim.eu\/de\/wp-json\/wp\/v2\/pages\/1865","targetHints":{"allow":["GET"]}}],"collection":[{"href":"https:\/\/noclegioswiecim.eu\/de\/wp-json\/wp\/v2\/pages"}],"about":[{"href":"https:\/\/noclegioswiecim.eu\/de\/wp-json\/wp\/v2\/types\/page"}],"author":[{"embeddable":true,"href":"https:\/\/noclegioswiecim.eu\/de\/wp-json\/wp\/v2\/users\/1"}],"replies":[{"embeddable":true,"href":"https:\/\/noclegioswiecim.eu\/de\/wp-json\/wp\/v2\/comments?post=1865"}],"version-history":[{"count":53,"href":"https:\/\/noclegioswiecim.eu\/de\/wp-json\/wp\/v2\/pages\/1865\/revisions"}],"predecessor-version":[{"id":9932,"href":"https:\/\/noclegioswiecim.eu\/de\/wp-json\/wp\/v2\/pages\/1865\/revisions\/9932"}],"wp:attachment":[{"href":"https:\/\/noclegioswiecim.eu\/de\/wp-json\/wp\/v2\/media?parent=1865"}],"curies":[{"name":"wp","href":"https:\/\/api.w.org\/{rel}","templated":true}]}}