{"id":2237,"date":"2023-01-24T00:12:54","date_gmt":"2023-01-23T23:12:54","guid":{"rendered":"https:\/\/noclegioswiecim.eu\/byty\/"},"modified":"2025-12-10T08:59:42","modified_gmt":"2025-12-10T07:59:42","slug":"apartmany","status":"publish","type":"page","link":"https:\/\/noclegioswiecim.eu\/cs\/apartmany\/","title":{"rendered":"Apartm\u00e1ny"},"content":{"rendered":"<p><div id=\"terasa\" class=\"fusion-container-anchor\"><div class=\"fusion-fullwidth fullwidth-box fusion-builder-row-1 fusion-flex-container has-pattern-background has-mask-background r-apartaments nonhundred-percent-fullwidth non-hundred-percent-height-scrolling\" style=\"--awb-border-radius-top-left:0px;--awb-border-radius-top-right:0px;--awb-border-radius-bottom-right:0px;--awb-border-radius-bottom-left:0px;--awb-margin-bottom:100px;--awb-margin-bottom-small:50px;--awb-flex-wrap:wrap;\" id=\"terrace\" ><div class=\"fusion-builder-row fusion-row fusion-flex-align-items-flex-start fusion-flex-content-wrap\" style=\"max-width:1352px;margin-left: calc(-4% \/ 2 );margin-right: calc(-4% \/ 2 );\"><div class=\"fusion-layout-column fusion_builder_column fusion-builder-column-0 fusion_builder_column_1_2 1_2 fusion-flex-column col-room col-room1\" style=\"--awb-bg-size:cover;--awb-width-large:50%;--awb-margin-top-large:0px;--awb-spacing-right-large:3.84%;--awb-margin-bottom-large:20px;--awb-spacing-left-large:3.84%;--awb-width-medium:50%;--awb-order-medium:0;--awb-spacing-right-medium:3.84%;--awb-spacing-left-medium:3.84%;--awb-width-small:100%;--awb-order-small:0;--awb-spacing-right-small:1.92%;--awb-spacing-left-small:1.92%;\"><div class=\"fusion-column-wrapper fusion-column-has-shadow fusion-flex-justify-content-flex-start fusion-content-layout-column\"><div class=\"fusion-image-element \" style=\"--awb-caption-title-font-family:var(--h2_typography-font-family);--awb-caption-title-font-weight:var(--h2_typography-font-weight);--awb-caption-title-font-style:var(--h2_typography-font-style);--awb-caption-title-size:var(--h2_typography-font-size);--awb-caption-title-transform:var(--h2_typography-text-transform);--awb-caption-title-line-height:var(--h2_typography-line-height);--awb-caption-title-letter-spacing:var(--h2_typography-letter-spacing);\"><span class=\" fusion-imageframe imageframe-none imageframe-1 hover-type-none c-image\"><a class=\"fusion-no-lightbox\" href=\"https:\/\/noclegioswiecim.eu\/cs\/apartmany\/apartman-10g\/\" target=\"_self\" aria-label=\"Comfort-Apartments-Oswiecim\"><img decoding=\"async\" width=\"1024\" height=\"683\" alt=\"Comfort-Apartments-Oswiecim\" src=\"https:\/\/noclegioswiecim.eu\/wp-content\/uploads\/2023\/07\/CA-2-51-scaled.jpg\" data-orig-src=\"https:\/\/noclegioswiecim.eu\/wp-content\/uploads\/2023\/07\/CA-2-51-1024x683.jpg\" class=\"lazyload img-responsive wp-image-918\" srcset=\"data:image\/svg+xml,%3Csvg%20xmlns%3D%27http%3A%2F%2Fwww.w3.org%2F2000%2Fsvg%27%20width%3D%272560%27%20height%3D%271707%27%20viewBox%3D%270%200%202560%201707%27%3E%3Crect%20width%3D%272560%27%20height%3D%271707%27%20fill-opacity%3D%220%22%2F%3E%3C%2Fsvg%3E\" data-srcset=\"https:\/\/noclegioswiecim.eu\/wp-content\/uploads\/2023\/07\/CA-2-51-200x133.jpg 200w, https:\/\/noclegioswiecim.eu\/wp-content\/uploads\/2023\/07\/CA-2-51-400x267.jpg 400w, https:\/\/noclegioswiecim.eu\/wp-content\/uploads\/2023\/07\/CA-2-51-600x400.jpg 600w, https:\/\/noclegioswiecim.eu\/wp-content\/uploads\/2023\/07\/CA-2-51-800x533.jpg 800w, https:\/\/noclegioswiecim.eu\/wp-content\/uploads\/2023\/07\/CA-2-51-1200x800.jpg 1200w\" data-sizes=\"auto\" data-orig-sizes=\"(max-width: 640px) 100vw, 800px\" \/><\/a><\/span><\/div><div class=\"fusion-text fusion-text-1 c-room-name\"><h3>Apartm\u00e1n s terasou<\/h3>\n<p>7 osob \/ 58,5 m<sup>2<\/sup><\/p>\n<\/div><div class=\"fusion-text fusion-text-2 c-room-desc\"><p>Objevte jedine\u010dn\u00fd prostor, kter\u00fd spln\u00ed va\u0161e pot\u0159eby a z\u00e1rove\u0148 si odpo\u010dinete. Prostorn\u00fd byt s terasou je o\u00e1zou klidu.<\/p>\n<\/div><div class=\"fusion-text fusion-text-3 c-room-price\"><p>cena od <strong>550 PLN<\/strong><\/p>\n<\/div><div ><a class=\"fusion-button button-flat button-small button-custom fusion-button-default button-1 fusion-button-default-span fusion-button-default-type c-button\" style=\"--button_accent_color:var(--awb-color8);--button_border_color:rgba(255,255,255,0);--button_accent_hover_color:var(--awb-color8);--button_border_hover_color:var(--awb-color8);--button_border_width-top:1px;--button_border_width-right:1px;--button_border_width-bottom:1px;--button_border_width-left:1px;--button_gradient_top_color:rgba(255,255,255,0);--button_gradient_bottom_color:rgba(255,255,255,0);--button_gradient_top_color_hover:rgba(255,255,255,0);--button_gradient_bottom_color_hover:rgba(255,255,255,0);--button_text_transform:uppercase;\" target=\"_self\" data-hover=\"icon_rotate\" title=\"Rezervovat\" aria-label=\"Rezervovat\" href=\"https:\/\/noclegioswiecim.eu\/cs\/apartmany\/apartman-10g\/\"><span class=\"fusion-button-text\">Rezervovat<\/span><i class=\"fa-plus fas button-icon-right\" aria-hidden=\"true\"><\/i><\/a><\/div><\/div><\/div><div class=\"fusion-layout-column fusion_builder_column fusion-builder-column-1 fusion_builder_column_1_2 1_2 fusion-flex-column col-room col-room1\" style=\"--awb-bg-size:cover;--awb-width-large:50%;--awb-margin-top-large:0px;--awb-spacing-right-large:3.84%;--awb-margin-bottom-large:20px;--awb-spacing-left-large:3.84%;--awb-width-medium:50%;--awb-order-medium:0;--awb-spacing-right-medium:3.84%;--awb-spacing-left-medium:3.84%;--awb-width-small:100%;--awb-order-small:0;--awb-spacing-right-small:1.92%;--awb-spacing-left-small:1.92%;\" data-motion-effects=\"[{&quot;type&quot;:&quot;&quot;,&quot;scroll_type&quot;:&quot;transition&quot;,&quot;scroll_direction&quot;:&quot;up&quot;,&quot;transition_speed&quot;:&quot;1&quot;,&quot;fade_type&quot;:&quot;in&quot;,&quot;scale_type&quot;:&quot;up&quot;,&quot;initial_scale&quot;:&quot;1&quot;,&quot;max_scale&quot;:&quot;1.5&quot;,&quot;min_scale&quot;:&quot;0.5&quot;,&quot;initial_rotate&quot;:&quot;0&quot;,&quot;end_rotate&quot;:&quot;30&quot;,&quot;initial_blur&quot;:&quot;0&quot;,&quot;end_blur&quot;:&quot;3&quot;,&quot;start_element&quot;:&quot;top&quot;,&quot;start_viewport&quot;:&quot;bottom&quot;,&quot;end_element&quot;:&quot;bottom&quot;,&quot;end_viewport&quot;:&quot;top&quot;,&quot;mouse_effect&quot;:&quot;track&quot;,&quot;mouse_effect_direction&quot;:&quot;opposite&quot;,&quot;mouse_effect_speed&quot;:&quot;2&quot;,&quot;infinite_animation&quot;:&quot;float&quot;,&quot;infinite_animation_speed&quot;:&quot;2&quot;}]\" data-scroll-devices=\"small-visibility,medium-visibility,large-visibility\"><div class=\"fusion-column-wrapper fusion-column-has-shadow fusion-flex-justify-content-flex-start fusion-content-layout-column\"><div class=\"fusion-image-element \" style=\"--awb-caption-title-font-family:var(--h2_typography-font-family);--awb-caption-title-font-weight:var(--h2_typography-font-weight);--awb-caption-title-font-style:var(--h2_typography-font-style);--awb-caption-title-size:var(--h2_typography-font-size);--awb-caption-title-transform:var(--h2_typography-text-transform);--awb-caption-title-line-height:var(--h2_typography-line-height);--awb-caption-title-letter-spacing:var(--h2_typography-letter-spacing);\"><span class=\" fusion-imageframe imageframe-none imageframe-2 hover-type-none c-image\"><a class=\"fusion-no-lightbox\" href=\"https:\/\/noclegioswiecim.eu\/cs\/apartmany\/apartman-10f\/\" target=\"_self\" aria-label=\"RH_FOTO ROMAN_HOLOWKO\"><img decoding=\"async\" width=\"2048\" height=\"1365\" src=\"https:\/\/noclegioswiecim.eu\/wp-content\/uploads\/2024\/12\/RHZ_7525.jpg\" data-orig-src=\"https:\/\/noclegioswiecim.eu\/wp-content\/uploads\/2024\/12\/RHZ_7525.jpg\" alt class=\"lazyload img-responsive wp-image-8198\" srcset=\"data:image\/svg+xml,%3Csvg%20xmlns%3D%27http%3A%2F%2Fwww.w3.org%2F2000%2Fsvg%27%20width%3D%272048%27%20height%3D%271365%27%20viewBox%3D%270%200%202048%201365%27%3E%3Crect%20width%3D%272048%27%20height%3D%271365%27%20fill-opacity%3D%220%22%2F%3E%3C%2Fsvg%3E\" data-srcset=\"https:\/\/noclegioswiecim.eu\/wp-content\/uploads\/2024\/12\/RHZ_7525-200x133.jpg 200w, https:\/\/noclegioswiecim.eu\/wp-content\/uploads\/2024\/12\/RHZ_7525-400x267.jpg 400w, https:\/\/noclegioswiecim.eu\/wp-content\/uploads\/2024\/12\/RHZ_7525-600x400.jpg 600w, https:\/\/noclegioswiecim.eu\/wp-content\/uploads\/2024\/12\/RHZ_7525-800x533.jpg 800w, https:\/\/noclegioswiecim.eu\/wp-content\/uploads\/2024\/12\/RHZ_7525-1200x800.jpg 1200w, https:\/\/noclegioswiecim.eu\/wp-content\/uploads\/2024\/12\/RHZ_7525.jpg 2048w\" data-sizes=\"auto\" data-orig-sizes=\"(max-width: 640px) 100vw, 800px\" \/><\/a><\/span><\/div><div class=\"fusion-text fusion-text-4 c-room-name\"><h3>Apartm\u00e1n s balkonem<\/h3>\n<p>7 osob \/ 61,5 m<sup>2<\/sup><\/p>\n<\/div><div class=\"fusion-text fusion-text-5 c-room-desc\"><p>V intimn\u00edm prost\u0159ed\u00ed s jedine\u010dn\u00fdm v\u00fdhledem si m\u016f\u017eete odpo\u010dinout a relaxovat. Odpo\u010d\u00edvejte, jak se v\u00e1m zl\u00edb\u00ed, a vychutn\u00e1vejte si pom\u00edjivost.<\/p>\n<\/div><div class=\"fusion-text fusion-text-6 c-room-price\"><p>cena od <strong>550 PLN<\/strong><\/p>\n<\/div><div ><a class=\"fusion-button button-flat button-small button-custom fusion-button-default button-2 fusion-button-default-span fusion-button-default-type c-button\" style=\"--button_accent_color:var(--awb-color8);--button_border_color:rgba(255,255,255,0);--button_accent_hover_color:var(--awb-color8);--button_border_hover_color:var(--awb-color8);--button_border_width-top:1px;--button_border_width-right:1px;--button_border_width-bottom:1px;--button_border_width-left:1px;--button_gradient_top_color:rgba(255,255,255,0);--button_gradient_bottom_color:rgba(255,255,255,0);--button_gradient_top_color_hover:rgba(255,255,255,0);--button_gradient_bottom_color_hover:rgba(255,255,255,0);--button_text_transform:uppercase;\" target=\"_self\" data-hover=\"icon_rotate\" title=\"Rezervovat\" aria-label=\"Rezervovat\" href=\"https:\/\/noclegioswiecim.eu\/cs\/apartmany\/apartman-10f\/\"><span class=\"fusion-button-text\">Rezervovat<\/span><i class=\"fa-plus fas button-icon-right\" aria-hidden=\"true\"><\/i><\/a><\/div><\/div><\/div><\/div><\/div><\/div><div class=\"fusion-fullwidth fullwidth-box fusion-builder-row-2 fusion-flex-container has-pattern-background has-mask-background nonhundred-percent-fullwidth non-hundred-percent-height-scrolling\" style=\"--awb-border-radius-top-left:0px;--awb-border-radius-top-right:0px;--awb-border-radius-bottom-right:0px;--awb-border-radius-bottom-left:0px;--awb-margin-top:0px;--awb-margin-bottom:100px;--awb-flex-wrap:wrap;\" ><div class=\"fusion-builder-row fusion-row fusion-flex-align-items-flex-start fusion-flex-content-wrap\" style=\"max-width:1352px;margin-left: calc(-4% \/ 2 );margin-right: calc(-4% \/ 2 );\"><div class=\"fusion-layout-column fusion_builder_column fusion-builder-column-2 fusion_builder_column_1_1 1_1 fusion-flex-column c-raypath-div fusion-column-inner-bg-wrapper\" style=\"--awb-inner-bg-size:cover;--awb-width-large:100%;--awb-margin-top-large:20px;--awb-spacing-right-large:1.92%;--awb-margin-bottom-large:20px;--awb-spacing-left-large:1.92%;--awb-width-medium:100%;--awb-order-medium:0;--awb-spacing-right-medium:1.92%;--awb-spacing-left-medium:1.92%;--awb-width-small:100%;--awb-order-small:0;--awb-spacing-right-small:1.92%;--awb-spacing-left-small:1.92%;\" data-motion-effects=\"[{&quot;type&quot;:&quot;&quot;,&quot;scroll_type&quot;:&quot;transition&quot;,&quot;scroll_direction&quot;:&quot;up&quot;,&quot;transition_speed&quot;:&quot;1&quot;,&quot;fade_type&quot;:&quot;in&quot;,&quot;scale_type&quot;:&quot;up&quot;,&quot;initial_scale&quot;:&quot;1&quot;,&quot;max_scale&quot;:&quot;1.5&quot;,&quot;min_scale&quot;:&quot;0.5&quot;,&quot;initial_rotate&quot;:&quot;0&quot;,&quot;end_rotate&quot;:&quot;30&quot;,&quot;initial_blur&quot;:&quot;0&quot;,&quot;end_blur&quot;:&quot;3&quot;,&quot;start_element&quot;:&quot;top&quot;,&quot;start_viewport&quot;:&quot;bottom&quot;,&quot;end_element&quot;:&quot;bottom&quot;,&quot;end_viewport&quot;:&quot;top&quot;,&quot;mouse_effect&quot;:&quot;track&quot;,&quot;mouse_effect_direction&quot;:&quot;opposite&quot;,&quot;mouse_effect_speed&quot;:&quot;2&quot;,&quot;infinite_animation&quot;:&quot;float&quot;,&quot;infinite_animation_speed&quot;:&quot;2&quot;}]\" data-scroll-devices=\"small-visibility,medium-visibility,large-visibility\"><span class=\"fusion-column-inner-bg hover-type-none\"><a class=\"fusion-column-anchor\" href=\"https:\/\/jolantamlodzik.raypath.info\/Account\/Welcome\" rel=\"noopener noreferrer\" target=\"_blank\"><span class=\"fusion-column-inner-bg-image\"><\/span><\/a><\/span><div class=\"fusion-column-wrapper fusion-column-has-shadow fusion-flex-justify-content-flex-start fusion-content-layout-column\"><div class=\"fusion-image-element \" style=\"text-align:center;--awb-max-width:100px;--awb-caption-title-font-family:var(--h2_typography-font-family);--awb-caption-title-font-weight:var(--h2_typography-font-weight);--awb-caption-title-font-style:var(--h2_typography-font-style);--awb-caption-title-size:var(--h2_typography-font-size);--awb-caption-title-transform:var(--h2_typography-text-transform);--awb-caption-title-line-height:var(--h2_typography-line-height);--awb-caption-title-letter-spacing:var(--h2_typography-letter-spacing);\"><span class=\" fusion-imageframe imageframe-none imageframe-3 hover-type-none\"><img decoding=\"async\" width=\"225\" height=\"225\" title=\"raypath\" src=\"https:\/\/noclegioswiecim.eu\/wp-content\/uploads\/2025\/11\/raypath.png\" data-orig-src=\"https:\/\/noclegioswiecim.eu\/wp-content\/uploads\/2025\/11\/raypath.png\" alt class=\"lazyload img-responsive wp-image-9766\" srcset=\"data:image\/svg+xml,%3Csvg%20xmlns%3D%27http%3A%2F%2Fwww.w3.org%2F2000%2Fsvg%27%20width%3D%27225%27%20height%3D%27225%27%20viewBox%3D%270%200%20225%20225%27%3E%3Crect%20width%3D%27225%27%20height%3D%27225%27%20fill-opacity%3D%220%22%2F%3E%3C%2Fsvg%3E\" data-srcset=\"https:\/\/noclegioswiecim.eu\/wp-content\/uploads\/2025\/11\/raypath-200x200.png 200w, https:\/\/noclegioswiecim.eu\/wp-content\/uploads\/2025\/11\/raypath.png 225w\" data-sizes=\"auto\" data-orig-sizes=\"(max-width: 640px) 100vw, 225px\" \/><\/span><\/div><div class=\"fusion-text fusion-text-7\" style=\"--awb-content-alignment:center;\"><p>\u010cIST\u00c9 BEZ CHEMIK\u00c1LI\u00cd \u2013 apartm\u00e1ny jsou ukl\u00edzeny bez pou\u017eit\u00ed chemik\u00e1li\u00ed, pouze s produkty Raypath.<\/p>\n<\/div><\/div><\/div><\/div><\/div><div class=\"fusion-fullwidth fullwidth-box fusion-builder-row-3 fusion-flex-container has-pattern-background has-mask-background p-home s-beakfasts nonhundred-percent-fullwidth non-hundred-percent-height-scrolling\" style=\"--awb-border-radius-top-left:0px;--awb-border-radius-top-right:0px;--awb-border-radius-bottom-right:0px;--awb-border-radius-bottom-left:0px;--awb-flex-wrap:wrap;\" ><div class=\"fusion-builder-row fusion-row fusion-flex-align-items-flex-start fusion-flex-content-wrap\" style=\"max-width:1352px;margin-left: calc(-4% \/ 2 );margin-right: calc(-4% \/ 2 );\"><div class=\"fusion-layout-column fusion_builder_column fusion-builder-column-3 fusion_builder_column_1_1 1_1 fusion-flex-column c-smaller-text-block\" style=\"--awb-bg-size:cover;--awb-width-large:100%;--awb-margin-top-large:50px;--awb-spacing-right-large:1.92%;--awb-margin-bottom-large:50px;--awb-spacing-left-large:1.92%;--awb-width-medium:100%;--awb-order-medium:0;--awb-spacing-right-medium:1.92%;--awb-spacing-left-medium:1.92%;--awb-width-small:100%;--awb-order-small:0;--awb-spacing-right-small:1.92%;--awb-spacing-left-small:1.92%;\" data-motion-effects=\"[{&quot;type&quot;:&quot;&quot;,&quot;scroll_type&quot;:&quot;transition&quot;,&quot;scroll_direction&quot;:&quot;up&quot;,&quot;transition_speed&quot;:&quot;1&quot;,&quot;fade_type&quot;:&quot;in&quot;,&quot;scale_type&quot;:&quot;up&quot;,&quot;initial_scale&quot;:&quot;1&quot;,&quot;max_scale&quot;:&quot;1.5&quot;,&quot;min_scale&quot;:&quot;0.5&quot;,&quot;initial_rotate&quot;:&quot;0&quot;,&quot;end_rotate&quot;:&quot;30&quot;,&quot;initial_blur&quot;:&quot;0&quot;,&quot;end_blur&quot;:&quot;3&quot;,&quot;start_element&quot;:&quot;top&quot;,&quot;start_viewport&quot;:&quot;bottom&quot;,&quot;end_element&quot;:&quot;bottom&quot;,&quot;end_viewport&quot;:&quot;top&quot;,&quot;mouse_effect&quot;:&quot;track&quot;,&quot;mouse_effect_direction&quot;:&quot;opposite&quot;,&quot;mouse_effect_speed&quot;:&quot;2&quot;,&quot;infinite_animation&quot;:&quot;float&quot;,&quot;infinite_animation_speed&quot;:&quot;2&quot;}]\" data-scroll-devices=\"small-visibility,medium-visibility,large-visibility\"><div class=\"fusion-column-wrapper fusion-column-has-shadow fusion-flex-justify-content-flex-start fusion-content-layout-column\"><div class=\"fusion-title title fusion-title-1 fusion-sep-none fusion-title-center fusion-title-text fusion-title-size-three\" style=\"--awb-font-size:48px;\"><h3 class=\"fusion-title-heading title-heading-center fusion-responsive-typography-calculated\" style=\"margin:0;font-size:1em;--fontSize:48;line-height:1.2;\"><strong>Sn\u00eddan\u011b na objedn\u00e1vku<\/strong><\/h3><\/div><div class=\"fusion-text fusion-text-8\"><p style=\"text-align: center;\">Pod\u00edvejte se na na\u0161i nab\u00eddku sn\u00eddan\u00ed<\/p>\n<\/div><div class=\"fusion-image-carousel fusion-image-carousel-auto fusion-image-carousel-1 fusion-no-small-visibility fusion-no-medium-visibility\" style=\"margin-left:80px;\"><div class=\"awb-carousel awb-swiper awb-swiper-carousel\" data-autoplay=\"no\" data-columns=\"4\" data-itemmargin=\"13\" data-itemwidth=\"180\" data-touchscroll=\"no\" data-imagesize=\"auto\" style=\"--awb-columns:4;\"><div class=\"swiper-wrapper awb-image-carousel-wrapper fusion-flex-align-items-center\"><div class=\"swiper-slide\"><div class=\"fusion-carousel-item-wrapper\"><div class=\"fusion-image-wrapper hover-type-none\"><img decoding=\"async\" width=\"529\" height=\"459\" src=\"https:\/\/noclegioswiecim.eu\/wp-content\/uploads\/2024\/06\/zestaw-1-no-bg.png\" class=\"attachment-full size-full lazyload\" alt=\"\" srcset=\"data:image\/svg+xml,%3Csvg%20xmlns%3D%27http%3A%2F%2Fwww.w3.org%2F2000%2Fsvg%27%20width%3D%27529%27%20height%3D%27459%27%20viewBox%3D%270%200%20529%20459%27%3E%3Crect%20width%3D%27529%27%20height%3D%27459%27%20fill-opacity%3D%220%22%2F%3E%3C%2Fsvg%3E\" data-orig-src=\"https:\/\/noclegioswiecim.eu\/wp-content\/uploads\/2024\/06\/zestaw-1-no-bg.png\" data-srcset=\"https:\/\/noclegioswiecim.eu\/wp-content\/uploads\/2024\/06\/zestaw-1-no-bg-200x174.png 200w, https:\/\/noclegioswiecim.eu\/wp-content\/uploads\/2024\/06\/zestaw-1-no-bg-400x347.png 400w, https:\/\/noclegioswiecim.eu\/wp-content\/uploads\/2024\/06\/zestaw-1-no-bg.png 529w\" data-sizes=\"auto\" \/><\/div><\/div><\/div><div class=\"swiper-slide\"><div class=\"fusion-carousel-item-wrapper\"><div class=\"fusion-image-wrapper hover-type-none\"><img decoding=\"async\" width=\"529\" height=\"459\" src=\"https:\/\/noclegioswiecim.eu\/wp-content\/uploads\/2024\/06\/zestaw-2-no-bg.png\" class=\"attachment-full size-full lazyload\" alt=\"\" srcset=\"data:image\/svg+xml,%3Csvg%20xmlns%3D%27http%3A%2F%2Fwww.w3.org%2F2000%2Fsvg%27%20width%3D%27529%27%20height%3D%27459%27%20viewBox%3D%270%200%20529%20459%27%3E%3Crect%20width%3D%27529%27%20height%3D%27459%27%20fill-opacity%3D%220%22%2F%3E%3C%2Fsvg%3E\" data-orig-src=\"https:\/\/noclegioswiecim.eu\/wp-content\/uploads\/2024\/06\/zestaw-2-no-bg.png\" data-srcset=\"https:\/\/noclegioswiecim.eu\/wp-content\/uploads\/2024\/06\/zestaw-2-no-bg-200x174.png 200w, https:\/\/noclegioswiecim.eu\/wp-content\/uploads\/2024\/06\/zestaw-2-no-bg-400x347.png 400w, https:\/\/noclegioswiecim.eu\/wp-content\/uploads\/2024\/06\/zestaw-2-no-bg.png 529w\" data-sizes=\"auto\" \/><\/div><\/div><\/div><div class=\"swiper-slide\"><div class=\"fusion-carousel-item-wrapper\"><div class=\"fusion-image-wrapper hover-type-none\"><img decoding=\"async\" width=\"529\" height=\"459\" src=\"https:\/\/noclegioswiecim.eu\/wp-content\/uploads\/2024\/06\/zestaw-3-no-bg.png\" class=\"attachment-full size-full lazyload\" alt=\"\" srcset=\"data:image\/svg+xml,%3Csvg%20xmlns%3D%27http%3A%2F%2Fwww.w3.org%2F2000%2Fsvg%27%20width%3D%27529%27%20height%3D%27459%27%20viewBox%3D%270%200%20529%20459%27%3E%3Crect%20width%3D%27529%27%20height%3D%27459%27%20fill-opacity%3D%220%22%2F%3E%3C%2Fsvg%3E\" data-orig-src=\"https:\/\/noclegioswiecim.eu\/wp-content\/uploads\/2024\/06\/zestaw-3-no-bg.png\" data-srcset=\"https:\/\/noclegioswiecim.eu\/wp-content\/uploads\/2024\/06\/zestaw-3-no-bg-200x174.png 200w, https:\/\/noclegioswiecim.eu\/wp-content\/uploads\/2024\/06\/zestaw-3-no-bg-400x347.png 400w, https:\/\/noclegioswiecim.eu\/wp-content\/uploads\/2024\/06\/zestaw-3-no-bg.png 529w\" data-sizes=\"auto\" \/><\/div><\/div><\/div><div class=\"swiper-slide\"><div class=\"fusion-carousel-item-wrapper\"><div class=\"fusion-image-wrapper hover-type-none\"><img decoding=\"async\" width=\"529\" height=\"459\" src=\"https:\/\/noclegioswiecim.eu\/wp-content\/uploads\/2024\/06\/zestaw-4-no-bg.png\" class=\"attachment-full size-full lazyload\" alt=\"\" srcset=\"data:image\/svg+xml,%3Csvg%20xmlns%3D%27http%3A%2F%2Fwww.w3.org%2F2000%2Fsvg%27%20width%3D%27529%27%20height%3D%27459%27%20viewBox%3D%270%200%20529%20459%27%3E%3Crect%20width%3D%27529%27%20height%3D%27459%27%20fill-opacity%3D%220%22%2F%3E%3C%2Fsvg%3E\" data-orig-src=\"https:\/\/noclegioswiecim.eu\/wp-content\/uploads\/2024\/06\/zestaw-4-no-bg.png\" data-srcset=\"https:\/\/noclegioswiecim.eu\/wp-content\/uploads\/2024\/06\/zestaw-4-no-bg-200x174.png 200w, https:\/\/noclegioswiecim.eu\/wp-content\/uploads\/2024\/06\/zestaw-4-no-bg-400x347.png 400w, https:\/\/noclegioswiecim.eu\/wp-content\/uploads\/2024\/06\/zestaw-4-no-bg.png 529w\" data-sizes=\"auto\" \/><\/div><\/div><\/div><\/div><\/div><\/div><div class=\"fusion-image-carousel fusion-image-carousel-auto fusion-image-carousel-2 fusion-no-large-visibility\"><div class=\"awb-carousel awb-swiper awb-swiper-carousel\" data-autoplay=\"no\" data-columns=\"4\" data-itemmargin=\"13\" data-itemwidth=\"180\" data-touchscroll=\"no\" data-imagesize=\"auto\" style=\"--awb-columns:4;\"><div class=\"swiper-wrapper awb-image-carousel-wrapper fusion-flex-align-items-center\"><div class=\"swiper-slide\"><div class=\"fusion-carousel-item-wrapper\"><div class=\"fusion-image-wrapper hover-type-none\"><img decoding=\"async\" width=\"529\" height=\"459\" src=\"https:\/\/noclegioswiecim.eu\/wp-content\/uploads\/2024\/06\/zestaw-1-no-bg.png\" class=\"attachment-full size-full lazyload\" alt=\"\" srcset=\"data:image\/svg+xml,%3Csvg%20xmlns%3D%27http%3A%2F%2Fwww.w3.org%2F2000%2Fsvg%27%20width%3D%27529%27%20height%3D%27459%27%20viewBox%3D%270%200%20529%20459%27%3E%3Crect%20width%3D%27529%27%20height%3D%27459%27%20fill-opacity%3D%220%22%2F%3E%3C%2Fsvg%3E\" data-orig-src=\"https:\/\/noclegioswiecim.eu\/wp-content\/uploads\/2024\/06\/zestaw-1-no-bg.png\" data-srcset=\"https:\/\/noclegioswiecim.eu\/wp-content\/uploads\/2024\/06\/zestaw-1-no-bg-200x174.png 200w, https:\/\/noclegioswiecim.eu\/wp-content\/uploads\/2024\/06\/zestaw-1-no-bg-400x347.png 400w, https:\/\/noclegioswiecim.eu\/wp-content\/uploads\/2024\/06\/zestaw-1-no-bg.png 529w\" data-sizes=\"auto\" \/><\/div><\/div><\/div><div class=\"swiper-slide\"><div class=\"fusion-carousel-item-wrapper\"><div class=\"fusion-image-wrapper hover-type-none\"><img decoding=\"async\" width=\"529\" height=\"459\" src=\"https:\/\/noclegioswiecim.eu\/wp-content\/uploads\/2024\/06\/zestaw-2-no-bg.png\" class=\"attachment-full size-full lazyload\" alt=\"\" srcset=\"data:image\/svg+xml,%3Csvg%20xmlns%3D%27http%3A%2F%2Fwww.w3.org%2F2000%2Fsvg%27%20width%3D%27529%27%20height%3D%27459%27%20viewBox%3D%270%200%20529%20459%27%3E%3Crect%20width%3D%27529%27%20height%3D%27459%27%20fill-opacity%3D%220%22%2F%3E%3C%2Fsvg%3E\" data-orig-src=\"https:\/\/noclegioswiecim.eu\/wp-content\/uploads\/2024\/06\/zestaw-2-no-bg.png\" data-srcset=\"https:\/\/noclegioswiecim.eu\/wp-content\/uploads\/2024\/06\/zestaw-2-no-bg-200x174.png 200w, https:\/\/noclegioswiecim.eu\/wp-content\/uploads\/2024\/06\/zestaw-2-no-bg-400x347.png 400w, https:\/\/noclegioswiecim.eu\/wp-content\/uploads\/2024\/06\/zestaw-2-no-bg.png 529w\" data-sizes=\"auto\" \/><\/div><\/div><\/div><div class=\"swiper-slide\"><div class=\"fusion-carousel-item-wrapper\"><div class=\"fusion-image-wrapper hover-type-none\"><img decoding=\"async\" width=\"529\" height=\"459\" src=\"https:\/\/noclegioswiecim.eu\/wp-content\/uploads\/2024\/06\/zestaw-3-no-bg.png\" class=\"attachment-full size-full lazyload\" alt=\"\" srcset=\"data:image\/svg+xml,%3Csvg%20xmlns%3D%27http%3A%2F%2Fwww.w3.org%2F2000%2Fsvg%27%20width%3D%27529%27%20height%3D%27459%27%20viewBox%3D%270%200%20529%20459%27%3E%3Crect%20width%3D%27529%27%20height%3D%27459%27%20fill-opacity%3D%220%22%2F%3E%3C%2Fsvg%3E\" data-orig-src=\"https:\/\/noclegioswiecim.eu\/wp-content\/uploads\/2024\/06\/zestaw-3-no-bg.png\" data-srcset=\"https:\/\/noclegioswiecim.eu\/wp-content\/uploads\/2024\/06\/zestaw-3-no-bg-200x174.png 200w, https:\/\/noclegioswiecim.eu\/wp-content\/uploads\/2024\/06\/zestaw-3-no-bg-400x347.png 400w, https:\/\/noclegioswiecim.eu\/wp-content\/uploads\/2024\/06\/zestaw-3-no-bg.png 529w\" data-sizes=\"auto\" \/><\/div><\/div><\/div><div class=\"swiper-slide\"><div class=\"fusion-carousel-item-wrapper\"><div class=\"fusion-image-wrapper hover-type-none\"><img decoding=\"async\" width=\"529\" height=\"459\" src=\"https:\/\/noclegioswiecim.eu\/wp-content\/uploads\/2024\/06\/zestaw-4-no-bg.png\" class=\"attachment-full size-full lazyload\" alt=\"\" srcset=\"data:image\/svg+xml,%3Csvg%20xmlns%3D%27http%3A%2F%2Fwww.w3.org%2F2000%2Fsvg%27%20width%3D%27529%27%20height%3D%27459%27%20viewBox%3D%270%200%20529%20459%27%3E%3Crect%20width%3D%27529%27%20height%3D%27459%27%20fill-opacity%3D%220%22%2F%3E%3C%2Fsvg%3E\" data-orig-src=\"https:\/\/noclegioswiecim.eu\/wp-content\/uploads\/2024\/06\/zestaw-4-no-bg.png\" data-srcset=\"https:\/\/noclegioswiecim.eu\/wp-content\/uploads\/2024\/06\/zestaw-4-no-bg-200x174.png 200w, https:\/\/noclegioswiecim.eu\/wp-content\/uploads\/2024\/06\/zestaw-4-no-bg-400x347.png 400w, https:\/\/noclegioswiecim.eu\/wp-content\/uploads\/2024\/06\/zestaw-4-no-bg.png 529w\" data-sizes=\"auto\" \/><\/div><\/div><\/div><\/div><\/div><\/div><div class=\"fusion-text fusion-text-9\"><p style=\"font-size: 18px; text-align: center;\">Zveme v\u00e1s k vyu\u017eit\u00ed na\u0161\u00ed sn\u00edda\u0148ov\u00e9 nab\u00eddky, kter\u00e1 byla p\u0159ipravena s ohledem na pohodln\u00fd a chutn\u00fd za\u010d\u00e1tek dne. V <strong>Comfort Apartments v Osv\u011btimi<\/strong> se star\u00e1me o to, aby si ka\u017ed\u00fd n\u00e1\u0161 host mohl vychutnat lahodnou sn\u00eddani, kter\u00e1 dod\u00e1 energii na cel\u00fd den pln\u00fd dobrodru\u017estv\u00ed a pozn\u00e1v\u00e1n\u00ed!<\/p>\n<\/div><div style=\"text-align:center;\"><a class=\"fusion-button button-flat button-small button-custom fusion-button-default button-3 fusion-button-default-span fusion-button-default-type c-button\" style=\"--button_accent_color:var(--awb-color8);--button_border_color:rgba(255,255,255,0);--button_accent_hover_color:var(--awb-color8);--button_border_hover_color:var(--awb-color8);--button_border_width-top:1px;--button_border_width-right:1px;--button_border_width-bottom:1px;--button_border_width-left:1px;--button_gradient_top_color:rgba(255,255,255,0);--button_gradient_bottom_color:rgba(255,255,255,0);--button_gradient_top_color_hover:rgba(255,255,255,0);--button_gradient_bottom_color_hover:rgba(255,255,255,0);--button_text_transform:uppercase;\" target=\"_self\" data-hover=\"icon_rotate\" title=\"Zobrazit nab\u00eddku\" aria-label=\"Zobrazit nab\u00eddku\" href=\"https:\/\/noclegioswiecim.eu\/cs\/snidane\/\"><span class=\"fusion-button-text\">Zobrazit nab\u00eddku<\/span><i class=\"fa-plus fas button-icon-right\" aria-hidden=\"true\"><\/i><\/a><\/div><\/div><\/div><\/div><\/div>\n<div class=\"fusion-fullwidth fullwidth-box fusion-builder-row-4 fusion-flex-container has-pattern-background has-mask-background r-benef p-benef nonhundred-percent-fullwidth non-hundred-percent-height-scrolling\" style=\"--awb-border-radius-top-left:0px;--awb-border-radius-top-right:0px;--awb-border-radius-bottom-right:0px;--awb-border-radius-bottom-left:0px;--awb-flex-wrap:wrap;\" ><div class=\"fusion-builder-row fusion-row fusion-flex-align-items-flex-start fusion-flex-content-wrap\" style=\"max-width:1352px;margin-left: calc(-4% \/ 2 );margin-right: calc(-4% \/ 2 );\"><div class=\"fusion-layout-column fusion_builder_column fusion-builder-column-4 fusion_builder_column_1_1 1_1 fusion-flex-column\" style=\"--awb-bg-size:cover;--awb-width-large:100%;--awb-margin-top-large:0px;--awb-spacing-right-large:1.92%;--awb-margin-bottom-large:20px;--awb-spacing-left-large:1.92%;--awb-width-medium:100%;--awb-order-medium:0;--awb-spacing-right-medium:1.92%;--awb-spacing-left-medium:1.92%;--awb-width-small:100%;--awb-order-small:0;--awb-spacing-right-small:1.92%;--awb-spacing-left-small:1.92%;\"><div class=\"fusion-column-wrapper fusion-column-has-shadow fusion-flex-justify-content-flex-start fusion-content-layout-column\"><div class=\"fusion-text fusion-text-10 c-text\"><h3>Budete se zde c\u00edtit jako doma<\/h3>\n<p>Komfortn\u00ed apartm\u00e1ny v Osv\u011btimi jsou stylov\u00e9 prostory s modern\u00edm vybaven\u00edm nejvy\u0161\u0161\u00ed t\u0159\u00eddy, kter\u00e9 v\u00e1m zajist\u00ed v\u0161e, co pot\u0159ebujete. V\u00e1\u0161 pobyt bude bez starost\u00ed a pln\u00fd pozitivn\u00edch emoc\u00ed.<\/p>\n<\/div><div class=\"fusion-content-boxes content-boxes columns row fusion-columns-6 fusion-columns-total-5 fusion-content-boxes-1 content-boxes-icon-on-top content-left c-box lang-sk\" style=\"--awb-hover-accent-color:var(--awb-color4);--awb-circle-hover-accent-color:var(--awb-color4);\" data-animationOffset=\"top-into-view\"><div style=\"--awb-backgroundcolor:rgba(255,255,255,0);\" class=\"fusion-column content-box-column content-box-column content-box-column-1 col-lg-2 col-md-2 col-sm-2 fusion-content-box-hover content-box-column-first-in-row\"><div class=\"col content-box-wrapper content-wrapper link-area-box content-icon-wrapper-yes icon-hover-animation-fade\" data-animationOffset=\"top-into-view\"><div class=\"heading heading-with-icon icon-left\"><div aria-hidden=\"true\" class=\"image\"><img decoding=\"async\" class=\"lazyload\" src=\"data:image\/svg+xml,%3Csvg%20xmlns%3D%27http%3A%2F%2Fwww.w3.org%2F2000%2Fsvg%27%20width%3D%2777%27%20height%3D%2747%27%20viewBox%3D%270%200%2077%2047%27%3E%3Crect%20width%3D%2777%27%20height%3D%2747%27%20fill-opacity%3D%220%22%2F%3E%3C%2Fsvg%3E\" data-orig-src=\"https:\/\/noclegioswiecim.eu\/wp-content\/uploads\/2023\/02\/klimatyzacja.png\" width=\"77\" height=\"47\" alt=\"Klimatyzacja\" \/><\/div><h4 class=\"content-box-heading fusion-responsive-typography-calculated\" style=\"--h4_typography-font-size:24px;--fontSize:24;line-height:var(--awb-typography1-line-height);\">Klimatizace<\/h4><\/div><\/div><\/div><div style=\"--awb-backgroundcolor:rgba(255,255,255,0);\" class=\"fusion-column content-box-column content-box-column content-box-column-2 col-lg-2 col-md-2 col-sm-2 fusion-content-box-hover \"><div class=\"col content-box-wrapper content-wrapper link-area-box content-icon-wrapper-yes icon-hover-animation-fade\" data-animationOffset=\"top-into-view\"><div class=\"heading heading-with-icon icon-left\"><div aria-hidden=\"true\" class=\"image\"><img decoding=\"async\" class=\"lazyload\" src=\"data:image\/svg+xml,%3Csvg%20xmlns%3D%27http%3A%2F%2Fwww.w3.org%2F2000%2Fsvg%27%20width%3D%2768%27%20height%3D%2768%27%20viewBox%3D%270%200%2068%2068%27%3E%3Crect%20width%3D%2768%27%20height%3D%2768%27%20fill-opacity%3D%220%22%2F%3E%3C%2Fsvg%3E\" data-orig-src=\"https:\/\/noclegioswiecim.eu\/wp-content\/uploads\/2023\/02\/szybkie-wifi.png\" width=\"68\" height=\"68\" alt=\"Szybkie WIFI\" \/><\/div><h4 class=\"content-box-heading fusion-responsive-typography-calculated\" style=\"--h4_typography-font-size:24px;--fontSize:24;line-height:var(--awb-typography1-line-height);\">Vysokorychlostn\u00ed Wi-Fi<\/h4><\/div><\/div><\/div><div style=\"--awb-backgroundcolor:rgba(255,255,255,0);\" class=\"fusion-column content-box-column content-box-column content-box-column-3 col-lg-2 col-md-2 col-sm-2 fusion-content-box-hover \"><div class=\"col content-box-wrapper content-wrapper link-area-box content-icon-wrapper-yes icon-hover-animation-fade\" data-animationOffset=\"top-into-view\"><div class=\"heading heading-with-icon icon-left\"><div aria-hidden=\"true\" class=\"image\"><img decoding=\"async\" class=\"lazyload\" src=\"data:image\/svg+xml,%3Csvg%20xmlns%3D%27http%3A%2F%2Fwww.w3.org%2F2000%2Fsvg%27%20width%3D%2768%27%20height%3D%2768%27%20viewBox%3D%270%200%2068%2068%27%3E%3Crect%20width%3D%2768%27%20height%3D%2768%27%20fill-opacity%3D%220%22%2F%3E%3C%2Fsvg%3E\" data-orig-src=\"https:\/\/noclegioswiecim.eu\/wp-content\/uploads\/2023\/02\/ekspres-do-kawy.png\" width=\"68\" height=\"68\" alt=\"Ekspres do kawy\" \/><\/div><h4 class=\"content-box-heading fusion-responsive-typography-calculated\" style=\"--h4_typography-font-size:24px;--fontSize:24;line-height:var(--awb-typography1-line-height);\">K\u00e1vovar<\/h4><\/div><\/div><\/div><div style=\"--awb-backgroundcolor:rgba(255,255,255,0);\" class=\"fusion-column content-box-column content-box-column content-box-column-4 col-lg-2 col-md-2 col-sm-2 fusion-content-box-hover \"><div class=\"col content-box-wrapper content-wrapper link-area-box content-icon-wrapper-yes icon-hover-animation-fade\" data-animationOffset=\"top-into-view\"><div class=\"heading heading-with-icon icon-left\"><div aria-hidden=\"true\" class=\"image\"><img decoding=\"async\" class=\"lazyload\" src=\"data:image\/svg+xml,%3Csvg%20xmlns%3D%27http%3A%2F%2Fwww.w3.org%2F2000%2Fsvg%27%20width%3D%2772%27%20height%3D%2772%27%20viewBox%3D%270%200%2072%2072%27%3E%3Crect%20width%3D%2772%27%20height%3D%2772%27%20fill-opacity%3D%220%22%2F%3E%3C%2Fsvg%3E\" data-orig-src=\"https:\/\/noclegioswiecim.eu\/wp-content\/uploads\/2023\/02\/ogrod-z-atrakcjami-dla-dzieci.png\" width=\"72\" height=\"72\" alt=\"Ogr\u00f3d z atrakcjami dla dzieci\" \/><\/div><h4 class=\"content-box-heading fusion-responsive-typography-calculated\" style=\"--h4_typography-font-size:24px;--fontSize:24;line-height:var(--awb-typography1-line-height);\">Zahrada s atrakcemi pro d\u011bti<\/h4><\/div><\/div><\/div><div style=\"--awb-backgroundcolor:rgba(255,255,255,0);\" class=\"fusion-column content-box-column content-box-column content-box-column-5 col-lg-2 col-md-2 col-sm-2 fusion-content-box-hover content-box-column-last\"><div class=\"col content-box-wrapper content-wrapper link-area-box content-icon-wrapper-yes icon-hover-animation-fade\" data-animationOffset=\"top-into-view\"><div class=\"heading heading-with-icon icon-left\"><div aria-hidden=\"true\" class=\"image\"><img decoding=\"async\" class=\"lazyload\" src=\"data:image\/svg+xml,%3Csvg%20xmlns%3D%27http%3A%2F%2Fwww.w3.org%2F2000%2Fsvg%27%20width%3D%2780%27%20height%3D%2751%27%20viewBox%3D%270%200%2080%2051%27%3E%3Crect%20width%3D%2780%27%20height%3D%2751%27%20fill-opacity%3D%220%22%2F%3E%3C%2Fsvg%3E\" data-orig-src=\"https:\/\/noclegioswiecim.eu\/wp-content\/uploads\/2023\/02\/stacja-ladowania-samochodow-elektrycznych.png\" width=\"80\" height=\"51\" alt=\"Stacja \u0142adowania samochod\u00f3w elektrycznych\" \/><\/div><h4 class=\"content-box-heading fusion-responsive-typography-calculated\" style=\"--h4_typography-font-size:24px;--fontSize:24;line-height:var(--awb-typography1-line-height);\">Nab\u00edjec\u00ed stanice pro elektromobily<\/h4><\/div><\/div><\/div><div class=\"fusion-clearfix\"><\/div><\/div><div class=\"fusion-post-slider fusion-flexslider fusion-flexslider-loading flexslider-posts-with-excerpt c-post\"><ul class=\"slides\"><li><a href=\"https:\/\/noclegioswiecim.eu\/cs\/silne-stranky\/zabava-55palcova-televize-s-netflixem-a-youtube\/\" aria-label=\"Z\u00e1bava &#8211; 55palcov\u00e1 televize s Netflixem a YouTube\"><img decoding=\"async\" width=\"2560\" height=\"1707\" class=\"lazyload wp-image-7545\" src=\"https:\/\/noclegioswiecim.eu\/wp-content\/uploads\/2023\/04\/CA-2-21-scaled.jpg\" data-orig-src=\"https:\/\/noclegioswiecim.eu\/wp-content\/uploads\/2023\/04\/CA-2-21-scaled.jpg\" alt=\"\" srcset=\"data:image\/svg+xml,%3Csvg%20xmlns%3D%27http%3A%2F%2Fwww.w3.org%2F2000%2Fsvg%27%20width%3D%272560%27%20height%3D%271707%27%20viewBox%3D%270%200%202560%201707%27%3E%3Crect%20width%3D%272560%27%20height%3D%271707%27%20fill-opacity%3D%220%22%2F%3E%3C%2Fsvg%3E\" data-srcset=\"https:\/\/noclegioswiecim.eu\/wp-content\/uploads\/2023\/04\/CA-2-21-200x133.jpg 200w, https:\/\/noclegioswiecim.eu\/wp-content\/uploads\/2023\/04\/CA-2-21-400x267.jpg 400w, https:\/\/noclegioswiecim.eu\/wp-content\/uploads\/2023\/04\/CA-2-21-600x400.jpg 600w, https:\/\/noclegioswiecim.eu\/wp-content\/uploads\/2023\/04\/CA-2-21-800x533.jpg 800w, https:\/\/noclegioswiecim.eu\/wp-content\/uploads\/2023\/04\/CA-2-21-1200x800.jpg 1200w, https:\/\/noclegioswiecim.eu\/wp-content\/uploads\/2023\/04\/CA-2-21-scaled.jpg 2560w\" data-sizes=\"auto\" data-orig-sizes=\"(max-width: 640px) 100vw, 2560px\" \/><\/a><div class=\"slide-excerpt\"><div class=\"excerpt-container\"><h2><a href=\"https:\/\/noclegioswiecim.eu\/cs\/silne-stranky\/zabava-55palcova-televize-s-netflixem-a-youtube\/\">Z\u00e1bava &#8211; 55palcov\u00e1 televize s Netflixem a YouTube<\/a><\/h2><p>Nechcete p\u0159ij\u00edt o \u017e\u00e1dn\u00fd d\u00edl sv\u00e9ho obl\u00edben\u00e9ho seri\u00e1lu? Nebo sn\u00edte o filmov\u00e9m ve\u010deru? Nic nen\u00ed ztraceno. V Apartm\u00e1nech Osv\u011btim na v\u00e1s \u010dek\u00e1 velk\u00e1 televize s p\u0159\u00edstupem k obl\u00edben\u00fdm streamingov\u00fdm platform\u00e1m a video slu\u017eb\u00e1m.<\/p><\/div><\/div><\/li><li><a href=\"https:\/\/noclegioswiecim.eu\/cs\/silne-stranky\/terasa-s-ranni-kavou\/\" aria-label=\"Terasa \u2013 s rann\u00ed k\u00e1vou\"><img decoding=\"async\" width=\"1500\" height=\"1000\" class=\"lazyload wp-image-9404\" src=\"https:\/\/noclegioswiecim.eu\/wp-content\/uploads\/2023\/04\/RH6_3416.jpg\" data-orig-src=\"https:\/\/noclegioswiecim.eu\/wp-content\/uploads\/2023\/04\/RH6_3416.jpg\" alt=\"\" srcset=\"data:image\/svg+xml,%3Csvg%20xmlns%3D%27http%3A%2F%2Fwww.w3.org%2F2000%2Fsvg%27%20width%3D%271500%27%20height%3D%271000%27%20viewBox%3D%270%200%201500%201000%27%3E%3Crect%20width%3D%271500%27%20height%3D%271000%27%20fill-opacity%3D%220%22%2F%3E%3C%2Fsvg%3E\" data-srcset=\"https:\/\/noclegioswiecim.eu\/wp-content\/uploads\/2023\/04\/RH6_3416-200x133.jpg 200w, https:\/\/noclegioswiecim.eu\/wp-content\/uploads\/2023\/04\/RH6_3416-400x267.jpg 400w, https:\/\/noclegioswiecim.eu\/wp-content\/uploads\/2023\/04\/RH6_3416-600x400.jpg 600w, https:\/\/noclegioswiecim.eu\/wp-content\/uploads\/2023\/04\/RH6_3416-800x533.jpg 800w, https:\/\/noclegioswiecim.eu\/wp-content\/uploads\/2023\/04\/RH6_3416-1200x800.jpg 1200w, https:\/\/noclegioswiecim.eu\/wp-content\/uploads\/2023\/04\/RH6_3416.jpg 1500w\" data-sizes=\"auto\" data-orig-sizes=\"(max-width: 640px) 100vw, 1500px\" \/><\/a><div class=\"slide-excerpt\"><div class=\"excerpt-container\"><h2><a href=\"https:\/\/noclegioswiecim.eu\/cs\/silne-stranky\/terasa-s-ranni-kavou\/\">Terasa \u2013 s rann\u00ed k\u00e1vou<\/a><\/h2><p>Apartm\u00e1ny Osv\u011btim s terasou jsou o\u00e1zou a jedine\u010dn\u00fdm prostorem, kde m\u016f\u017eete pro\u017e\u00edt nezapomenuteln\u00e9 chv\u00edle. Rann\u00ed k\u00e1va nebo j\u00eddlo na \u010derstv\u00e9m vzduchu obklopen\u00e9m p\u0159\u00edrodou je sen, kter\u00fd si u n\u00e1s m\u016f\u017eete splnit. Daleko od m\u011bstsk\u00e9ho ruchu.<\/p><\/div><\/div><\/li><li><a href=\"https:\/\/noclegioswiecim.eu\/cs\/silne-stranky\/lokalita-2-km-od-tabora-auschwitz\/\" aria-label=\"Lokalita \u2013 2 km od t\u00e1bora Auschwitz\"><img decoding=\"async\" width=\"800\" height=\"468\" class=\"lazyload wp-image-7548\" src=\"https:\/\/noclegioswiecim.eu\/wp-content\/uploads\/2023\/04\/Miejsce-Pamieci-i-Muzeum-Auschwitz-Birkenau-rampa-glowna-i-Brama-Smierci-Oswiecim.jpg\" data-orig-src=\"https:\/\/noclegioswiecim.eu\/wp-content\/uploads\/2023\/04\/Miejsce-Pamieci-i-Muzeum-Auschwitz-Birkenau-rampa-glowna-i-Brama-Smierci-Oswiecim.jpg\" alt=\"\" srcset=\"data:image\/svg+xml,%3Csvg%20xmlns%3D%27http%3A%2F%2Fwww.w3.org%2F2000%2Fsvg%27%20width%3D%27800%27%20height%3D%27468%27%20viewBox%3D%270%200%20800%20468%27%3E%3Crect%20width%3D%27800%27%20height%3D%27468%27%20fill-opacity%3D%220%22%2F%3E%3C%2Fsvg%3E\" data-srcset=\"https:\/\/noclegioswiecim.eu\/wp-content\/uploads\/2023\/04\/Miejsce-Pamieci-i-Muzeum-Auschwitz-Birkenau-rampa-glowna-i-Brama-Smierci-Oswiecim-200x117.jpg 200w, https:\/\/noclegioswiecim.eu\/wp-content\/uploads\/2023\/04\/Miejsce-Pamieci-i-Muzeum-Auschwitz-Birkenau-rampa-glowna-i-Brama-Smierci-Oswiecim-400x234.jpg 400w, https:\/\/noclegioswiecim.eu\/wp-content\/uploads\/2023\/04\/Miejsce-Pamieci-i-Muzeum-Auschwitz-Birkenau-rampa-glowna-i-Brama-Smierci-Oswiecim-600x351.jpg 600w, https:\/\/noclegioswiecim.eu\/wp-content\/uploads\/2023\/04\/Miejsce-Pamieci-i-Muzeum-Auschwitz-Birkenau-rampa-glowna-i-Brama-Smierci-Oswiecim.jpg 800w\" data-sizes=\"auto\" data-orig-sizes=\"(max-width: 640px) 100vw, 800px\" \/><\/a><div class=\"slide-excerpt\"><div class=\"excerpt-container\"><h2><a href=\"https:\/\/noclegioswiecim.eu\/cs\/silne-stranky\/lokalita-2-km-od-tabora-auschwitz\/\">Lokalita \u2013 2 km od t\u00e1bora Auschwitz<\/a><\/h2><p>D\u00edky v\u00fdhodn\u00e9mu um\u00edst\u011bn\u00ed apartm\u00e1n\u016f m\u00e1te mo\u017enost prozkoumat historick\u00e9 pam\u00e1tky z dob druh\u00e9 sv\u011btov\u00e9 v\u00e1lky a nejen to vlastn\u00edm tempem. Bl\u00edzkost b\u00fdval\u00e9ho t\u00e1borov\u00e9ho komplexu Auschwitz-Birkenau tak\u00e9 umo\u017e\u0148uje nav\u0161t\u00edvit nejd\u016fle\u017eit\u011bj\u0161\u00ed pam\u00e1tn\u00edky b\u011bhem jednoho dne.<\/p><\/div><\/div><\/li><li><a href=\"https:\/\/noclegioswiecim.eu\/cs\/silne-stranky\/test2\/\" aria-label=\"Kuchyn\u011b \u2013 pln\u011b vybaven\u00e1\"><img decoding=\"async\" width=\"2560\" height=\"1707\" class=\"lazyload wp-image-7553\" src=\"https:\/\/noclegioswiecim.eu\/wp-content\/uploads\/2023\/02\/CA-2-18-scaled.jpg\" data-orig-src=\"https:\/\/noclegioswiecim.eu\/wp-content\/uploads\/2023\/02\/CA-2-18-scaled.jpg\" alt=\"\" srcset=\"data:image\/svg+xml,%3Csvg%20xmlns%3D%27http%3A%2F%2Fwww.w3.org%2F2000%2Fsvg%27%20width%3D%272560%27%20height%3D%271707%27%20viewBox%3D%270%200%202560%201707%27%3E%3Crect%20width%3D%272560%27%20height%3D%271707%27%20fill-opacity%3D%220%22%2F%3E%3C%2Fsvg%3E\" data-srcset=\"https:\/\/noclegioswiecim.eu\/wp-content\/uploads\/2023\/02\/CA-2-18-200x133.jpg 200w, https:\/\/noclegioswiecim.eu\/wp-content\/uploads\/2023\/02\/CA-2-18-400x267.jpg 400w, https:\/\/noclegioswiecim.eu\/wp-content\/uploads\/2023\/02\/CA-2-18-600x400.jpg 600w, https:\/\/noclegioswiecim.eu\/wp-content\/uploads\/2023\/02\/CA-2-18-800x533.jpg 800w, https:\/\/noclegioswiecim.eu\/wp-content\/uploads\/2023\/02\/CA-2-18-1200x800.jpg 1200w, https:\/\/noclegioswiecim.eu\/wp-content\/uploads\/2023\/02\/CA-2-18-scaled.jpg 2560w\" data-sizes=\"auto\" data-orig-sizes=\"(max-width: 640px) 100vw, 2560px\" \/><\/a><div class=\"slide-excerpt\"><div class=\"excerpt-container\"><h2><a href=\"https:\/\/noclegioswiecim.eu\/cs\/silne-stranky\/test2\/\">Kuchyn\u011b \u2013 pln\u011b vybaven\u00e1<\/a><\/h2><p>Va\u0159en\u00ed na cest\u00e1ch je skv\u011blou p\u0159\u00edle\u017eitost\u00ed k tvo\u0159iv\u00e9 z\u00e1bav\u011b. V apartm\u00e1nech Osv\u011btim na v\u00e1s \u010dek\u00e1 pln\u011b vybaven\u00e1 kuchyn\u011b, ve kter\u00e9 p\u0159iprav\u00edte ty nejchutn\u011bj\u0161\u00ed pokrmy. Kuchy\u0148sk\u00e9 spot\u0159ebi\u010de jsou p\u0159ipraven\u00e9 na va\u0161e kulin\u00e1\u0159sk\u00e9 n\u00e1pady.<\/p><\/div><\/div><\/li><li><a href=\"https:\/\/noclegioswiecim.eu\/cs\/silne-stranky\/uzavreny-objekt\/\" aria-label=\"Uzav\u0159en\u00fd objekt\"><img decoding=\"async\" width=\"1500\" height=\"1000\" class=\"lazyload wp-image-9417\" src=\"https:\/\/noclegioswiecim.eu\/wp-content\/uploads\/2023\/04\/RH6_3403.jpg\" data-orig-src=\"https:\/\/noclegioswiecim.eu\/wp-content\/uploads\/2023\/04\/RH6_3403.jpg\" alt=\"\" srcset=\"data:image\/svg+xml,%3Csvg%20xmlns%3D%27http%3A%2F%2Fwww.w3.org%2F2000%2Fsvg%27%20width%3D%271500%27%20height%3D%271000%27%20viewBox%3D%270%200%201500%201000%27%3E%3Crect%20width%3D%271500%27%20height%3D%271000%27%20fill-opacity%3D%220%22%2F%3E%3C%2Fsvg%3E\" data-srcset=\"https:\/\/noclegioswiecim.eu\/wp-content\/uploads\/2023\/04\/RH6_3403-200x133.jpg 200w, https:\/\/noclegioswiecim.eu\/wp-content\/uploads\/2023\/04\/RH6_3403-400x267.jpg 400w, https:\/\/noclegioswiecim.eu\/wp-content\/uploads\/2023\/04\/RH6_3403-600x400.jpg 600w, https:\/\/noclegioswiecim.eu\/wp-content\/uploads\/2023\/04\/RH6_3403-800x533.jpg 800w, https:\/\/noclegioswiecim.eu\/wp-content\/uploads\/2023\/04\/RH6_3403-1200x800.jpg 1200w, https:\/\/noclegioswiecim.eu\/wp-content\/uploads\/2023\/04\/RH6_3403.jpg 1500w\" data-sizes=\"auto\" data-orig-sizes=\"(max-width: 640px) 100vw, 1500px\" \/><\/a><div class=\"slide-excerpt\"><div class=\"excerpt-container\"><h2><a href=\"https:\/\/noclegioswiecim.eu\/cs\/silne-stranky\/uzavreny-objekt\/\">Uzav\u0159en\u00fd objekt<\/a><\/h2><p>To je zp\u016fsob, jak zajistit v\u00e1m nejvy\u0161\u0161\u00ed \u00farove\u0148 bezpe\u010dnosti a soukrom\u00ed. Nic a nikdo v\u00e1m nep\u0159ekaz\u00ed odpo\u010dinek a ka\u017ed\u00e1 chv\u00edle v apartm\u00e1nech Osv\u011btim bude p\u0159\u00edle\u017eitost\u00ed k poklidu. Bez zv\u011bdav\u00fdch pohled\u016f a nepozvan\u00fdch host\u016f.<\/p><\/div><\/div><\/li><li><a href=\"https:\/\/noclegioswiecim.eu\/cs\/silne-stranky\/postele-s-komfortnimi-matracemi\/\" aria-label=\"Postele \u2013 s komfortn\u00edmi matracemi\"><img decoding=\"async\" width=\"2560\" height=\"1707\" class=\"lazyload wp-image-7556\" src=\"https:\/\/noclegioswiecim.eu\/wp-content\/uploads\/2023\/02\/CA-2-5-scaled.jpg\" data-orig-src=\"https:\/\/noclegioswiecim.eu\/wp-content\/uploads\/2023\/02\/CA-2-5-scaled.jpg\" alt=\"\" srcset=\"data:image\/svg+xml,%3Csvg%20xmlns%3D%27http%3A%2F%2Fwww.w3.org%2F2000%2Fsvg%27%20width%3D%272560%27%20height%3D%271707%27%20viewBox%3D%270%200%202560%201707%27%3E%3Crect%20width%3D%272560%27%20height%3D%271707%27%20fill-opacity%3D%220%22%2F%3E%3C%2Fsvg%3E\" data-srcset=\"https:\/\/noclegioswiecim.eu\/wp-content\/uploads\/2023\/02\/CA-2-5-200x133.jpg 200w, https:\/\/noclegioswiecim.eu\/wp-content\/uploads\/2023\/02\/CA-2-5-400x267.jpg 400w, https:\/\/noclegioswiecim.eu\/wp-content\/uploads\/2023\/02\/CA-2-5-600x400.jpg 600w, https:\/\/noclegioswiecim.eu\/wp-content\/uploads\/2023\/02\/CA-2-5-800x533.jpg 800w, https:\/\/noclegioswiecim.eu\/wp-content\/uploads\/2023\/02\/CA-2-5-1200x800.jpg 1200w, https:\/\/noclegioswiecim.eu\/wp-content\/uploads\/2023\/02\/CA-2-5-scaled.jpg 2560w\" data-sizes=\"auto\" data-orig-sizes=\"(max-width: 640px) 100vw, 2560px\" \/><\/a><div class=\"slide-excerpt\"><div class=\"excerpt-container\"><h2><a href=\"https:\/\/noclegioswiecim.eu\/cs\/silne-stranky\/postele-s-komfortnimi-matracemi\/\">Postele \u2013 s komfortn\u00edmi matracemi<\/a><\/h2><p>Bla\u017een\u00fd sp\u00e1nek nen\u00ed v\u00fdsadou pouze dom\u00e1c\u00edho prost\u0159ed\u00ed. Lo\u017enicov\u00e1 \u010d\u00e1st v apartm\u00e1nech Osv\u011btim nab\u00edz\u00ed stylov\u00e9 postele vybaven\u00e9 vysoce kvalitn\u00edmi matracemi, kter\u00e9 v\u00e1m zajist\u00ed mimo\u0159\u00e1dn\u00fd komfort b\u011bhem sp\u00e1nku. R\u00e1no tak bude pln\u00e9 pozitivn\u00ed energie.<\/p><\/div><\/div><\/li><li><a href=\"https:\/\/noclegioswiecim.eu\/cs\/silne-stranky\/przystosowane-dla-niepelnosprawnych\/\" aria-label=\"Bezbari\u00e9rov\u00e9\"><img decoding=\"async\" width=\"2560\" height=\"1707\" class=\"lazyload wp-image-7561\" src=\"https:\/\/noclegioswiecim.eu\/wp-content\/uploads\/2023\/01\/CA-2-37-scaled.jpg\" data-orig-src=\"https:\/\/noclegioswiecim.eu\/wp-content\/uploads\/2023\/01\/CA-2-37-scaled.jpg\" alt=\"\" srcset=\"data:image\/svg+xml,%3Csvg%20xmlns%3D%27http%3A%2F%2Fwww.w3.org%2F2000%2Fsvg%27%20width%3D%272560%27%20height%3D%271707%27%20viewBox%3D%270%200%202560%201707%27%3E%3Crect%20width%3D%272560%27%20height%3D%271707%27%20fill-opacity%3D%220%22%2F%3E%3C%2Fsvg%3E\" data-srcset=\"https:\/\/noclegioswiecim.eu\/wp-content\/uploads\/2023\/01\/CA-2-37-200x133.jpg 200w, https:\/\/noclegioswiecim.eu\/wp-content\/uploads\/2023\/01\/CA-2-37-400x267.jpg 400w, https:\/\/noclegioswiecim.eu\/wp-content\/uploads\/2023\/01\/CA-2-37-600x400.jpg 600w, https:\/\/noclegioswiecim.eu\/wp-content\/uploads\/2023\/01\/CA-2-37-800x533.jpg 800w, https:\/\/noclegioswiecim.eu\/wp-content\/uploads\/2023\/01\/CA-2-37-1200x800.jpg 1200w, https:\/\/noclegioswiecim.eu\/wp-content\/uploads\/2023\/01\/CA-2-37-scaled.jpg 2560w\" data-sizes=\"auto\" data-orig-sizes=\"(max-width: 640px) 100vw, 2560px\" \/><\/a><div class=\"slide-excerpt\"><div class=\"excerpt-container\"><h2><a href=\"https:\/\/noclegioswiecim.eu\/cs\/silne-stranky\/przystosowane-dla-niepelnosprawnych\/\">Bezbari\u00e9rov\u00e9<\/a><\/h2><p>Apartm\u00e1ny Osv\u011btim jsou komfortn\u00ed prostory pro v\u0161echny, bez ohledu na to, zda se pot\u00fdkaj\u00ed s handicapem, nebo ne. Vybaven\u00ed apartm\u00e1n\u016f je p\u0159\u00edstupn\u00e9 pro ka\u017ed\u00e9ho a umo\u017e\u0148uje pohodln\u00fd odpo\u010dinek i p\u0159es omezen\u00ed.<\/p><\/div><\/div><\/li><li><a href=\"https:\/\/noclegioswiecim.eu\/cs\/silne-stranky\/sniadania-na-zamowienie\/\" aria-label=\"Sn\u00eddan\u011b na objedn\u00e1vku\"><img decoding=\"async\" width=\"770\" height=\"400\" class=\"lazyload wp-image-6431\" src=\"https:\/\/noclegioswiecim.eu\/wp-content\/uploads\/2024\/07\/sniadania-2.png\" data-orig-src=\"https:\/\/noclegioswiecim.eu\/wp-content\/uploads\/2024\/07\/sniadania-2.png\" alt=\"\" srcset=\"data:image\/svg+xml,%3Csvg%20xmlns%3D%27http%3A%2F%2Fwww.w3.org%2F2000%2Fsvg%27%20width%3D%27770%27%20height%3D%27400%27%20viewBox%3D%270%200%20770%20400%27%3E%3Crect%20width%3D%27770%27%20height%3D%27400%27%20fill-opacity%3D%220%22%2F%3E%3C%2Fsvg%3E\" data-srcset=\"https:\/\/noclegioswiecim.eu\/wp-content\/uploads\/2024\/07\/sniadania-2-200x104.png 200w, https:\/\/noclegioswiecim.eu\/wp-content\/uploads\/2024\/07\/sniadania-2-400x208.png 400w, https:\/\/noclegioswiecim.eu\/wp-content\/uploads\/2024\/07\/sniadania-2-600x312.png 600w, https:\/\/noclegioswiecim.eu\/wp-content\/uploads\/2024\/07\/sniadania-2.png 770w\" data-sizes=\"auto\" data-orig-sizes=\"(max-width: 640px) 100vw, 770px\" \/><\/a><div class=\"slide-excerpt\"><div class=\"excerpt-container\"><h2><a href=\"https:\/\/noclegioswiecim.eu\/cs\/silne-stranky\/sniadania-na-zamowienie\/\">Sn\u00eddan\u011b na objedn\u00e1vku<\/a><\/h2><p>Zveme v\u00e1s k vyu\u017eit\u00ed na\u0161\u00ed sn\u00edda\u0148ov\u00e9 nab\u00eddky, kter\u00e1 byla p\u0159ipravena s ohledem na pohodln\u00fd a chutn\u00fd za\u010d\u00e1tek dne. V Comfort Apartments v Osv\u011btimi se star\u00e1me o to, aby si ka\u017ed\u00fd n\u00e1\u0161 host mohl vychutnat lahodnou sn\u00eddani, kter\u00e1 dod\u00e1 energii na cel\u00fd den pln\u00fd dobrodru\u017estv\u00ed a pozn\u00e1v\u00e1n\u00ed!<\/p><\/div><\/div><\/li><\/ul><\/div><\/div><\/div><\/div><\/div>\n<\/p>\n","protected":false},"excerpt":{"rendered":"","protected":false},"author":1,"featured_media":0,"parent":0,"menu_order":0,"comment_status":"closed","ping_status":"closed","template":"100-width.php","meta":{"footnotes":""},"class_list":["post-2237","page","type-page","status-publish","hentry"],"yoast_head":"<!-- This site is optimized with the Yoast SEO plugin v27.5 - https:\/\/yoast.com\/product\/yoast-seo-wordpress\/ -->\n<title>Apartm\u00e1ny - Comfort Apartments<\/title>\n<meta name=\"robots\" content=\"index, follow, max-snippet:-1, max-image-preview:large, max-video-preview:-1\" \/>\n<link rel=\"canonical\" href=\"https:\/\/noclegioswiecim.eu\/cs\/apartmany\/\" \/>\n<meta property=\"og:locale\" content=\"cs_CZ\" \/>\n<meta property=\"og:type\" content=\"article\" \/>\n<meta property=\"og:title\" content=\"Apartm\u00e1ny - Comfort Apartments\" \/>\n<meta property=\"og:url\" content=\"https:\/\/noclegioswiecim.eu\/cs\/apartmany\/\" \/>\n<meta property=\"og:site_name\" content=\"Comfort Apartments\" \/>\n<meta property=\"article:publisher\" content=\"https:\/\/www.facebook.com\/oswiecimapartments\/\" \/>\n<meta property=\"article:modified_time\" content=\"2025-12-10T07:59:42+00:00\" \/>\n<meta name=\"twitter:card\" content=\"summary_large_image\" \/>\n<meta name=\"twitter:label1\" content=\"Odhadovan\u00e1 doba \u010dten\u00ed\" \/>\n\t<meta name=\"twitter:data1\" content=\"8 minut\" \/>\n<script type=\"application\/ld+json\" class=\"yoast-schema-graph\">{\"@context\":\"https:\\\/\\\/schema.org\",\"@graph\":[{\"@type\":\"WebPage\",\"@id\":\"https:\\\/\\\/noclegioswiecim.eu\\\/cs\\\/apartmany\\\/\",\"url\":\"https:\\\/\\\/noclegioswiecim.eu\\\/cs\\\/apartmany\\\/\",\"name\":\"Apartm\u00e1ny - Comfort Apartments\",\"isPartOf\":{\"@id\":\"https:\\\/\\\/noclegioswiecim.eu\\\/#website\"},\"datePublished\":\"2023-01-23T23:12:54+00:00\",\"dateModified\":\"2025-12-10T07:59:42+00:00\",\"breadcrumb\":{\"@id\":\"https:\\\/\\\/noclegioswiecim.eu\\\/cs\\\/apartmany\\\/#breadcrumb\"},\"inLanguage\":\"cs\",\"potentialAction\":[{\"@type\":\"ReadAction\",\"target\":[\"https:\\\/\\\/noclegioswiecim.eu\\\/cs\\\/apartmany\\\/\"]}]},{\"@type\":\"BreadcrumbList\",\"@id\":\"https:\\\/\\\/noclegioswiecim.eu\\\/cs\\\/apartmany\\\/#breadcrumb\",\"itemListElement\":[{\"@type\":\"ListItem\",\"position\":1,\"name\":\"Strona g\u0142\u00f3wna\",\"item\":\"https:\\\/\\\/noclegioswiecim.eu\\\/cs\\\/\"},{\"@type\":\"ListItem\",\"position\":2,\"name\":\"Apartm\u00e1ny\"}]},{\"@type\":\"WebSite\",\"@id\":\"https:\\\/\\\/noclegioswiecim.eu\\\/#website\",\"url\":\"https:\\\/\\\/noclegioswiecim.eu\\\/\",\"name\":\"Comfort Apartments\",\"description\":\"Noclegi O\u015bwi\u0119cim \\\/ Booking O\u015bwi\u0119cim\",\"publisher\":{\"@id\":\"https:\\\/\\\/noclegioswiecim.eu\\\/#organization\"},\"potentialAction\":[{\"@type\":\"SearchAction\",\"target\":{\"@type\":\"EntryPoint\",\"urlTemplate\":\"https:\\\/\\\/noclegioswiecim.eu\\\/?s={search_term_string}\"},\"query-input\":{\"@type\":\"PropertyValueSpecification\",\"valueRequired\":true,\"valueName\":\"search_term_string\"}}],\"inLanguage\":\"cs\"},{\"@type\":\"Organization\",\"@id\":\"https:\\\/\\\/noclegioswiecim.eu\\\/#organization\",\"name\":\"Comfort Apartments\",\"url\":\"https:\\\/\\\/noclegioswiecim.eu\\\/\",\"logo\":{\"@type\":\"ImageObject\",\"inLanguage\":\"cs\",\"@id\":\"https:\\\/\\\/noclegioswiecim.eu\\\/#\\\/schema\\\/logo\\\/image\\\/\",\"url\":\"https:\\\/\\\/noclegioswiecim.eu\\\/wp-content\\\/uploads\\\/2023\\\/02\\\/favicona.png\",\"contentUrl\":\"https:\\\/\\\/noclegioswiecim.eu\\\/wp-content\\\/uploads\\\/2023\\\/02\\\/favicona.png\",\"width\":200,\"height\":200,\"caption\":\"Comfort Apartments\"},\"image\":{\"@id\":\"https:\\\/\\\/noclegioswiecim.eu\\\/#\\\/schema\\\/logo\\\/image\\\/\"},\"sameAs\":[\"https:\\\/\\\/www.facebook.com\\\/oswiecimapartments\\\/\",\"https:\\\/\\\/goo.gl\\\/maps\\\/H9x6rxoZWfK3ad1j6\",\"https:\\\/\\\/www.instagram.com\\\/oswiecimapartments\\\/\"]}]}<\/script>\n<!-- \/ Yoast SEO plugin. -->","yoast_head_json":{"title":"Apartm\u00e1ny - Comfort Apartments","robots":{"index":"index","follow":"follow","max-snippet":"max-snippet:-1","max-image-preview":"max-image-preview:large","max-video-preview":"max-video-preview:-1"},"canonical":"https:\/\/noclegioswiecim.eu\/cs\/apartmany\/","og_locale":"cs_CZ","og_type":"article","og_title":"Apartm\u00e1ny - Comfort Apartments","og_url":"https:\/\/noclegioswiecim.eu\/cs\/apartmany\/","og_site_name":"Comfort Apartments","article_publisher":"https:\/\/www.facebook.com\/oswiecimapartments\/","article_modified_time":"2025-12-10T07:59:42+00:00","twitter_card":"summary_large_image","twitter_misc":{"Odhadovan\u00e1 doba \u010dten\u00ed":"8 minut"},"schema":{"@context":"https:\/\/schema.org","@graph":[{"@type":"WebPage","@id":"https:\/\/noclegioswiecim.eu\/cs\/apartmany\/","url":"https:\/\/noclegioswiecim.eu\/cs\/apartmany\/","name":"Apartm\u00e1ny - Comfort Apartments","isPartOf":{"@id":"https:\/\/noclegioswiecim.eu\/#website"},"datePublished":"2023-01-23T23:12:54+00:00","dateModified":"2025-12-10T07:59:42+00:00","breadcrumb":{"@id":"https:\/\/noclegioswiecim.eu\/cs\/apartmany\/#breadcrumb"},"inLanguage":"cs","potentialAction":[{"@type":"ReadAction","target":["https:\/\/noclegioswiecim.eu\/cs\/apartmany\/"]}]},{"@type":"BreadcrumbList","@id":"https:\/\/noclegioswiecim.eu\/cs\/apartmany\/#breadcrumb","itemListElement":[{"@type":"ListItem","position":1,"name":"Strona g\u0142\u00f3wna","item":"https:\/\/noclegioswiecim.eu\/cs\/"},{"@type":"ListItem","position":2,"name":"Apartm\u00e1ny"}]},{"@type":"WebSite","@id":"https:\/\/noclegioswiecim.eu\/#website","url":"https:\/\/noclegioswiecim.eu\/","name":"Comfort Apartments","description":"Noclegi O\u015bwi\u0119cim \/ Booking O\u015bwi\u0119cim","publisher":{"@id":"https:\/\/noclegioswiecim.eu\/#organization"},"potentialAction":[{"@type":"SearchAction","target":{"@type":"EntryPoint","urlTemplate":"https:\/\/noclegioswiecim.eu\/?s={search_term_string}"},"query-input":{"@type":"PropertyValueSpecification","valueRequired":true,"valueName":"search_term_string"}}],"inLanguage":"cs"},{"@type":"Organization","@id":"https:\/\/noclegioswiecim.eu\/#organization","name":"Comfort Apartments","url":"https:\/\/noclegioswiecim.eu\/","logo":{"@type":"ImageObject","inLanguage":"cs","@id":"https:\/\/noclegioswiecim.eu\/#\/schema\/logo\/image\/","url":"https:\/\/noclegioswiecim.eu\/wp-content\/uploads\/2023\/02\/favicona.png","contentUrl":"https:\/\/noclegioswiecim.eu\/wp-content\/uploads\/2023\/02\/favicona.png","width":200,"height":200,"caption":"Comfort Apartments"},"image":{"@id":"https:\/\/noclegioswiecim.eu\/#\/schema\/logo\/image\/"},"sameAs":["https:\/\/www.facebook.com\/oswiecimapartments\/","https:\/\/goo.gl\/maps\/H9x6rxoZWfK3ad1j6","https:\/\/www.instagram.com\/oswiecimapartments\/"]}]}},"_links":{"self":[{"href":"https:\/\/noclegioswiecim.eu\/cs\/wp-json\/wp\/v2\/pages\/2237","targetHints":{"allow":["GET"]}}],"collection":[{"href":"https:\/\/noclegioswiecim.eu\/cs\/wp-json\/wp\/v2\/pages"}],"about":[{"href":"https:\/\/noclegioswiecim.eu\/cs\/wp-json\/wp\/v2\/types\/page"}],"author":[{"embeddable":true,"href":"https:\/\/noclegioswiecim.eu\/cs\/wp-json\/wp\/v2\/users\/1"}],"replies":[{"embeddable":true,"href":"https:\/\/noclegioswiecim.eu\/cs\/wp-json\/wp\/v2\/comments?post=2237"}],"version-history":[{"count":29,"href":"https:\/\/noclegioswiecim.eu\/cs\/wp-json\/wp\/v2\/pages\/2237\/revisions"}],"predecessor-version":[{"id":9934,"href":"https:\/\/noclegioswiecim.eu\/cs\/wp-json\/wp\/v2\/pages\/2237\/revisions\/9934"}],"wp:attachment":[{"href":"https:\/\/noclegioswiecim.eu\/cs\/wp-json\/wp\/v2\/media?parent=2237"}],"curies":[{"name":"wp","href":"https:\/\/api.w.org\/{rel}","templated":true}]}}